{"id":57,"date":"2014-09-17T17:01:07","date_gmt":"2014-09-17T17:01:07","guid":{"rendered":"http:\/\/agora.xtec.cat\/zerventsere\/?page_id=57"},"modified":"2026-01-21T13:45:22","modified_gmt":"2026-01-21T12:45:22","slug":"projecte-educatiu","status":"publish","type":"page","link":"https:\/\/agora.xtec.cat\/zerventsere\/zer\/projecte-educatiu\/","title":{"rendered":"Projecte educatiu"},"content":{"rendered":"<h3 style=\"text-align: right;\"><span style=\"font-family: georgia, palatino, serif; color: #000080;\"><strong><a href=\"https:\/\/agora.xtec.cat\/zerventsere\/wp-content\/uploads\/usu867\/2022\/01\/baixa.jpg\"><img loading=\"lazy\" decoding=\"async\" class=\"wp-image-5493 alignleft\" src=\"https:\/\/agora.xtec.cat\/zerventsere\/wp-content\/uploads\/usu867\/2022\/01\/baixa.jpg\" alt=\"\" width=\"138\" height=\"60\" srcset=\"https:\/\/agora.xtec.cat\/zerventsere\/wp-content\/uploads\/usu867\/2022\/01\/baixa.jpg 340w, https:\/\/agora.xtec.cat\/zerventsere\/wp-content\/uploads\/usu867\/2022\/01\/baixa-300x131.jpg 300w\" sizes=\"auto, (max-width: 138px) 100vw, 138px\" \/><\/a><span style=\"color: #333399;\">QU\u00c8 HAS DE SABER DE LA NOSTRA ZER&#8230;<\/span><\/strong><\/span><\/h3>\n<p>&nbsp;<\/p>\n<h4><span style=\"color: #3366ff;\"><strong>Qui som i qu\u00e8 ens caracteritza:<\/strong><\/span><\/h4>\n<p>La nostra ZER est\u00e0 formada per dues escoles.<\/p>\n<p style=\"text-align: justify;\">L\u2019<strong>Escola Moss\u00e8n Ton Clav\u00e9 <\/strong>de Vila-sana i l\u2019<strong>Escola l\u2019Estel <\/strong>de Castellnou de Seana.<\/p>\n<p style=\"text-align: justify;\">Als nostres centres promovem l\u2019adquisici\u00f3 de valors com la responsabilitat, la participaci\u00f3, la cultura de l\u2019esfor\u00e7, la solidaritat, la cooperaci\u00f3, l\u2019empatia, el di\u00e0leg, l\u2019esperit cr\u00edtic, la felicitat i l\u2019autoestima entre molts d\u2019altres.<\/p>\n<p style=\"text-align: justify;\">La ZER manifesta respecte a totes les confessions d\u2019alumnes i mestres i promou el pluralisme i els valors democr\u00e0tics. Aix\u00ed mateix promou l\u2019educaci\u00f3 per la pau, la solidaritat i la col\u00b7laboraci\u00f3.<\/p>\n<p style=\"text-align: justify;\">Des de ben petits l&#8217;alumnat de la nostra ZER treballen en i per a la coeducaci\u00f3 i tamb\u00e9 per al respecte a la diversitat, entenent les necessitats de cada alumne i les caracter\u00edstiques individuals de tots els companys i companyes.<\/p>\n<p style=\"text-align: justify;\">La l\u00ednia metodol\u00f2gica de la ZER opta per utilitzar diverses metodologies al llarg de l\u2019escolaritat dels alumnes per tal que siguin capa\u00e7os de desenvolupar les seves compet\u00e8ncies amb recursos diferents.<\/p>\n<p style=\"text-align: justify;\">La llengua vehicular de l\u2019escola \u00e9s el catal\u00e0.<\/p>\n<h4><span style=\"color: #3366ff;\"><strong>L\u2019equip de mestres (curs 2025\/26)<\/strong><\/span><\/h4>\n<table style=\"border-color: #1f3330; width: 93.0378%;\">\n<tbody>\n<tr style=\"height: 176px;\">\n<td style=\"height: 176px; width: 211.429%; background-color: #bfa3d6;\" colspan=\"3\" width=\"807\">\n<p style=\"text-align: center;\"><strong>EQUIP DIRECTIU DE ZER<\/strong><\/p>\n<p style=\"text-align: center;\">Mireia Trull (directora)<\/p>\n<p style=\"text-align: center;\">A\u00efda Farr\u00e9 (cap d\u2019estudis)<\/p>\n<p style=\"text-align: center;\">Sara Al\u00e0s (secret\u00e0ria)<\/p>\n<\/td>\n<\/tr>\n<tr style=\"height: 176px; border-color: #000000;\">\n<td style=\"height: 176px; width: 45.4789%; background-color: #22cbe6;\" colspan=\"2\" width=\"405\">&nbsp;<\/p>\n<p style=\"text-align: center;\">EQUIP DIRECTIU <strong>ESCOLA MOSS\u00c8N TON CLAV\u00c9:<\/strong><\/p>\n<p style=\"text-align: center;\">Mireia Trull (directora)<\/p>\n<p style=\"text-align: center;\">A\u00efda Farr\u00e9 (secret\u00e0ria)<\/p>\n<\/td>\n<td style=\"height: 176px; width: 165.95%; background-color: #39d43e;\" width=\"402\">&nbsp;<\/p>\n<p style=\"text-align: center;\">EQUIP DIRECTIU <strong>ESCOLA L\u2019ESTEL:<\/strong><\/p>\n<p style=\"text-align: center;\">Elena Capdevila (directora)<\/p>\n<p style=\"text-align: center;\">M\u00f2nica Aug\u00e9 (secret\u00e0ria)<\/p>\n<\/td>\n<\/tr>\n<tr style=\"height: 335px;\">\n<td style=\"height: 328px; width: 45.4789%; background-color: #9fd3f5;\" colspan=\"2\" width=\"405\">\n<p style=\"text-align: center;\">MESTRES ESCOLA<\/p>\n<p style=\"text-align: center;\"><strong>MOSS\u00c8N TON CLAV\u00c9<\/strong>:<\/p>\n<p style=\"text-align: center;\"><strong>I3:<\/strong> Maria Terrado<\/p>\n<p style=\"text-align: center;\"><strong>I4 i I5: <\/strong>Cristina Sumalla<\/p>\n<p style=\"text-align: center;\"><strong>CI: <\/strong>Esther Querol<\/p>\n<p style=\"text-align: center;\"><strong>3r i 4t: <\/strong>Matie Morales<\/p>\n<p style=\"text-align: center;\"><strong>5\u00e8<\/strong>:Xavier Mir\u00f3<\/p>\n<p style=\"text-align: center;\"><strong>6\u00e8: <\/strong>Txell Gin\u00e9<\/p>\n<p style=\"text-align: center;\"><strong>Vetlladora: <\/strong>N\u00faria<\/p>\n<\/td>\n<td style=\"height: 328px; width: 165.95%; background-color: #a8f065;\" width=\"402\">\n<p style=\"text-align: center;\">MESTRES<strong> ESCOLA <\/strong><\/p>\n<p style=\"text-align: center;\"><strong>L\u2019ESTEL:<\/strong><\/p>\n<p style=\"text-align: center;\"><strong>Ed. INF : <\/strong>M\u00f2nica Aug\u00e9<\/p>\n<p style=\"text-align: center;\"><strong>CI: <\/strong>S\u00f3nia Bonjorn<\/p>\n<p style=\"text-align: center;\"><b>CM: <\/b>Laura L\u00f3pez<\/p>\n<p style=\"text-align: center;\"><b><\/b><strong>CS: <\/strong>Gemma Masramon \/ Carme Vilagrassa<\/p>\n<p>&nbsp;<\/p>\n<p>&nbsp;<\/p>\n<p>&nbsp;<\/td>\n<\/tr>\n<tr style=\"height: 295px;\">\n<td style=\"height: 275px; width: 211.429%; background-color: #e8a746;\" colspan=\"3\" width=\"21\">\n<p style=\"text-align: center;\"><strong>MESTRES ESPECIALISTES:<\/strong><\/p>\n<p style=\"text-align: center;\">Sara Al\u00e0s\u00a0 (m\u00fasica)<\/p>\n<p style=\"text-align: center;\">Jordi Silvestre (educaci\u00f3 f\u00edsica)<\/p>\n<p style=\"text-align: center;\">Carme Vilagrassa (angl\u00e8s)<\/p>\n<p style=\"text-align: center;\">Xavier\u00a0 Mir\u00f3 (angl\u00e8s)<\/p>\n<p style=\"text-align: center;\">N\u00faria Galit\u00f3 (educaci\u00f3 especial)<\/p>\n<p style=\"text-align: center;\">Neus Llenas (religi\u00f3\/valors)<\/p>\n<p style=\"text-align: center;\">\n<\/td>\n<\/tr>\n<tr style=\"height: 56px;\">\n<td style=\"height: 56px; width: 211.429%; background-color: #f5cd07; text-align: center;\" colspan=\"3\" width=\"807\"><strong>Auxiliar administrativa:<\/strong> Imma Balcells<\/td>\n<\/tr>\n<\/tbody>\n<\/table>\n<h4><span style=\"color: #3366ff;\"><strong>L\u2019horari:<\/strong><\/span><\/h4>\n<p style=\"text-align: justify;\">L\u2019horari de la nostra ZER \u00e9s de 08:30h a 13h i de 15h a 16:30h, per a tot l&#8217;alumnat.<\/p>\n<h4><span style=\"color: #3366ff;\"><strong>Els grups:<\/strong><\/span><\/h4>\n<p style=\"text-align: justify;\">Com a escola rural, l\u2019organitzaci\u00f3 habitual \u00e9s d\u2019un cicle per aula, tot i que depenent del nombre de matr\u00edcula, algun cicle pot estar partit per nivell.<\/p>\n<p><strong>Les sortides i festes:<\/strong><\/p>\n<p>A la ZER realitzem tot tipus d&#8217;activitats:<\/p>\n<p style=\"text-align: center;\"><span style=\"color: #ff6600;\"><strong>TROBADA DE ZER <\/strong><\/span><strong>&#8211; <span style=\"color: #ff0000;\">SORTIDES DE CICLE<\/span> &#8211; <span style=\"color: #00ff00;\">FESTIVAL DE NADAL<\/span><\/strong><\/p>\n<p style=\"text-align: center;\"><span style=\"color: #800080;\"><strong>JORNADES CULTURALS <\/strong><\/span><strong>&#8211; <span style=\"color: #0000ff;\">SETMANA BIO<\/span><\/strong><\/p>\n<p style=\"text-align: center;\"><span style=\"color: #339966;\"><strong>SORTIDES DE DIN\u00c0MICA EDUCATIVA DEL PLA D\u2019URGELL<\/strong><\/span><\/p>\n<h4><span style=\"color: #3366ff;\"><strong>Projectes i activitats:<\/strong><\/span><\/h4>\n<p>\u00b7 Socialitzaci\u00f3 de llibres (des de 3r fins a 6\u00e8)<\/p>\n<p>\u00b7 Pla Catal\u00e0 de l\u2019Esport<\/p>\n<p>\u00b7 Projecte interdisciplinari de ZER<\/p>\n<p>\u00b7 Apadrinament lector<\/p>\n<p>\u00b7 Tallers entre nivells STEAM<\/p>\n<p>\u00b7 Psicomotricitat en angl\u00e8s<\/p>\n<p>\u00b7 Centre formador d&#8217;alumnat en pr\u00e0ctiques (UDL)<\/p>\n<p>\u00b7 English Day<\/p>\n<p>\u00b7 Trobada Esportiva<\/p>\n<p>\u00b7 Lectura en Veu Alta<\/p>\n<p>\u00b7 Visita de l&#8217;autor<\/p>\n<p>\u00b7 Escola verda.<\/p>\n","protected":false},"excerpt":{"rendered":"<p><a href=\"https:\/\/agora.xtec.cat\/zerventsere\/wp-content\/uploads\/usu867\/2022\/01\/baixa.jpg\"><\/a>QU\u00c8 HAS DE SABER DE LA NOSTRA ZER&#8230;<br \/>\n&nbsp;<br \/>\nQui som i qu\u00e8 ens caracteritza:<br \/>\nLa nostra ZER est\u00e0 formada per dues escoles.<br \/>\nL\u2019Escola Moss\u00e8n Ton Clav\u00e9 de Vila-sana i l\u2019Escola l\u2019Estel de Castellnou de Seana.<br \/>\nAls nostres centres promovem l\u2019adquisici\u00f3 de valors com la responsabilitat, la participaci\u00f3, la&hellip;  <a href=\"https:\/\/agora.xtec.cat\/zerventsere\/zer\/projecte-educatiu\/\" title=\"Read Projecte educatiu\">Llegeix m\u00e9s\u00bb<\/a><\/p>\n","protected":false},"author":1,"featured_media":0,"parent":19,"menu_order":30,"comment_status":"closed","ping_status":"closed","template":"page-templates\/side-menu.php","meta":{"_bbp_topic_count":0,"_bbp_reply_count":0,"_bbp_total_topic_count":0,"_bbp_total_reply_count":0,"_bbp_voice_count":0,"_bbp_anonymous_reply_count":0,"_bbp_topic_count_hidden":0,"_bbp_reply_count_hidden":0,"_bbp_forum_subforum_count":0,"footnotes":""},"class_list":["post-57","page","type-page","status-publish","hentry"],"post_mailing_queue_ids":[],"_links":{"self":[{"href":"https:\/\/agora.xtec.cat\/zerventsere\/wp-json\/wp\/v2\/pages\/57","targetHints":{"allow":["GET"]}}],"collection":[{"href":"https:\/\/agora.xtec.cat\/zerventsere\/wp-json\/wp\/v2\/pages"}],"about":[{"href":"https:\/\/agora.xtec.cat\/zerventsere\/wp-json\/wp\/v2\/types\/page"}],"author":[{"embeddable":true,"href":"https:\/\/agora.xtec.cat\/zerventsere\/wp-json\/wp\/v2\/users\/1"}],"replies":[{"embeddable":true,"href":"https:\/\/agora.xtec.cat\/zerventsere\/wp-json\/wp\/v2\/comments?post=57"}],"version-history":[{"count":9,"href":"https:\/\/agora.xtec.cat\/zerventsere\/wp-json\/wp\/v2\/pages\/57\/revisions"}],"predecessor-version":[{"id":6837,"href":"https:\/\/agora.xtec.cat\/zerventsere\/wp-json\/wp\/v2\/pages\/57\/revisions\/6837"}],"up":[{"embeddable":true,"href":"https:\/\/agora.xtec.cat\/zerventsere\/wp-json\/wp\/v2\/pages\/19"}],"wp:attachment":[{"href":"https:\/\/agora.xtec.cat\/zerventsere\/wp-json\/wp\/v2\/media?parent=57"}],"curies":[{"name":"wp","href":"https:\/\/api.w.org\/{rel}","templated":true}]}}