{"id":2454,"date":"2026-02-06T00:51:36","date_gmt":"2026-02-05T23:51:36","guid":{"rendered":"https:\/\/agora.xtec.cat\/zerlacerdanya\/?page_id=2454"},"modified":"2026-02-06T07:30:48","modified_gmt":"2026-02-06T06:30:48","slug":"lequip","status":"publish","type":"page","link":"https:\/\/agora.xtec.cat\/zerlacerdanya\/zer\/lequip\/","title":{"rendered":"L&#8217;Equip"},"content":{"rendered":"\n<h5><span style=\"background-color: #99ccff;\"><b>EQUIP DOCENT<\/b><\/span><\/h5>\n<p>Enguany, la dotaci\u00f3 de docents la ZER i de les escoles es distribueix de la seg\u00fcent manera:<\/p>\n\n\n\n<figure class=\"wp-block-table\"><table class=\"has-fixed-layout\"><tbody><tr><td>ESCOLA SANTA CEC\u00cdLIA<\/td><td>ESCOLA SANTA COLOMA<\/td><td>ITINERANTS<\/td><\/tr><tr><td>Vanesa Salvad\u00f3Mar Dinar\u00e8sBerta \u00c1lvarezHelena ZuritaLaia CapdevilaAnna PiVer\u00f2nica Pinto<\/td><td>Gemma ViaynaMarta BertranN\u00faria PanesPedro CamachoJoan GallegoJudith LeisRosa SolerVict\u00f2ria Carrillo<\/td><td>Cristina Lletj\u00f3s (EE)No\u00e8lia Serret (M\u00daS)Isabel Guevara (EF)Yago Berenguer (EF)Helena Torell\u00f3 (FRAN)Gemma Rovira (ANGL)<\/td><\/tr><tr><td>Direcci\u00f3: Anna PiSecretaria: Mar Dinar\u00e8s<\/td><td>Direcci\u00f3: Vict\u00f2ria CarrilloSecretaria: Rosa Soler<\/td><td>Mestra de Religi\u00f3:Marta Cazorla<\/td><\/tr><\/tbody><\/table><\/figure>\n\n\n\n<p>D\u2019aquesta plantilla, els c\u00e0rrecs de coordinaci\u00f3 es distribueixen de la seg\u00fcent manera (segons la normativa vigent, les NOFZ i els acords presos en el Claustre):Coordinaci\u00f3 Ling\u00fc\u00edstica: Helena Torell\u00f3<\/p>\n\n\n\n<p>Coordinaci\u00f3, Conviv\u00e8ncia i Benestar de l&#8217;Alumnat (COCOBE): Helena Zurita<\/p>\n\n\n\n<p>Riscos Laborals: Isabel Guevara<\/p>\n\n\n\n<p>Coordinaci\u00f3 Digital: No\u00e8lia Sarret<\/p>\n<p>&nbsp;<\/p>\n\n\n\n\n\n<h5><span style=\"background-color: #99ccff;\"><b>EQUIP DIRECTIU<\/b><\/span><\/h5>\n<p><span style=\"font-weight: 400;\">L\u2019Equip Directiu de la ZER, anomenat \u201cConsell de Direcci\u00f3\u201d est\u00e0 configurat de la seg\u00fcent manera:<\/span><\/p>\n<table>\n<tbody>\n<tr>\n<td>\n<p><span style=\"font-weight: 400;\">\u00d2rgans Unipersonals<\/span><\/p>\n<\/td>\n<td>\n<p><span style=\"font-weight: 400;\">Direccions del Centre<\/span><\/p>\n<\/td>\n<\/tr>\n<tr>\n<td>\n<p><span style=\"font-weight: 400;\">Direcci\u00f3: Marta Bertran<\/span><\/p>\n<p><span style=\"font-weight: 400;\">Cap d\u2019Estudis: Helena Torell\u00f3<\/span><\/p>\n<p><span style=\"font-weight: 400;\">Secretaria: Anna Pi<\/span><\/p>\n<\/td>\n<td>\n<p><span style=\"font-weight: 400;\">Escola Santa Cec\u00edlia: Anna Pi<\/span><\/p>\n<p><span style=\"font-weight: 400;\">Escola Santa Coloma: Vict\u00f2ria Carrillo<\/span><\/p>\n<\/td>\n<\/tr>\n<\/tbody>\n<\/table>\n<p>\u00a0<\/p>\n\n\n\n<h5><b>PAS (Personal d&#8217;Administraci\u00f3 i Serveis): <\/b><i><span style=\"font-weight: 400;\">Auxiliar d&#8217;administracio\u0301<\/span><\/i><\/h5>\n<p><span style=\"font-weight: 400;\">La ZER compta amb un auxiliar d\u2019administraci\u00f3, \u00e9s la Mireia Villanueva. El seu lloc f\u00edsic de treball va lligat al centre seu de la ZER, i des d\u2019all\u00e0 at\u00e9n les necessitats de la ZER, i per tant d\u2019ambd\u00f3s centres.<\/span><\/p>\n\n\n\n<h5><b>PERSONAL D\u2019ATENCI\u00d3 EDUCATIVA: <\/b><i><span style=\"font-weight: 400;\">Personal auxiliar d&#8217;educacio\u0301 especial (personal laboral)<\/span><\/i><\/h5>\n<p><span style=\"font-weight: 400;\">Per les necessitats dels infants de la ZER , es\u00a0 compta amb l\u2019Auxiliar d&#8217;educaci\u00f3 especial (vetllador\/a). Enguany \u00e9s la Marta Dom\u00ednguez i at\u00e9n les necessitats dels dos centres.<\/span><\/p>\n<p><br style=\"font-weight: 400;\" \/><br style=\"font-weight: 400;\" \/><\/p>\n","protected":false},"excerpt":{"rendered":"<p>EQUIP DOCENT Enguany, la dotaci\u00f3 de docents la ZER i de les escoles es distribueix de la seg\u00fcent manera: ESCOLA SANTA CEC\u00cdLIA ESCOLA SANTA COLOMA ITINERANTS Vanesa Salvad\u00f3Mar Dinar\u00e8sBerta \u00c1lvarezHelena ZuritaLaia CapdevilaAnna PiVer\u00f2nica Pinto Gemma ViaynaMarta BertranN\u00faria PanesPedro CamachoJoan GallegoJudith LeisRosa SolerVict\u00f2ria Carrillo Cristina Lletj\u00f3s (EE)No\u00e8lia Serret (M\u00daS)Isabel Guevara (EF)Yago Berenguer (EF)Helena Torell\u00f3 (FRAN)Gemma Rovira [&hellip;]<\/p>\n","protected":false},"author":1,"featured_media":0,"parent":19,"menu_order":0,"comment_status":"closed","ping_status":"closed","template":"page-templates\/side-menu.php","meta":{"_bbp_topic_count":0,"_bbp_reply_count":0,"_bbp_total_topic_count":0,"_bbp_total_reply_count":0,"_bbp_voice_count":0,"_bbp_anonymous_reply_count":0,"_bbp_topic_count_hidden":0,"_bbp_reply_count_hidden":0,"_bbp_forum_subforum_count":0,"site-sidebar-layout":"default","site-content-layout":"","ast-site-content-layout":"","site-content-style":"default","site-sidebar-style":"default","ast-global-header-display":"","ast-banner-title-visibility":"","ast-main-header-display":"","ast-hfb-above-header-display":"","ast-hfb-below-header-display":"","ast-hfb-mobile-header-display":"","site-post-title":"","ast-breadcrumbs-content":"","ast-featured-img":"","footer-sml-layout":"","theme-transparent-header-meta":"","adv-header-id-meta":"","stick-header-meta":"","header-above-stick-meta":"","header-main-stick-meta":"","header-below-stick-meta":"","astra-migrate-meta-layouts":"default","ast-page-background-enabled":"default","ast-page-background-meta":{"desktop":{"background-color":"var(--ast-global-color-4)","background-image":"","background-repeat":"repeat","background-position":"center center","background-size":"auto","background-attachment":"scroll","background-type":"","background-media":"","overlay-type":"","overlay-color":"","overlay-opacity":"","overlay-gradient":""},"tablet":{"background-color":"","background-image":"","background-repeat":"repeat","background-position":"center center","background-size":"auto","background-attachment":"scroll","background-type":"","background-media":"","overlay-type":"","overlay-color":"","overlay-opacity":"","overlay-gradient":""},"mobile":{"background-color":"","background-image":"","background-repeat":"repeat","background-position":"center center","background-size":"auto","background-attachment":"scroll","background-type":"","background-media":"","overlay-type":"","overlay-color":"","overlay-opacity":"","overlay-gradient":""}},"ast-content-background-meta":{"desktop":{"background-color":"var(--ast-global-color-5)","background-image":"","background-repeat":"repeat","background-position":"center center","background-size":"auto","background-attachment":"scroll","background-type":"","background-media":"","overlay-type":"","overlay-color":"","overlay-opacity":"","overlay-gradient":""},"tablet":{"background-color":"var(--ast-global-color-5)","background-image":"","background-repeat":"repeat","background-position":"center center","background-size":"auto","background-attachment":"scroll","background-type":"","background-media":"","overlay-type":"","overlay-color":"","overlay-opacity":"","overlay-gradient":""},"mobile":{"background-color":"var(--ast-global-color-5)","background-image":"","background-repeat":"repeat","background-position":"center center","background-size":"auto","background-attachment":"scroll","background-type":"","background-media":"","overlay-type":"","overlay-color":"","overlay-opacity":"","overlay-gradient":""}},"footnotes":""},"class_list":["post-2454","page","type-page","status-publish","hentry"],"post_mailing_queue_ids":[],"_links":{"self":[{"href":"https:\/\/agora.xtec.cat\/zerlacerdanya\/wp-json\/wp\/v2\/pages\/2454","targetHints":{"allow":["GET"]}}],"collection":[{"href":"https:\/\/agora.xtec.cat\/zerlacerdanya\/wp-json\/wp\/v2\/pages"}],"about":[{"href":"https:\/\/agora.xtec.cat\/zerlacerdanya\/wp-json\/wp\/v2\/types\/page"}],"author":[{"embeddable":true,"href":"https:\/\/agora.xtec.cat\/zerlacerdanya\/wp-json\/wp\/v2\/users\/1"}],"replies":[{"embeddable":true,"href":"https:\/\/agora.xtec.cat\/zerlacerdanya\/wp-json\/wp\/v2\/comments?post=2454"}],"version-history":[{"count":4,"href":"https:\/\/agora.xtec.cat\/zerlacerdanya\/wp-json\/wp\/v2\/pages\/2454\/revisions"}],"predecessor-version":[{"id":2459,"href":"https:\/\/agora.xtec.cat\/zerlacerdanya\/wp-json\/wp\/v2\/pages\/2454\/revisions\/2459"}],"up":[{"embeddable":true,"href":"https:\/\/agora.xtec.cat\/zerlacerdanya\/wp-json\/wp\/v2\/pages\/19"}],"wp:attachment":[{"href":"https:\/\/agora.xtec.cat\/zerlacerdanya\/wp-json\/wp\/v2\/media?parent=2454"}],"curies":[{"name":"wp","href":"https:\/\/api.w.org\/{rel}","templated":true}]}}