{"id":305,"date":"2015-07-20T13:44:02","date_gmt":"2015-07-20T12:44:02","guid":{"rendered":"http:\/\/agora.xtec.cat\/zerelcardener\/?page_id=305"},"modified":"2025-12-11T13:54:36","modified_gmt":"2025-12-11T12:54:36","slug":"projecte-1","status":"publish","type":"page","link":"https:\/\/agora.xtec.cat\/zerelcardener\/que-fem\/projecte-1\/","title":{"rendered":"Art i Escola"},"content":{"rendered":"<p>Cada any la ZER tria un tema com\u00fa per a les dues escoles. Continuem centrant i donant una especial rellev\u00e0ncia a la pl\u00e0stica per\u00f2 sense deixar de banda totes les altres \u00e0rees educatives.<\/p>\n<p>Aquest curs 25 &#8211; 26 Treballarem l&#8217;artista Keith Haring.<a href=\"https:\/\/agora.xtec.cat\/zerelcardener\/wp-content\/uploads\/usu1839\/2025\/12\/eyJ0eXAiOiJKV1QiLCJhbGciOiJIUzI1NiJ9.eyJpbSI6WyJcL2FydGlzdFwvaW1hZ2VGaWxlXC9oYXJpbmcuanBnIiwicmVzaXplLDU4MCJdfQ.ADJTOHHoSMUqeNUYzCUfXVvCq2R7NBzTFTSUkx1Jjl8.png\"><img loading=\"lazy\" decoding=\"async\" class=\"wp-image-1811 aligncenter\" src=\"https:\/\/agora.xtec.cat\/zerelcardener\/wp-content\/uploads\/usu1839\/2025\/12\/eyJ0eXAiOiJKV1QiLCJhbGciOiJIUzI1NiJ9.eyJpbSI6WyJcL2FydGlzdFwvaW1hZ2VGaWxlXC9oYXJpbmcuanBnIiwicmVzaXplLDU4MCJdfQ.ADJTOHHoSMUqeNUYzCUfXVvCq2R7NBzTFTSUkx1Jjl8.png\" alt=\"\" width=\"296\" height=\"206\" srcset=\"https:\/\/agora.xtec.cat\/zerelcardener\/wp-content\/uploads\/usu1839\/2025\/12\/eyJ0eXAiOiJKV1QiLCJhbGciOiJIUzI1NiJ9.eyJpbSI6WyJcL2FydGlzdFwvaW1hZ2VGaWxlXC9oYXJpbmcuanBnIiwicmVzaXplLDU4MCJdfQ.ADJTOHHoSMUqeNUYzCUfXVvCq2R7NBzTFTSUkx1Jjl8.png 580w, https:\/\/agora.xtec.cat\/zerelcardener\/wp-content\/uploads\/usu1839\/2025\/12\/eyJ0eXAiOiJKV1QiLCJhbGciOiJIUzI1NiJ9.eyJpbSI6WyJcL2FydGlzdFwvaW1hZ2VGaWxlXC9oYXJpbmcuanBnIiwicmVzaXplLDU4MCJdfQ.ADJTOHHoSMUqeNUYzCUfXVvCq2R7NBzTFTSUkx1Jjl8-300x209.png 300w\" sizes=\"auto, (max-width: 296px) 100vw, 296px\" \/><\/a><\/p>\n<p>Durant els pr\u00f2xims cursos ens hem proposat treballar els objectius de l&#8217;<a href=\"https:\/\/www.un.org\/sustainabledevelopment\/es\/2015\/09\/la-asamblea-general-adopta-la-agenda-2030-para-el-desarrollo-sostenible\/\">Agenda 2030<\/a> sobre el desenvolupament sostenible, i aix\u00ed des de l&#8217;escola intentar conscienciar a la societat que hem de canviar els nostres h\u00e0bits per tal d&#8217;ajudar a salvar el planeta.<\/p>\n<p><a href=\"https:\/\/agora.xtec.cat\/zerelcardener\/wp-content\/uploads\/usu1839\/2025\/12\/Rueda-transparente.png\"><img loading=\"lazy\" decoding=\"async\" class=\"wp-image-1812 alignright\" src=\"https:\/\/agora.xtec.cat\/zerelcardener\/wp-content\/uploads\/usu1839\/2025\/12\/Rueda-transparente.png\" alt=\"\" width=\"135\" height=\"135\" srcset=\"https:\/\/agora.xtec.cat\/zerelcardener\/wp-content\/uploads\/usu1839\/2025\/12\/Rueda-transparente.png 703w, https:\/\/agora.xtec.cat\/zerelcardener\/wp-content\/uploads\/usu1839\/2025\/12\/Rueda-transparente-300x300.png 300w, https:\/\/agora.xtec.cat\/zerelcardener\/wp-content\/uploads\/usu1839\/2025\/12\/Rueda-transparente-150x150.png 150w\" sizes=\"auto, (max-width: 135px) 100vw, 135px\" \/><\/a><\/p>\n<p><span style=\"font-family: inherit; font-size: 1em;\">Aquest curs 25- 26 els objectius que treballarem estan relacionats\u00a0 s\u00f3n l&#8217;objectiu 2: Fam Zero i l&#8217;objectiu 12: Consum reponsable.<\/span><\/p>\n<p>&nbsp;<\/p>\n","protected":false},"excerpt":{"rendered":"<p>Cada any la ZER tria un tema com\u00fa per a les dues escoles. Continuem centrant i donant una especial rellev\u00e0ncia a la pl\u00e0stica per\u00f2 sense deixar de banda totes les altres \u00e0rees educatives.<br \/>\nAquest curs 25 &#8211; 26 Treballarem l&#8217;artista Keith Haring.<a href=\"https:\/\/agora.xtec.cat\/zerelcardener\/wp-content\/uploads\/usu1839\/2025\/12\/eyJ0eXAiOiJKV1QiLCJhbGciOiJIUzI1NiJ9.eyJpbSI6WyJcL2FydGlzdFwvaW1hZ2VGaWxlXC9oYXJpbmcuanBnIiwicmVzaXplLDU4MCJdfQ.ADJTOHHoSMUqeNUYzCUfXVvCq2R7NBzTFTSUkx1Jjl8.png\"><\/a><br \/>\nDurant els pr\u00f2xims cursos&hellip;  <a href=\"https:\/\/agora.xtec.cat\/zerelcardener\/que-fem\/projecte-1\/\" title=\"Read Art i Escola\">Llegeix m\u00e9s\u00bb<\/a><\/p>\n","protected":false},"author":1,"featured_media":0,"parent":297,"menu_order":30,"comment_status":"closed","ping_status":"closed","template":"page-templates\/side-menu.php","meta":{"footnotes":""},"class_list":["post-305","page","type-page","status-publish","hentry"],"post_mailing_queue_ids":[],"_links":{"self":[{"href":"https:\/\/agora.xtec.cat\/zerelcardener\/wp-json\/wp\/v2\/pages\/305","targetHints":{"allow":["GET"]}}],"collection":[{"href":"https:\/\/agora.xtec.cat\/zerelcardener\/wp-json\/wp\/v2\/pages"}],"about":[{"href":"https:\/\/agora.xtec.cat\/zerelcardener\/wp-json\/wp\/v2\/types\/page"}],"author":[{"embeddable":true,"href":"https:\/\/agora.xtec.cat\/zerelcardener\/wp-json\/wp\/v2\/users\/1"}],"replies":[{"embeddable":true,"href":"https:\/\/agora.xtec.cat\/zerelcardener\/wp-json\/wp\/v2\/comments?post=305"}],"version-history":[{"count":6,"href":"https:\/\/agora.xtec.cat\/zerelcardener\/wp-json\/wp\/v2\/pages\/305\/revisions"}],"predecessor-version":[{"id":1814,"href":"https:\/\/agora.xtec.cat\/zerelcardener\/wp-json\/wp\/v2\/pages\/305\/revisions\/1814"}],"up":[{"embeddable":true,"href":"https:\/\/agora.xtec.cat\/zerelcardener\/wp-json\/wp\/v2\/pages\/297"}],"wp:attachment":[{"href":"https:\/\/agora.xtec.cat\/zerelcardener\/wp-json\/wp\/v2\/media?parent=305"}],"curies":[{"name":"wp","href":"https:\/\/api.w.org\/{rel}","templated":true}]}}