{"id":2257,"date":"2023-06-29T13:49:31","date_gmt":"2023-06-29T11:49:31","guid":{"rendered":"https:\/\/agora.xtec.cat\/zercepdesis\/?page_id=2257"},"modified":"2024-06-25T14:33:58","modified_gmt":"2024-06-25T12:33:58","slug":"pacte","status":"publish","type":"page","link":"https:\/\/agora.xtec.cat\/zercepdesis\/projectes-educatius\/pacte\/","title":{"rendered":"PACTE"},"content":{"rendered":"<p>El setembre del 2021 la ZER va engegar un projecte d&#8217;innovaci\u00f3 denominat PACTE (Programa d\u2019acceleraci\u00f3 de la transformaci\u00f3 educativa\/Eines per el canvi), amb l\u2019objectiu d\u2019impulsar processos de transformaci\u00f3 educativa en els \u00e0mbits de l\u2019organitzaci\u00f3, les metodologies d\u2019ensenyament i aprenentatge, i el treball en xarxa intern i amb l\u2019entorn.<\/p>\n<p><span style=\"font-weight: 400;\">La facilitaci\u00f3 \u00e9s una forma de <\/span><b>promoure l\u2019aprenentatge per interacci\u00f3<\/b><span style=\"font-weight: 400;\"> (Gnass, 2015). En aquest sentit, pret\u00e9n <\/span><b>fomentar la participaci\u00f3<\/b><span style=\"font-weight: 400;\"> de tots els agents implicats en un proc\u00e9s de transformaci\u00f3 amb l\u2019objectiu d\u2019usar i fer cr\u00e9ixer el saber de la comunitat. Aquest creixement del saber comunitari constitueix una oportunitat de crear situacions participatives en qu\u00e8 s\u2019articula el <\/span><b>coneixement<\/b><span style=\"font-weight: 400;\"> i <\/span><b>les<\/b> <b>idees<\/b><span style=\"font-weight: 400;\"> de les diferents persones que l\u2019integren, ajudant-los a aprendre els uns dels altres, a pensar, a prendre decisions i actuar en conjunt, <\/span><b>creant<\/b><span style=\"font-weight: 400;\"> aix\u00ed <\/span><b>coneixement<\/b> <b>col\u00b7lectiu<\/b><b>.<\/b><span style=\"font-weight: 400;\">\u00a0<\/span><\/p>\n<p><span style=\"font-weight: 400;\">La facilitaci\u00f3 en centre utilitza diverses estrat\u00e8gies metodol\u00f2giques d\u2019acompanyament que poden sintetitzar-se en aquests punts:<\/span><\/p>\n<ol>\n<li style=\"font-weight: 400;\" aria-level=\"1\"><span style=\"font-weight: 400;\">La <\/span><b>reflexi\u00f3 col\u00b7lectiva<\/b><span style=\"font-weight: 400;\"> entre el facilitador i les persones a qui fa acompanyament (equip impulsor, equip directiu, claustre, equips de centres) per obrir espais de debat, contrast i presa de decisions.<\/span><\/li>\n<li style=\"font-weight: 400;\" aria-level=\"1\"><span style=\"font-weight: 400;\">El <\/span><b>recolzament i guiatge<\/b><span style=\"font-weight: 400;\"> a l\u2019equip directiu i l\u2019equip impulsor per garantir complicitats i promoure el treball en equip i el lideratge distribu\u00eft.<\/span><\/li>\n<li style=\"font-weight: 400;\" aria-level=\"1\"><span style=\"font-weight: 400;\">L\u2019\u00fas d\u2019<\/span><b>estrat\u00e8gies indagadores<\/b><span style=\"font-weight: 400;\"> per fer aflorar noves solucions.<\/span><\/li>\n<\/ol>\n<p><a href=\"https:\/\/agora.xtec.cat\/zercepdesis\/wp-content\/uploads\/usu2412\/2024\/06\/1.png\"><img loading=\"lazy\" decoding=\"async\" class=\"alignnone size-large wp-image-3238\" src=\"https:\/\/agora.xtec.cat\/zercepdesis\/wp-content\/uploads\/usu2412\/2024\/06\/1-1024x576.png\" alt=\"\" width=\"1024\" height=\"576\" srcset=\"https:\/\/agora.xtec.cat\/zercepdesis\/wp-content\/uploads\/usu2412\/2024\/06\/1-1024x576.png 1024w, https:\/\/agora.xtec.cat\/zercepdesis\/wp-content\/uploads\/usu2412\/2024\/06\/1-300x169.png 300w, https:\/\/agora.xtec.cat\/zercepdesis\/wp-content\/uploads\/usu2412\/2024\/06\/1-768x432.png 768w, https:\/\/agora.xtec.cat\/zercepdesis\/wp-content\/uploads\/usu2412\/2024\/06\/1-1536x864.png 1536w, https:\/\/agora.xtec.cat\/zercepdesis\/wp-content\/uploads\/usu2412\/2024\/06\/1.png 1920w\" sizes=\"auto, (max-width: 1024px) 100vw, 1024px\" \/><\/a> <a href=\"https:\/\/agora.xtec.cat\/zercepdesis\/wp-content\/uploads\/usu2412\/2024\/06\/2.png\"><img loading=\"lazy\" decoding=\"async\" class=\"alignnone size-large wp-image-3239\" src=\"https:\/\/agora.xtec.cat\/zercepdesis\/wp-content\/uploads\/usu2412\/2024\/06\/2-1024x576.png\" alt=\"\" width=\"1024\" height=\"576\" srcset=\"https:\/\/agora.xtec.cat\/zercepdesis\/wp-content\/uploads\/usu2412\/2024\/06\/2-1024x576.png 1024w, https:\/\/agora.xtec.cat\/zercepdesis\/wp-content\/uploads\/usu2412\/2024\/06\/2-300x169.png 300w, https:\/\/agora.xtec.cat\/zercepdesis\/wp-content\/uploads\/usu2412\/2024\/06\/2-768x432.png 768w, https:\/\/agora.xtec.cat\/zercepdesis\/wp-content\/uploads\/usu2412\/2024\/06\/2-1536x864.png 1536w, https:\/\/agora.xtec.cat\/zercepdesis\/wp-content\/uploads\/usu2412\/2024\/06\/2.png 1920w\" sizes=\"auto, (max-width: 1024px) 100vw, 1024px\" \/><\/a> <a href=\"https:\/\/agora.xtec.cat\/zercepdesis\/wp-content\/uploads\/usu2412\/2024\/06\/3.png\"><img loading=\"lazy\" decoding=\"async\" class=\"alignnone size-large wp-image-3240\" src=\"https:\/\/agora.xtec.cat\/zercepdesis\/wp-content\/uploads\/usu2412\/2024\/06\/3-1024x576.png\" alt=\"\" width=\"1024\" height=\"576\" srcset=\"https:\/\/agora.xtec.cat\/zercepdesis\/wp-content\/uploads\/usu2412\/2024\/06\/3-1024x576.png 1024w, https:\/\/agora.xtec.cat\/zercepdesis\/wp-content\/uploads\/usu2412\/2024\/06\/3-300x169.png 300w, https:\/\/agora.xtec.cat\/zercepdesis\/wp-content\/uploads\/usu2412\/2024\/06\/3-768x432.png 768w, https:\/\/agora.xtec.cat\/zercepdesis\/wp-content\/uploads\/usu2412\/2024\/06\/3-1536x864.png 1536w, https:\/\/agora.xtec.cat\/zercepdesis\/wp-content\/uploads\/usu2412\/2024\/06\/3.png 1920w\" sizes=\"auto, (max-width: 1024px) 100vw, 1024px\" \/><\/a> <a href=\"https:\/\/agora.xtec.cat\/zercepdesis\/wp-content\/uploads\/usu2412\/2024\/06\/4.png\"><img loading=\"lazy\" decoding=\"async\" class=\"alignnone size-large wp-image-3241\" src=\"https:\/\/agora.xtec.cat\/zercepdesis\/wp-content\/uploads\/usu2412\/2024\/06\/4-1024x576.png\" alt=\"\" width=\"1024\" height=\"576\" srcset=\"https:\/\/agora.xtec.cat\/zercepdesis\/wp-content\/uploads\/usu2412\/2024\/06\/4-1024x576.png 1024w, https:\/\/agora.xtec.cat\/zercepdesis\/wp-content\/uploads\/usu2412\/2024\/06\/4-300x169.png 300w, https:\/\/agora.xtec.cat\/zercepdesis\/wp-content\/uploads\/usu2412\/2024\/06\/4-768x432.png 768w, https:\/\/agora.xtec.cat\/zercepdesis\/wp-content\/uploads\/usu2412\/2024\/06\/4-1536x864.png 1536w, https:\/\/agora.xtec.cat\/zercepdesis\/wp-content\/uploads\/usu2412\/2024\/06\/4.png 1920w\" sizes=\"auto, (max-width: 1024px) 100vw, 1024px\" \/><\/a> <a href=\"https:\/\/agora.xtec.cat\/zercepdesis\/wp-content\/uploads\/usu2412\/2024\/06\/5.png\"><img loading=\"lazy\" decoding=\"async\" class=\"alignnone size-large wp-image-3242\" src=\"https:\/\/agora.xtec.cat\/zercepdesis\/wp-content\/uploads\/usu2412\/2024\/06\/5-1024x576.png\" alt=\"\" width=\"1024\" height=\"576\" srcset=\"https:\/\/agora.xtec.cat\/zercepdesis\/wp-content\/uploads\/usu2412\/2024\/06\/5-1024x576.png 1024w, https:\/\/agora.xtec.cat\/zercepdesis\/wp-content\/uploads\/usu2412\/2024\/06\/5-300x169.png 300w, https:\/\/agora.xtec.cat\/zercepdesis\/wp-content\/uploads\/usu2412\/2024\/06\/5-768x432.png 768w, https:\/\/agora.xtec.cat\/zercepdesis\/wp-content\/uploads\/usu2412\/2024\/06\/5-1536x864.png 1536w, https:\/\/agora.xtec.cat\/zercepdesis\/wp-content\/uploads\/usu2412\/2024\/06\/5.png 1920w\" sizes=\"auto, (max-width: 1024px) 100vw, 1024px\" \/><\/a> <a href=\"https:\/\/agora.xtec.cat\/zercepdesis\/wp-content\/uploads\/usu2412\/2024\/06\/6.png\"><img loading=\"lazy\" decoding=\"async\" class=\"alignnone size-large wp-image-3243\" src=\"https:\/\/agora.xtec.cat\/zercepdesis\/wp-content\/uploads\/usu2412\/2024\/06\/6-1024x576.png\" alt=\"\" width=\"1024\" height=\"576\" srcset=\"https:\/\/agora.xtec.cat\/zercepdesis\/wp-content\/uploads\/usu2412\/2024\/06\/6-1024x576.png 1024w, https:\/\/agora.xtec.cat\/zercepdesis\/wp-content\/uploads\/usu2412\/2024\/06\/6-300x169.png 300w, https:\/\/agora.xtec.cat\/zercepdesis\/wp-content\/uploads\/usu2412\/2024\/06\/6-768x432.png 768w, https:\/\/agora.xtec.cat\/zercepdesis\/wp-content\/uploads\/usu2412\/2024\/06\/6-1536x864.png 1536w, https:\/\/agora.xtec.cat\/zercepdesis\/wp-content\/uploads\/usu2412\/2024\/06\/6.png 1920w\" sizes=\"auto, (max-width: 1024px) 100vw, 1024px\" \/><\/a> <a href=\"https:\/\/agora.xtec.cat\/zercepdesis\/wp-content\/uploads\/usu2412\/2024\/06\/7.png\"><img loading=\"lazy\" decoding=\"async\" class=\"alignnone size-large wp-image-3244\" src=\"https:\/\/agora.xtec.cat\/zercepdesis\/wp-content\/uploads\/usu2412\/2024\/06\/7-1024x576.png\" alt=\"\" width=\"1024\" height=\"576\" srcset=\"https:\/\/agora.xtec.cat\/zercepdesis\/wp-content\/uploads\/usu2412\/2024\/06\/7-1024x576.png 1024w, https:\/\/agora.xtec.cat\/zercepdesis\/wp-content\/uploads\/usu2412\/2024\/06\/7-300x169.png 300w, https:\/\/agora.xtec.cat\/zercepdesis\/wp-content\/uploads\/usu2412\/2024\/06\/7-768x432.png 768w, https:\/\/agora.xtec.cat\/zercepdesis\/wp-content\/uploads\/usu2412\/2024\/06\/7-1536x864.png 1536w, https:\/\/agora.xtec.cat\/zercepdesis\/wp-content\/uploads\/usu2412\/2024\/06\/7.png 1920w\" sizes=\"auto, (max-width: 1024px) 100vw, 1024px\" \/><\/a><\/p>\n","protected":false},"excerpt":{"rendered":"<p>El setembre del 2021 la ZER va engegar un projecte d&#8217;innovaci\u00f3 denominat PACTE (Programa d\u2019acceleraci\u00f3 de la transformaci\u00f3 educativa\/Eines per el canvi), amb l\u2019objectiu d\u2019impulsar processos de transformaci\u00f3 educativa en els \u00e0mbits de l\u2019organitzaci\u00f3, les metodologies d\u2019ensenyament i aprenentatge, i el treball en xarxa intern&hellip;  <a href=\"https:\/\/agora.xtec.cat\/zercepdesis\/projectes-educatius\/pacte\/\" title=\"Read PACTE\">Llegeix m\u00e9s\u00bb<\/a><\/p>\n","protected":false},"author":1,"featured_media":0,"parent":1758,"menu_order":0,"comment_status":"closed","ping_status":"closed","template":"","meta":{"_bbp_topic_count":0,"_bbp_reply_count":0,"_bbp_total_topic_count":0,"_bbp_total_reply_count":0,"_bbp_voice_count":0,"_bbp_anonymous_reply_count":0,"_bbp_topic_count_hidden":0,"_bbp_reply_count_hidden":0,"_bbp_forum_subforum_count":0,"footnotes":""},"class_list":["post-2257","page","type-page","status-publish","hentry"],"post_mailing_queue_ids":[],"_links":{"self":[{"href":"https:\/\/agora.xtec.cat\/zercepdesis\/wp-json\/wp\/v2\/pages\/2257","targetHints":{"allow":["GET"]}}],"collection":[{"href":"https:\/\/agora.xtec.cat\/zercepdesis\/wp-json\/wp\/v2\/pages"}],"about":[{"href":"https:\/\/agora.xtec.cat\/zercepdesis\/wp-json\/wp\/v2\/types\/page"}],"author":[{"embeddable":true,"href":"https:\/\/agora.xtec.cat\/zercepdesis\/wp-json\/wp\/v2\/users\/1"}],"replies":[{"embeddable":true,"href":"https:\/\/agora.xtec.cat\/zercepdesis\/wp-json\/wp\/v2\/comments?post=2257"}],"version-history":[{"count":4,"href":"https:\/\/agora.xtec.cat\/zercepdesis\/wp-json\/wp\/v2\/pages\/2257\/revisions"}],"predecessor-version":[{"id":3245,"href":"https:\/\/agora.xtec.cat\/zercepdesis\/wp-json\/wp\/v2\/pages\/2257\/revisions\/3245"}],"up":[{"embeddable":true,"href":"https:\/\/agora.xtec.cat\/zercepdesis\/wp-json\/wp\/v2\/pages\/1758"}],"wp:attachment":[{"href":"https:\/\/agora.xtec.cat\/zercepdesis\/wp-json\/wp\/v2\/media?parent=2257"}],"curies":[{"name":"wp","href":"https:\/\/api.w.org\/{rel}","templated":true}]}}