{"id":785,"date":"2022-05-10T11:56:11","date_gmt":"2022-05-10T09:56:11","guid":{"rendered":"https:\/\/agora.xtec.cat\/zerargelaga\/?page_id=785"},"modified":"2023-04-14T10:33:35","modified_gmt":"2023-04-14T08:33:35","slug":"comunicacio-i-xarxes","status":"publish","type":"page","link":"https:\/\/agora.xtec.cat\/zerargelaga\/estrategia-digital-de-centre\/cultura-digital\/comunicacio-i-xarxes\/","title":{"rendered":"Comunicaci\u00f3 i xarxes"},"content":{"rendered":"<p>La comunicaci\u00f3 de les fam\u00edlies amb el centre principalment \u00e9s el tel\u00e8fon.<br \/>\nAix\u00ed mateix, les fam\u00edlies poden trucar per justificar abs\u00e8ncies i tamb\u00e9 per resoldre altres aspectes.<\/p>\n<p>El centre tamb\u00e9 disposa d&#8217;altres canals de comunicaci\u00f3 amb la comunitat educativa.<\/p>\n<table style=\"width: 100%; border-collapse: collapse; border-color: #821b1b; background-color: #c42201;\">\n<tbody>\n<tr>\n<td style=\"width: 100%; text-align: center;\"><a href=\"https:\/\/agora.xtec.cat\/zerargelaga\/\"><img loading=\"lazy\" decoding=\"async\" class=\"alignnone wp-image-840\" src=\"https:\/\/agora.xtec.cat\/zerargelaga\/wp-content\/uploads\/usu1086\/2023\/04\/nodes-300x173-1.jpg\" alt=\"\" width=\"114\" height=\"66\" \/><\/a><\/td>\n<\/tr>\n<\/tbody>\n<\/table>\n<p><span style=\"font-family: inherit; font-size: 1em;\">Web dins del servei Nodes. Aqu\u00ed podreu trobar un recull de les diferents activitats realitzades en les dues escoles que conformen la ZER Argelaga. Cadascuna disposa de la seva p\u00e0gina web NODES Aix\u00ed com diferent informaci\u00f3 i documents sobre l&#8217;escola.<\/span><\/p>\n<ul>\n<li style=\"list-style-type: none;\">\n<ul>\n<li>ENLLA\u00c7 A L&#8217;ESCOLA DE TORRELAMEU. <a href=\"https:\/\/agora.xtec.cat\/escolatorrelameu\/\"><img loading=\"lazy\" decoding=\"async\" class=\"alignnone wp-image-841\" src=\"https:\/\/agora.xtec.cat\/zerargelaga\/wp-content\/uploads\/usu1086\/2023\/04\/TORRELAMEU-907x1024.jpg\" alt=\"\" width=\"67\" height=\"75\" srcset=\"https:\/\/agora.xtec.cat\/zerargelaga\/wp-content\/uploads\/usu1086\/2023\/04\/TORRELAMEU-907x1024.jpg 907w, https:\/\/agora.xtec.cat\/zerargelaga\/wp-content\/uploads\/usu1086\/2023\/04\/TORRELAMEU-266x300.jpg 266w, https:\/\/agora.xtec.cat\/zerargelaga\/wp-content\/uploads\/usu1086\/2023\/04\/TORRELAMEU-768x867.jpg 768w, https:\/\/agora.xtec.cat\/zerargelaga\/wp-content\/uploads\/usu1086\/2023\/04\/TORRELAMEU.jpg 1039w\" sizes=\"auto, (max-width: 67px) 100vw, 67px\" \/><\/a><\/li>\n<li>ENLLA\u00c7 A L&#8217;ESCOLA MESTRAL.\u00a0 \u00a0 \u00a0 \u00a0 \u00a0 \u00a0 \u00a0 <a href=\"https:\/\/agora.xtec.cat\/escolamestralvilanova\/\"><img loading=\"lazy\" decoding=\"async\" class=\"alignnone wp-image-842\" src=\"https:\/\/agora.xtec.cat\/zerargelaga\/wp-content\/uploads\/usu1086\/2023\/04\/ARGELAGA-1024x691.png\" alt=\"\" width=\"93\" height=\"63\" srcset=\"https:\/\/agora.xtec.cat\/zerargelaga\/wp-content\/uploads\/usu1086\/2023\/04\/ARGELAGA-1024x691.png 1024w, https:\/\/agora.xtec.cat\/zerargelaga\/wp-content\/uploads\/usu1086\/2023\/04\/ARGELAGA-300x203.png 300w, https:\/\/agora.xtec.cat\/zerargelaga\/wp-content\/uploads\/usu1086\/2023\/04\/ARGELAGA-768x519.png 768w, https:\/\/agora.xtec.cat\/zerargelaga\/wp-content\/uploads\/usu1086\/2023\/04\/ARGELAGA.png 1216w\" sizes=\"auto, (max-width: 93px) 100vw, 93px\" \/><\/a><\/li>\n<\/ul>\n<\/li>\n<\/ul>\n<p>&nbsp;<\/p>\n<table style=\"width: 100%; border-collapse: collapse; border-color: #821b1b; background-color: #c42201;\">\n<tbody>\n<tr>\n<td style=\"width: 100%; text-align: center;\"><img loading=\"lazy\" decoding=\"async\" class=\"alignnone wp-image-850\" src=\"https:\/\/agora.xtec.cat\/zerargelaga\/wp-content\/uploads\/usu1086\/2023\/04\/logo-telegram-1.png\" alt=\"\" width=\"72\" height=\"72\" srcset=\"https:\/\/agora.xtec.cat\/zerargelaga\/wp-content\/uploads\/usu1086\/2023\/04\/logo-telegram-1.png 225w, https:\/\/agora.xtec.cat\/zerargelaga\/wp-content\/uploads\/usu1086\/2023\/04\/logo-telegram-1-150x150.png 150w\" sizes=\"auto, (max-width: 72px) 100vw, 72px\" \/><\/td>\n<\/tr>\n<\/tbody>\n<\/table>\n<p>Cada entre disposa de canal de Telegram on apareixen els avisos de les not\u00edcies publicades a la p\u00e0gina de les escoles.<\/p>\n<ul>\n<li style=\"list-style-type: none;\">\n<ul>\n<li>ENLLA\u00c7 AL TELEGRAM DE L&#8217;ESCOLA DE TORRELAMEU. <a href=\"https:\/\/t.me\/+O3f73RNHZi80OGE0\"><img loading=\"lazy\" decoding=\"async\" class=\"alignnone wp-image-841\" src=\"https:\/\/agora.xtec.cat\/zerargelaga\/wp-content\/uploads\/usu1086\/2023\/04\/TORRELAMEU-907x1024.jpg\" alt=\"\" width=\"67\" height=\"75\" srcset=\"https:\/\/agora.xtec.cat\/zerargelaga\/wp-content\/uploads\/usu1086\/2023\/04\/TORRELAMEU-907x1024.jpg 907w, https:\/\/agora.xtec.cat\/zerargelaga\/wp-content\/uploads\/usu1086\/2023\/04\/TORRELAMEU-266x300.jpg 266w, https:\/\/agora.xtec.cat\/zerargelaga\/wp-content\/uploads\/usu1086\/2023\/04\/TORRELAMEU-768x867.jpg 768w, https:\/\/agora.xtec.cat\/zerargelaga\/wp-content\/uploads\/usu1086\/2023\/04\/TORRELAMEU.jpg 1039w\" sizes=\"auto, (max-width: 67px) 100vw, 67px\" \/><\/a><\/li>\n<li>ENLLA\u00c7 AL TELEGRAM DE L&#8217;ESCOLA MESTRAL.\u00a0 \u00a0 \u00a0 \u00a0 \u00a0 \u00a0 \u00a0 <a href=\"https:\/\/t.me\/escola_mestral\"><img loading=\"lazy\" decoding=\"async\" class=\"alignnone wp-image-842\" src=\"https:\/\/agora.xtec.cat\/zerargelaga\/wp-content\/uploads\/usu1086\/2023\/04\/ARGELAGA-1024x691.png\" alt=\"\" width=\"93\" height=\"63\" srcset=\"https:\/\/agora.xtec.cat\/zerargelaga\/wp-content\/uploads\/usu1086\/2023\/04\/ARGELAGA-1024x691.png 1024w, https:\/\/agora.xtec.cat\/zerargelaga\/wp-content\/uploads\/usu1086\/2023\/04\/ARGELAGA-300x203.png 300w, https:\/\/agora.xtec.cat\/zerargelaga\/wp-content\/uploads\/usu1086\/2023\/04\/ARGELAGA-768x519.png 768w, https:\/\/agora.xtec.cat\/zerargelaga\/wp-content\/uploads\/usu1086\/2023\/04\/ARGELAGA.png 1216w\" sizes=\"auto, (max-width: 93px) 100vw, 93px\" \/><\/a><\/li>\n<\/ul>\n<\/li>\n<\/ul>\n","protected":false},"excerpt":{"rendered":"<p>La comunicaci\u00f3 de les fam\u00edlies amb el centre principalment \u00e9s el tel\u00e8fon.<br \/>\nAix\u00ed mateix, les fam\u00edlies poden trucar per justificar abs\u00e8ncies i tamb\u00e9 per resoldre altres aspectes.<br \/>\nEl centre tamb\u00e9 disposa d&#8217;altres canals de comunicaci\u00f3 amb la comunitat educativa.<\/p>\n<p><a href=\"https:\/\/agora.xtec.cat\/zerargelaga\/\"><\/a><\/p>\n<p>Web dins del servei Nodes. Aqu\u00ed podreu trobar&hellip;  <a href=\"https:\/\/agora.xtec.cat\/zerargelaga\/estrategia-digital-de-centre\/cultura-digital\/comunicacio-i-xarxes\/\" title=\"Read Comunicaci\u00f3 i xarxes\">Llegeix m\u00e9s\u00bb<\/a><\/p>\n","protected":false},"author":1,"featured_media":0,"parent":753,"menu_order":0,"comment_status":"closed","ping_status":"closed","template":"page-templates\/side-menu.php","meta":{"_bbp_topic_count":0,"_bbp_reply_count":0,"_bbp_total_topic_count":0,"_bbp_total_reply_count":0,"_bbp_voice_count":0,"_bbp_anonymous_reply_count":0,"_bbp_topic_count_hidden":0,"_bbp_reply_count_hidden":0,"_bbp_forum_subforum_count":0,"footnotes":""},"class_list":["post-785","page","type-page","status-publish","hentry"],"post_mailing_queue_ids":[],"_links":{"self":[{"href":"https:\/\/agora.xtec.cat\/zerargelaga\/wp-json\/wp\/v2\/pages\/785","targetHints":{"allow":["GET"]}}],"collection":[{"href":"https:\/\/agora.xtec.cat\/zerargelaga\/wp-json\/wp\/v2\/pages"}],"about":[{"href":"https:\/\/agora.xtec.cat\/zerargelaga\/wp-json\/wp\/v2\/types\/page"}],"author":[{"embeddable":true,"href":"https:\/\/agora.xtec.cat\/zerargelaga\/wp-json\/wp\/v2\/users\/1"}],"replies":[{"embeddable":true,"href":"https:\/\/agora.xtec.cat\/zerargelaga\/wp-json\/wp\/v2\/comments?post=785"}],"version-history":[{"count":4,"href":"https:\/\/agora.xtec.cat\/zerargelaga\/wp-json\/wp\/v2\/pages\/785\/revisions"}],"predecessor-version":[{"id":852,"href":"https:\/\/agora.xtec.cat\/zerargelaga\/wp-json\/wp\/v2\/pages\/785\/revisions\/852"}],"up":[{"embeddable":true,"href":"https:\/\/agora.xtec.cat\/zerargelaga\/wp-json\/wp\/v2\/pages\/753"}],"wp:attachment":[{"href":"https:\/\/agora.xtec.cat\/zerargelaga\/wp-json\/wp\/v2\/media?parent=785"}],"curies":[{"name":"wp","href":"https:\/\/api.w.org\/{rel}","templated":true}]}}