{"id":258,"date":"2015-07-20T12:40:06","date_gmt":"2015-07-20T11:40:06","guid":{"rendered":"http:\/\/agora.xtec.cat\/zerargelaga\/?page_id=258"},"modified":"2022-04-26T15:35:46","modified_gmt":"2022-04-26T13:35:46","slug":"qui-som","status":"publish","type":"page","link":"https:\/\/agora.xtec.cat\/zerargelaga\/zer\/qui-som\/","title":{"rendered":"Qui som?"},"content":{"rendered":"<p>Les zones escolars rurals (ZER) s\u00f3n institucions escolars de car\u00e0cter p\u00fablic formades per l\u2019agrupaci\u00f3 de centres d&#8217;educaci\u00f3 infantil i prim\u00e0ria que es constitueixen amb la finalitat d\u2019oferir el servei d\u2019ensenyament en condicions de major qualitat en zones de baixa demografia escolar.<\/p>\n<blockquote><p><em>L\u2019Escola Rural, l\u2019escola de les tres \u201cP\u201d: Petita, de Poble i P\u00fablica, \u00e9s una escola arrelada al territori, que d\u00f3na vida al municipi, que a vegades n\u2019\u00e9s el pal de paller i\/o dinamitzadora d\u2019una part de la vida que el poble genera, que aglutina activitats, persones, i que \u00e9s motiu de trobada i aprenentatge<\/em><\/p><\/blockquote>\n<p>La zona escolar rural t\u00e9 consideraci\u00f3 de centre educatiu \u00fanic amb les caracter\u00edstiques i els efectes que es determinen en el <a href=\"http:\/\/dogc.gencat.cat\/ca\/pdogc_canals_interns\/pdogc_resultats_fitxa\/?documentId=545262&amp;language=ca_ES&amp;action=fitxa\" target=\"_blank\" rel=\"noopener noreferrer\">Decret 102\/2010, de 3 d\u2019agost d\u2019autonomia dels centres educatius<\/a>, sense perjudici de respectar la identitat jur\u00eddica de cadascuna de les escoles que la integren.<\/p>\n<p>Cada ZER t\u00e9 un projecte educatiu per a tots els centres que la integren i les mateixes normes d\u2019organitzaci\u00f3 i funcionament i la mateixa programaci\u00f3 general anual, que ha de respectar la singularitat de cadascuna de les escoles.<\/p>\n<p><span style=\"font-weight: 400;\">Les escoles de la <strong>ZER Argelaga<\/strong> estan situades a cavall de dues comarques del ponent catal\u00e0. L\u2019<a href=\"https:\/\/agora.xtec.cat\/escolamestralvilanova\/\">ESCOLA MESTRAL <\/a>pertany a la comarca del Segri\u00e0 i l\u2019<a href=\"https:\/\/agora.xtec.cat\/escolatorrelameu\/\">ESCOLA DE TORRELAMEU<\/a> pertany a la comarca de la Noguera. Els rius que passen prop de les dues localitats, el Noguera Pallaresa per Torrelameu i el Segre per Vilanova de la Barca, divideixen les dues comarques.<\/span><\/p>\n<p><span style=\"font-weight: 400;\">La composici\u00f3 de la ZER actual data del setembre del 2012. Anteriorment, ja havia patit diferents canvis.\u00a0<\/span><span style=\"font-weight: 400;\">La seu actual de la ZER \u00e9s l\u2019Escola Mestral de Vilanova de la Barca.<\/span><\/p>\n","protected":false},"excerpt":{"rendered":"<p>Les zones escolars rurals (ZER) s\u00f3n institucions escolars de car\u00e0cter p\u00fablic formades per l\u2019agrupaci\u00f3 de centres d&#8217;educaci\u00f3 infantil i prim\u00e0ria que es constitueixen amb la finalitat d\u2019oferir el servei d\u2019ensenyament en condicions de major qualitat en zones de baixa demografia escolar.<br \/>\nL\u2019Escola Rural, l\u2019escola de les&hellip;  <a href=\"https:\/\/agora.xtec.cat\/zerargelaga\/zer\/qui-som\/\" title=\"Read Qui som?\">Llegeix m\u00e9s\u00bb<\/a><\/p>\n","protected":false},"author":1,"featured_media":0,"parent":19,"menu_order":1,"comment_status":"closed","ping_status":"closed","template":"page-templates\/side-menu.php","meta":{"_bbp_topic_count":0,"_bbp_reply_count":0,"_bbp_total_topic_count":0,"_bbp_total_reply_count":0,"_bbp_voice_count":0,"_bbp_anonymous_reply_count":0,"_bbp_topic_count_hidden":0,"_bbp_reply_count_hidden":0,"_bbp_forum_subforum_count":0,"footnotes":""},"class_list":["post-258","page","type-page","status-publish","hentry"],"post_mailing_queue_ids":[],"_links":{"self":[{"href":"https:\/\/agora.xtec.cat\/zerargelaga\/wp-json\/wp\/v2\/pages\/258","targetHints":{"allow":["GET"]}}],"collection":[{"href":"https:\/\/agora.xtec.cat\/zerargelaga\/wp-json\/wp\/v2\/pages"}],"about":[{"href":"https:\/\/agora.xtec.cat\/zerargelaga\/wp-json\/wp\/v2\/types\/page"}],"author":[{"embeddable":true,"href":"https:\/\/agora.xtec.cat\/zerargelaga\/wp-json\/wp\/v2\/users\/1"}],"replies":[{"embeddable":true,"href":"https:\/\/agora.xtec.cat\/zerargelaga\/wp-json\/wp\/v2\/comments?post=258"}],"version-history":[{"count":4,"href":"https:\/\/agora.xtec.cat\/zerargelaga\/wp-json\/wp\/v2\/pages\/258\/revisions"}],"predecessor-version":[{"id":731,"href":"https:\/\/agora.xtec.cat\/zerargelaga\/wp-json\/wp\/v2\/pages\/258\/revisions\/731"}],"up":[{"embeddable":true,"href":"https:\/\/agora.xtec.cat\/zerargelaga\/wp-json\/wp\/v2\/pages\/19"}],"wp:attachment":[{"href":"https:\/\/agora.xtec.cat\/zerargelaga\/wp-json\/wp\/v2\/media?parent=258"}],"curies":[{"name":"wp","href":"https:\/\/api.w.org\/{rel}","templated":true}]}}