{"id":716,"date":"2017-03-06T16:14:08","date_gmt":"2017-03-06T15:14:08","guid":{"rendered":"http:\/\/agora.xtec.cat\/zer-requesens\/?page_id=716"},"modified":"2019-10-23T15:21:56","modified_gmt":"2019-10-23T13:21:56","slug":"setmana-cultural","status":"publish","type":"page","link":"https:\/\/agora.xtec.cat\/zer-requesens\/zer\/que-fem\/setmana-cultural\/","title":{"rendered":"Setmana Cultural"},"content":{"rendered":"<p align=\"justify\"><span style=\"font-family: Arial, sans-serif;\"><span lang=\"ca-ES\">La Setmana Cultural \u00e9s un projecte que duem a terme la setmana abans de Setmana Santa, on realitzem activitats conjuntes amb tot l&#8217;alumnat de la ZER, amb la finalitat de compartir situacions din\u00e0miques d&#8217;aprenentatge en gran grup i de fomentar la relaci\u00f3 entre l&#8217;alumnat de la ZER.<\/span><\/span><\/p>\n<p align=\"justify\"><span style=\"font-family: Arial, sans-serif;\"><span lang=\"ca-ES\">L\u2019eix dinamitzador <\/span><\/span><span style=\"font-family: Arial, sans-serif;\"><span lang=\"ca-ES\">de la Setmana Cultural varia cada <\/span><\/span><span style=\"font-family: Arial, sans-serif;\"><span lang=\"ca-ES\">curs<\/span><\/span><span style=\"font-family: Arial, sans-serif;\"><span lang=\"ca-ES\">. <\/span><\/span><span style=\"font-family: Arial, sans-serif;\"><span lang=\"ca-ES\">Al llarg dels anys hem treballat temes tan variats com ara <\/span><\/span><span style=\"font-family: Arial, sans-serif;\"><span lang=\"ca-ES\"><i>Els Jocs Ol\u00edmpics<\/i><\/span><\/span><span style=\"font-family: Arial, sans-serif;\"><span lang=\"ca-ES\">, <\/span><\/span><span style=\"font-family: Arial, sans-serif;\"><span lang=\"ca-ES\"><i>Les tradicions catalanes<\/i><\/span><\/span><span style=\"font-family: Arial, sans-serif;\"><span lang=\"ca-ES\">, <\/span><\/span><span style=\"font-family: Arial, sans-serif;\"><span lang=\"ca-ES\"><i>La Mediterr\u00e0nia<\/i><\/span><\/span><span style=\"font-family: Arial, sans-serif;\"><span lang=\"ca-ES\">, <\/span><\/span><span style=\"font-family: Arial, sans-serif;\"><span lang=\"ca-ES\"><i>El circ<\/i><\/span><\/span><span style=\"font-family: Arial, sans-serif;\"><span lang=\"ca-ES\">, <\/span><\/span> <span style=\"font-family: Arial, sans-serif;\"><span lang=\"ca-ES\"><i>Les arts esc\u00e8niques<\/i><\/span><\/span><span style=\"font-family: Arial, sans-serif;\"><span lang=\"ca-ES\">,<\/span><\/span><i> <\/i><span style=\"font-family: Arial, sans-serif;\"><span lang=\"ca-ES\"><i>Mima\u2019t<\/i><\/span><\/span><span style=\"font-family: Arial, sans-serif;\"><span lang=\"ca-ES\">, <\/span><\/span><span style=\"font-family: Arial, sans-serif;\"><span lang=\"ca-ES\"><i>Multiculturalitat<\/i><\/span><\/span><span style=\"font-family: Arial, sans-serif;\"><span lang=\"ca-ES\">&#8230;<\/span><\/span><\/p>\n<p align=\"justify\"><span style=\"font-family: Arial, sans-serif;\"><span lang=\"ca-ES\">La comissi\u00f3 de Setmana Cultural s&#8217;encarrega de dissenyar l&#8217;esdevenir de la setmana, trobar convidats, gestionar els recursos de la ZER, organitzar mestres i tot all\u00f2 que calgui. Els matins de dilluns a dijous desplacem tot l&#8217;alumnat fins a Sant Climent Sescebes per a dur a terme les activitats <\/span><\/span><span style=\"font-family: Arial, sans-serif;\"><span lang=\"ca-ES\">(a les tardes cadasc\u00fa es queda a la seva escola preparant altres activitats encarades a l\u2019\u00faltim dia)<\/span><\/span><span style=\"font-family: Arial, sans-serif;\"><span lang=\"ca-ES\">. El divendres ens <\/span><\/span><span style=\"font-family: Arial, sans-serif;\"><span lang=\"ca-ES\">reunim <\/span><\/span><span style=\"font-family: Arial, sans-serif;\"><span lang=\"ca-ES\">durant<\/span><\/span><span style=\"font-family: Arial, sans-serif;\"><span lang=\"ca-ES\"> de<\/span><\/span><span style=\"font-family: Arial, sans-serif;\"><span lang=\"ca-ES\"> tot el dia i realitzem, com a colof\u00f3 de la setmana <\/span><\/span><span style=\"font-family: Arial, sans-serif;\"><span lang=\"ca-ES\">cultural<\/span><\/span><span style=\"font-family: Arial, sans-serif;\"><span lang=\"ca-ES\">, una activitat conjunta, <\/span><\/span><span style=\"font-family: Arial, sans-serif;\"><span lang=\"ca-ES\">dinem<\/span><\/span><span style=\"font-family: Arial, sans-serif;\"><span lang=\"ca-ES\"> a l&#8217;escola o a la Font Pudosa <\/span><\/span><span style=\"font-family: Arial, sans-serif;\"><span lang=\"ca-ES\">i<\/span><\/span> <span style=\"font-family: Arial, sans-serif;\"><span lang=\"ca-ES\">t<\/span><\/span><span style=\"font-family: Arial, sans-serif;\"><span lang=\"ca-ES\">ot seguit, i com a cloenda, projectem algunes fotos amb els millors moments <\/span><\/span><span style=\"font-family: Arial, sans-serif;\"><span lang=\"ca-ES\">de la setmana<\/span><\/span><span style=\"font-family: Arial, sans-serif;\"><span lang=\"ca-ES\">.<\/span><\/span><\/p>\n<p align=\"justify\"><span style=\"font-family: Arial, sans-serif;\"><span lang=\"ca-ES\">Els despla\u00e7aments es fan amb autocars i el cost d&#8217;aquests, aix\u00ed com altres despeses, van a c\u00e0rrec de les subvenci<\/span><\/span><span style=\"font-family: Arial, sans-serif;\"><span lang=\"ca-ES\">ons dels Ajuntaments de <\/span><\/span><span style=\"font-family: Arial, sans-serif;\"><span lang=\"ca-ES\">totes<\/span><\/span><span style=\"font-family: Arial, sans-serif;\"><span lang=\"ca-ES\"> quatr<\/span><\/span><span style=\"font-family: Arial, sans-serif;\"><span lang=\"ca-ES\">e escoles. <\/span><\/span><\/p>\n<p lang=\"ca-ES\" align=\"justify\"><span style=\"font-family: Arial, sans-serif;\">Cada vespre es penja al NODES un resum fotogr\u00e0fic per tal que les fam\u00edlies puguin gaudir, compartir i informar-se del que s&#8217;est\u00e0 fent. <\/span><\/p>\n","protected":false},"excerpt":{"rendered":"<p>La Setmana Cultural \u00e9s un projecte que duem a terme la setmana abans de Setmana Santa, on realitzem activitats conjuntes amb tot l&#8217;alumnat de la ZER, amb la finalitat de compartir situacions din\u00e0miques d&#8217;aprenentatge en gran grup i de fomentar la relaci\u00f3 entre l&#8217;alumnat de&hellip;  <a href=\"https:\/\/agora.xtec.cat\/zer-requesens\/zer\/que-fem\/setmana-cultural\/\" title=\"Read Setmana Cultural\">Llegeix m\u00e9s\u00bb<\/a><\/p>\n","protected":false},"author":1,"featured_media":0,"parent":297,"menu_order":0,"comment_status":"closed","ping_status":"closed","template":"","meta":{"_bbp_topic_count":0,"_bbp_reply_count":0,"_bbp_total_topic_count":0,"_bbp_total_reply_count":0,"_bbp_voice_count":0,"_bbp_anonymous_reply_count":0,"_bbp_topic_count_hidden":0,"_bbp_reply_count_hidden":0,"_bbp_forum_subforum_count":0,"footnotes":""},"class_list":["post-716","page","type-page","status-publish","hentry"],"post_mailing_queue_ids":[],"_links":{"self":[{"href":"https:\/\/agora.xtec.cat\/zer-requesens\/wp-json\/wp\/v2\/pages\/716","targetHints":{"allow":["GET"]}}],"collection":[{"href":"https:\/\/agora.xtec.cat\/zer-requesens\/wp-json\/wp\/v2\/pages"}],"about":[{"href":"https:\/\/agora.xtec.cat\/zer-requesens\/wp-json\/wp\/v2\/types\/page"}],"author":[{"embeddable":true,"href":"https:\/\/agora.xtec.cat\/zer-requesens\/wp-json\/wp\/v2\/users\/1"}],"replies":[{"embeddable":true,"href":"https:\/\/agora.xtec.cat\/zer-requesens\/wp-json\/wp\/v2\/comments?post=716"}],"version-history":[{"count":2,"href":"https:\/\/agora.xtec.cat\/zer-requesens\/wp-json\/wp\/v2\/pages\/716\/revisions"}],"predecessor-version":[{"id":1888,"href":"https:\/\/agora.xtec.cat\/zer-requesens\/wp-json\/wp\/v2\/pages\/716\/revisions\/1888"}],"up":[{"embeddable":true,"href":"https:\/\/agora.xtec.cat\/zer-requesens\/wp-json\/wp\/v2\/pages\/297"}],"wp:attachment":[{"href":"https:\/\/agora.xtec.cat\/zer-requesens\/wp-json\/wp\/v2\/media?parent=716"}],"curies":[{"name":"wp","href":"https:\/\/api.w.org\/{rel}","templated":true}]}}