{"id":714,"date":"2017-03-06T16:13:23","date_gmt":"2017-03-06T15:13:23","guid":{"rendered":"http:\/\/agora.xtec.cat\/zer-requesens\/?page_id=714"},"modified":"2019-10-23T15:20:43","modified_gmt":"2019-10-23T13:20:43","slug":"filosofia","status":"publish","type":"page","link":"https:\/\/agora.xtec.cat\/zer-requesens\/zer\/que-fem\/filosofia\/","title":{"rendered":"Filosofia"},"content":{"rendered":"<p align=\"justify\"><span style=\"color: #000000;\"><span style=\"font-family: Arial, sans-serif;\"><span style=\"font-size: medium;\"><span lang=\"ca-ES\">El projecte FILOSOFIA 3\/18 es planteja ajudar l&#8217;alumnat a pensar millor per si mateixos, <\/span><\/span><\/span><\/span><span style=\"color: #000000;\"><span style=\"font-family: Arial, sans-serif;\"><span style=\"font-size: medium;\"><span lang=\"ca-ES\">a ser m\u00e9s aut\u00f2noms, a explorar alternatives als seus punts de vista, a descobrir els propis prejudicis i a trobar raons per a les seves creences.<\/span><\/span><\/span><\/span><\/p>\n<p lang=\"ca-ES\" align=\"justify\"><span style=\"font-family: Arial, sans-serif;\"><span style=\"font-size: medium;\">Objectius principals del projecte:<\/span><\/span><\/p>\n<ul>\n<li>\n<p lang=\"ca-ES\" align=\"justify\"><span style=\"font-family: Arial, sans-serif;\"><span style=\"font-size: medium;\">Aprendre a pensar.<\/span><\/span><\/p>\n<\/li>\n<li>\n<p lang=\"ca-ES\" align=\"justify\"><span style=\"font-family: Arial, sans-serif;\"><span style=\"font-size: medium;\">Enfortir la capacitat reflexiva.<\/span><\/span><\/p>\n<\/li>\n<li>\n<p lang=\"ca-ES\" align=\"justify\"><span style=\"font-family: Arial, sans-serif;\"><span style=\"font-size: medium;\">Desenvolupar les habilitats cognitives.<\/span><\/span><\/p>\n<\/li>\n<li>\n<p lang=\"ca-ES\" align=\"justify\"><span style=\"font-family: Arial, sans-serif;\"><span style=\"font-size: medium;\">Preparar persones cr\u00edtiques per a la participaci\u00f3 en un m\u00f3n democr\u00e0tic.<\/span><\/span><\/p>\n<\/li>\n<\/ul>\n<p lang=\"ca-ES\" align=\"justify\"><span style=\"font-family: Arial, sans-serif;\"><span style=\"font-size: medium;\">A partir dels contes, dels jocs, del cinema, de la pintura i de la m\u00fasica creem situacions que afavoreixen l&#8217;aparici\u00f3 d&#8217;un di\u00e0leg constructiu que esdev\u00e9 situaci\u00f3 d&#8217;aprenentatge.<\/span><\/span><\/p>\n<p lang=\"ca-ES\" align=\"justify\"><span style=\"font-family: Arial, sans-serif;\"><span style=\"font-size: medium;\">Habilitats de pensament:<\/span><\/span><\/p>\n<table width=\"669\" cellspacing=\"0\" cellpadding=\"4\">\n<colgroup>\n<col width=\"302\" \/>\n<col width=\"349\" \/> <\/colgroup>\n<tbody>\n<tr valign=\"top\">\n<td width=\"302\">\n<p lang=\"ca-ES\" align=\"justify\"><span style=\"font-family: Arial, sans-serif;\"><span style=\"font-size: medium;\"><u>Habilitats de recerca<\/u><\/span><\/span><\/p>\n<ul>\n<li>\n<p lang=\"ca-ES\" align=\"justify\"><span style=\"font-family: Arial, sans-serif;\"><span style=\"font-size: medium;\">Endevinar<\/span><\/span><\/p>\n<\/li>\n<li>\n<p lang=\"ca-ES\" align=\"justify\"><span style=\"font-family: Arial, sans-serif;\"><span style=\"font-size: medium;\">Esbrinar<\/span><\/span><\/p>\n<\/li>\n<li>\n<p lang=\"ca-ES\" align=\"justify\"><span style=\"font-family: Arial, sans-serif;\"><span style=\"font-size: medium;\">Formular hip\u00f2tesis<\/span><\/span><\/p>\n<\/li>\n<li>\n<p lang=\"ca-ES\" align=\"justify\"><span style=\"font-family: Arial, sans-serif;\"><span style=\"font-size: medium;\">Observar<\/span><\/span><\/p>\n<\/li>\n<li>\n<p lang=\"ca-ES\" align=\"justify\"><span style=\"font-family: Arial, sans-serif;\"><span style=\"font-size: medium;\">Buscar alternatives<\/span><\/span><\/p>\n<\/li>\n<li>\n<p lang=\"ca-ES\" align=\"justify\"><span style=\"font-family: Arial, sans-serif;\"><span style=\"font-size: medium;\">Anticipar conseq\u00fc\u00e8ncies<\/span><\/span><\/p>\n<\/li>\n<li>\n<p lang=\"ca-ES\" align=\"justify\"><span style=\"font-family: Arial, sans-serif;\"><span style=\"font-size: medium;\">Seleccionar possibilitats<\/span><\/span><\/p>\n<\/li>\n<li>\n<p lang=\"ca-ES\" align=\"justify\"><span style=\"font-family: Arial, sans-serif;\"><span style=\"font-size: medium;\">Imaginar: idear, inventar, crear<\/span><\/span><\/p>\n<\/li>\n<\/ul>\n<\/td>\n<td width=\"349\">\n<p lang=\"ca-ES\" align=\"justify\"><span style=\"font-family: Arial, sans-serif;\"><span style=\"font-size: medium;\"><u>Habilitats de raonament<\/u><\/span><\/span><\/p>\n<ul>\n<li>\n<p lang=\"ca-ES\" align=\"justify\"><span style=\"font-family: Arial, sans-serif;\"><span style=\"font-size: medium;\">Buscar i donar raons<\/span><\/span><\/p>\n<\/li>\n<li>\n<p lang=\"ca-ES\" align=\"justify\"><span style=\"font-family: Arial, sans-serif;\"><span style=\"font-size: medium;\">Fer infer\u00e8ncies<\/span><\/span><\/p>\n<\/li>\n<li>\n<p lang=\"ca-ES\" align=\"justify\"><span style=\"font-family: Arial, sans-serif;\"><span style=\"font-size: medium;\">Raonar condicionalment<\/span><\/span><\/p>\n<\/li>\n<li>\n<p lang=\"ca-ES\" align=\"justify\"><span style=\"font-family: Arial, sans-serif;\"><span style=\"font-size: medium;\">Raonar anal\u00f2gicament<\/span><\/span><\/p>\n<\/li>\n<li>\n<p lang=\"ca-ES\" align=\"justify\"><span style=\"font-family: Arial, sans-serif;\"><span style=\"font-size: medium;\">Establir relacions de causa i efecte<\/span><\/span><\/p>\n<\/li>\n<li>\n<p lang=\"ca-ES\" align=\"justify\"><span style=\"font-family: Arial, sans-serif;\"><span style=\"font-size: medium;\">Establir relacions de parts\/tot<\/span><\/span><\/p>\n<\/li>\n<li>\n<p lang=\"ca-ES\" align=\"justify\"><span style=\"font-family: Arial, sans-serif;\"><span style=\"font-size: medium;\">Establir relacions de fins i mitjans<\/span><\/span><\/p>\n<\/li>\n<li>\n<p lang=\"ca-ES\" align=\"justify\"><span style=\"font-family: Arial, sans-serif;\"><span style=\"font-size: medium;\">Establir criteris<\/span><\/span><\/p>\n<\/li>\n<\/ul>\n<\/td>\n<\/tr>\n<tr valign=\"top\">\n<td width=\"302\">\n<p lang=\"ca-ES\" align=\"justify\"><span style=\"font-family: Arial, sans-serif;\"><span style=\"font-size: medium;\"><u>Habilitats de conceptualitzaci\u00f3 i an\u00e0lisi<\/u><\/span><\/span><\/p>\n<ul>\n<li>\n<p lang=\"ca-ES\" align=\"justify\"><span style=\"font-family: Arial, sans-serif;\"><span style=\"font-size: medium;\">Formular conceptes precisos<\/span><\/span><\/p>\n<\/li>\n<li>\n<p lang=\"ca-ES\" align=\"justify\"><span style=\"font-family: Arial, sans-serif;\"><span style=\"font-size: medium;\">Posar exemples i contraexemples<\/span><\/span><\/p>\n<\/li>\n<li>\n<p lang=\"ca-ES\" align=\"justify\"><span style=\"font-family: Arial, sans-serif;\"><span style=\"font-size: medium;\">Buscar semblances i difer\u00e8ncies<\/span><\/span><\/p>\n<\/li>\n<li>\n<p lang=\"ca-ES\" align=\"justify\"><span style=\"font-family: Arial, sans-serif;\"><span style=\"font-size: medium;\">Comparar<\/span><\/span><\/p>\n<\/li>\n<li>\n<p lang=\"ca-ES\" align=\"justify\"><span style=\"font-family: Arial, sans-serif;\"><span style=\"font-size: medium;\">Definir<\/span><\/span><\/p>\n<\/li>\n<li>\n<p lang=\"ca-ES\" align=\"justify\"><span style=\"font-family: Arial, sans-serif;\"><span style=\"font-size: medium;\">Agrupar i classificar<\/span><\/span><\/p>\n<\/li>\n<li>\n<p lang=\"ca-ES\" align=\"justify\"><span style=\"font-family: Arial, sans-serif;\"><span style=\"font-size: medium;\">Seriar<\/span><\/span><\/p>\n<\/li>\n<\/ul>\n<\/td>\n<td width=\"349\">\n<p lang=\"ca-ES\" align=\"justify\"><span style=\"font-family: Arial, sans-serif;\"><span style=\"font-size: medium;\"><u>Habilitats de comunicaci\u00f3 i traducci\u00f3<\/u><\/span><\/span><\/p>\n<ul>\n<li>\n<p lang=\"ca-ES\" align=\"justify\"><span style=\"font-family: Arial, sans-serif;\"><span style=\"font-size: medium;\">Explicar: narraci\u00f3 i descripci\u00f3<\/span><\/span><\/p>\n<\/li>\n<li>\n<p lang=\"ca-ES\" align=\"justify\"><span style=\"font-family: Arial, sans-serif;\"><span style=\"font-size: medium;\">Interpretar<\/span><\/span><\/p>\n<\/li>\n<li>\n<p lang=\"ca-ES\" align=\"justify\"><span style=\"font-family: Arial, sans-serif;\"><span style=\"font-size: medium;\">Improvisar<\/span><\/span><\/p>\n<\/li>\n<li>\n<p lang=\"ca-ES\" align=\"justify\"><span style=\"font-family: Arial, sans-serif;\"><span style=\"font-size: medium;\">Traduir de l&#8217;oral a la m\u00edmica i a la inversa<\/span><\/span><\/p>\n<\/li>\n<li>\n<p lang=\"ca-ES\" align=\"justify\"><span style=\"font-family: Arial, sans-serif;\"><span style=\"font-size: medium;\">Traduir de l&#8217;oral a la pl\u00e0stica i a la inversa<\/span><\/span><\/p>\n<\/li>\n<li>\n<p lang=\"ca-ES\" align=\"justify\"><span style=\"font-family: Arial, sans-serif;\"><span style=\"font-size: medium;\">Traduir de l&#8217;oral al llenguatge musical i altres<\/span><\/span><\/p>\n<\/li>\n<li>\n<p lang=\"ca-ES\" align=\"justify\"><span style=\"font-family: Arial, sans-serif;\"><span style=\"font-size: medium;\">Sintetitzar<\/span><\/span><\/p>\n<\/li>\n<\/ul>\n<\/td>\n<\/tr>\n<\/tbody>\n<\/table>\n<p align=\"JUSTIFY\">\n","protected":false},"excerpt":{"rendered":"<p>El projecte FILOSOFIA 3\/18 es planteja ajudar l&#8217;alumnat a pensar millor per si mateixos, a ser m\u00e9s aut\u00f2noms, a explorar alternatives als seus punts de vista, a descobrir els propis prejudicis i a trobar raons per a les seves creences.<br \/>\nObjectius principals del projecte:<\/p>\n<ul>\n<li>\nAprendre a pensar.\n<\/li>\n<li>\nEnfortir&hellip;  <a href=\"https:\/\/agora.xtec.cat\/zer-requesens\/zer\/que-fem\/filosofia\/\" title=\"Read Filosofia\">Llegeix m\u00e9s\u00bb<\/a><\/p>\n","protected":false},"author":1,"featured_media":0,"parent":297,"menu_order":0,"comment_status":"closed","ping_status":"closed","template":"","meta":{"_bbp_topic_count":0,"_bbp_reply_count":0,"_bbp_total_topic_count":0,"_bbp_total_reply_count":0,"_bbp_voice_count":0,"_bbp_anonymous_reply_count":0,"_bbp_topic_count_hidden":0,"_bbp_reply_count_hidden":0,"_bbp_forum_subforum_count":0,"footnotes":""},"class_list":["post-714","page","type-page","status-publish","hentry"],"post_mailing_queue_ids":[],"_links":{"self":[{"href":"https:\/\/agora.xtec.cat\/zer-requesens\/wp-json\/wp\/v2\/pages\/714","targetHints":{"allow":["GET"]}}],"collection":[{"href":"https:\/\/agora.xtec.cat\/zer-requesens\/wp-json\/wp\/v2\/pages"}],"about":[{"href":"https:\/\/agora.xtec.cat\/zer-requesens\/wp-json\/wp\/v2\/types\/page"}],"author":[{"embeddable":true,"href":"https:\/\/agora.xtec.cat\/zer-requesens\/wp-json\/wp\/v2\/users\/1"}],"replies":[{"embeddable":true,"href":"https:\/\/agora.xtec.cat\/zer-requesens\/wp-json\/wp\/v2\/comments?post=714"}],"version-history":[{"count":2,"href":"https:\/\/agora.xtec.cat\/zer-requesens\/wp-json\/wp\/v2\/pages\/714\/revisions"}],"predecessor-version":[{"id":1886,"href":"https:\/\/agora.xtec.cat\/zer-requesens\/wp-json\/wp\/v2\/pages\/714\/revisions\/1886"}],"up":[{"embeddable":true,"href":"https:\/\/agora.xtec.cat\/zer-requesens\/wp-json\/wp\/v2\/pages\/297"}],"wp:attachment":[{"href":"https:\/\/agora.xtec.cat\/zer-requesens\/wp-json\/wp\/v2\/media?parent=714"}],"curies":[{"name":"wp","href":"https:\/\/api.w.org\/{rel}","templated":true}]}}