{"id":396,"date":"2015-07-23T15:26:30","date_gmt":"2015-07-23T14:26:30","guid":{"rendered":"http:\/\/agora.xtec.cat\/zer-requesens\/?page_id=396"},"modified":"2025-09-16T12:12:33","modified_gmt":"2025-09-16T10:12:33","slug":"qui-som","status":"publish","type":"page","link":"https:\/\/agora.xtec.cat\/zer-requesens\/capmany\/qui-som\/","title":{"rendered":"Qui som"},"content":{"rendered":"<p style=\"text-align: justify;\" align=\"justify\"><a href=\"https:\/\/agora.xtec.cat\/zer-requesens\/wp-content\/uploads\/usu993\/2017\/02\/IMG-20170220-WA0002-e1722852198938.jpg\"><img loading=\"lazy\" decoding=\"async\" class=\"alignnone size-large wp-image-677\" src=\"https:\/\/agora.xtec.cat\/zer-requesens\/wp-content\/uploads\/usu993\/2017\/02\/IMG-20170220-WA0002-1024x525.jpg\" alt=\"\" width=\"1024\" height=\"525\" \/><\/a>L\u2019escola de Capmany es troba situada a l\u2019entrada del poble, al costat oest de la piscina. A la zona hi ha un gran nombre de d\u00f2lmens, ra\u00f3 per la qual es va escollir Els D\u00f2lmens com a nom per a l\u2019escola.<\/p>\n<p align=\"justify\">Som cinc mestres i trenta-sis alumnes:<\/p>\n<ul>\n<li>Noelia: tutora de I3, I4 i I5, 12 alumnes.<\/li>\n<li>S\u00e0lvia: tutora de 1r, 2n i 3r, 10 alumnes.<\/li>\n<li>Marta: tutora de 4t, 5\u00e8 i 6\u00e8, 14 alumnes.<\/li>\n<li>Ram\u00f3n: suports (1\/2 jornada).<\/li>\n<li>Josep: suports (1\/2 jornada).<\/li>\n<\/ul>\n<p align=\"justify\">A m\u00e9s, compartim amb la resta de la ZER els mestres especialistes:<\/p>\n<ul style=\"list-style-type: disc;\">\n<li>Anna: M\u00fasica<\/li>\n<li>Ro: Franc\u00e8s<\/li>\n<li>Lara i J\u00falia: Angl\u00e8s<\/li>\n<li>Gl\u00f2ria: Educaci\u00f3 f\u00edsica<\/li>\n<\/ul>\n<p>L\u2019equip directiu de l\u2019escola est\u00e0 format per dues persones:<\/p>\n<ul>\n<li>Josep: director<\/li>\n<li>S\u00e0lvia: secret\u00e0ria<\/li>\n<\/ul>\n<p style=\"text-align: justify;\" align=\"justify\">L\u2019edifici de l\u2019escola t\u00e9 tres aules, una aula desdoblament, un despatx i una biblioteca al primer pis. Dins del recinte escolar hi ha una zona de joc infantil i durant les hores lectives podem disposar de les instal\u00b7lacions esportives municipals.<br \/>\nEl servei de menjador est\u00e0 gestionat pel Consell Comarcal i en t\u00e9 la concessi\u00f3 l\u2019empresa SERHS Food Service.<\/p>\n","protected":false},"excerpt":{"rendered":"<p><a href=\"https:\/\/agora.xtec.cat\/zer-requesens\/wp-content\/uploads\/usu993\/2017\/02\/IMG-20170220-WA0002-e1722852198938.jpg\"><\/a>L\u2019escola de Capmany es troba situada a l\u2019entrada del poble, al costat oest de la piscina. A la zona hi ha un gran nombre de d\u00f2lmens, ra\u00f3 per la qual es va escollir Els D\u00f2lmens com a nom per a l\u2019escola.<br \/>\nSom cinc mestres i&hellip;  <a href=\"https:\/\/agora.xtec.cat\/zer-requesens\/capmany\/qui-som\/\" title=\"Read Qui som\">Llegeix m\u00e9s\u00bb<\/a><\/p>\n","protected":false},"author":1,"featured_media":0,"parent":268,"menu_order":10,"comment_status":"closed","ping_status":"closed","template":"page-templates\/side-menu.php","meta":{"_bbp_topic_count":0,"_bbp_reply_count":0,"_bbp_total_topic_count":0,"_bbp_total_reply_count":0,"_bbp_voice_count":0,"_bbp_anonymous_reply_count":0,"_bbp_topic_count_hidden":0,"_bbp_reply_count_hidden":0,"_bbp_forum_subforum_count":0,"footnotes":""},"class_list":["post-396","page","type-page","status-publish","hentry"],"post_mailing_queue_ids":[],"_links":{"self":[{"href":"https:\/\/agora.xtec.cat\/zer-requesens\/wp-json\/wp\/v2\/pages\/396","targetHints":{"allow":["GET"]}}],"collection":[{"href":"https:\/\/agora.xtec.cat\/zer-requesens\/wp-json\/wp\/v2\/pages"}],"about":[{"href":"https:\/\/agora.xtec.cat\/zer-requesens\/wp-json\/wp\/v2\/types\/page"}],"author":[{"embeddable":true,"href":"https:\/\/agora.xtec.cat\/zer-requesens\/wp-json\/wp\/v2\/users\/1"}],"replies":[{"embeddable":true,"href":"https:\/\/agora.xtec.cat\/zer-requesens\/wp-json\/wp\/v2\/comments?post=396"}],"version-history":[{"count":6,"href":"https:\/\/agora.xtec.cat\/zer-requesens\/wp-json\/wp\/v2\/pages\/396\/revisions"}],"predecessor-version":[{"id":6019,"href":"https:\/\/agora.xtec.cat\/zer-requesens\/wp-json\/wp\/v2\/pages\/396\/revisions\/6019"}],"up":[{"embeddable":true,"href":"https:\/\/agora.xtec.cat\/zer-requesens\/wp-json\/wp\/v2\/pages\/268"}],"wp:attachment":[{"href":"https:\/\/agora.xtec.cat\/zer-requesens\/wp-json\/wp\/v2\/media?parent=396"}],"curies":[{"name":"wp","href":"https:\/\/api.w.org\/{rel}","templated":true}]}}