{"id":367,"date":"2015-07-23T15:21:30","date_gmt":"2015-07-23T14:21:30","guid":{"rendered":"http:\/\/agora.xtec.cat\/zer-requesens\/?page_id=367"},"modified":"2025-09-11T12:42:34","modified_gmt":"2025-09-11T10:42:34","slug":"qui-som","status":"publish","type":"page","link":"https:\/\/agora.xtec.cat\/zer-requesens\/categoria-sant-climent-sescebes\/qui-som\/","title":{"rendered":"Qui som"},"content":{"rendered":"<p><span style=\"font-family: Arial, sans-serif;\"><span style=\"font-size: medium;\"><span style=\"color: #000000;\"><a href=\"https:\/\/agora.xtec.cat\/zer-requesens\/wp-content\/uploads\/usu993\/2016\/10\/stcli3.jpg\"><img loading=\"lazy\" decoding=\"async\" class=\"size-large wp-image-606 aligncenter\" src=\"https:\/\/agora.xtec.cat\/zer-requesens\/wp-content\/uploads\/usu993\/2016\/10\/stcli3-1024x355.jpg\" alt=\"\" width=\"1024\" height=\"355\" srcset=\"https:\/\/agora.xtec.cat\/zer-requesens\/wp-content\/uploads\/usu993\/2016\/10\/stcli3-1024x355.jpg 1024w, https:\/\/agora.xtec.cat\/zer-requesens\/wp-content\/uploads\/usu993\/2016\/10\/stcli3-300x104.jpg 300w, https:\/\/agora.xtec.cat\/zer-requesens\/wp-content\/uploads\/usu993\/2016\/10\/stcli3-768x266.jpg 768w\" sizes=\"auto, (max-width: 1024px) 100vw, 1024px\" \/><\/a><\/span><\/span><\/span><\/p>\n<p><span style=\"font-family: Arial, sans-serif;\"><span style=\"font-size: medium;\"><span style=\"color: #000000;\">L\u2019escola Sant Sebasti\u00e0 de Sant Climent Sescebes es troba situada a peu de carretera. El seu nom, Sant Sebasti\u00e0, ve de l\u2019ermita on s\u2019havia establert a finals del segle XIX l\u2019escola p\u00fablica de nens.<br \/>\n<\/span><\/span><\/span><\/p>\n<p><span style=\"font-family: Arial, sans-serif;\"><span style=\"font-size: medium;\"><span style=\"color: #000000;\">L\u2019edifici actual de l\u2019escola \u00e9s de recent construcci\u00f3 (2012). T\u00e9 cinc aules, una biblioteca, una zona de despatxos i administraci\u00f3 i una sala polivalent que al migdia s\u2019utilitza com a menjador. Dins del recinte escolar hi ha una zona de joc infantil, una pista esportiva, obertes fora de l\u2019horari lectiu, i una zona de pati adaptada per als m\u00e9s petitons. L&#8217;escola des del curs 2024-205 acull alumnat de primer cicle d&#8217;educaci\u00f3 infantil (1 i 2 anys).<br \/>\nEl servei de menjador est\u00e0 gestionat pel Consell Comarcal i en t\u00e9 la concessi\u00f3 l\u2019empresa SERHS Food Service.<\/span><\/span><\/span><\/p>\n<p><span style=\"font-family: Arial, sans-serif;\"><span style=\"font-size: medium;\"><span style=\"color: #000000;\">Som set mestres, 1 educadora, 1 vetlladora i cinquanta alumnes:<br \/>\n<\/span><\/span><\/span><\/p>\n<ul>\n<li>S\u00f2nia: Tutora de I1 i I2, 6 alumnes<\/li>\n<li>Maria: Suport I1 i I2 (mitja jornada)<\/li>\n<li>Eva: tutora d&#8217;I3, I4 i I5, 11 alumnes.<\/li>\n<li>Teresa: tutora de 1r i 2n, 10 alumnes.<\/li>\n<li>Marga: tutora de 3r i 4t, 7 alumnes.<\/li>\n<li>Sandra: tutora de 5\u00e8 i 6\u00e8, 16 alumnes.<\/li>\n<li>Ignasi: mestre de religi\u00f3 a temps parcial, desdoblaments i suports.<\/li>\n<li>Rosa: Codoc\u00e8ncies i suports.<\/li>\n<li>Juliette: Vetlladora d&#8217;Educaci\u00f3 Infantil<\/li>\n<\/ul>\n<p><span style=\"font-family: Arial, sans-serif;\"><span style=\"font-size: medium;\"><span style=\"color: #000000;\">A m\u00e9s, compartim amb la resta de la ZER els mestres especialistes:<\/span><\/span><\/span><\/p>\n<ul>\n<li><span style=\"font-family: Arial, sans-serif;\"><span style=\"font-size: medium;\"><span style=\"color: #000000;\">Anna: M\u00fasica<\/span><\/span><\/span><\/li>\n<li><span style=\"font-family: Arial, sans-serif;\"><span style=\"font-size: medium;\"><span style=\"color: #000000;\">Ro: Franc\u00e8s<\/span><\/span><\/span><\/li>\n<li><span style=\"font-family: Arial, sans-serif;\"><span style=\"font-size: medium;\"><span style=\"color: #000000;\">Lara i J\u00falia: Angl\u00e8s<\/span><\/span><\/span><\/li>\n<li><span style=\"font-family: Arial, sans-serif;\"><span style=\"font-size: medium;\"><span style=\"color: #000000;\">Gl\u00f2ria: Educaci\u00f3 F\u00edsica<br \/>\n<\/span><\/span><\/span><\/li>\n<\/ul>\n<p><span style=\"font-family: Arial, sans-serif;\"><span style=\"font-size: medium;\"><span style=\"color: #000000;\">L\u2019equip directiu de l\u2019escola est\u00e0 format per dues persones:<\/span><\/span><\/span><\/p>\n<ul>\n<li><span style=\"font-family: Arial, sans-serif;\"><span style=\"font-size: medium;\"><span style=\"color: #000000;\">Rosa: directora<\/span><\/span><\/span><\/li>\n<li><span style=\"font-family: Arial, sans-serif;\"><span style=\"font-size: medium;\"><span style=\"color: #000000;\">Sandra: secret\u00e0ria<br \/>\n<\/span><\/span><\/span><\/li>\n<\/ul>\n<p>Tamb\u00e9 a l&#8217;escola comptem amb l&#8217;Administrativa de la ZER, la Mari, disposada a donar-vos un cop de m\u00e0 en all\u00f2 que necessiteu.<\/p>\n<p>&nbsp;<\/p>\n<p>&nbsp;<\/p>\n<p align=\"left\">\n","protected":false},"excerpt":{"rendered":"<p><a href=\"https:\/\/agora.xtec.cat\/zer-requesens\/wp-content\/uploads\/usu993\/2016\/10\/stcli3.jpg\"><\/a><br \/>\nL\u2019escola Sant Sebasti\u00e0 de Sant Climent Sescebes es troba situada a peu de carretera. El seu nom, Sant Sebasti\u00e0, ve de l\u2019ermita on s\u2019havia establert a finals del segle XIX l\u2019escola p\u00fablica de nens.<\/p>\n<p>L\u2019edifici actual de l\u2019escola \u00e9s de recent construcci\u00f3 (2012). T\u00e9 cinc&hellip;  <a href=\"https:\/\/agora.xtec.cat\/zer-requesens\/categoria-sant-climent-sescebes\/qui-som\/\" title=\"Read Qui som\">Llegeix m\u00e9s\u00bb<\/a><\/p>\n","protected":false},"author":1,"featured_media":0,"parent":270,"menu_order":10,"comment_status":"closed","ping_status":"closed","template":"page-templates\/side-menu.php","meta":{"_bbp_topic_count":0,"_bbp_reply_count":0,"_bbp_total_topic_count":0,"_bbp_total_reply_count":0,"_bbp_voice_count":0,"_bbp_anonymous_reply_count":0,"_bbp_topic_count_hidden":0,"_bbp_reply_count_hidden":0,"_bbp_forum_subforum_count":0,"footnotes":""},"class_list":["post-367","page","type-page","status-publish","hentry"],"post_mailing_queue_ids":[],"_links":{"self":[{"href":"https:\/\/agora.xtec.cat\/zer-requesens\/wp-json\/wp\/v2\/pages\/367","targetHints":{"allow":["GET"]}}],"collection":[{"href":"https:\/\/agora.xtec.cat\/zer-requesens\/wp-json\/wp\/v2\/pages"}],"about":[{"href":"https:\/\/agora.xtec.cat\/zer-requesens\/wp-json\/wp\/v2\/types\/page"}],"author":[{"embeddable":true,"href":"https:\/\/agora.xtec.cat\/zer-requesens\/wp-json\/wp\/v2\/users\/1"}],"replies":[{"embeddable":true,"href":"https:\/\/agora.xtec.cat\/zer-requesens\/wp-json\/wp\/v2\/comments?post=367"}],"version-history":[{"count":7,"href":"https:\/\/agora.xtec.cat\/zer-requesens\/wp-json\/wp\/v2\/pages\/367\/revisions"}],"predecessor-version":[{"id":5997,"href":"https:\/\/agora.xtec.cat\/zer-requesens\/wp-json\/wp\/v2\/pages\/367\/revisions\/5997"}],"up":[{"embeddable":true,"href":"https:\/\/agora.xtec.cat\/zer-requesens\/wp-json\/wp\/v2\/pages\/270"}],"wp:attachment":[{"href":"https:\/\/agora.xtec.cat\/zer-requesens\/wp-json\/wp\/v2\/media?parent=367"}],"curies":[{"name":"wp","href":"https:\/\/api.w.org\/{rel}","templated":true}]}}