{"id":18239,"date":"2025-11-02T17:18:45","date_gmt":"2025-11-02T16:18:45","guid":{"rendered":"https:\/\/agora.xtec.cat\/zer-ports-algars\/?page_id=18239"},"modified":"2025-11-02T17:35:23","modified_gmt":"2025-11-02T16:35:23","slug":"noticies-de-zer","status":"publish","type":"page","link":"https:\/\/agora.xtec.cat\/zer-ports-algars\/noticies-de-zer\/","title":{"rendered":"NOT\u00cdCIES DE ZER"},"content":{"rendered":"\n        <div class=\"wp-block-getwid-post-slider custom-post-type-post has-arrows-inside has-dots-inside\">\n            <div data-slider-option=\"{&quot;getwid_fade_effect&quot;:&quot;slide&quot;,&quot;getwid_autoplay&quot;:true,&quot;getwid_pause_on_hover&quot;:true,&quot;getwid_autoplay_speed&quot;:5000,&quot;getwid_infinite&quot;:true,&quot;getwid_animation_speed&quot;:800,&quot;getwid_arrows&quot;:&quot;inside&quot;,&quot;getwid_dots&quot;:&quot;inside&quot;}\" class=\"wp-block-getwid-post-slider__content\">\n                \t\t\t\t\t\t\t<div class=\"wp-block-getwid-post-slider__slide\" style=\"\">\n\t\t\t\t\t\t\t\t\n<div class=\"wp-block-getwid-post-slider__post \">\n            <div class=\"wp-block-getwid-post-slider__post-thumbnail\">\n            <img loading=\"lazy\" decoding=\"async\" width=\"2560\" height=\"1920\" src=\"https:\/\/agora.xtec.cat\/zer-ports-algars\/wp-content\/uploads\/usu952\/2026\/03\/IMG_20260313_121057-scaled.jpg\" class=\"attachment-post-thumbnail size-post-thumbnail wp-post-image\" alt=\"\" srcset=\"https:\/\/agora.xtec.cat\/zer-ports-algars\/wp-content\/uploads\/usu952\/2026\/03\/IMG_20260313_121057-scaled.jpg 2560w, https:\/\/agora.xtec.cat\/zer-ports-algars\/wp-content\/uploads\/usu952\/2026\/03\/IMG_20260313_121057-300x225.jpg 300w, https:\/\/agora.xtec.cat\/zer-ports-algars\/wp-content\/uploads\/usu952\/2026\/03\/IMG_20260313_121057-1024x768.jpg 1024w, https:\/\/agora.xtec.cat\/zer-ports-algars\/wp-content\/uploads\/usu952\/2026\/03\/IMG_20260313_121057-768x576.jpg 768w, https:\/\/agora.xtec.cat\/zer-ports-algars\/wp-content\/uploads\/usu952\/2026\/03\/IMG_20260313_121057-1536x1152.jpg 1536w, https:\/\/agora.xtec.cat\/zer-ports-algars\/wp-content\/uploads\/usu952\/2026\/03\/IMG_20260313_121057-2048x1536.jpg 2048w\" sizes=\"auto, (max-width: 2560px) 100vw, 2560px\" \/>        <\/div>\n        <div class=\"wp-block-getwid-post-slider__post-overlay \"><\/div>\n    <div class=\"wp-block-getwid-post-slider__post-content-wrapper\">\n        <h3 class=\"wp-block-getwid-post-slider__post-title\"><a href=\"https:\/\/agora.xtec.cat\/zer-ports-algars\/general\/sortida-mitjans-coneix-la-terra-alta-a-prat-de-comte\/\">Sortida Mitjans Coneix La Terra Alta a Prat de Comte<\/a><\/h3>        <div class=\"wp-block-getwid-post-slider__post-excerpt\"><p>El passat divendres 13 de mar\u00e7 Prat de Comte va acollir tot l&#8217;alumnat de 1r, 2n i 3r de prim\u00e0ria de tota la comarca.El dia va ser fant\u00e0stic! El temps, les activitats, el conviure i con\u00e8ixer gent de tota la comarca&#8230;De la nostra escola hi han participat totes les alumnes de prim\u00e0ria, les m\u00e9s grans [&hellip;]<\/p>\n<\/div>\n    <\/div>\n<\/div>\n\t\t\t\t\t\t\t<\/div>\n\t\t\t\t\t\t\t\t\t\t\t\t\t<div class=\"wp-block-getwid-post-slider__slide\" style=\"\">\n\t\t\t\t\t\t\t\t\n<div class=\"wp-block-getwid-post-slider__post \">\n            <div class=\"wp-block-getwid-post-slider__post-thumbnail\">\n            <img loading=\"lazy\" decoding=\"async\" width=\"2000\" height=\"1500\" src=\"https:\/\/agora.xtec.cat\/zer-ports-algars\/wp-content\/uploads\/usu952\/2026\/03\/IMG_20260305_154043-1.jpg\" class=\"attachment-post-thumbnail size-post-thumbnail wp-post-image\" alt=\"\" srcset=\"https:\/\/agora.xtec.cat\/zer-ports-algars\/wp-content\/uploads\/usu952\/2026\/03\/IMG_20260305_154043-1.jpg 2000w, https:\/\/agora.xtec.cat\/zer-ports-algars\/wp-content\/uploads\/usu952\/2026\/03\/IMG_20260305_154043-1-300x225.jpg 300w, https:\/\/agora.xtec.cat\/zer-ports-algars\/wp-content\/uploads\/usu952\/2026\/03\/IMG_20260305_154043-1-1024x768.jpg 1024w, https:\/\/agora.xtec.cat\/zer-ports-algars\/wp-content\/uploads\/usu952\/2026\/03\/IMG_20260305_154043-1-768x576.jpg 768w, https:\/\/agora.xtec.cat\/zer-ports-algars\/wp-content\/uploads\/usu952\/2026\/03\/IMG_20260305_154043-1-1536x1152.jpg 1536w\" sizes=\"auto, (max-width: 2000px) 100vw, 2000px\" \/>        <\/div>\n        <div class=\"wp-block-getwid-post-slider__post-overlay \"><\/div>\n    <div class=\"wp-block-getwid-post-slider__post-content-wrapper\">\n        <h3 class=\"wp-block-getwid-post-slider__post-title\"><a href=\"https:\/\/agora.xtec.cat\/zer-ports-algars\/general\/xxii-trobada-zer-ports-algars\/\">XXII Trobada Zer Ports-Algars<\/a><\/h3>        <div class=\"wp-block-getwid-post-slider__post-excerpt\"><p>El passat 5 de mar\u00e7, tot l\u2019alumnat de la ZER Ports-Algars es va reunir a Caseres per celebrar la XXII trobada, una jornada molt esperada per tots. Durant la setmana pr\u00e8via, els alumnes van realitzar, a les seves escoles, diferents activitats i tallers de cuina que van servir per anar escalfant motors per al gran [&hellip;]<\/p>\n<\/div>\n    <\/div>\n<\/div>\n\t\t\t\t\t\t\t<\/div>\n\t\t\t\t\t\t\t\t\t\t\t\t\t<div class=\"wp-block-getwid-post-slider__slide\" style=\"\">\n\t\t\t\t\t\t\t\t\n<div class=\"wp-block-getwid-post-slider__post \">\n            <div class=\"wp-block-getwid-post-slider__post-thumbnail\">\n            <img loading=\"lazy\" decoding=\"async\" width=\"900\" height=\"1600\" src=\"https:\/\/agora.xtec.cat\/zer-ports-algars\/wp-content\/uploads\/usu952\/2026\/03\/IMG-20260316-WA0008.jpg\" class=\"attachment-post-thumbnail size-post-thumbnail wp-post-image\" alt=\"\" srcset=\"https:\/\/agora.xtec.cat\/zer-ports-algars\/wp-content\/uploads\/usu952\/2026\/03\/IMG-20260316-WA0008.jpg 900w, https:\/\/agora.xtec.cat\/zer-ports-algars\/wp-content\/uploads\/usu952\/2026\/03\/IMG-20260316-WA0008-169x300.jpg 169w, https:\/\/agora.xtec.cat\/zer-ports-algars\/wp-content\/uploads\/usu952\/2026\/03\/IMG-20260316-WA0008-576x1024.jpg 576w, https:\/\/agora.xtec.cat\/zer-ports-algars\/wp-content\/uploads\/usu952\/2026\/03\/IMG-20260316-WA0008-768x1365.jpg 768w, https:\/\/agora.xtec.cat\/zer-ports-algars\/wp-content\/uploads\/usu952\/2026\/03\/IMG-20260316-WA0008-864x1536.jpg 864w\" sizes=\"auto, (max-width: 900px) 100vw, 900px\" \/>        <\/div>\n        <div class=\"wp-block-getwid-post-slider__post-overlay \"><\/div>\n    <div class=\"wp-block-getwid-post-slider__post-content-wrapper\">\n        <h3 class=\"wp-block-getwid-post-slider__post-title\"><a href=\"https:\/\/agora.xtec.cat\/zer-ports-algars\/general\/la-zer-ports-algars-en-vaga\/\">La ZER Ports-Algars en vaga<\/a><\/h3>        <div class=\"wp-block-getwid-post-slider__post-excerpt\"><p>El dimarts 17 i el divendres 20 de mar\u00e7, tots els centres de la ZER Ports-Algars (l\u2019escola La Miranda d&#8217;Arnes, l\u2019escola Mare de D\u00e9u de la Fontcalda de Prat i l\u2019escola La Gessera de Caseres) funcionaran amb serveis m\u00ednims per a aquelles fam\u00edlies que ho necessitin. Aquests dies l\u2019equip docent far\u00e0 \u00fas del dret de [&hellip;]<\/p>\n<\/div>\n    <\/div>\n<\/div>\n\t\t\t\t\t\t\t<\/div>\n\t\t\t\t\t\t\t\t\t\t\t\t\t<div class=\"wp-block-getwid-post-slider__slide\" style=\"\">\n\t\t\t\t\t\t\t\t\n<div class=\"wp-block-getwid-post-slider__post \">\n            <div class=\"wp-block-getwid-post-slider__post-thumbnail\">\n            <img loading=\"lazy\" decoding=\"async\" width=\"512\" height=\"512\" src=\"https:\/\/agora.xtec.cat\/zer-ports-algars\/wp-content\/uploads\/usu952\/2025\/12\/10897892.png\" class=\"attachment-post-thumbnail size-post-thumbnail wp-post-image\" alt=\"\" srcset=\"https:\/\/agora.xtec.cat\/zer-ports-algars\/wp-content\/uploads\/usu952\/2025\/12\/10897892.png 512w, https:\/\/agora.xtec.cat\/zer-ports-algars\/wp-content\/uploads\/usu952\/2025\/12\/10897892-300x300.png 300w, https:\/\/agora.xtec.cat\/zer-ports-algars\/wp-content\/uploads\/usu952\/2025\/12\/10897892-150x150.png 150w\" sizes=\"auto, (max-width: 512px) 100vw, 512px\" \/>        <\/div>\n        <div class=\"wp-block-getwid-post-slider__post-overlay \"><\/div>\n    <div class=\"wp-block-getwid-post-slider__post-content-wrapper\">\n        <h3 class=\"wp-block-getwid-post-slider__post-title\"><a href=\"https:\/\/agora.xtec.cat\/zer-ports-algars\/general\/setmana-cultural-3\/\">SETMANA CULTURAL<\/a><\/h3>        <div class=\"wp-block-getwid-post-slider__post-excerpt\"><p>Com ja sabeu, durant el segon trimestre, totes les escoles de la ZER treballarem una mateixa tem\u00e0tica. Aquesta tem\u00e0tica ser\u00e0 tamb\u00e9 el fil conductor de la nostra&nbsp;Setmana Cultural, que celebrarem m\u00e9s endavant. Per tal d\u2019escollir el tema que treballarem, us proposem 5 opcions. D&#8217;aquestes 5 opcions, NOM\u00c9S PODEU VOTAR-NE 1!! Escolliu la que us agradi [&hellip;]<\/p>\n<\/div>\n    <\/div>\n<\/div>\n\t\t\t\t\t\t\t<\/div>\n\t\t\t\t\t\t\t\t\t\t\t\t\t<div class=\"wp-block-getwid-post-slider__slide\" style=\"\">\n\t\t\t\t\t\t\t\t\n<div class=\"wp-block-getwid-post-slider__post \">\n            <div class=\"wp-block-getwid-post-slider__post-thumbnail\">\n            <img loading=\"lazy\" decoding=\"async\" width=\"2040\" height=\"1536\" src=\"https:\/\/agora.xtec.cat\/zer-ports-algars\/wp-content\/uploads\/usu952\/2025\/11\/6f28f3dd-8807-4848-a1f8-d01a00f14ef1.jpg\" class=\"attachment-post-thumbnail size-post-thumbnail wp-post-image\" alt=\"\" srcset=\"https:\/\/agora.xtec.cat\/zer-ports-algars\/wp-content\/uploads\/usu952\/2025\/11\/6f28f3dd-8807-4848-a1f8-d01a00f14ef1.jpg 2040w, https:\/\/agora.xtec.cat\/zer-ports-algars\/wp-content\/uploads\/usu952\/2025\/11\/6f28f3dd-8807-4848-a1f8-d01a00f14ef1-300x226.jpg 300w, https:\/\/agora.xtec.cat\/zer-ports-algars\/wp-content\/uploads\/usu952\/2025\/11\/6f28f3dd-8807-4848-a1f8-d01a00f14ef1-1024x771.jpg 1024w, https:\/\/agora.xtec.cat\/zer-ports-algars\/wp-content\/uploads\/usu952\/2025\/11\/6f28f3dd-8807-4848-a1f8-d01a00f14ef1-768x578.jpg 768w, https:\/\/agora.xtec.cat\/zer-ports-algars\/wp-content\/uploads\/usu952\/2025\/11\/6f28f3dd-8807-4848-a1f8-d01a00f14ef1-1536x1157.jpg 1536w\" sizes=\"auto, (max-width: 2040px) 100vw, 2040px\" \/>        <\/div>\n        <div class=\"wp-block-getwid-post-slider__post-overlay \"><\/div>\n    <div class=\"wp-block-getwid-post-slider__post-content-wrapper\">\n        <h3 class=\"wp-block-getwid-post-slider__post-title\"><a href=\"https:\/\/agora.xtec.cat\/zer-ports-algars\/portada\/guardians-energetics\/\">GUARDIANS ENERG\u00c8TICS<\/a><\/h3>        <div class=\"wp-block-getwid-post-slider__post-excerpt\"><p>Els alumnes de prim\u00e0ria i alguns mestres de la ZER hem realitzat un taller on hem observat el consum energ\u00e8tic en quatre situacions quotidianes. Este taller ens ha ajudat a prendre consci\u00e8ncia de l&#8217;estalvi energ\u00e8tic en el nostre dia a dia, a aprendre nous h\u00e0bits energ\u00e8tics en l\u2019\u00e0mbit dom\u00e8stic i escolar i a adquirir un [&hellip;]<\/p>\n<\/div>\n    <\/div>\n<\/div>\n\t\t\t\t\t\t\t<\/div>\n\t\t\t\t\t\t\t\t\t\t\t\t\t<div class=\"wp-block-getwid-post-slider__slide\" style=\"\">\n\t\t\t\t\t\t\t\t\n<div class=\"wp-block-getwid-post-slider__post \">\n            <div class=\"wp-block-getwid-post-slider__post-thumbnail\">\n            <img loading=\"lazy\" decoding=\"async\" width=\"400\" height=\"400\" src=\"https:\/\/agora.xtec.cat\/zer-ports-algars\/wp-content\/uploads\/usu952\/2025\/10\/nilak-horta-400.jpg\" class=\"attachment-post-thumbnail size-post-thumbnail wp-post-image\" alt=\"\" srcset=\"https:\/\/agora.xtec.cat\/zer-ports-algars\/wp-content\/uploads\/usu952\/2025\/10\/nilak-horta-400.jpg 400w, https:\/\/agora.xtec.cat\/zer-ports-algars\/wp-content\/uploads\/usu952\/2025\/10\/nilak-horta-400-300x300.jpg 300w, https:\/\/agora.xtec.cat\/zer-ports-algars\/wp-content\/uploads\/usu952\/2025\/10\/nilak-horta-400-150x150.jpg 150w\" sizes=\"auto, (max-width: 400px) 100vw, 400px\" \/>        <\/div>\n        <div class=\"wp-block-getwid-post-slider__post-overlay \"><\/div>\n    <div class=\"wp-block-getwid-post-slider__post-content-wrapper\">\n        <h3 class=\"wp-block-getwid-post-slider__post-title\"><a href=\"https:\/\/agora.xtec.cat\/zer-ports-algars\/portada\/un-mati-ple-de-magia-amb-el-nilak\/\">Un mat\u00ed ple de m\u00e0gia amb el Nilak<\/a><\/h3>        <div class=\"wp-block-getwid-post-slider__post-excerpt\"><p>Aquest mat\u00ed, els alumnes de la nostra ZER han viscut una experi\u00e8ncia cultural molt especial! Juntament amb els companys i companyes de l\u2019escola d\u2019Horta de Sant Joan, els infants de Prat de Comte, Arnes i Caseres hem anat plegats a gaudir del Nilak. Ha estat una sortida breu per\u00f2 intensa: hem sortit del poble al [&hellip;]<\/p>\n<\/div>\n    <\/div>\n<\/div>\n\t\t\t\t\t\t\t<\/div>\n\t\t\t\t\t\t            <\/div>\n        <\/div>\n        ","protected":false},"excerpt":{"rendered":"","protected":false},"author":1,"featured_media":0,"parent":0,"menu_order":0,"comment_status":"closed","ping_status":"close","template":"","meta":{"_bbp_topic_count":0,"_bbp_reply_count":0,"_bbp_total_topic_count":0,"_bbp_total_reply_count":0,"_bbp_voice_count":0,"_bbp_anonymous_reply_count":0,"_bbp_topic_count_hidden":0,"_bbp_reply_count_hidden":0,"_bbp_forum_subforum_count":0,"site-sidebar-layout":"default","site-content-layout":"","ast-site-content-layout":"default","site-content-style":"default","site-sidebar-style":"default","ast-global-header-display":"","ast-banner-title-visibility":"","ast-main-header-display":"","ast-hfb-above-header-display":"","ast-hfb-below-header-display":"","ast-hfb-mobile-header-display":"","site-post-title":"","ast-breadcrumbs-content":"","ast-featured-img":"","footer-sml-layout":"","theme-transparent-header-meta":"","adv-header-id-meta":"","stick-header-meta":"","header-above-stick-meta":"","header-main-stick-meta":"","header-below-stick-meta":"","astra-migrate-meta-layouts":"set","ast-page-background-enabled":"default","ast-page-background-meta":{"desktop":{"background-color":"var(--ast-global-color-4)","background-image":"","background-repeat":"repeat","background-position":"center center","background-size":"auto","background-attachment":"scroll","background-type":"","background-media":"","overlay-type":"","overlay-color":"","overlay-opacity":"","overlay-gradient":""},"tablet":{"background-color":"","background-image":"","background-repeat":"repeat","background-position":"center center","background-size":"auto","background-attachment":"scroll","background-type":"","background-media":"","overlay-type":"","overlay-color":"","overlay-opacity":"","overlay-gradient":""},"mobile":{"background-color":"","background-image":"","background-repeat":"repeat","background-position":"center center","background-size":"auto","background-attachment":"scroll","background-type":"","background-media":"","overlay-type":"","overlay-color":"","overlay-opacity":"","overlay-gradient":""}},"ast-content-background-meta":{"desktop":{"background-color":"var(--ast-global-color-5)","background-image":"","background-repeat":"repeat","background-position":"center center","background-size":"auto","background-attachment":"scroll","background-type":"","background-media":"","overlay-type":"","overlay-color":"","overlay-opacity":"","overlay-gradient":""},"tablet":{"background-color":"var(--ast-global-color-5)","background-image":"","background-repeat":"repeat","background-position":"center center","background-size":"auto","background-attachment":"scroll","background-type":"","background-media":"","overlay-type":"","overlay-color":"","overlay-opacity":"","overlay-gradient":""},"mobile":{"background-color":"var(--ast-global-color-5)","background-image":"","background-repeat":"repeat","background-position":"center center","background-size":"auto","background-attachment":"scroll","background-type":"","background-media":"","overlay-type":"","overlay-color":"","overlay-opacity":"","overlay-gradient":""}},"footnotes":""},"class_list":["post-18239","page","type-page","status-publish","hentry"],"post_mailing_queue_ids":[],"_links":{"self":[{"href":"https:\/\/agora.xtec.cat\/zer-ports-algars\/wp-json\/wp\/v2\/pages\/18239","targetHints":{"allow":["GET"]}}],"collection":[{"href":"https:\/\/agora.xtec.cat\/zer-ports-algars\/wp-json\/wp\/v2\/pages"}],"about":[{"href":"https:\/\/agora.xtec.cat\/zer-ports-algars\/wp-json\/wp\/v2\/types\/page"}],"author":[{"embeddable":true,"href":"https:\/\/agora.xtec.cat\/zer-ports-algars\/wp-json\/wp\/v2\/users\/1"}],"replies":[{"embeddable":true,"href":"https:\/\/agora.xtec.cat\/zer-ports-algars\/wp-json\/wp\/v2\/comments?post=18239"}],"version-history":[{"count":2,"href":"https:\/\/agora.xtec.cat\/zer-ports-algars\/wp-json\/wp\/v2\/pages\/18239\/revisions"}],"predecessor-version":[{"id":18246,"href":"https:\/\/agora.xtec.cat\/zer-ports-algars\/wp-json\/wp\/v2\/pages\/18239\/revisions\/18246"}],"wp:attachment":[{"href":"https:\/\/agora.xtec.cat\/zer-ports-algars\/wp-json\/wp\/v2\/media?parent=18239"}],"curies":[{"name":"wp","href":"https:\/\/api.w.org\/{rel}","templated":true}]}}