{"id":729,"date":"2018-03-21T10:46:02","date_gmt":"2018-03-21T09:46:02","guid":{"rendered":"http:\/\/agora.xtec.cat\/zer-les-salines\/?page_id=729"},"modified":"2023-11-12T22:32:15","modified_gmt":"2023-11-12T21:32:15","slug":"pez-on-som","status":"publish","type":"page","link":"https:\/\/agora.xtec.cat\/zer-les-salines\/zer\/pez\/pez-on-som\/","title":{"rendered":"PEZ &#8211; On som?"},"content":{"rendered":"<p>La nostra ZER es va constituir el curs 1994\/1995. Est\u00e0 ubicada en la zona nord-oest de l\u2019Alt Empord\u00e0, en el mass\u00eds de Les Salines.<\/p>\n<p>Les escoles que la formen s\u00f3n: Manuel de Pedrolo, de Biure; Santa Cec\u00edlia, de Boadella; Les Salines, de Ma\u00e7anet de Cabrenys.<\/p>\n<p>La tipologia de les tree escoles \u00e9s for\u00e7a diversa. Cada curs escolar som 70 alumnes, aproximadament. \u00a0El nombre d&#8217;alumnes i mestres de cada curs est\u00e0 contemplat a la programaci\u00f3 general anual.<\/p>\n<p>A m\u00e9s a m\u00e9s dels mestres de cada escola, la ZER compta amb quatre mestres itinerants: Mestra especialista Llengua estrangera: Angl\u00e8s, Mestra especialista en Educaci\u00f3 F\u00edsica, Mestra especialista en Educaci\u00f3 musical i Mestra especialista en educaci\u00f3 especial.<\/p>\n<h5>2.1. Escola Manuel de Pedrolo<\/h5>\n<p>L\u2019Escola Manuel de Pedrolo est\u00e0 situada al municipi de Biure, a la comarca de l\u2019Alt Empord\u00e0.<\/p>\n<p>El cens de poblaci\u00f3 del municipi \u00e9s d\u2019unes 200 persones. Bona part de la poblaci\u00f3 \u00e9s origin\u00e0ria del mateix municipi, per\u00f2 n\u2019 hi ha un bon nombre procedent de municipis ve\u00efns de la comarca. Tamb\u00e9 hi ha algunes fam\u00edlies que s\u00f3n origin\u00e0ries d\u2019Extremadura i Andalusia per\u00f2 que ja fa molts anys que resideixen aqu\u00ed. El que no \u00e9s freq\u00fcent \u00e9s la pres\u00e8ncia de poblaci\u00f3 immigrant procedent d\u2019indrets llunyans i\/o d\u2019altres cultures. Nom\u00e9s un 2% de la poblaci\u00f3 \u00e9s immigrant i venen de pa\u00efsos d&#8217;Am\u00e8rica Llatina.<\/p>\n<p>L&#8217;escola Manuel de Pedrolo de Biure \u00e9s una escola rural, de dues unitats: una de prim\u00e0ria i una altra d\u2019Educaci\u00f3 infantil.<\/p>\n<p>Els alumnes de l\u2019escola quan acaben l\u2019etapa de prim\u00e0ria marxen de l\u2019escola i cursen la secund\u00e0ria a l\u2019IES Cendrassos de Figueres.<\/p>\n<p>Adre\u00e7a: C\/ Nou, 2 \u2013 17723 Biure<\/p>\n<p>Tel\u00e8fon: 972529363<\/p>\n<p>Correu electr\u00f2nic: b7004293<\/p>\n<p><a href=\"http:\/\/agora.xtec.cat\/zer-les-salines\/escola-manuel-de-pedrolo-2\/\">Adre\u00e7a web<\/a><\/p>\n<h5>2.2. Escola Santa Cec\u00edlia<\/h5>\n<p>L\u2019escola Santa Cec\u00edlia est\u00e0 situada al municipi de Boadella i les Escaules, a la comarca de l\u2019Alt Empord\u00e0. El cens de poblaci\u00f3 del municipi \u00e9s d\u2019unes 255 persones, repartides entre els dos pobles que formen part del municipi: Boadella, que \u00e9s on hi ha la seu de l\u2019ajuntament i l\u2019escola, i les Escaules.<\/p>\n<p>Bona part de la poblaci\u00f3 \u00e9s origin\u00e0ria del mateix municipi, per\u00f2 n\u2019hi ha un bon nombre procedent de municipis ve\u00efns de la comarca. Tamb\u00e9 hi ha algunes fam\u00edlies que s\u00f3n origin\u00e0ries d\u2019Extremadura i Andalusia per\u00f2 que ja fa molts anys que resideixen aqu\u00ed. Alguna fam\u00edlia \u00e9s vinguda d\u2019alguna altra comarca de Catalunya, en aquests casos acostumen a ser gent que han vingut de la ciutat al poble (Barcelona, Sabadell&#8230;). El que no \u00e9s freq\u00fcent \u00e9s la pres\u00e8ncia de poblaci\u00f3 immigrant procedent d\u2019indrets llunyans i\/o d\u2019altres cultures. Nom\u00e9s un 2% de la poblaci\u00f3 \u00e9s immigrant i venen de pa\u00efsos europeus (B\u00e8lgica, Alemanya&#8230;).<\/p>\n<p>Els alumnes de l\u2019escola quan acaben l\u2019etapa de prim\u00e0ria marxen de l\u2019escola i cursen la secund\u00e0ria a l\u2019IES Cendrassos de Figueres.<\/p>\n<p>Adre\u00e7a: C\/Nou, 1 \u2013 17723 Boadella i Les Escaules<\/p>\n<p>Tel\u00e8fon: 972569127<\/p>\n<p>Correu electr\u00f2nic: b7000603@xtec.cat<\/p>\n<p><a href=\"http:\/\/agora.xtec.cat\/zer-les-salines\/escola-santa-cecilia-2\/\">Adre\u00e7a web<\/a><\/p>\n<h5>2.3. Escola Les Salines<\/h5>\n<p>L\u2019 escola est\u00e0 situada al municipi de Ma\u00e7anet de Cabrenys, a la comarca de l\u2019Alt Empord\u00e0. El cens de poblaci\u00f3 del municipi \u00e9s d\u2019unes 675 persones.<\/p>\n<p>Bona part de la poblaci\u00f3 \u00e9s origin\u00e0ria del mateix municipi, per\u00f2 n\u2019hi ha un bon nombre procedent d\u2019altres comunitats aut\u00f2nomes i de municipis ve\u00efns de la comarca. En els \u00faltims anys s\u2019ha incrementat la pres\u00e8ncia de poblaci\u00f3 immigrant procedent d\u2019indrets llunyans i\/o d\u2019altres cultures. Un 25% de l\u2019alumnat \u00e9s immigrant.<\/p>\n<p>Els alumnes de l\u2019escola quan acaben l\u2019etapa de prim\u00e0ria marxen de l\u2019escola i cursen la secund\u00e0ria a l\u2019IES La Jonquera.<\/p>\n<p>Adre\u00e7a: C\/Les Salines, s\/n \u2013 17720<\/p>\n<p>Tel\u00e8fon: 972544242<\/p>\n<p>Correu electr\u00f2nic: b7002168@xtec.cat<\/p>\n<p><a href=\"http:\/\/agora.xtec.cat\/zer-les-salines\/escola-les-salines\/\">Adre\u00e7a web<\/a><\/p>\n","protected":false},"excerpt":{"rendered":"<p>La nostra ZER es va constituir el curs 1994\/1995. Est\u00e0 ubicada en la zona nord-oest de l\u2019Alt Empord\u00e0, en el mass\u00eds de Les Salines.<br \/>\nLes escoles que la formen s\u00f3n: Manuel de Pedrolo, de Biure; Santa Cec\u00edlia, de Boadella; Les Salines, de Ma\u00e7anet de Cabrenys.<br \/>\nLa tipologia&hellip;  <a href=\"https:\/\/agora.xtec.cat\/zer-les-salines\/zer\/pez\/pez-on-som\/\" title=\"Read PEZ &#8211; On som?\">Llegeix m\u00e9s\u00bb<\/a><\/p>\n","protected":false},"author":1,"featured_media":0,"parent":727,"menu_order":20,"comment_status":"closed","ping_status":"closed","template":"","meta":{"_bbp_topic_count":0,"_bbp_reply_count":0,"_bbp_total_topic_count":0,"_bbp_total_reply_count":0,"_bbp_voice_count":0,"_bbp_anonymous_reply_count":0,"_bbp_topic_count_hidden":0,"_bbp_reply_count_hidden":0,"_bbp_forum_subforum_count":0,"footnotes":""},"class_list":["post-729","page","type-page","status-publish","hentry"],"post_mailing_queue_ids":[],"_links":{"self":[{"href":"https:\/\/agora.xtec.cat\/zer-les-salines\/wp-json\/wp\/v2\/pages\/729","targetHints":{"allow":["GET"]}}],"collection":[{"href":"https:\/\/agora.xtec.cat\/zer-les-salines\/wp-json\/wp\/v2\/pages"}],"about":[{"href":"https:\/\/agora.xtec.cat\/zer-les-salines\/wp-json\/wp\/v2\/types\/page"}],"author":[{"embeddable":true,"href":"https:\/\/agora.xtec.cat\/zer-les-salines\/wp-json\/wp\/v2\/users\/1"}],"replies":[{"embeddable":true,"href":"https:\/\/agora.xtec.cat\/zer-les-salines\/wp-json\/wp\/v2\/comments?post=729"}],"version-history":[{"count":2,"href":"https:\/\/agora.xtec.cat\/zer-les-salines\/wp-json\/wp\/v2\/pages\/729\/revisions"}],"predecessor-version":[{"id":2423,"href":"https:\/\/agora.xtec.cat\/zer-les-salines\/wp-json\/wp\/v2\/pages\/729\/revisions\/2423"}],"up":[{"embeddable":true,"href":"https:\/\/agora.xtec.cat\/zer-les-salines\/wp-json\/wp\/v2\/pages\/727"}],"wp:attachment":[{"href":"https:\/\/agora.xtec.cat\/zer-les-salines\/wp-json\/wp\/v2\/media?parent=729"}],"curies":[{"name":"wp","href":"https:\/\/api.w.org\/{rel}","templated":true}]}}