{"id":367,"date":"2015-07-23T15:21:30","date_gmt":"2015-07-23T14:21:30","guid":{"rendered":"http:\/\/agora.xtec.cat\/zer-les-salines\/?page_id=367"},"modified":"2018-10-25T13:03:59","modified_gmt":"2018-10-25T11:03:59","slug":"qui-som","status":"publish","type":"page","link":"https:\/\/agora.xtec.cat\/zer-les-salines\/escola-santa-cecilia-2\/qui-som\/","title":{"rendered":"Qui som"},"content":{"rendered":"<h3>Una mica d&#8217;hist\u00f2ria<\/h3>\n<p>Com tots els racons i raconets del nostre m\u00f3n aquesta escola t\u00e9 una hist\u00f2ria.<\/p>\n<p lang=\"ca-ES\">Fa molts anys que en el municipi de Boadella i les Escaules hi ha una escola. Va haver-hi una temporada que n\u2019hi havia una a cada poble per\u00f2 per diverses causes una es va tencar, i es va quedar amb nom\u00e9s una escola per tot el municipi, com ara que nom\u00e9s n&#8217;hi ha una a Boadella.<\/p>\n<p lang=\"ca-ES\">Despr\u00e9s com que els nens i nenes de les Escaules no tenien escola van anar a una de Figueres per\u00f2 els derrers anys han anat a Boadella.<\/p>\n<h4><span lang=\"ca-ES\">Hist\u00f2ria de l\u2019escola de Les Escaules<\/span><\/h4>\n<p><span lang=\"ca-ES\">L\u2019escola de Les Escaules va n\u00e8ixer el dia 23 de mar\u00e7 del 1928 (tot i que no va ser la primera que hi va haver a aquest poble ) per\u00f2 es va comen\u00e7ar a construir l\u2019any 1927.<br \/>\n<\/span><\/p>\n<p><img decoding=\"async\" src=\"https:\/\/sites.google.com\/a\/xtec.cat\/escola-santa-cecilia\/historia\/%20foto_alumnes_lesescaules014.jpg\" alt=\"alumnes de l'escola de Les Escaules\" border=\"0\" \/><\/p>\n<p><span lang=\"ca-ES\">El mestre que va estrenar aquesta escola va ser Lloren\u00e7 Rocalba i Giralt de Biure, que j<\/span>a havia fet de pofessor a l\u2019antiga escola .<\/p>\n<p lang=\"ca-ES\">Aqusta escola se situava al carrer Figueres on ara, en aquest edifici hi ha una part que \u00e9s utilitzada per ser el dispensari i l\u2019altra \u00e9s una casa particular.<\/p>\n<p lang=\"ca-ES\">Mestres que han passat per l&#8217;escola de Les Escaules:<\/p>\n<table style=\"border-collapse: collapse; width: 100%;\" border=\"1\">\n<tbody>\n<tr style=\"height: 30px;\">\n<td style=\"width: 33.3333%; height: 30px;\">1. Joan Parals Ribols<\/td>\n<td style=\"width: 33.3333%; height: 30px;\">2.\u00a0Francesc Tejero i Bella<\/td>\n<td style=\"width: 33.3333%; height: 30px;\">3.\u00a0Concepci\u00f3 Sais i Salas<\/td>\n<\/tr>\n<tr style=\"height: 30px;\">\n<td style=\"width: 33.3333%; height: 30px;\">4.\u00a0Albert Colom i Llach<\/td>\n<td style=\"width: 33.3333%; height: 30px;\">5.\u00a0Encarnaci\u00f3 Salda\u00f1a i Andreu.<\/td>\n<td style=\"width: 33.3333%; height: 30px;\">6.\u00a0Remei Trias i Ferr\u00e9s.<\/td>\n<\/tr>\n<tr style=\"height: 30px;\">\n<td style=\"width: 33.3333%; height: 30px;\">7.\u00a0Neus Turr\u00f3 i Corominas.<\/td>\n<td style=\"width: 33.3333%; height: 30px;\">8.\u00a0Ll\u00facia Planas i Camas<\/td>\n<td style=\"width: 33.3333%; height: 30px;\">9.\u00a0Maria Juanola i Rosa<\/td>\n<\/tr>\n<tr style=\"height: 30px;\">\n<td style=\"width: 33.3333%; height: 30px;\">10.\u00a0Joaquima Deir\u00e9s i Pujol<\/td>\n<td style=\"width: 33.3333%; height: 30px;\">11.\u00a0Marina Figa i Pujades<\/td>\n<td style=\"width: 33.3333%; height: 30px;\">12.\u00a0Margarita Estela i Bonavia<\/td>\n<\/tr>\n<tr style=\"height: 30px;\">\n<td style=\"width: 33.3333%; height: 30px;\">13.\u00a0Maria Pastor i Centelles<\/td>\n<td style=\"width: 33.3333%; height: 30px;\"><\/td>\n<td style=\"width: 33.3333%; height: 30px;\"><\/td>\n<\/tr>\n<\/tbody>\n<\/table>\n<h4 lang=\"ca-ES\">Hist\u00f2ria de l\u2019escola de Boadella<\/h4>\n<p><span lang=\"ca-ES\">L\u2019escola de Boadella tamb\u00e9 t\u00e9 una hist\u00f2ria.<\/span><\/p>\n<p><span lang=\"ca-ES\">Per comen\u00e7ar, l\u2019escola<\/span>\u00a0<span lang=\"ca-ES\">no ha sigut sempre alla mateix. Abans no era a on est\u00e0 ara. Abans estava\u00a0 al castell, al mig de la pla\u00e7a, on ara, hi ha una casa particular.<\/span><\/p>\n<p lang=\"ca-ES\">Abans al lloc que ara est\u00e0 l\u2019escola hi havia un camp de ceps per\u00f2 l\u2019any de la Filoccera\u00a0 es van morir i la vinya es va substituir per un camp d\u2019oliveres.<\/p>\n<p lang=\"ca-ES\">Uns anys m\u00e9s tard l\u2019ajuntament va comprar el camp, (1864) i en una part i van voler construir l\u2019escola.<\/p>\n<p>\u00a0<span lang=\"ca-ES\">La volien fer de dos pisos, molt diferent a com es ara. Per\u00f2 es van gastar tots el diners\u00a0amb l\u2019arquitecte i al final no la van poder fer.<\/span><\/p>\n<div><\/div>\n<div><a href=\"https:\/\/sites.google.com\/a\/xtec.cat\/escola-santa-cecilia\/historia\/planols_antiga_escola012.jpg?attredirects=0\"><img loading=\"lazy\" decoding=\"async\" class=\"aligncenter\" src=\"https:\/\/sites.google.com\/a\/xtec.cat\/escola-santa-cecilia\/historia\/planols_antiga_escola012.jpg\" alt=\"pl\u00e0nol escola Santa Cec\u00edlia\" width=\"320\" height=\"147\" border=\"0\" \/><\/a><\/div>\n<p lang=\"ca-ES\">Llavors, es va tornar a vendre en els mateixos antics propietaris.<\/p>\n<p lang=\"ca-ES\">Al cap d\u2019un temps , el 1928 ho van tornar a comprar i llavors si, que, amb un altre arquitecte la van poder constru\u00efr. Per\u00f2 no la van fer com la que volien fer anys enrere.<\/p>\n<p lang=\"ca-ES\"><a href=\"https:\/\/sites.google.com\/a\/xtec.cat\/escola-santa-cecilia\/historia\/planol_escolaboadella_actual015.jpg?attredirects=0\"><img loading=\"lazy\" decoding=\"async\" class=\"aligncenter\" src=\"https:\/\/sites.google.com\/a\/xtec.cat\/escola-santa-cecilia\/historia\/planol_escolaboadella_actual015.jpg\" alt=\"Pl\u00e0nols escola Santa Cec\u00edlia\" width=\"269\" height=\"320\" border=\"0\" \/><\/a><\/p>\n<p lang=\"ca-ES\">Quan l&#8217;escola va fer 75 anys, es va fer un a gran festa per celebrar-ho. Es va pintar de color rosa clar i groc i es va fer un mosaic el qual es va penjar al costat de la porta de l&#8217;entrada. Aquest mosaic el vam fer tots els alumnes de P3 a 6\u00e8 amb la Francine, una senyora que li agraden molt les manualitats i ens n&#8217;ensenyava. Ella va estar molts i molts anys fent de mestra de pl\u00e0stica a la nostre escola.<\/p>\n<p lang=\"ca-ES\">El curs 1994-95 la nostre escola es va ajuntar amb les escoles de La Vajol, Ma\u00e7anet de Cabrenys, Agullana i Biure, i van formar la ZER Les Salines amb la qual es fan activitats i sortides conjuntament com les col\u00f2nies de final de curs.<\/p>\n<div><a href=\"https:\/\/sites.google.com\/a\/xtec.cat\/escola-santa-cecilia\/historia\/foto_colonies_zer017.jpg?attredirects=0\"><img decoding=\"async\" src=\"https:\/\/sites.google.com\/a\/xtec.cat\/escola-santa-cecilia\/historia\/foto_colonies_zer017.jpg\" alt=\"Foto alumnes de col\u00f2nies\" border=\"0\" \/><\/a><\/div>\n<p lang=\"ca-ES\">\n<p lang=\"ca-ES\">Tots els mestres especialistes de Ed. F\u00edsica, M\u00fasica, Angl\u00e8s i Educaci\u00f3 especial s\u00f3n comuns a la ZER.<\/p>\n<p lang=\"ca-ES\">Mestres que han passat per l&#8217;escola de Boadella:<\/p>\n<table style=\"border-collapse: collapse; width: 100%;\" border=\"1\">\n<tbody>\n<tr style=\"height: 30px;\">\n<td style=\"width: 33.3333%; height: 30px;\">1. Jaume Massachs i Sala<\/td>\n<td style=\"width: 33.3333%; height: 30px;\">2.\u00a0\u00c1ngel P\u00e9rez i Mart\u00ednez<\/td>\n<td style=\"width: 33.3333%; height: 30px;\">3.\u00a0Valentina Serra i Vila<\/td>\n<\/tr>\n<tr style=\"height: 30px;\">\n<td style=\"width: 33.3333%; height: 30px;\">4.\u00a0M\u00aa Assumpci\u00f3 Cam\u00f3 i Puigbert<\/td>\n<td style=\"width: 33.3333%; height: 30px;\">5. Julio Perianes i Vilar\u00edn<\/td>\n<td style=\"width: 33.3333%; height: 30px;\">6.\u00a0Joan Verg\u00e9s i Pineda<\/td>\n<\/tr>\n<tr style=\"height: 30px;\">\n<td style=\"width: 33.3333%; height: 30px;\">7.\u00a0Rufino Santamar\u00eda i Cuadrado<\/td>\n<td style=\"width: 33.3333%; height: 30px;\">8.\u00a0Ferm\u00ed Major i Vila<\/td>\n<td style=\"width: 33.3333%; height: 30px;\">9.\u00a0Carme Sibecas i Pijoan<\/td>\n<\/tr>\n<tr style=\"height: 30px;\">\n<td style=\"width: 33.3333%; height: 30px;\">10.\u00a0Carolina F\u00e0brega i Congost<\/td>\n<td style=\"width: 33.3333%; height: 30px;\">11.\u00a0Pere Salvatella i Armengol<\/td>\n<td style=\"width: 33.3333%; height: 30px;\"><\/td>\n<\/tr>\n<\/tbody>\n<\/table>\n<p lang=\"ca-ES\">Actualment les mestres que hi ha a l&#8217;escola s\u00f3n:<\/p>\n<table style=\"border-collapse: collapse; width: 100%;\" border=\"1\">\n<tbody>\n<tr>\n<td style=\"width: 33.3333%;\">N\u00faria Trobajo i Pujadas<\/td>\n<td style=\"width: 33.3333%;\">Joana Salellas i Pujol<\/td>\n<td style=\"width: 33.3333%;\">Carme Carbonero Vela<\/td>\n<\/tr>\n<\/tbody>\n<\/table>\n<p lang=\"ca-ES\">\n<h3>Els espais de l&#8217;escola<\/h3>\n","protected":false},"excerpt":{"rendered":"<p>Una mica d&#8217;hist\u00f2ria<br \/>\nCom tots els racons i raconets del nostre m\u00f3n aquesta escola t\u00e9 una hist\u00f2ria.<br \/>\nFa molts anys que en el municipi de Boadella i les Escaules hi ha una escola. Va haver-hi una temporada que n\u2019hi havia una a cada poble per\u00f2 per diverses&hellip;  <a href=\"https:\/\/agora.xtec.cat\/zer-les-salines\/escola-santa-cecilia-2\/qui-som\/\" title=\"Read Qui som\">Llegeix m\u00e9s\u00bb<\/a><\/p>\n","protected":false},"author":1,"featured_media":0,"parent":270,"menu_order":10,"comment_status":"closed","ping_status":"closed","template":"page-templates\/side-menu.php","meta":{"_bbp_topic_count":0,"_bbp_reply_count":0,"_bbp_total_topic_count":0,"_bbp_total_reply_count":0,"_bbp_voice_count":0,"_bbp_anonymous_reply_count":0,"_bbp_topic_count_hidden":0,"_bbp_reply_count_hidden":0,"_bbp_forum_subforum_count":0,"footnotes":""},"class_list":["post-367","page","type-page","status-publish","hentry"],"post_mailing_queue_ids":[],"_links":{"self":[{"href":"https:\/\/agora.xtec.cat\/zer-les-salines\/wp-json\/wp\/v2\/pages\/367","targetHints":{"allow":["GET"]}}],"collection":[{"href":"https:\/\/agora.xtec.cat\/zer-les-salines\/wp-json\/wp\/v2\/pages"}],"about":[{"href":"https:\/\/agora.xtec.cat\/zer-les-salines\/wp-json\/wp\/v2\/types\/page"}],"author":[{"embeddable":true,"href":"https:\/\/agora.xtec.cat\/zer-les-salines\/wp-json\/wp\/v2\/users\/1"}],"replies":[{"embeddable":true,"href":"https:\/\/agora.xtec.cat\/zer-les-salines\/wp-json\/wp\/v2\/comments?post=367"}],"version-history":[{"count":3,"href":"https:\/\/agora.xtec.cat\/zer-les-salines\/wp-json\/wp\/v2\/pages\/367\/revisions"}],"predecessor-version":[{"id":829,"href":"https:\/\/agora.xtec.cat\/zer-les-salines\/wp-json\/wp\/v2\/pages\/367\/revisions\/829"}],"up":[{"embeddable":true,"href":"https:\/\/agora.xtec.cat\/zer-les-salines\/wp-json\/wp\/v2\/pages\/270"}],"wp:attachment":[{"href":"https:\/\/agora.xtec.cat\/zer-les-salines\/wp-json\/wp\/v2\/media?parent=367"}],"curies":[{"name":"wp","href":"https:\/\/api.w.org\/{rel}","templated":true}]}}