{"id":9076,"date":"2023-06-26T11:09:52","date_gmt":"2023-06-26T09:09:52","guid":{"rendered":"https:\/\/agora.xtec.cat\/sesvallbonadanoia\/?page_id=9076"},"modified":"2023-06-26T12:51:49","modified_gmt":"2023-06-26T10:51:49","slug":"objectius","status":"publish","type":"page","link":"https:\/\/agora.xtec.cat\/sesvallbonadanoia\/projecte-educatiu\/estrategia-digital-de-centre\/estrategia-digital-del-centre\/objectius\/","title":{"rendered":"Objectius"},"content":{"rendered":"<p>La visi\u00f3 de centre en relaci\u00f3 amb la cultura digital ajuda a definir i planificar objectius.\u00a0 D&#8217;altra banda, el Pla d&#8217;Educaci\u00f3 Digital de Catalunya ens marca com a objectiu l&#8217;assoliment de la m\u00e0xima compet\u00e8ncia digital pel que fa a l&#8217;alumnat, el professorat i els centres.<\/p>\n<p>El centre proposa els seg\u00fcents objectius:<\/p>\n<table dir=\"ltr\" border=\"1\" cellspacing=\"0\" cellpadding=\"0\">\n<colgroup>\n<col width=\"25\" \/>\n<col width=\"597\" \/><\/colgroup>\n<tbody>\n<tr>\n<td colspan=\"2\" rowspan=\"1\" data-sheets-value=\"{&quot;1&quot;:2,&quot;2&quot;:&quot;1. Desplegar el curr\u00edculum digital d\u2019acord amb nou decret per millorar la compet\u00e8ncia digital de l\u2019alumnat&quot;}\" data-sheets-textstyleruns=\"{&quot;1&quot;:0,&quot;2&quot;:{&quot;2&quot;:{&quot;1&quot;:2,&quot;2&quot;:1136076},&quot;9&quot;:1}}\uee10{&quot;1&quot;:3}\" data-sheets-hyperlinkruns=\"{&quot;1&quot;:0,&quot;2&quot;:&quot;#gid=1782760611&quot;}\uee10{&quot;1&quot;:3}\">1. Desplegar el curr\u00edculum digital d\u2019acord amb nou decret per millorar la compet\u00e8ncia digital de l\u2019alumnat<\/td>\n<\/tr>\n<tr>\n<td data-sheets-numberformat=\"{&quot;1&quot;:1}\"><\/td>\n<td data-sheets-value=\"{&quot;1&quot;:2,&quot;2&quot;:&quot;1.1 Fer el desplegament curricular de la compet\u00e8ncia digital.&quot;}\">1.1 Fer el desplegament curricular de la compet\u00e8ncia digital.<\/td>\n<\/tr>\n<tr>\n<td colspan=\"2\" rowspan=\"1\" data-sheets-value=\"{&quot;1&quot;:2,&quot;2&quot;:&quot;2. Implementar el desplegament de la dotaci\u00f3 de rob\u00f2tica al llarg de l'etapa per tal de millorar el pensament computacional de l'alumnat. &quot;}\" data-sheets-hyperlink=\"#gid=1837908626\">2. Implementar el desplegament de la dotaci\u00f3 de rob\u00f2tica al llarg de l&#8217;etapa per tal de millorar el pensament computacional de l&#8217;alumnat.<\/td>\n<\/tr>\n<tr>\n<td data-sheets-numberformat=\"{&quot;1&quot;:1}\"><\/td>\n<td data-sheets-value=\"{&quot;1&quot;:2,&quot;2&quot;:&quot;2.1 Formar al professorat en l'aplicaci\u00f3 de la dotaci\u00f3 de rob\u00f2tica a l'aula.&quot;}\">2.1 Formar al professorat en l&#8217;aplicaci\u00f3 de la dotaci\u00f3 de rob\u00f2tica a l&#8217;aula.<\/td>\n<\/tr>\n<tr>\n<td data-sheets-numberformat=\"{&quot;1&quot;:1}\"><\/td>\n<td data-sheets-value=\"{&quot;1&quot;:2,&quot;2&quot;:&quot;2.2 Prendre consci\u00e8ncia del feedback de la formaci\u00f3 i aplicaci\u00f3 que ha fet el claustre sobre la formaci\u00f3.&quot;}\">2.2 Prendre consci\u00e8ncia del feedback de la formaci\u00f3 i aplicaci\u00f3 que ha fet el claustre sobre la formaci\u00f3.<\/td>\n<\/tr>\n<tr>\n<td colspan=\"2\" rowspan=\"1\" data-sheets-value=\"{&quot;1&quot;:2,&quot;2&quot;:&quot;3. Impulsar les pr\u00e0ctiques d\u2019avaluaci\u00f3 digital per afavorir els aprenentatges: eines d\u2019avaluaci\u00f3, retroalimentaci\u00f3, autoreflexi\u00f3.&quot;}\" data-sheets-hyperlink=\"#gid=736671512\">3. Impulsar les pr\u00e0ctiques d\u2019avaluaci\u00f3 digital per afavorir els aprenentatges: eines d\u2019avaluaci\u00f3, retroalimentaci\u00f3, autoreflexi\u00f3.<\/td>\n<\/tr>\n<tr>\n<td data-sheets-numberformat=\"{&quot;1&quot;:1}\"><\/td>\n<td data-sheets-value=\"{&quot;1&quot;:2,&quot;2&quot;:&quot;3.1 Generaci\u00f3 de pr\u00e0ctiques d'avaluaci\u00f3 digital&quot;}\">3.1 Generaci\u00f3 de pr\u00e0ctiques d&#8217;avaluaci\u00f3 digital<\/td>\n<\/tr>\n<tr>\n<td data-sheets-numberformat=\"{&quot;1&quot;:1}\"><\/td>\n<td data-sheets-value=\"{&quot;1&quot;:2,&quot;2&quot;:&quot;3.2 Generaci\u00f3 de pr\u00e0ctiques per la retroalimentaci\u00f3 digital&quot;}\">3.2 Generaci\u00f3 de pr\u00e0ctiques per la retroalimentaci\u00f3 digital<\/td>\n<\/tr>\n<tr>\n<td data-sheets-numberformat=\"{&quot;1&quot;:1}\"><\/td>\n<td data-sheets-value=\"{&quot;1&quot;:2,&quot;2&quot;:&quot;3.3 Generaci\u00f3 de pr\u00e0ctiques per l'autoreflexi\u00f3 digital&quot;}\">3.3 Generaci\u00f3 de pr\u00e0ctiques per l&#8217;autoreflexi\u00f3 digital<\/td>\n<\/tr>\n<tr>\n<td colspan=\"2\" rowspan=\"1\" data-sheets-value=\"{&quot;1&quot;:2,&quot;2&quot;:&quot;4. Avaluar la qualitat i protegir l'autoria dels documents i creacions, recalcant-ho sistem\u00e0ticament als treballs d\u2019altres persones que es troben per la Internet.&quot;}\">4. Avaluar la qualitat i protegir l&#8217;autoria dels documents i creacions, recalcant-ho sistem\u00e0ticament als treballs d\u2019altres persones que es troben per la Internet.<\/td>\n<\/tr>\n<tr>\n<td data-sheets-numberformat=\"{&quot;1&quot;:1}\"><\/td>\n<td data-sheets-value=\"{&quot;1&quot;:2,&quot;2&quot;:&quot;4.1 Elaboraci\u00f3 de r\u00fabriques per a poder valorar la qualitat dels treballs d'altres.&quot;}\">4.1 Elaboraci\u00f3 de r\u00fabriques per a poder valorar la qualitat dels treballs d&#8217;altres.<\/td>\n<\/tr>\n<tr>\n<td data-sheets-numberformat=\"{&quot;1&quot;:1}\"><\/td>\n<td data-sheets-value=\"{&quot;1&quot;:2,&quot;2&quot;:&quot;4.2 Reflexionar sobre la import\u00e0ncia de respectar i protegir l'autoria de treballs d'altres.&quot;}\">4.2 Reflexionar sobre la import\u00e0ncia de respectar i protegir l&#8217;autoria de treballs d&#8217;altres.<\/td>\n<\/tr>\n<tr>\n<td colspan=\"2\" rowspan=\"1\" data-sheets-value=\"{&quot;1&quot;:2,&quot;2&quot;:&quot;5. Dissenyar un protocol de bones actituds de navegaci\u00f3 i consulta per refor\u00e7ar la cultura de la seguretat i prevenir riscos.&quot;}\">5. Dissenyar un protocol de bones actituds de navegaci\u00f3 i consulta per refor\u00e7ar la cultura de la seguretat i prevenir riscos.<\/td>\n<\/tr>\n<tr>\n<td data-sheets-numberformat=\"{&quot;1&quot;:1}\"><\/td>\n<td data-sheets-value=\"{&quot;1&quot;:2,&quot;2&quot;:&quot;5.1 Recull de bones actituds de navegaci\u00f3 i punts a evitar.&quot;}\">5.1 Recull de bones actituds de navegaci\u00f3 i punts a evitar.<\/td>\n<\/tr>\n<tr>\n<td data-sheets-numberformat=\"{&quot;1&quot;:1}\"><\/td>\n<td data-sheets-value=\"{&quot;1&quot;:2,&quot;2&quot;:&quot;5.2 Elaboraci\u00f3 d'una infografia i protocol espec\u00edfica on es detallin aquests apartats.&quot;}\">5.2 Elaboraci\u00f3 d&#8217;una infografia i protocol espec\u00edfica on es detallin aquests apartats.<\/td>\n<\/tr>\n<tr>\n<td data-sheets-numberformat=\"{&quot;1&quot;:1}\"><\/td>\n<td data-sheets-value=\"{&quot;1&quot;:2,&quot;2&quot;:&quot;5.3 Distribuci\u00f3 a la comunitat educativa del protocol i implementaci\u00f3 de les bones pr\u00e0ctiques.&quot;}\">5.3 Distribuci\u00f3 a la comunitat educativa del protocol i implementaci\u00f3 de les bones pr\u00e0ctiques.<\/td>\n<\/tr>\n<tr>\n<td colspan=\"2\" rowspan=\"1\" data-sheets-value=\"{&quot;1&quot;:2,&quot;2&quot;:&quot;6. Elaborar un pla d\u2019acollida i digitalitzaci\u00f3&quot;}\">6. Elaborar un pla d\u2019acollida i digitalitzaci\u00f3<\/td>\n<\/tr>\n<tr>\n<td data-sheets-numberformat=\"{&quot;1&quot;:1}\"><\/td>\n<td data-sheets-value=\"{&quot;1&quot;:2,&quot;2&quot;:&quot;6.1 Crear protocol digital de centre &quot;}\">6.1 Crear protocol digital de centre<\/td>\n<\/tr>\n<tr>\n<td data-sheets-numberformat=\"{&quot;1&quot;:1}\"><\/td>\n<td data-sheets-value=\"{&quot;1&quot;:2,&quot;2&quot;:&quot;6.2 Crear el pla de comunicaci\u00f3 del centre&quot;}\">6.2 Crear el pla de comunicaci\u00f3 del centre<\/td>\n<\/tr>\n<\/tbody>\n<\/table>\n","protected":false},"excerpt":{"rendered":"<p>La visi\u00f3 de centre en relaci\u00f3 amb la cultura digital ajuda a definir i planificar objectius.\u00a0 D&#8217;altra banda, el Pla d&#8217;Educaci\u00f3 Digital de Catalunya ens marca com a objectiu l&#8217;assoliment de la m\u00e0xima compet\u00e8ncia digital pel que fa a l&#8217;alumnat, el professorat i els centres.<br \/>\nEl&hellip;  <a href=\"https:\/\/agora.xtec.cat\/sesvallbonadanoia\/projecte-educatiu\/estrategia-digital-de-centre\/estrategia-digital-del-centre\/objectius\/\" title=\"Read Objectius\">Llegeix m\u00e9s\u00bb<\/a><\/p>\n","protected":false},"author":1,"featured_media":0,"parent":9058,"menu_order":0,"comment_status":"closed","ping_status":"closed","template":"","meta":{"_bbp_topic_count":0,"_bbp_reply_count":0,"_bbp_total_topic_count":0,"_bbp_total_reply_count":0,"_bbp_voice_count":0,"_bbp_anonymous_reply_count":0,"_bbp_topic_count_hidden":0,"_bbp_reply_count_hidden":0,"_bbp_forum_subforum_count":0,"footnotes":""},"class_list":["post-9076","page","type-page","status-publish","hentry"],"post_mailing_queue_ids":[],"_links":{"self":[{"href":"https:\/\/agora.xtec.cat\/sesvallbonadanoia\/wp-json\/wp\/v2\/pages\/9076","targetHints":{"allow":["GET"]}}],"collection":[{"href":"https:\/\/agora.xtec.cat\/sesvallbonadanoia\/wp-json\/wp\/v2\/pages"}],"about":[{"href":"https:\/\/agora.xtec.cat\/sesvallbonadanoia\/wp-json\/wp\/v2\/types\/page"}],"author":[{"embeddable":true,"href":"https:\/\/agora.xtec.cat\/sesvallbonadanoia\/wp-json\/wp\/v2\/users\/1"}],"replies":[{"embeddable":true,"href":"https:\/\/agora.xtec.cat\/sesvallbonadanoia\/wp-json\/wp\/v2\/comments?post=9076"}],"version-history":[{"count":3,"href":"https:\/\/agora.xtec.cat\/sesvallbonadanoia\/wp-json\/wp\/v2\/pages\/9076\/revisions"}],"predecessor-version":[{"id":9132,"href":"https:\/\/agora.xtec.cat\/sesvallbonadanoia\/wp-json\/wp\/v2\/pages\/9076\/revisions\/9132"}],"up":[{"embeddable":true,"href":"https:\/\/agora.xtec.cat\/sesvallbonadanoia\/wp-json\/wp\/v2\/pages\/9058"}],"wp:attachment":[{"href":"https:\/\/agora.xtec.cat\/sesvallbonadanoia\/wp-json\/wp\/v2\/media?parent=9076"}],"curies":[{"name":"wp","href":"https:\/\/api.w.org\/{rel}","templated":true}]}}