{"id":6822,"date":"2020-10-02T14:59:26","date_gmt":"2020-10-02T12:59:26","guid":{"rendered":"https:\/\/agora.xtec.cat\/sesvallbonadanoia\/?page_id=6822"},"modified":"2021-09-30T13:12:01","modified_gmt":"2021-09-30T11:12:01","slug":"reunio-families-amb-tutors-i-mentors","status":"publish","type":"page","link":"https:\/\/agora.xtec.cat\/sesvallbonadanoia\/reunio-families-amb-tutors-i-mentors\/","title":{"rendered":"Reuni\u00f3 fam\u00edlies amb tutors i mentors"},"content":{"rendered":"<p>Us deixem els enlla\u00e7os per a entrar a les videoconfer\u00e8ncies de cada grup a la reuni\u00f3 del <strong>dia 6 d&#8217;octubre a les 18:30h<\/strong><\/p>\n<p><img loading=\"lazy\" decoding=\"async\" class=\"alignnone\" style=\"font-size: 16px; background-color: #ffffff;\" src=\"https:\/\/www.adslzone.net\/app\/uploads-adslzone.net\/2020\/05\/Videollamadas.jpg\" alt=\"Programas para hacer videollamadas: Comparativa, gu\u00eda, consejos y usos\" width=\"588\" height=\"308\" \/><\/p>\n<table style=\"width: 589px; height: 926px;\">\n<tbody>\n<tr style=\"height: 46px;\">\n<td style=\"width: 69px; height: 46px;\">Grup<\/td>\n<td style=\"width: 157px; height: 46px;\">Tutors\/es i mentor\/es<\/td>\n<td style=\"width: 353px; height: 46px;\">Enlla\u00e7 per entrar a la videoconfer\u00e8ncia<\/td>\n<\/tr>\n<tr style=\"height: 135px;\">\n<td style=\"width: 69px; height: 135px;\">1A<\/td>\n<td style=\"width: 157px; height: 135px;\"><strong>Laura L\u00e1zaro<br \/>\n<\/strong>Oriol Vives<\/td>\n<td style=\"width: 353px; height: 135px;\">\u27a1 <a href=\"http:\/\/meet.google.com\/qku-qphj-yfo\" target=\"_blank\" rel=\"noopener\" data-saferedirecturl=\"https:\/\/www.google.com\/url?q=http:\/\/meet.google.com\/qku-qphj-yfo&amp;source=gmail&amp;ust=1633072921801000&amp;usg=AFQjCNFhe69N4_yOPVGB-ishRy0WPJa8xw\">meet.google.com\/qku-qphj-yfo<\/a><\/td>\n<\/tr>\n<tr style=\"height: 135px;\">\n<td style=\"width: 69px; height: 135px;\">1B<\/td>\n<td style=\"width: 157px; height: 135px;\"><strong>Jorge Tar\u00edn<br \/>\n<\/strong>Carme Lamata<\/td>\n<td style=\"width: 353px; height: 135px;\">\u27a1 <a href=\"https:\/\/meet.google.com\/wus-bdyx-kci\" target=\"_blank\" rel=\"noopener\" data-saferedirecturl=\"https:\/\/www.google.com\/url?q=https:\/\/meet.google.com\/wus-bdyx-kci&amp;source=gmail&amp;ust=1633072921792000&amp;usg=AFQjCNFLqiYayDYvMq_wsRUpSHxCRJowkg\">meet.google.com\/<wbr \/>wus-bdyx-kci<\/a><\/td>\n<\/tr>\n<tr style=\"height: 95px;\">\n<td style=\"width: 69px; height: 95px;\">2A<\/td>\n<td style=\"width: 157px; height: 95px;\"><strong>\u00c0ngels Sendra<br \/>\n<\/strong>Ramon Guim<\/p>\n<p>Eva Miquel<\/td>\n<td style=\"width: 353px; height: 95px;\">\u00a0\u27a1 <a href=\"https:\/\/meet.google.com\/tub-dfwz-kgd\" target=\"_blank\" rel=\"noopener\" data-saferedirecturl=\"https:\/\/www.google.com\/url?q=https:\/\/meet.google.com\/tub-dfwz-kgd&amp;source=gmail&amp;ust=1633072921804000&amp;usg=AFQjCNFEP1ZobUr8qTFTovaZ46FQU9ekBQ\">meet.google.com\/tub-<wbr \/>dfwz-kgd<\/a><\/td>\n<\/tr>\n<tr style=\"height: 135px;\">\n<td style=\"width: 69px; height: 135px;\">2B<\/td>\n<td style=\"width: 157px; height: 135px;\"><strong>Anna Hervilla<br \/>\n<\/strong>Xesca Vela<\/p>\n<p>Sergi Esteba<\/td>\n<td style=\"width: 353px; height: 135px;\">\u00a0\u27a1 <a href=\"http:\/\/meet.google.com\/axw-zjgc-giq\" target=\"_blank\" rel=\"noopener\" data-saferedirecturl=\"https:\/\/www.google.com\/url?q=http:\/\/meet.google.com\/axw-zjgc-giq&amp;source=gmail&amp;ust=1632910396307000&amp;usg=AFQjCNHLtL3OmdPr72reEKHm8zmwfaQ7HA\">meet.google.com\/axw-zjgc-giq<\/a><\/td>\n<\/tr>\n<tr style=\"height: 95px;\">\n<td style=\"width: 69px; height: 95px;\">3A<\/td>\n<td style=\"width: 157px; height: 95px;\"><strong>Susanna Farr\u00e9<\/strong><\/p>\n<p>David Berenguer<\/td>\n<td style=\"width: 353px; height: 95px;\">\u27a1 <a href=\"http:\/\/meet.google.com\/hdd-mwtz-wsa\" target=\"_blank\" rel=\"noopener\" data-saferedirecturl=\"https:\/\/www.google.com\/url?q=http:\/\/meet.google.com\/hdd-mwtz-wsa&amp;source=gmail&amp;ust=1633072921796000&amp;usg=AFQjCNEJXzQKpDDy09rfMGr_EtxOTzR8Kg\">meet.google.com\/hdd-mwtz-wsa<\/a><\/td>\n<\/tr>\n<tr style=\"height: 95px;\">\n<td style=\"width: 69px; height: 95px;\">3B<\/td>\n<td style=\"width: 157px; height: 95px;\"><strong>Irene Escala<br \/>\n<\/strong>Luc\u00eda Alonso<\/td>\n<td style=\"width: 353px; height: 95px;\">\u27a1 <a href=\"https:\/\/meet.google.com\/nwn-grwy-tht\" target=\"_blank\" rel=\"noopener\" data-saferedirecturl=\"https:\/\/www.google.com\/url?q=https:\/\/meet.google.com\/nwn-grwy-tht&amp;source=gmail&amp;ust=1633084369484000&amp;usg=AFQjCNH5NpUkG0Kn_bzLLyqOn5Or3iQzsA\">meet.google.com\/nwn-<wbr \/>grwy-tht<\/a><\/td>\n<\/tr>\n<tr style=\"height: 95px;\">\n<td style=\"width: 69px; height: 95px;\">4A<\/td>\n<td style=\"width: 157px; height: 95px;\"><strong>N\u00faria Monr\u00f3s<br \/>\n<\/strong>Carme Flores<\/td>\n<td style=\"width: 353px; height: 95px;\">\u27a1 <a href=\"https:\/\/meet.google.com\/xep-uqwg-xnn\" target=\"_blank\" rel=\"noopener\" data-saferedirecturl=\"https:\/\/www.google.com\/url?q=https:\/\/meet.google.com\/xep-uqwg-xnn&amp;source=gmail&amp;ust=1633072921798000&amp;usg=AFQjCNH59pN4pU8ExmUdJSX9KLRpHENylQ\">meet.google.com\/xep-<wbr \/>uqwg-xnn<\/a><\/td>\n<\/tr>\n<tr style=\"height: 95px;\">\n<td style=\"width: 69px; height: 95px;\">4B<\/td>\n<td style=\"width: 157px; height: 95px;\"><strong>Eugenia T\u00e1rano<br \/>\n<\/strong>Quim Sanz<\/td>\n<td style=\"width: 353px; height: 95px;\">\u27a1 <a href=\"http:\/\/meet.google.com\/xox-bcpt-vgq\">meet.google.com\/xox-bcpt-vgq<\/a><\/td>\n<\/tr>\n<\/tbody>\n<\/table>\n","protected":false},"excerpt":{"rendered":"<p>Us deixem els enlla\u00e7os per a entrar a les videoconfer\u00e8ncies de cada grup a la reuni\u00f3 del dia 6 d&#8217;octubre a les 18:30h<\/p>\n<p>Grup<br \/>\nTutors\/es i mentor\/es<br \/>\nEnlla\u00e7 per entrar a la videoconfer\u00e8ncia<\/p>\n<p>1A<br \/>\nLaura L\u00e1zaro<br \/>\nOriol Vives<br \/>\n\u27a1 <a href=\"http:\/\/meet.google.com\/qku-qphj-yfo\" target=\"_blank\" rel=\"noopener\" data-saferedirecturl=\"https:\/\/www.google.com\/url?q=http:\/\/meet.google.com\/qku-qphj-yfo&amp;source=gmail&amp;ust=1633072921801000&amp;usg=AFQjCNFhe69N4_yOPVGB-ishRy0WPJa8xw\">meet.google.com\/qku-qphj-yfo<\/a><\/p>\n<p>1B<br \/>\nJorge Tar\u00edn<br \/>\nCarme Lamata<br \/>\n\u27a1 <a href=\"https:\/\/meet.google.com\/wus-bdyx-kci\" target=\"_blank\" rel=\"noopener\" data-saferedirecturl=\"https:\/\/www.google.com\/url?q=https:\/\/meet.google.com\/wus-bdyx-kci&amp;source=gmail&amp;ust=1633072921792000&amp;usg=AFQjCNFLqiYayDYvMq_wsRUpSHxCRJowkg\">meet.google.com\/wus-bdyx-kci<\/a><\/p>\n<p>2A<br \/>\n\u00c0ngels Sendra<br \/>\nRamon&hellip;  <a href=\"https:\/\/agora.xtec.cat\/sesvallbonadanoia\/reunio-families-amb-tutors-i-mentors\/\" title=\"Read Reuni\u00f3 fam\u00edlies amb tutors i mentors\">Llegeix m\u00e9s\u00bb<\/a><\/p>\n","protected":false},"author":1,"featured_media":0,"parent":0,"menu_order":0,"comment_status":"closed","ping_status":"closed","template":"","meta":{"_bbp_topic_count":0,"_bbp_reply_count":0,"_bbp_total_topic_count":0,"_bbp_total_reply_count":0,"_bbp_voice_count":0,"_bbp_anonymous_reply_count":0,"_bbp_topic_count_hidden":0,"_bbp_reply_count_hidden":0,"_bbp_forum_subforum_count":0,"footnotes":""},"class_list":["post-6822","page","type-page","status-publish","hentry"],"post_mailing_queue_ids":[],"_links":{"self":[{"href":"https:\/\/agora.xtec.cat\/sesvallbonadanoia\/wp-json\/wp\/v2\/pages\/6822","targetHints":{"allow":["GET"]}}],"collection":[{"href":"https:\/\/agora.xtec.cat\/sesvallbonadanoia\/wp-json\/wp\/v2\/pages"}],"about":[{"href":"https:\/\/agora.xtec.cat\/sesvallbonadanoia\/wp-json\/wp\/v2\/types\/page"}],"author":[{"embeddable":true,"href":"https:\/\/agora.xtec.cat\/sesvallbonadanoia\/wp-json\/wp\/v2\/users\/1"}],"replies":[{"embeddable":true,"href":"https:\/\/agora.xtec.cat\/sesvallbonadanoia\/wp-json\/wp\/v2\/comments?post=6822"}],"version-history":[{"count":3,"href":"https:\/\/agora.xtec.cat\/sesvallbonadanoia\/wp-json\/wp\/v2\/pages\/6822\/revisions"}],"predecessor-version":[{"id":7760,"href":"https:\/\/agora.xtec.cat\/sesvallbonadanoia\/wp-json\/wp\/v2\/pages\/6822\/revisions\/7760"}],"wp:attachment":[{"href":"https:\/\/agora.xtec.cat\/sesvallbonadanoia\/wp-json\/wp\/v2\/media?parent=6822"}],"curies":[{"name":"wp","href":"https:\/\/api.w.org\/{rel}","templated":true}]}}