{"id":3232,"date":"2018-04-10T23:56:21","date_gmt":"2018-04-10T21:56:21","guid":{"rendered":"http:\/\/agora.xtec.cat\/sesvallbonadanoia\/?page_id=3232"},"modified":"2018-07-12T11:37:23","modified_gmt":"2018-07-12T09:37:23","slug":"play-green-vallbona","status":"publish","type":"page","link":"https:\/\/agora.xtec.cat\/sesvallbonadanoia\/estudis\/projectes-del-centre\/escoles-verdes\/play-green-vallbona\/","title":{"rendered":"Play Green Vallbona!"},"content":{"rendered":"<p><a href=\"http:\/\/agora.xtec.cat\/sesvallbonadanoia\/wp-content\/uploads\/usu60\/2018\/04\/Captura-de-pantalla-2018-07-12-a-les-11.33.46.png\"><img loading=\"lazy\" decoding=\"async\" class=\"alignnone size-full wp-image-3754 aligncenter\" src=\"http:\/\/agora.xtec.cat\/sesvallbonadanoia\/wp-content\/uploads\/usu60\/2018\/04\/Captura-de-pantalla-2018-07-12-a-les-11.33.46.png\" alt=\"\" width=\"702\" height=\"533\" srcset=\"https:\/\/agora.xtec.cat\/sesvallbonadanoia\/wp-content\/uploads\/usu60\/2018\/04\/Captura-de-pantalla-2018-07-12-a-les-11.33.46.png 702w, https:\/\/agora.xtec.cat\/sesvallbonadanoia\/wp-content\/uploads\/usu60\/2018\/04\/Captura-de-pantalla-2018-07-12-a-les-11.33.46-300x228.png 300w\" sizes=\"auto, (max-width: 702px) 100vw, 702px\" \/><\/a><\/p>\n<p>Ens podeu veure al minut 8:14, l&#8217;acci\u00f3 del comit\u00e8 ambiental de l&#8217;Institut de Vallbona d&#8217;Anoia, juntament amb l&#8217;alumnat de 6\u00e8 de l&#8217;Escola Josep Masclans. Vam netejar el riu Anoia al seu pas per la poblaci\u00f3 on hi ha aquests dos centres educatius.<\/p>\n<p style=\"text-align: center;\"><iframe loading=\"lazy\" src=\"https:\/\/www.youtube.com\/embed\/oy3hMDetc0Q\" width=\"560\" height=\"315\" frameborder=\"0\" allowfullscreen=\"allowfullscreen\"><\/iframe><\/p>\n<p><a href=\"http:\/\/agora.xtec.cat\/sesvallbonadanoia\/wp-content\/uploads\/usu60\/2018\/04\/Play-Green-Vallbona-2018.jpg\"><img loading=\"lazy\" decoding=\"async\" class=\"alignnone size-full wp-image-3233\" src=\"http:\/\/agora.xtec.cat\/sesvallbonadanoia\/wp-content\/uploads\/usu60\/2018\/04\/Play-Green-Vallbona-2018.jpg\" alt=\"\" width=\"960\" height=\"720\" srcset=\"https:\/\/agora.xtec.cat\/sesvallbonadanoia\/wp-content\/uploads\/usu60\/2018\/04\/Play-Green-Vallbona-2018.jpg 960w, https:\/\/agora.xtec.cat\/sesvallbonadanoia\/wp-content\/uploads\/usu60\/2018\/04\/Play-Green-Vallbona-2018-300x225.jpg 300w, https:\/\/agora.xtec.cat\/sesvallbonadanoia\/wp-content\/uploads\/usu60\/2018\/04\/Play-Green-Vallbona-2018-768x576.jpg 768w, https:\/\/agora.xtec.cat\/sesvallbonadanoia\/wp-content\/uploads\/usu60\/2018\/04\/Play-Green-Vallbona-2018-200x150.jpg 200w\" sizes=\"auto, (max-width: 960px) 100vw, 960px\" \/><\/a><\/p>\n<p>&nbsp;<\/p>\n","protected":false},"excerpt":{"rendered":"<p><a href=\"http:\/\/agora.xtec.cat\/sesvallbonadanoia\/wp-content\/uploads\/usu60\/2018\/04\/Captura-de-pantalla-2018-07-12-a-les-11.33.46.png\"><\/a><br \/>\nEns podeu veure al minut 8:14, l&#8217;acci\u00f3 del comit\u00e8 ambiental de l&#8217;Institut de Vallbona d&#8217;Anoia, juntament amb l&#8217;alumnat de 6\u00e8 de l&#8217;Escola Josep Masclans. Vam netejar el riu Anoia al seu pas per la poblaci\u00f3 on hi ha aquests dos centres educatius.<\/p>\n<p><a href=\"http:\/\/agora.xtec.cat\/sesvallbonadanoia\/wp-content\/uploads\/usu60\/2018\/04\/Play-Green-Vallbona-2018.jpg\"><\/a><br \/>\n&nbsp;<\/p>\n","protected":false},"author":1,"featured_media":0,"parent":1378,"menu_order":0,"comment_status":"closed","ping_status":"closed","template":"page-templates\/side-menu.php","meta":{"_bbp_topic_count":0,"_bbp_reply_count":0,"_bbp_total_topic_count":0,"_bbp_total_reply_count":0,"_bbp_voice_count":0,"_bbp_anonymous_reply_count":0,"_bbp_topic_count_hidden":0,"_bbp_reply_count_hidden":0,"_bbp_forum_subforum_count":0,"footnotes":""},"class_list":["post-3232","page","type-page","status-publish","hentry"],"post_mailing_queue_ids":[],"_links":{"self":[{"href":"https:\/\/agora.xtec.cat\/sesvallbonadanoia\/wp-json\/wp\/v2\/pages\/3232","targetHints":{"allow":["GET"]}}],"collection":[{"href":"https:\/\/agora.xtec.cat\/sesvallbonadanoia\/wp-json\/wp\/v2\/pages"}],"about":[{"href":"https:\/\/agora.xtec.cat\/sesvallbonadanoia\/wp-json\/wp\/v2\/types\/page"}],"author":[{"embeddable":true,"href":"https:\/\/agora.xtec.cat\/sesvallbonadanoia\/wp-json\/wp\/v2\/users\/1"}],"replies":[{"embeddable":true,"href":"https:\/\/agora.xtec.cat\/sesvallbonadanoia\/wp-json\/wp\/v2\/comments?post=3232"}],"version-history":[{"count":3,"href":"https:\/\/agora.xtec.cat\/sesvallbonadanoia\/wp-json\/wp\/v2\/pages\/3232\/revisions"}],"predecessor-version":[{"id":3757,"href":"https:\/\/agora.xtec.cat\/sesvallbonadanoia\/wp-json\/wp\/v2\/pages\/3232\/revisions\/3757"}],"up":[{"embeddable":true,"href":"https:\/\/agora.xtec.cat\/sesvallbonadanoia\/wp-json\/wp\/v2\/pages\/1378"}],"wp:attachment":[{"href":"https:\/\/agora.xtec.cat\/sesvallbonadanoia\/wp-json\/wp\/v2\/media?parent=3232"}],"curies":[{"name":"wp","href":"https:\/\/api.w.org\/{rel}","templated":true}]}}