{"id":3911,"date":"2022-03-04T13:01:46","date_gmt":"2022-03-04T12:01:46","guid":{"rendered":"https:\/\/agora.xtec.cat\/sesmcarrascoformiguera-sfc\/?page_id=3911"},"modified":"2026-04-29T12:27:56","modified_gmt":"2026-04-29T10:27:56","slug":"preinscripcio","status":"publish","type":"page","link":"https:\/\/agora.xtec.cat\/sesmcarrascoformiguera-sfc\/secretaria\/matricula\/preinscripcio\/","title":{"rendered":"Preinscripci\u00f3"},"content":{"rendered":"<p>&nbsp;<\/p>\n<p><a href=\"https:\/\/agora.xtec.cat\/sesmcarrascoformiguera-sfc\/wp-content\/uploads\/usu981\/2026\/02\/Cartell-Preinscripcio-curs-2026-2027_page-0001.jpg\"><img loading=\"lazy\" decoding=\"async\" class=\"aligncenter size-full wp-image-6173\" src=\"https:\/\/agora.xtec.cat\/sesmcarrascoformiguera-sfc\/wp-content\/uploads\/usu981\/2026\/02\/Cartell-Preinscripcio-curs-2026-2027_page-0001.jpg\" alt=\"\" width=\"1755\" height=\"1241\" srcset=\"https:\/\/agora.xtec.cat\/sesmcarrascoformiguera-sfc\/wp-content\/uploads\/usu981\/2026\/02\/Cartell-Preinscripcio-curs-2026-2027_page-0001.jpg 1755w, https:\/\/agora.xtec.cat\/sesmcarrascoformiguera-sfc\/wp-content\/uploads\/usu981\/2026\/02\/Cartell-Preinscripcio-curs-2026-2027_page-0001-300x212.jpg 300w, https:\/\/agora.xtec.cat\/sesmcarrascoformiguera-sfc\/wp-content\/uploads\/usu981\/2026\/02\/Cartell-Preinscripcio-curs-2026-2027_page-0001-1024x724.jpg 1024w, https:\/\/agora.xtec.cat\/sesmcarrascoformiguera-sfc\/wp-content\/uploads\/usu981\/2026\/02\/Cartell-Preinscripcio-curs-2026-2027_page-0001-768x543.jpg 768w, https:\/\/agora.xtec.cat\/sesmcarrascoformiguera-sfc\/wp-content\/uploads\/usu981\/2026\/02\/Cartell-Preinscripcio-curs-2026-2027_page-0001-1536x1086.jpg 1536w\" sizes=\"auto, (max-width: 1755px) 100vw, 1755px\" \/><\/a><\/p>\n<p>Benvolgudes fam\u00edlies,<\/p>\n<p>La sol\u00b7licitud de preinscripci\u00f3 \u00e9s <strong>electr\u00f2nica<\/strong> i es pot fer des de qualsevol ordinador, tauleta o m\u00f2bil amb connexi\u00f3 a Internet, accedint al web<a href=\"https:\/\/preinscripcio.gencat.cat\/ca\/estudis\/eso\/inici\/\">\u00a0<strong>preinscripcio.gencat.cat<\/strong><\/a><\/p>\n<p>Per tal de facilitar-vos aquesta tasca, us acompanyarem en aquest proc\u00e9s.<\/p>\n<p>Us facilitem la web del<strong>\u00a0<a href=\"https:\/\/preinscripcio.gencat.cat\/ca\/inici\/\">Departament d\u2019Educaci\u00f3<\/a><\/strong>\u00a0on podreu trobar tota la informaci\u00f3 d\u2019aquest proc\u00e9s.<\/p>\n<ul>\n<li>\u00c9s molt important que si no el teniu us creeu un correu electr\u00f2nic.<\/li>\n<\/ul>\n<p><!--more--><\/p>\n<p><strong>Com emplenar la sol\u00b7licitud<\/strong><\/p>\n<p><strong>Aqu\u00ed us deixem una <a href=\"https:\/\/agora.xtec.cat\/sesmcarrascoformiguera-sfc\/wp-content\/uploads\/usu981\/2024\/03\/Informacions-familia-Preinscripcio-24-25.pdf\">guia<\/a> <\/strong>per fer la preinscripci\u00f3 des de casa<strong>.\u00a0<\/strong><\/p>\n<p>En el <a href=\"https:\/\/youtu.be\/xwo2A2U-g30\"><strong>v\u00eddeo<\/strong><\/a> t&#8217;expliquem com ho has de fer!<\/p>\n<p>Cal que el pare, la mare o el tutor o tutora legal que faci el tr\u00e0mit tingui una eina d\u2019identificaci\u00f3 digital, com pot ser la T-CAT, el DNIelectr\u00f2nic, elsistema Cl@ve o l\u2019IdCAT M\u00f2bil.<\/p>\n<p><strong>Si no es pot obtenir una identificaci\u00f3 digital, s\u2019ha d\u2019utilitzar la sol\u00b7licitud en suport inform\u00e0tic<\/strong>, en qu\u00e8 caldr\u00e0 adjuntar la documentaci\u00f3 identificativa de la persona sol\u00b7licitant per motius de seguretat.<\/p>\n<p>En cas de no tenir mitjans per poder fer la preinscripci\u00f3 telem\u00e0tica podeu fer-ho a la secretaria de l&#8217;institut en l&#8217;horari d&#8217;atenci\u00f3 al p\u00fablic.<\/p>\n<div>\n<p>Els documents necessaris per acreditar la identitat de les fam\u00edlies en la sol\u00b7licitud de preinscripci\u00f3 s\u00f3n:<\/p>\n<\/div>\n<ul>\n<li><strong>Certificaci\u00f3 electr\u00f2nica de la inscripci\u00f3 de naixement, llibre de fam\u00edlia o altres documents relatius a la filiaci\u00f3.<br \/>\n<\/strong>Quan l&#8217;alumne estigui en situaci\u00f3 d&#8217;acolliment, el document que cal aportar \u00e9s la\u00a0<strong>resoluci\u00f3 d&#8217;acolliment del Departament de Drets Socials<\/strong>.<\/li>\n<li><strong>DNI o NIE del pare, la mare o el tutor o la tutora de l&#8217;alumne si s&#8217;utilitza la sol\u00b7licitud en suport inform\u00e0tic<\/strong>. Sempre s&#8217;haur\u00e0 d&#8217;adjuntar\u00a0el\u00a0<strong>passaport<\/strong>\u00a0o si \u00e9s estranger d&#8217;un pa\u00eds membre de la Uni\u00f3 Europea el\u00a0<strong>document d&#8217;identitat del pa\u00eds d&#8217;origen<\/strong>.<\/li>\n<\/ul>\n<p>De manera excepcional, es poden acreditar les dades d&#8217;identificaci\u00f3 o de filiaci\u00f3 de l&#8217;alumnat estranger amb el document d&#8217;identitat, el llibre de fam\u00edlia del pa\u00eds d&#8217;origen o la documentaci\u00f3 alternativa que la persona pugui aportar.<\/p>\n<div id=\"yui_3_17_2_1_1709797162498_457\" class=\"concept\">\n<h4 id=\"yui_3_17_2_1_1709797162498_456\">Documentaci\u00f3 adjunta<\/h4>\n<\/div>\n<div id=\"yui_3_17_2_1_1709797162498_444\" class=\"no-overflow\">\n<p id=\"yui_3_17_2_1_1709797162498_443\">La documentaci\u00f3 que caldr\u00e0 adjuntar a la sol\u00b7licitud ser\u00e0 la que es requereixi a la fam\u00edlia en funci\u00f3 de la situaci\u00f3 particular de la mateixa i aquesta documentaci\u00f3\u00a0<b>SEMPRE s&#8217;adjuntar\u00e0 com un fitxer, <\/b><b>mai es lliur\u00e0 en paper ni s&#8217;enviar\u00e0 per correu electr\u00f2nic al centre<\/b>. Tota documentaci\u00f3 que no vagi adjunta a la sol\u00b7licitud de preinscripci\u00f3 no es validar\u00e0 ni es tindr\u00e0 en compte de cara a la baremaci\u00f3 o validaci\u00f3 de la mateixa<\/p>\n<\/div>\n<p>En cas de\u00a0<strong><u>DUBTES<\/u><\/strong>, podeu posar-vos en contacte telef\u00f2nic amb nosaltres al\u00a0<strong>93.866.27.55<\/strong> (de dilluns o dimecres de 8.00h a 14.30h i dilluns tarda de 15.30h a 17.30h) o un correu a <a href=\"mailto:secretaria@insmcarrasco.cat\"><strong>secretaria@insmcarrasco.cat<\/strong>\u00a0<\/a>amb el vostre tel\u00e8fon i dubte i ens posarem en contacte amb vosaltres al m\u00e9s aviat possible.<\/p>\n<p>&nbsp;<\/p>\n<p><strong>PUBLICACI\u00d3 DE L&#8217;OFERTA INICIAL DE PLACES 2026\/2027<\/strong><\/p>\n<p><a href=\"https:\/\/agora.xtec.cat\/sesmcarrascoformiguera-sfc\/wp-content\/uploads\/usu981\/2026\/03\/INFORME_OFERTA_OME_INFORME_OFERTA_page-0001.jpg\"><img loading=\"lazy\" decoding=\"async\" class=\"aligncenter size-full wp-image-6247\" src=\"https:\/\/agora.xtec.cat\/sesmcarrascoformiguera-sfc\/wp-content\/uploads\/usu981\/2026\/03\/INFORME_OFERTA_OME_INFORME_OFERTA_page-0001.jpg\" alt=\"\" width=\"1275\" height=\"653\" srcset=\"https:\/\/agora.xtec.cat\/sesmcarrascoformiguera-sfc\/wp-content\/uploads\/usu981\/2026\/03\/INFORME_OFERTA_OME_INFORME_OFERTA_page-0001.jpg 1275w, https:\/\/agora.xtec.cat\/sesmcarrascoformiguera-sfc\/wp-content\/uploads\/usu981\/2026\/03\/INFORME_OFERTA_OME_INFORME_OFERTA_page-0001-300x154.jpg 300w, https:\/\/agora.xtec.cat\/sesmcarrascoformiguera-sfc\/wp-content\/uploads\/usu981\/2026\/03\/INFORME_OFERTA_OME_INFORME_OFERTA_page-0001-1024x524.jpg 1024w, https:\/\/agora.xtec.cat\/sesmcarrascoformiguera-sfc\/wp-content\/uploads\/usu981\/2026\/03\/INFORME_OFERTA_OME_INFORME_OFERTA_page-0001-768x393.jpg 768w\" sizes=\"auto, (max-width: 1275px) 100vw, 1275px\" \/><\/a><\/p>\n<p>&nbsp;<\/p>\n<hr \/>\n<h4 class=\"subtitle\" data-crawling=\"principal-title\">Consulta la llista de sol\u00b7licituds amb la puntuaci\u00f3 provisional:<\/h4>\n<pre>PUBLICACI\u00d3<strong> <a href=\"https:\/\/agora.xtec.cat\/sesmcarrascoformiguera-sfc\/wp-content\/uploads\/usu981\/2026\/04\/15.04.2026_INFORME_BAREM_PROVISIONAL_BAREM.pdf\">DE LA LLISTA DE SOL\u00b7LICITUDS QUE HAN DEMANAT EL CENTRE I L'ENSENYAMENT EN PRIMERA PETICI\u00d3 AMB LA PUNTUACI\u00d3 RESOLTES LES RECLAMACIONS<\/a>\r\n  \r\n\r\nPUBLICACI\u00d3 DE LA LLISTA DE SOL\u00b7LICITUDS QUE HAN DEMANAT EL CENTRE I L'ENSENYAMENT EN PRIMERA PETICI\u00d3 ORDENADA \r\n \r\n<\/strong>\r\n<\/pre>\n<p><a href=\"https:\/\/agora.xtec.cat\/sesmcarrascoformiguera-sfc\/wp-content\/uploads\/usu981\/2026\/04\/INFORME_BAREM_RESOLTES_BAREM.pdf\">Puntuaci\u00f3 de la llista de sol\u00b7licituds per al curs 2026\/2027<\/a><\/p>\n<div>\n<p dir=\"auto\">El n\u00famero de desempat de la preinscripci\u00f3 escolar per al curs 2026\/2027 \u00e9s el\u00a0<b>42129<\/b>.<\/p>\n<p dir=\"auto\"><a href=\"https:\/\/agora.xtec.cat\/sesmcarrascoformiguera-sfc\/wp-content\/uploads\/usu981\/2026\/04\/INFORME_BAREM_RESOLTES_BAREM.jpg\"><img loading=\"lazy\" decoding=\"async\" class=\"aligncenter size-large wp-image-6263\" src=\"https:\/\/agora.xtec.cat\/sesmcarrascoformiguera-sfc\/wp-content\/uploads\/usu981\/2026\/04\/INFORME_BAREM_RESOLTES_BAREM-791x1024.jpg\" alt=\"\" width=\"791\" height=\"1024\" srcset=\"https:\/\/agora.xtec.cat\/sesmcarrascoformiguera-sfc\/wp-content\/uploads\/usu981\/2026\/04\/INFORME_BAREM_RESOLTES_BAREM-791x1024.jpg 791w, https:\/\/agora.xtec.cat\/sesmcarrascoformiguera-sfc\/wp-content\/uploads\/usu981\/2026\/04\/INFORME_BAREM_RESOLTES_BAREM-232x300.jpg 232w, https:\/\/agora.xtec.cat\/sesmcarrascoformiguera-sfc\/wp-content\/uploads\/usu981\/2026\/04\/INFORME_BAREM_RESOLTES_BAREM-768x994.jpg 768w, https:\/\/agora.xtec.cat\/sesmcarrascoformiguera-sfc\/wp-content\/uploads\/usu981\/2026\/04\/INFORME_BAREM_RESOLTES_BAREM-1187x1536.jpg 1187w, https:\/\/agora.xtec.cat\/sesmcarrascoformiguera-sfc\/wp-content\/uploads\/usu981\/2026\/04\/INFORME_BAREM_RESOLTES_BAREM-1583x2048.jpg 1583w, https:\/\/agora.xtec.cat\/sesmcarrascoformiguera-sfc\/wp-content\/uploads\/usu981\/2026\/04\/INFORME_BAREM_RESOLTES_BAREM.jpg 1700w\" sizes=\"auto, (max-width: 791px) 100vw, 791px\" \/><\/a><\/p>\n<\/div>\n<pre>Data d'actualitzaci\u00f3: 29\/04\/2026\r\n<\/pre>\n<pre><\/pre>\n","protected":false},"excerpt":{"rendered":"<p>&nbsp;<br \/>\n<a href=\"https:\/\/agora.xtec.cat\/sesmcarrascoformiguera-sfc\/wp-content\/uploads\/usu981\/2026\/02\/Cartell-Preinscripcio-curs-2026-2027_page-0001.jpg\"><\/a><br \/>\nBenvolgudes fam\u00edlies,<br \/>\nLa sol\u00b7licitud de preinscripci\u00f3 \u00e9s electr\u00f2nica i es pot fer des de qualsevol ordinador, tauleta o m\u00f2bil amb connexi\u00f3 a Internet, accedint al web<a href=\"https:\/\/preinscripcio.gencat.cat\/ca\/estudis\/eso\/inici\/\">\u00a0preinscripcio.gencat.cat<\/a><br \/>\nPer tal de facilitar-vos aquesta tasca, us acompanyarem en aquest proc\u00e9s.<br \/>\nUs facilitem la web del\u00a0<a href=\"https:\/\/preinscripcio.gencat.cat\/ca\/inici\/\">Departament d\u2019Educaci\u00f3<\/a>\u00a0on podreu trobar&hellip;  <a href=\"https:\/\/agora.xtec.cat\/sesmcarrascoformiguera-sfc\/secretaria\/matricula\/preinscripcio\/\" title=\"Read Preinscripci\u00f3\">Llegeix m\u00e9s\u00bb<\/a><\/p>\n","protected":false},"author":26,"featured_media":0,"parent":3925,"menu_order":1,"comment_status":"closed","ping_status":"closed","template":"page-templates\/side-menu.php","meta":{"_bbp_topic_count":0,"_bbp_reply_count":0,"_bbp_total_topic_count":0,"_bbp_total_reply_count":0,"_bbp_voice_count":0,"_bbp_anonymous_reply_count":0,"_bbp_topic_count_hidden":0,"_bbp_reply_count_hidden":0,"_bbp_forum_subforum_count":0,"footnotes":""},"class_list":["post-3911","page","type-page","status-publish","hentry"],"post_mailing_queue_ids":[],"_links":{"self":[{"href":"https:\/\/agora.xtec.cat\/sesmcarrascoformiguera-sfc\/wp-json\/wp\/v2\/pages\/3911","targetHints":{"allow":["GET"]}}],"collection":[{"href":"https:\/\/agora.xtec.cat\/sesmcarrascoformiguera-sfc\/wp-json\/wp\/v2\/pages"}],"about":[{"href":"https:\/\/agora.xtec.cat\/sesmcarrascoformiguera-sfc\/wp-json\/wp\/v2\/types\/page"}],"author":[{"embeddable":true,"href":"https:\/\/agora.xtec.cat\/sesmcarrascoformiguera-sfc\/wp-json\/wp\/v2\/users\/26"}],"replies":[{"embeddable":true,"href":"https:\/\/agora.xtec.cat\/sesmcarrascoformiguera-sfc\/wp-json\/wp\/v2\/comments?post=3911"}],"version-history":[{"count":7,"href":"https:\/\/agora.xtec.cat\/sesmcarrascoformiguera-sfc\/wp-json\/wp\/v2\/pages\/3911\/revisions"}],"predecessor-version":[{"id":6270,"href":"https:\/\/agora.xtec.cat\/sesmcarrascoformiguera-sfc\/wp-json\/wp\/v2\/pages\/3911\/revisions\/6270"}],"up":[{"embeddable":true,"href":"https:\/\/agora.xtec.cat\/sesmcarrascoformiguera-sfc\/wp-json\/wp\/v2\/pages\/3925"}],"wp:attachment":[{"href":"https:\/\/agora.xtec.cat\/sesmcarrascoformiguera-sfc\/wp-json\/wp\/v2\/media?parent=3911"}],"curies":[{"name":"wp","href":"https:\/\/api.w.org\/{rel}","templated":true}]}}