{"id":3639,"date":"2021-03-08T16:20:26","date_gmt":"2021-03-08T15:20:26","guid":{"rendered":"http:\/\/agora.xtec.cat\/sesmcarrascoformiguera-sfc\/?page_id=3639"},"modified":"2023-01-19T20:08:11","modified_gmt":"2023-01-19T19:08:11","slug":"matematiques","status":"publish","type":"page","link":"https:\/\/agora.xtec.cat\/sesmcarrascoformiguera-sfc\/alumnes\/les-nostres-materies\/matematiques\/","title":{"rendered":"Les Matem\u00e0tiques"},"content":{"rendered":"<p><span style=\"font-weight: 400;\"><a href=\"https:\/\/agora.xtec.cat\/sesmcarrascoformiguera-sfc\/wp-content\/uploads\/usu981\/2021\/03\/Taller-mates.jpg\"><img loading=\"lazy\" decoding=\"async\" class=\"wp-image-3647 aligncenter\" src=\"https:\/\/agora.xtec.cat\/sesmcarrascoformiguera-sfc\/wp-content\/uploads\/usu981\/2021\/03\/Taller-mates-1024x766.jpg\" alt=\"\" width=\"345\" height=\"462\" \/><\/a><\/span><\/p>\n<p style=\"text-align: justify;\"><span style=\"font-weight: 400;\">L\u2019assignatura de matem\u00e0tiques t\u00e9 mala fama. La majoria de la gent la veu com una esp\u00e8cie de monstre, que existeix per complicar la vida als i a les alumnes, torturar-los i fer-los la vida dif\u00edcil, mentre el professor riu i no t\u00e9 pietat.\u00a0<\/span><\/p>\n<p style=\"text-align: justify;\"><span style=\"font-weight: 400;\">Per exemple, imagina que vas en un tren que surt de Val\u00e8ncia a 80 km\/h i porta 500 tones de taronges. A Castell\u00f3 carrega 250 tones de tom\u00e0quets i quan arriba a Tarragona descarrega una cinquena part de la c\u00e0rrega que portava, per\u00f2 afegeix tres contenidors plens de paquets d\u2019arr\u00f2s d\u20191 kg de pes. Llavors, el tren accelera a 100 km\/h i quan arriba a Barcelona&#8230; et tires per la finestra perqu\u00e8 ja no ho suportes m\u00e9s!\u00a0<\/span><\/p>\n<p style=\"text-align: justify;\"><span style=\"font-weight: 400;\">Aix\u00f2 podria ser un dia de classe normal de mates, per\u00f2 no a l\u2019Institut Manuel Carrasco i Formiguera! Aqu\u00ed fem coses divertides. Aprenem que les matem\u00e0tiques s\u00f3n \u00fatils -s\u00ed, de veritat, s\u00f3n molt \u00fatils.\u00a0 Aprenem com resoldre problemes reals, relacionats amb el nostre entorn quotidi\u00e0. Aguditzem l\u2019enginy i expressem amb claredat i precisi\u00f3 els nostres raonaments. Organitzem la nostra forma de raonar, perqu\u00e8 no s\u2019escapi cap detall, i per prendre decisions ben fonamentades. Ser\u00e0 molt m\u00e9s dif\u00edcil que t\u2019enganyin amb gr\u00e0fiques i estad\u00edstiques interessades. En definitiva, tindr\u00e0s a les matem\u00e0tiques al teu costat, com aliades, i no com a un enemic a v\u00e8ncer.\u00a0<\/span><\/p>\n<p style=\"text-align: justify;\"><span style=\"font-weight: 400;\">Per \u00faltim, et deixo un repte perqu\u00e8 li donis voltes: agafa un full i dibuixa en el centre un quadrat de 6 cm de costat. El repte consisteix en retallar el quadrat d\u2019un sol tall recte. Ets capa\u00e7 de fer-ho? Si vols resoldre m\u00e9s reptes, t\u2019esperem a Matem\u00e0tiques del Manuel Carrasco i Formiguera!<\/span><\/p>\n","protected":false},"excerpt":{"rendered":"<p><a href=\"https:\/\/agora.xtec.cat\/sesmcarrascoformiguera-sfc\/wp-content\/uploads\/usu981\/2021\/03\/Taller-mates.jpg\"><\/a><br \/>\nL\u2019assignatura de matem\u00e0tiques t\u00e9 mala fama. La majoria de la gent la veu com una esp\u00e8cie de monstre, que existeix per complicar la vida als i a les alumnes, torturar-los i fer-los la vida dif\u00edcil, mentre el professor riu i no t\u00e9 pietat.\u00a0<br \/>\nPer exemple,&hellip;  <a href=\"https:\/\/agora.xtec.cat\/sesmcarrascoformiguera-sfc\/alumnes\/les-nostres-materies\/matematiques\/\" title=\"Read Les Matem\u00e0tiques\">Llegeix m\u00e9s\u00bb<\/a><\/p>\n","protected":false},"author":1,"featured_media":0,"parent":3605,"menu_order":0,"comment_status":"closed","ping_status":"closed","template":"","meta":{"_bbp_topic_count":0,"_bbp_reply_count":0,"_bbp_total_topic_count":0,"_bbp_total_reply_count":0,"_bbp_voice_count":0,"_bbp_anonymous_reply_count":0,"_bbp_topic_count_hidden":0,"_bbp_reply_count_hidden":0,"_bbp_forum_subforum_count":0,"footnotes":""},"class_list":["post-3639","page","type-page","status-publish","hentry"],"post_mailing_queue_ids":[],"_links":{"self":[{"href":"https:\/\/agora.xtec.cat\/sesmcarrascoformiguera-sfc\/wp-json\/wp\/v2\/pages\/3639","targetHints":{"allow":["GET"]}}],"collection":[{"href":"https:\/\/agora.xtec.cat\/sesmcarrascoformiguera-sfc\/wp-json\/wp\/v2\/pages"}],"about":[{"href":"https:\/\/agora.xtec.cat\/sesmcarrascoformiguera-sfc\/wp-json\/wp\/v2\/types\/page"}],"author":[{"embeddable":true,"href":"https:\/\/agora.xtec.cat\/sesmcarrascoformiguera-sfc\/wp-json\/wp\/v2\/users\/1"}],"replies":[{"embeddable":true,"href":"https:\/\/agora.xtec.cat\/sesmcarrascoformiguera-sfc\/wp-json\/wp\/v2\/comments?post=3639"}],"version-history":[{"count":3,"href":"https:\/\/agora.xtec.cat\/sesmcarrascoformiguera-sfc\/wp-json\/wp\/v2\/pages\/3639\/revisions"}],"predecessor-version":[{"id":4453,"href":"https:\/\/agora.xtec.cat\/sesmcarrascoformiguera-sfc\/wp-json\/wp\/v2\/pages\/3639\/revisions\/4453"}],"up":[{"embeddable":true,"href":"https:\/\/agora.xtec.cat\/sesmcarrascoformiguera-sfc\/wp-json\/wp\/v2\/pages\/3605"}],"wp:attachment":[{"href":"https:\/\/agora.xtec.cat\/sesmcarrascoformiguera-sfc\/wp-json\/wp\/v2\/media?parent=3639"}],"curies":[{"name":"wp","href":"https:\/\/api.w.org\/{rel}","templated":true}]}}