{"id":4610,"date":"2023-03-29T10:55:58","date_gmt":"2023-03-29T08:55:58","guid":{"rendered":"https:\/\/agora.xtec.cat\/sesfontsdelglorieta\/?page_id=4610"},"modified":"2023-12-18T17:10:49","modified_gmt":"2023-12-18T16:10:49","slug":"atencio-educativa-inclusiva","status":"publish","type":"page","link":"https:\/\/agora.xtec.cat\/sesfontsdelglorieta\/estudis\/eso\/atencio-educativa-inclusiva\/","title":{"rendered":"Atenci\u00f3 educativa inclusiva"},"content":{"rendered":"<p style=\"text-align: justify;\">Per tal d&#8217;atendre de manera inclusiva a tot l&#8217;alumnat disposem de:<\/p>\n<p style=\"text-align: justify;\">&#8211; Dues orientadores. Les orientadores vetllen per donar una resposta educativa acurada a cada alumna i alumne mitjan\u00e7ant les mesures i suports universals i addicionals que el departament d&#8217;educaci\u00f3 de Catalunya disposa (<a href=\"https:\/\/xtec.gencat.cat\/ca\/curriculum\/diversitat-i-inclusio\/mesures-i-suports\/\" target=\"_blank\" rel=\"noopener\">Mesures i suports Departament Educaci\u00f3).<\/a> S&#8217;encarreguen de fer atenci\u00f3 directa a l&#8217;alumnat, assessorament al professorat i suport a les classes.<\/p>\n<p style=\"text-align: justify;\">&#8211; T\u00e8cnica UAO. Aquesta professional que ve de l&#8217;EAP s&#8217;encarrega d&#8217;acompanyar i orientar tant a l&#8217;alumnat com a les seves fam\u00edlies. At\u00e9n a alumnat amb absentisme o que necessiti treballar la gesti\u00f3 emocional.<\/p>\n<p style=\"text-align: justify;\">&#8211; Psicopedagoga de l&#8217;EAP. Cada 15 dies ve al centre la professional de l&#8217;Equip d&#8217;Assessorament Psicopedag\u00f2gic per tal de donar resposta a les demandes del centre i tamb\u00e9 ajudar a alumnat i fam\u00edlies amb l&#8217;itinerari educatiu.<\/p>\n<p style=\"text-align: justify;\">&#8211; Treballadora Social EAP. Una vegada al mes ve al centre la professional de l&#8217;Equip d&#8217;Assessorament Psicopedag\u00f2gic per tal de treballar amb les fam\u00edlies que ho desitgin i fer assessorament a l&#8217;equip educatiu del centre.<\/p>\n<p style=\"text-align: justify;\">&#8211; Consulta Oberta. Una vegada a la setmana ve al centre l&#8217;infermer del CAP i at\u00e9n les demandes sobre salut de l&#8217;alumnat.<\/p>\n<p style=\"font-weight: 400;\">&#8211; Grup de suport emocional. Gestionat per la\u00a0psic\u00f2loga\u00a0del CAP d\u00f3na atenci\u00f3 a l\u2019alumnat amb problemes de caire emocional un cop per setmana.<\/p>\n<p style=\"font-weight: 400;\">&#8211; UEC. Les unitats d&#8217;escolaritzaci\u00f3 compartida (UEC) tenen com a finalitats complementar l&#8217;atenci\u00f3 educativa que ofereixen els centres educatius, afavorir l&#8217;assoliment de les compet\u00e8ncies de l&#8217;etapa de l&#8217;ESO i vetllar per la continu\u00eftat formativa dels i les alumnes amb una metodologia flexible, motivadora i personalitzada per retornar-los la confian\u00e7a en les possibilitats d&#8217;\u00e8xit personal i evitar l&#8217;abandonament escolar.<\/p>\n<p style=\"font-weight: 400;\">El nostre centre es coordina amb les dues UECs de Valls per a donar suport a alumnat que ho requereixi.<\/p>\n<p style=\"font-weight: 400;\"><a href=\"https:\/\/www.vallsgenera.cat\/formacio\/unitat-escolaritzacio-compartida\">UEC Vallsgenera<\/a><\/p>\n<p style=\"font-weight: 400;\"><a href=\"https:\/\/www.facebook.com\/CreuRojaVallsAltCamp\/\">UEC Creu Roja<\/a><\/p>\n","protected":false},"excerpt":{"rendered":"<p>Per tal d&#8217;atendre de manera inclusiva a tot l&#8217;alumnat disposem de:<br \/>\n&#8211; Dues orientadores. Les orientadores vetllen per donar una resposta educativa acurada a cada alumna i alumne mitjan\u00e7ant les mesures i suports universals i addicionals que el departament d&#8217;educaci\u00f3 de Catalunya disposa (<a href=\"https:\/\/xtec.gencat.cat\/ca\/curriculum\/diversitat-i-inclusio\/mesures-i-suports\/\" target=\"_blank\"&hellip;  <a href=\"https:\/\/agora.xtec.cat\/sesfontsdelglorieta\/estudis\/eso\/atencio-educativa-inclusiva\/\" title=\"Read Atenci\u00f3 educativa inclusiva\">Llegeix m\u00e9s\u00bb<\/a><\/p>\n","protected":false},"author":1,"featured_media":0,"parent":2819,"menu_order":16,"comment_status":"closed","ping_status":"closed","template":"page-templates\/side-menu.php","meta":{"_bbp_topic_count":0,"_bbp_reply_count":0,"_bbp_total_topic_count":0,"_bbp_total_reply_count":0,"_bbp_voice_count":0,"_bbp_anonymous_reply_count":0,"_bbp_topic_count_hidden":0,"_bbp_reply_count_hidden":0,"_bbp_forum_subforum_count":0,"footnotes":""},"class_list":["post-4610","page","type-page","status-publish","hentry"],"post_mailing_queue_ids":[],"_links":{"self":[{"href":"https:\/\/agora.xtec.cat\/sesfontsdelglorieta\/wp-json\/wp\/v2\/pages\/4610","targetHints":{"allow":["GET"]}}],"collection":[{"href":"https:\/\/agora.xtec.cat\/sesfontsdelglorieta\/wp-json\/wp\/v2\/pages"}],"about":[{"href":"https:\/\/agora.xtec.cat\/sesfontsdelglorieta\/wp-json\/wp\/v2\/types\/page"}],"author":[{"embeddable":true,"href":"https:\/\/agora.xtec.cat\/sesfontsdelglorieta\/wp-json\/wp\/v2\/users\/1"}],"replies":[{"embeddable":true,"href":"https:\/\/agora.xtec.cat\/sesfontsdelglorieta\/wp-json\/wp\/v2\/comments?post=4610"}],"version-history":[{"count":4,"href":"https:\/\/agora.xtec.cat\/sesfontsdelglorieta\/wp-json\/wp\/v2\/pages\/4610\/revisions"}],"predecessor-version":[{"id":5080,"href":"https:\/\/agora.xtec.cat\/sesfontsdelglorieta\/wp-json\/wp\/v2\/pages\/4610\/revisions\/5080"}],"up":[{"embeddable":true,"href":"https:\/\/agora.xtec.cat\/sesfontsdelglorieta\/wp-json\/wp\/v2\/pages\/2819"}],"wp:attachment":[{"href":"https:\/\/agora.xtec.cat\/sesfontsdelglorieta\/wp-json\/wp\/v2\/media?parent=4610"}],"curies":[{"name":"wp","href":"https:\/\/api.w.org\/{rel}","templated":true}]}}