{"id":81,"date":"2014-09-18T10:38:05","date_gmt":"2014-09-18T10:38:05","guid":{"rendered":"http:\/\/agora.xtec.cat\/sesernestlluch-cunit\/?page_id=81"},"modified":"2026-09-04T09:17:01","modified_gmt":"2026-09-04T07:17:01","slug":"secretaria","status":"publish","type":"page","link":"https:\/\/agora.xtec.cat\/sesernestlluch-cunit\/secretaria\/","title":{"rendered":"Secretaria"},"content":{"rendered":"<div style=\"padding: 4px; margin: 8px; background-color: #e3e9ef;\"><strong>Horari d\u2019atenci\u00f3 de les oficines de Secretaria<\/strong><\/div>\n<p style=\"padding-left: 40px;\">De dilluns a divendres de 9:00 a 12:00<\/p>\n<div style=\"padding: 4px; margin: 8px; background-color: #e3e9ef;\"><strong>Contacte<\/strong><\/div>\n<p style=\"padding-left: 40px;\">Email: <a href=\"mailto:secretaria@iernestlluch.cat\">secretaria<span class=\"\">@iernestlluch.ca<\/span>t<\/a><\/p>\n<div style=\"padding: 4px; margin: 8px; background-color: #e3e9ef;\"><strong>Preinscripci\u00f3 Educaci\u00f3 Secund\u00e0ria Obligat\u00f2ria<\/strong><\/div>\n<p style=\"padding-left: 40px;\">Lloc <a href=\"https:\/\/preinscripcio.gencat.cat\/ca\/estudis\/eso\/inici\/\">web<\/a> de la generalitat.<\/p>\n<p style=\"padding-left: 40px;\"><a href=\"https:\/\/agora.xtec.cat\/sesernestlluch-cunit\/preinscripcio-educacio-secundaria-obligatoria\/\">Informaci\u00f3<\/a> del centre (portes obertes, llistats i formularis)<\/p>\n<div style=\"padding: 4px; margin: 8px; background-color: #e3e9ef;\"><strong>Preinscripci\u00f3 Batxillerat<\/strong><\/div>\n<p style=\"padding-left: 40px;\">Lloc <a href=\"https:\/\/preinscripcio.gencat.cat\/ca\/estudis\/batxillerat\/inici\/index.html\">web<\/a> de la generalitat.<\/p>\n<p style=\"padding-left: 40px;\"><a href=\"https:\/\/agora.xtec.cat\/sesernestlluch-cunit\/preinscripcio-batxillerat\/\">Informaci\u00f3 del centre<\/a> (portes obertes, llistats i formularis)<\/p>\n<p>\u00a0 \u00a0 \u00a0 \u00a0 \u00a0Beques: <a href=\"https:\/\/web.gencat.cat\/ca\/ciutadania\/serveis\/educacio-formacio\/beques-estudis-no-universitaris\">https:\/\/web.gencat.cat\/ca\/ciutadania\/serveis\/educacio-formacio\/beques-estudis-no-universitaris<\/a><\/p>\n<div style=\"padding: 4px; margin: 8px; background-color: #e3e9ef;\"><strong>Preinscripci\u00f3 Cicles Formatius<\/strong><\/div>\n<p>Places vacants setembre 2026 cicle grau mitj\u00e0 1r. curs:<\/p>\n<ul>\n<li>Sistemes microinform\u00e0tics i xarxes: 1 pla\u00e7a<\/li>\n<li>Activitats Comercials : <strong>horari de tarda <\/strong>4\u00a0places<\/li>\n<li>Perruqueria i cosm\u00e8tica capil.lar: 2 places (preu total del material aprox. 450\u20ac per curs)<\/li>\n<\/ul>\n<p>Bon dia,<\/p>\n<p>Tot aquell alumne interessat en obtenir una pla\u00e7a al nostre centre per cursar el cicle formatiu de grau mitj\u00e0\u00a0 ha d\u2019entrar a l\u2019enlla\u00e7 seg\u00fcent i omplir les dades. <strong>Obert a partir del dia 7 de setembre.<\/strong><\/p>\n<p><a href=\"https:\/\/aplicacions.gestioeducativa.gencat.cat\/ords\/pls\/apex\/f?p=20160079072543618:650:::NO:650:P650_CENTRE:4E05BB2C031FB6C91251C7B04669EB14EA179EAAAEEF30CF\">https:\/\/aplicacions.gestioeducativa.gencat.cat\/ords\/pls\/apex\/f?p=20160079072543618:650:::NO:650:P650_CENTRE:4E05BB2C031FB6C91251C7B04669EB14EA179EAAAEEF30CF<\/a><\/p>\n<p>____________________________________________________________________________________________________________________________<\/p>\n<p style=\"padding-left: 40px;\">Lloc <a href=\"https:\/\/preinscripcio.gencat.cat\/ca\/estudis\/fp-grau-mitja\/inici\/index.html\">web<\/a> de la generalitat.<\/p>\n<p style=\"padding-left: 40px;\"><a href=\"https:\/\/agora.xtec.cat\/sesernestlluch-cunit\/preinscripcio-cicles-formatius-2\/\">Informaci\u00f3<\/a> del centre (portes obertes, llistats i formularis)<\/p>\n<p>\u00a0 \u00a0 \u00a0 \u00a0 \u00a0 \u00a0 \u00a0 \u00a0 \u00a0 \u00a0 \u00a0 \u00a0 \u00a0 \u00a0 \u00a0 \u00a0 \u00a0 \u00a0 \u00a0 \u00a0 \u00a0 \u00a0 \u00a0 \u00a0 \u00a0 \u00a0 \u00a0 \u00a0 \u00a0 \u00a0 \u00a0 \u00a0 \u00a0 \u00a0 \u00a0 \u00a0 \u00a0 \u00a0 \u00a0 \u00a0 \u00a0 \u00a0 \u00a0 \u00a0 \u00a0 \u00a0 \u00a0 \u00a0 \u00a0 \u00a0 \u00a0CANAL PER ACOMPANYAR\u00a0 L\u2019ALUMNAT A LA PREINSCRIPCI\u00d3 D\u2019FP:<\/p>\n<p><a href=\"https:\/\/agora.xtec.cat\/iescabanyes\/wp-content\/uploads\/usu559\/2025\/05\/qr-watsapp-fp.png\"><img loading=\"lazy\" decoding=\"async\" class=\"aligncenter wp-image-21390\" src=\"https:\/\/agora.xtec.cat\/iescabanyes\/wp-content\/uploads\/usu559\/2025\/05\/qr-watsapp-fp.png\" alt=\"\" width=\"135\" height=\"159\" \/><\/a><\/p>\n<p>Beques: <a href=\"https:\/\/web.gencat.cat\/ca\/ciutadania\/serveis\/educacio-formacio\/beques-estudis-no-universitaris\">https:\/\/web.gencat.cat\/ca\/ciutadania\/serveis\/educacio-formacio\/beques-estudis-no-universitaris<\/a><\/p>\n<div style=\"padding: 4px; margin: 8px; background-color: #e3e9ef;\"><strong>Preinscripci\u00f3 PFI<\/strong><\/div>\n<p style=\"padding-left: 40px;\">Lloc <a href=\"https:\/\/preinscripcio.gencat.cat\/ca\/estudis\/pfi\/inici\/index.html\">web<\/a> de la generalitat.<\/p>\n<p style=\"padding-left: 40px;\"><a href=\"https:\/\/agora.xtec.cat\/sesernestlluch-cunit\/preinscripcio-pfi\/\">Informaci\u00f3<\/a> del centre (portes obertes, llistats i formularis)<\/p>\n<p>\u00a0 \u00a0 \u00a0 \u00a0 Beques: <a href=\"https:\/\/web.gencat.cat\/ca\/ciutadania\/serveis\/educacio-formacio\/beques-estudis-no-universitaris\">https:\/\/web.gencat.cat\/ca\/ciutadania\/serveis\/educacio-formacio\/beques-estudis-no-universitaris<\/a><\/p>\n<div style=\"padding: 4px; margin: 8px; background-color: #e3e9ef;\"><strong>Certificats<\/strong><\/div>\n<p style=\"padding-left: 40px;\"><a href=\"https:\/\/agora.xtec.cat\/sesernestlluch-cunit\/certificats-dels-nivells-b2-i-c1-de-catala\/\">Sol\u00b7licitud de certificats de nivell B2 i C1 de catal\u00e0<\/a><\/p>\n<p>&nbsp;<\/p>\n<p style=\"padding-left: 40px;\">\n","protected":false},"excerpt":{"rendered":"<p>Horari d\u2019atenci\u00f3 de les oficines de Secretaria<br \/>\nDe dilluns a divendres de 9:00 a 12:00<br \/>\nContacte<br \/>\nEmail: <a href=\"mailto:secretaria@iernestlluch.cat\">secretaria@iernestlluch.cat<\/a><br \/>\nPreinscripci\u00f3 Educaci\u00f3 Secund\u00e0ria Obligat\u00f2ria<br \/>\nLloc <a href=\"https:\/\/preinscripcio.gencat.cat\/ca\/estudis\/eso\/inici\/\">web<\/a> de la generalitat.<br \/>\n<a href=\"https:\/\/agora.xtec.cat\/sesernestlluch-cunit\/preinscripcio-educacio-secundaria-obligatoria\/\">Informaci\u00f3<\/a> del centre (portes obertes, llistats i formularis)<br \/>\nPreinscripci\u00f3 Batxillerat<br \/>\nLloc <a href=\"https:\/\/preinscripcio.gencat.cat\/ca\/estudis\/batxillerat\/inici\/index.html\">web<\/a> de la generalitat.<br \/>\n<a href=\"https:\/\/agora.xtec.cat\/sesernestlluch-cunit\/preinscripcio-batxillerat\/\">Informaci\u00f3 del centre<\/a> (portes obertes, llistats i&hellip;  <a href=\"https:\/\/agora.xtec.cat\/sesernestlluch-cunit\/secretaria\/\" title=\"Read Secretaria\">Llegeix m\u00e9s\u00bb<\/a><\/p>\n","protected":false},"author":1,"featured_media":0,"parent":0,"menu_order":0,"comment_status":"closed","ping_status":"closed","template":"","meta":{"_bbp_topic_count":0,"_bbp_reply_count":0,"_bbp_total_topic_count":0,"_bbp_total_reply_count":0,"_bbp_voice_count":0,"_bbp_anonymous_reply_count":0,"_bbp_topic_count_hidden":0,"_bbp_reply_count_hidden":0,"_bbp_forum_subforum_count":0,"footnotes":""},"class_list":["post-81","page","type-page","status-publish","hentry"],"post_mailing_queue_ids":[],"_links":{"self":[{"href":"https:\/\/agora.xtec.cat\/sesernestlluch-cunit\/wp-json\/wp\/v2\/pages\/81","targetHints":{"allow":["GET"]}}],"collection":[{"href":"https:\/\/agora.xtec.cat\/sesernestlluch-cunit\/wp-json\/wp\/v2\/pages"}],"about":[{"href":"https:\/\/agora.xtec.cat\/sesernestlluch-cunit\/wp-json\/wp\/v2\/types\/page"}],"author":[{"embeddable":true,"href":"https:\/\/agora.xtec.cat\/sesernestlluch-cunit\/wp-json\/wp\/v2\/users\/1"}],"replies":[{"embeddable":true,"href":"https:\/\/agora.xtec.cat\/sesernestlluch-cunit\/wp-json\/wp\/v2\/comments?post=81"}],"version-history":[{"count":10,"href":"https:\/\/agora.xtec.cat\/sesernestlluch-cunit\/wp-json\/wp\/v2\/pages\/81\/revisions"}],"predecessor-version":[{"id":10656,"href":"https:\/\/agora.xtec.cat\/sesernestlluch-cunit\/wp-json\/wp\/v2\/pages\/81\/revisions\/10656"}],"wp:attachment":[{"href":"https:\/\/agora.xtec.cat\/sesernestlluch-cunit\/wp-json\/wp\/v2\/media?parent=81"}],"curies":[{"name":"wp","href":"https:\/\/api.w.org\/{rel}","templated":true}]}}