{"id":3946,"date":"2025-11-16T14:50:57","date_gmt":"2025-11-16T13:50:57","guid":{"rendered":"https:\/\/agora.xtec.cat\/seccio-institut-manlleu\/?page_id=3946"},"modified":"2026-09-03T09:56:39","modified_gmt":"2026-09-03T07:56:39","slug":"personal-curs-2026-2027","status":"publish","type":"page","link":"https:\/\/agora.xtec.cat\/seccio-institut-manlleu\/pagines-dinici\/linstitut\/personal-curs-2026-2027\/","title":{"rendered":"Personal docent, PAE i PAS"},"content":{"rendered":"\n<figure class=\"wp-block-table\"><table class=\"has-pale-cyan-blue-background-color has-background has-fixed-layout\"><tbody><tr><td><strong>PERSONAL DOCENT<\/strong><\/td><\/tr><\/tbody><\/table><\/figure>\n\n\n\n<figure class=\"wp-block-table\"><table class=\"has-fixed-layout\"><tbody><tr><td rowspan=\"3\"><strong>Llengua Catalana i literatura<\/strong><br><\/td><td>Rosa Regales Pou<\/td><\/tr><tr><td>Anna Roca Ferrer<\/td><\/tr><tr><td>T\u00e0nia Ricart Fajula<\/td><\/tr><tr><td rowspan=\"2\"><strong>Llengua Castellana i literatura<\/strong><\/td><td>Alba Mart\u00ednez Llimona<\/td><\/tr><tr><td>Emma Canals Mart\u00ednez<\/td><\/tr><tr><td rowspan=\"4\"><strong>Llengua estrangera: angl\u00e8s<\/strong><\/td><td>Maria Ferr\u00f3n Sol\u00e0<\/td><\/tr><tr><td>Laura Herranz Abelaira<\/td><\/tr><tr><td>Vanesa Fern\u00e0ndez Soria<\/td><\/tr><tr><td>N\u00faria Par\u00e9 Soldevila<\/td><\/tr><tr><td><strong>Llengua estrangera: franc\u00e8s<\/strong><\/td><td>Sandra Pallar\u00e8s Llao<\/td><\/tr><tr><td rowspan=\"2\"><strong>Aula d&#8217;acollida<\/strong><\/td><td>Ar\u00e0lia Codinachs Par\u00e9s<\/td><\/tr><tr><td>Arnau Oll\u00e9 Cuxart<\/td><\/tr><tr><td rowspan=\"3\"><strong>Geografia i hist\u00f2ria&nbsp;<\/strong><\/td><td>Trini Montero Blanco<\/td><\/tr><tr><td>Judit Freixer Picas<\/td><\/tr><tr><td>Laura Autonell Casals<\/td><\/tr><tr><td><strong>M\u00fasica<\/strong><\/td><td>Lourdes Rovira Serra<\/td><\/tr><tr><td><strong>Dibuix<\/strong><\/td><td>Mia Guiteres Oliva<\/td><\/tr><tr><td rowspan=\"2\"><strong>Educaci\u00f3 f\u00edsica<\/strong><\/td><td>Ivet Planas Lozano<\/td><\/tr><tr><td>Ra\u00fcl Casasas Aumatell<\/td><\/tr><tr><td rowspan=\"4\"><strong>Matem\u00e0tiques&nbsp; &nbsp;<\/strong><\/td><td>Victor Panyella Basso<\/td><\/tr><tr><td>Juncal Pujadas Dom\u00e8nech<\/td><\/tr><tr><td>T\u00e0nia Rodeja Ferrer<\/td><\/tr><tr><td>Isabel Armijo Cruz<\/td><\/tr><tr><td rowspan=\"3\"><strong>Tecnologia<\/strong><\/td><td>Pablo Ros Flores<\/td><\/tr><tr><td>Jordi Bonet Folgosa<\/td><\/tr><tr><td>Albert Plaza Carrasco<\/td><\/tr><tr><td rowspan=\"3\"><strong>Biologia i geologia<\/strong><\/td><td>Meritxell Banacolocha Campos<\/td><\/tr><tr><td>Assumpta Rovira Erra<\/td><\/tr><tr><td>Carla Pladevall&nbsp;<\/td><\/tr><tr><td><strong>F\u00edsica i qu\u00edmica&nbsp;<\/strong><\/td><td>Naroa de la Fuente Gonz\u00e0lez<\/td><\/tr><tr><td rowspan=\"3\"><strong>Orientaci\u00f3&nbsp; &nbsp; &nbsp;<\/strong><br><\/td><td>Rosa Pujol Famadas<\/td><\/tr><tr><td>Joaquim Jornet Ribera<\/td><\/tr><tr><td>Ariadna Ribera Boixeda<\/td><\/tr><tr><td rowspan=\"2\"><strong>SIEI<\/strong><\/td><td>Arantzazu Uria Fernandez<\/td><\/tr><tr><td>Ana M\u00e8rida Jim\u00e9nez<\/td><\/tr><\/tbody><\/table><\/figure>\n\n\n\n<figure class=\"wp-block-table\"><table class=\"has-light-green-cyan-background-color has-background has-fixed-layout\"><tbody><tr><td><strong>PERSONAL D&#8217;ATENCI\u00d3 EDUCATIVA (PAE)<\/strong><\/td><\/tr><\/tbody><\/table><\/figure>\n\n\n\n<figure class=\"wp-block-table\"><table class=\"has-fixed-layout\"><tbody><tr><td><strong><strong>T\u00e8cnica d\u2019integraci\u00f3 social<\/strong><\/strong><\/td><td>S\u00f3nia Hermoso<\/td><\/tr><tr><td><strong><strong>Educadora d\u2019educaci\u00f3 especial<\/strong><\/strong><\/td><td>Ana Romero Aguilera<\/td><\/tr><\/tbody><\/table><\/figure>\n\n\n\n<figure class=\"wp-block-table\"><table class=\"has-pale-pink-background-color has-background has-fixed-layout\"><tbody><tr><td><strong>PERSONAL D&#8217;ADMINISTRACI\u00d3 I SERVEIS (PAS)<\/strong><\/td><\/tr><\/tbody><\/table><\/figure>\n\n\n\n<figure class=\"wp-block-table\"><table class=\"has-fixed-layout\"><tbody><tr><td><strong>Conserge<\/strong><\/td><td>Imma Orejuela Ronda<\/td><\/tr><tr><td><strong>Administrativa<\/strong><\/td><td>Marta Sala Mart\u00ednez<\/td><\/tr><\/tbody><\/table><\/figure>\n","protected":false},"excerpt":{"rendered":"<p>PERSONAL DOCENT Llengua Catalana i literatura Rosa Regales Pou Anna Roca Ferrer T\u00e0nia Ricart Fajula Llengua Castellana i literatura Alba Mart\u00ednez Llimona Emma Canals Mart\u00ednez Llengua estrangera: angl\u00e8s Maria Ferr\u00f3n Sol\u00e0 Laura Herranz Abelaira Vanesa Fern\u00e0ndez Soria N\u00faria Par\u00e9 Soldevila Llengua estrangera: franc\u00e8s Sandra Pallar\u00e8s Llao Aula d&#8217;acollida Ar\u00e0lia Codinachs Par\u00e9s Arnau Oll\u00e9 Cuxart Geografia [&hellip;]<\/p>\n","protected":false},"author":1,"featured_media":0,"parent":19,"menu_order":0,"comment_status":"closed","ping_status":"closed","template":"","meta":{"_bbp_topic_count":0,"_bbp_reply_count":0,"_bbp_total_topic_count":0,"_bbp_total_reply_count":0,"_bbp_voice_count":0,"_bbp_anonymous_reply_count":0,"_bbp_topic_count_hidden":0,"_bbp_reply_count_hidden":0,"_bbp_forum_subforum_count":0,"site-sidebar-layout":"default","site-content-layout":"","ast-site-content-layout":"default","site-content-style":"default","site-sidebar-style":"default","ast-global-header-display":"","ast-banner-title-visibility":"","ast-main-header-display":"","ast-hfb-above-header-display":"","ast-hfb-below-header-display":"","ast-hfb-mobile-header-display":"","site-post-title":"","ast-breadcrumbs-content":"","ast-featured-img":"","footer-sml-layout":"","theme-transparent-header-meta":"default","adv-header-id-meta":"","stick-header-meta":"","header-above-stick-meta":"","header-main-stick-meta":"","header-below-stick-meta":"","astra-migrate-meta-layouts":"set","ast-page-background-enabled":"default","ast-page-background-meta":{"desktop":{"background-color":"var(--ast-global-color-4)","background-image":"","background-repeat":"repeat","background-position":"center center","background-size":"auto","background-attachment":"scroll","background-type":"","background-media":"","overlay-type":"","overlay-color":"","overlay-opacity":"","overlay-gradient":""},"tablet":{"background-color":"","background-image":"","background-repeat":"repeat","background-position":"center center","background-size":"auto","background-attachment":"scroll","background-type":"","background-media":"","overlay-type":"","overlay-color":"","overlay-opacity":"","overlay-gradient":""},"mobile":{"background-color":"","background-image":"","background-repeat":"repeat","background-position":"center center","background-size":"auto","background-attachment":"scroll","background-type":"","background-media":"","overlay-type":"","overlay-color":"","overlay-opacity":"","overlay-gradient":""}},"ast-content-background-meta":{"desktop":{"background-color":"var(--ast-global-color-5)","background-image":"","background-repeat":"repeat","background-position":"center center","background-size":"auto","background-attachment":"scroll","background-type":"","background-media":"","overlay-type":"","overlay-color":"","overlay-opacity":"","overlay-gradient":""},"tablet":{"background-color":"var(--ast-global-color-5)","background-image":"","background-repeat":"repeat","background-position":"center center","background-size":"auto","background-attachment":"scroll","background-type":"","background-media":"","overlay-type":"","overlay-color":"","overlay-opacity":"","overlay-gradient":""},"mobile":{"background-color":"var(--ast-global-color-5)","background-image":"","background-repeat":"repeat","background-position":"center center","background-size":"auto","background-attachment":"scroll","background-type":"","background-media":"","overlay-type":"","overlay-color":"","overlay-opacity":"","overlay-gradient":""}},"footnotes":""},"class_list":["post-3946","page","type-page","status-publish","hentry"],"post_mailing_queue_ids":[],"_links":{"self":[{"href":"https:\/\/agora.xtec.cat\/seccio-institut-manlleu\/wp-json\/wp\/v2\/pages\/3946","targetHints":{"allow":["GET"]}}],"collection":[{"href":"https:\/\/agora.xtec.cat\/seccio-institut-manlleu\/wp-json\/wp\/v2\/pages"}],"about":[{"href":"https:\/\/agora.xtec.cat\/seccio-institut-manlleu\/wp-json\/wp\/v2\/types\/page"}],"author":[{"embeddable":true,"href":"https:\/\/agora.xtec.cat\/seccio-institut-manlleu\/wp-json\/wp\/v2\/users\/1"}],"replies":[{"embeddable":true,"href":"https:\/\/agora.xtec.cat\/seccio-institut-manlleu\/wp-json\/wp\/v2\/comments?post=3946"}],"version-history":[{"count":6,"href":"https:\/\/agora.xtec.cat\/seccio-institut-manlleu\/wp-json\/wp\/v2\/pages\/3946\/revisions"}],"predecessor-version":[{"id":5649,"href":"https:\/\/agora.xtec.cat\/seccio-institut-manlleu\/wp-json\/wp\/v2\/pages\/3946\/revisions\/5649"}],"up":[{"embeddable":true,"href":"https:\/\/agora.xtec.cat\/seccio-institut-manlleu\/wp-json\/wp\/v2\/pages\/19"}],"wp:attachment":[{"href":"https:\/\/agora.xtec.cat\/seccio-institut-manlleu\/wp-json\/wp\/v2\/media?parent=3946"}],"curies":[{"name":"wp","href":"https:\/\/api.w.org\/{rel}","templated":true}]}}