{"id":3406,"date":"2025-07-25T13:56:24","date_gmt":"2025-07-25T11:56:24","guid":{"rendered":"https:\/\/agora.xtec.cat\/seccio-institut-manlleu\/?page_id=3406"},"modified":"2026-03-21T17:40:40","modified_gmt":"2026-03-21T16:40:40","slug":"4t-deso","status":"publish","type":"page","link":"https:\/\/agora.xtec.cat\/seccio-institut-manlleu\/pagines-dinici\/1r-eso\/4t-deso\/","title":{"rendered":"4t d&#8217;ESO"},"content":{"rendered":"<table style=\"width: 100%; border-collapse: collapse; border-color: #000000; border-style: solid;\">\n<tbody>\n<tr>\n<td style=\"width: 100%; border-color: #000000; border-style: solid; background-color: #defeff;\"><strong>Informacions generals\u00a0<\/strong><\/td>\n<\/tr>\n<\/tbody>\n<\/table>\n<p><strong><a href=\"https:\/\/agora.xtec.cat\/seccio-institut-manlleu\/wp-content\/uploads\/usu1224\/2025\/09\/Guia-de-lestudiant-4t-ESO.pdf\">Guia de l&#8217;estudiant 4t ESO<\/a><\/strong><\/p>\n<table style=\"width: 100%; border-collapse: collapse; border-color: #000000; border-style: solid; height: 16px;\">\n<tbody>\n<tr style=\"height: 16px;\">\n<td style=\"width: 100%; border-color: #000000; border-style: solid; background-color: #5cff4a; height: 16px;\"><strong>Professorat 4t d&#8217;ESO\u00a0<\/strong><\/td>\n<\/tr>\n<\/tbody>\n<\/table>\n<h6 style=\"text-align: center;\"><\/h6>\n<table style=\"height: 1194px; width: 91.0932%; border-collapse: collapse; border-color: #000000; border-style: solid;\">\n<tbody>\n<tr style=\"height: 52px;\">\n<td style=\"width: 45.2015%; height: 127px; border-color: #000000; border-style: solid; background-color: #f0f0f0; text-align: center;\" rowspan=\"4\"><strong>Tutoria<\/strong><strong><br \/>\n<\/strong><\/td>\n<td style=\"width: 57.3547%; height: 32px; border-color: #000000; border-style: solid; text-align: center;\">S\u00edlvia Quesada Pallar\u00e8s (4tA)<\/td>\n<\/tr>\n<tr style=\"height: 49px;\">\n<td style=\"width: 57.3547%; border-color: #000000; border-style: solid; height: 35px; text-align: center;\">Ivet Planas Lozano (4tB) <strong>(coordinadora)<\/strong><\/td>\n<\/tr>\n<tr style=\"height: 69px;\">\n<td style=\"width: 57.3547%; border-color: #000000; border-style: solid; height: 33px; text-align: center;\">Alba Mart\u00ednez Llimona\u00a0 (4tC)<\/td>\n<\/tr>\n<tr style=\"height: 27px;\">\n<td style=\"width: 57.3547%; border-color: #000000; border-style: solid; height: 27px; text-align: center;\">Mireia Brunet Guix (4tD)<\/td>\n<\/tr>\n<tr style=\"height: 52px;\">\n<td style=\"width: 45.2015%; height: 10px; border-color: #000000; border-style: solid; background-color: #f0f0f0; text-align: center;\"><strong>Llengua catalana i literatura<\/strong><\/td>\n<td style=\"width: 57.3547%; height: 10px; border-color: #000000; border-style: solid; text-align: center;\"><span style=\"font-weight: 400;\">Laia Pujol Serra\u00a0<\/span><\/td>\n<\/tr>\n<tr style=\"height: 52px;\">\n<td style=\"width: 45.2015%; height: 52px; border-color: #000000; border-style: solid; background-color: #f0f0f0; text-align: center;\"><strong>Llengua castellana i literatura<\/strong><\/td>\n<td style=\"width: 57.3547%; height: 52px; border-color: #000000; border-style: solid; text-align: center;\">Alba Mart\u00ednez Llimona<\/td>\n<\/tr>\n<tr style=\"height: 52px;\">\n<td style=\"width: 45.2015%; height: 52px; border-color: #000000; border-style: solid; background-color: #f0f0f0; text-align: center;\"><strong>Llengua estrangera: angl\u00e8s<\/strong><\/td>\n<td style=\"width: 57.3547%; height: 52px; border-color: #000000; border-style: solid; text-align: center;\"><span style=\"font-weight: 400;\">Laura Herranz Abelaira (Marc Brachs Rib\u00e9)<\/span><\/td>\n<\/tr>\n<tr style=\"height: 52px;\">\n<td style=\"width: 45.2015%; height: 45px; border-color: #000000; border-style: solid; background-color: #f0f0f0; text-align: center;\"><strong>Ci\u00e8ncies socials<\/strong><\/td>\n<td style=\"width: 57.3547%; height: 45px; border-color: #000000; border-style: solid; text-align: center;\">Laura Autonell Casals<\/td>\n<\/tr>\n<tr style=\"height: 52px;\">\n<td style=\"width: 45.2015%; height: 10px; border-color: #000000; border-style: solid; background-color: #f0f0f0; text-align: center;\"><strong>Matem\u00e0tiques<\/strong><\/td>\n<td style=\"width: 57.3547%; height: 10px; border-color: #000000; border-style: solid; text-align: center;\">Juncal Pujadas Dom\u00e8nech (4tC) Mireia Brunet Guix (4tB i 4tD<\/td>\n<\/tr>\n<tr style=\"height: 52px;\">\n<td style=\"width: 45.2015%; height: 52px; border-color: #000000; border-style: solid; background-color: #f0f0f0; text-align: center;\"><strong>Educaci\u00f3 f\u00edsica<\/strong><\/td>\n<td style=\"width: 57.3547%; height: 52px; border-color: #000000; border-style: solid; text-align: center;\">Ivet Planas Lozano<\/td>\n<\/tr>\n<tr style=\"height: 52px;\">\n<td style=\"width: 45.2015%; border-color: #000000; border-style: solid; background-color: #f0f0f0; height: 52px; text-align: center;\"><strong>Educaci\u00f3 en valors c\u00edvics i \u00e8tics<\/strong><\/td>\n<td style=\"width: 57.3547%; border-color: #000000; border-style: solid; height: 52px; text-align: center;\">S\u00edlvia Quesada Pallar\u00e8s (4tA) Rosa Pujol Famadas (4tB, 4tC i 4tD)<\/td>\n<\/tr>\n<tr style=\"height: 52px;\">\n<td style=\"width: 45.2015%; height: 52px; border-color: #000000; border-style: solid; background-color: #f0f0f0; text-align: center;\"><strong>Optativa segona llengua estrangera: franc\u00e8s<\/strong><\/td>\n<td style=\"width: 57.3547%; height: 52px; border-color: #000000; border-style: solid; text-align: center;\">Cristina Cunill Vilalta<\/td>\n<\/tr>\n<tr style=\"height: 52px;\">\n<td style=\"width: 45.2015%; height: 52px; border-color: #000000; border-style: solid; background-color: #f0f0f0; text-align: center;\"><strong>Optativa de llat\u00ed<\/strong><\/td>\n<td style=\"width: 57.3547%; height: 52px; border-color: #000000; border-style: solid; text-align: center;\">Trini Montero Blanco<\/td>\n<\/tr>\n<tr style=\"height: 52px;\">\n<td style=\"width: 45.2015%; height: 52px; border-color: #000000; border-style: solid; background-color: #f0f0f0; text-align: center;\"><strong>Optativa de f\u00edsica i Qu\u00edmica<\/strong><\/td>\n<td style=\"width: 57.3547%; height: 52px; border-color: #000000; border-style: solid; text-align: center;\"><span style=\"font-weight: 400;\">Naroa de la Fuente Gonz\u00e0lez<\/span><\/td>\n<\/tr>\n<tr style=\"height: 52px;\">\n<td style=\"width: 45.2015%; border-color: #000000; border-style: solid; background-color: #f0f0f0; height: 52px; text-align: center;\"><strong>Optativa de cultura cient\u00edfica<\/strong><\/td>\n<td style=\"width: 57.3547%; border-color: #000000; border-style: solid; height: 52px; text-align: center;\">Txell Banacolocha Banacolocha<\/td>\n<\/tr>\n<tr style=\"height: 52px;\">\n<td style=\"width: 45.2015%; border-color: #000000; border-style: solid; background-color: #f0f0f0; height: 53px; text-align: center;\"><strong>Optativa digitalitzaci\u00f3<\/strong><\/td>\n<td style=\"width: 57.3547%; border-color: #000000; border-style: solid; height: 53px; text-align: center;\">Joan Ram\u00f3n Ru\u00edz Ram\u00edrez, T\u00e0nia Rodeja Ferrer<\/td>\n<\/tr>\n<tr style=\"height: 52px;\">\n<td style=\"width: 45.2015%; border-color: #000000; border-style: solid; background-color: #f0f0f0; height: 52px; text-align: center;\"><strong>Optativa economia b\u00e0sica<\/strong><\/td>\n<td style=\"width: 57.3547%; border-color: #000000; border-style: solid; height: 52px; text-align: center;\">Trini Montero Blanco<\/td>\n<\/tr>\n<tr style=\"height: 52px;\">\n<td style=\"width: 45.2015%; border-color: #000000; border-style: solid; background-color: #f0f0f0; height: 52px; text-align: center;\"><strong>Optativa biologia i geologia<\/strong><\/td>\n<td style=\"width: 57.3547%; border-color: #000000; border-style: solid; height: 52px; text-align: center;\">Assumpta Rovira Erra<\/td>\n<\/tr>\n<tr style=\"height: 52px;\">\n<td style=\"width: 45.2015%; border-color: #000000; border-style: solid; background-color: #f0f0f0; height: 52px; text-align: center;\"><strong>Optativa m\u00fasica<\/strong><\/td>\n<td style=\"width: 57.3547%; border-color: #000000; border-style: solid; height: 52px; text-align: center;\">Lourdes Rovira Serra<\/td>\n<\/tr>\n<tr style=\"height: 52px;\">\n<td style=\"width: 45.2015%; border-color: #000000; border-style: solid; background-color: #f0f0f0; height: 52px; text-align: center;\"><strong>Optativa tecnologia<\/strong><\/td>\n<td style=\"width: 57.3547%; border-color: #000000; border-style: solid; height: 52px; text-align: center;\">Joan Ram\u00f3n Ru\u00edz Ram\u00edrez<\/td>\n<\/tr>\n<tr style=\"height: 52px;\">\n<td style=\"width: 45.2015%; border-color: #000000; border-style: solid; background-color: #f0f0f0; height: 52px; text-align: center;\"><strong>Optativa expressi\u00f3 art\u00edstica<\/strong><\/td>\n<td style=\"width: 57.3547%; border-color: #000000; border-style: solid; height: 52px; text-align: center;\">Mia Guiteres Oliva<\/td>\n<\/tr>\n<tr style=\"height: 52px;\">\n<td style=\"width: 45.2015%; border-color: #000000; border-style: solid; background-color: #f0f0f0; height: 52px; text-align: center;\"><strong>Optativa emprenedoria<\/strong><\/td>\n<td style=\"width: 57.3547%; border-color: #000000; border-style: solid; height: 52px; text-align: center;\">Judit Freixer Picas<\/td>\n<\/tr>\n<tr style=\"height: 52px;\">\n<td style=\"width: 45.2015%; border-color: #000000; border-style: solid; background-color: #f0f0f0; height: 52px; text-align: center;\"><strong>Optativa lleng\u00fces<\/strong><\/td>\n<td style=\"width: 57.3547%; border-color: #000000; border-style: solid; height: 52px; text-align: center;\">Cristina Cunill Vilalta<\/td>\n<\/tr>\n<tr style=\"height: 51px;\">\n<td style=\"width: 45.2015%; border-color: #000000; border-style: solid; background-color: #f0f0f0; height: 51px; text-align: center;\"><strong>Optativa matem\u00e0tiques<\/strong><\/td>\n<td style=\"width: 57.3547%; border-color: #000000; border-style: solid; height: 51px; text-align: center;\">Juncal Pujadas Dom\u00e8nech<\/td>\n<\/tr>\n<tr style=\"height: 52px;\">\n<td style=\"width: 45.2015%; border-color: #000000; border-style: solid; background-color: #f0f0f0; height: 37px; text-align: center;\"><strong>Projecte futur<\/strong><\/td>\n<td style=\"width: 57.3547%; border-color: #000000; border-style: solid; height: 37px; text-align: center;\">Jos\u00e9 Santos Gonz\u00e0lez , Ariadna Ribera, S\u00edlvia Quesada<\/td>\n<\/tr>\n<tr style=\"height: 59px;\">\n<td style=\"width: 45.2015%; border-color: #000000; border-style: solid; background-color: #f0f0f0; height: 42px; text-align: center;\"><strong>\u00c0mbit ling\u00fc\u00edstic i social (4t A)<\/strong><\/td>\n<td style=\"width: 57.3547%; border-color: #000000; border-style: solid; height: 42px; text-align: center;\"><span style=\"font-weight: 400;\">Laia Pujol Serra<\/span><span style=\"font-weight: 400;\">,<\/span>\u00a0Rosa Pujol Famadas<\/td>\n<\/tr>\n<tr style=\"height: 68px;\">\n<td style=\"width: 45.2015%; border-color: #000000; border-style: solid; background-color: #f0f0f0; height: 29px; text-align: center;\"><strong>\u00c0mbit matem\u00e0tic, tecnol\u00f2gic i cient\u00edfic (4t A)<\/strong><\/td>\n<td style=\"width: 57.3547%; border-color: #000000; border-style: solid; height: 29px; text-align: center;\">T\u00e0nia Rodeja Ferrer, Pablo Ros Flores<\/td>\n<\/tr>\n<tr style=\"height: 52px;\">\n<td style=\"width: 45.2015%; border-color: #000000; border-style: solid; background-color: #f0f0f0; height: 10px; text-align: center;\"><strong>Aula d&#8217;acollida<\/strong><\/td>\n<td style=\"width: 57.3547%; border-color: #000000; border-style: solid; height: 10px; text-align: center;\"><span style=\"font-weight: 400;\">Arnau Oll\u00e9 Cuxart i Sergi Herreros (\u00d2scar Murin)<\/span><\/td>\n<\/tr>\n<\/tbody>\n<\/table>\n","protected":false},"excerpt":{"rendered":"<p>Informacions generals\u00a0 Guia de l&#8217;estudiant 4t ESO Professorat 4t d&#8217;ESO\u00a0 Tutoria S\u00edlvia Quesada Pallar\u00e8s (4tA) Ivet Planas Lozano (4tB) (coordinadora) Alba Mart\u00ednez Llimona\u00a0 (4tC) Mireia Brunet Guix (4tD) Llengua catalana i literatura Laia Pujol Serra\u00a0 Llengua castellana i literatura Alba Mart\u00ednez Llimona Llengua estrangera: angl\u00e8s Laura Herranz Abelaira (Marc Brachs Rib\u00e9) Ci\u00e8ncies socials Laura Autonell [&hellip;]<\/p>\n","protected":false},"author":1,"featured_media":0,"parent":2808,"menu_order":1,"comment_status":"closed","ping_status":"closed","template":"","meta":{"_bbp_topic_count":0,"_bbp_reply_count":0,"_bbp_total_topic_count":0,"_bbp_total_reply_count":0,"_bbp_voice_count":0,"_bbp_anonymous_reply_count":0,"_bbp_topic_count_hidden":0,"_bbp_reply_count_hidden":0,"_bbp_forum_subforum_count":0,"site-sidebar-layout":"default","site-content-layout":"","ast-site-content-layout":"default","site-content-style":"default","site-sidebar-style":"default","ast-global-header-display":"","ast-banner-title-visibility":"","ast-main-header-display":"","ast-hfb-above-header-display":"","ast-hfb-below-header-display":"","ast-hfb-mobile-header-display":"","site-post-title":"","ast-breadcrumbs-content":"","ast-featured-img":"","footer-sml-layout":"","theme-transparent-header-meta":"default","adv-header-id-meta":"","stick-header-meta":"","header-above-stick-meta":"","header-main-stick-meta":"","header-below-stick-meta":"","astra-migrate-meta-layouts":"set","ast-page-background-enabled":"default","ast-page-background-meta":{"desktop":{"background-color":"var(--ast-global-color-4)","background-image":"","background-repeat":"repeat","background-position":"center center","background-size":"auto","background-attachment":"scroll","background-type":"","background-media":"","overlay-type":"","overlay-color":"","overlay-opacity":"","overlay-gradient":""},"tablet":{"background-color":"","background-image":"","background-repeat":"repeat","background-position":"center center","background-size":"auto","background-attachment":"scroll","background-type":"","background-media":"","overlay-type":"","overlay-color":"","overlay-opacity":"","overlay-gradient":""},"mobile":{"background-color":"","background-image":"","background-repeat":"repeat","background-position":"center center","background-size":"auto","background-attachment":"scroll","background-type":"","background-media":"","overlay-type":"","overlay-color":"","overlay-opacity":"","overlay-gradient":""}},"ast-content-background-meta":{"desktop":{"background-color":"var(--ast-global-color-5)","background-image":"","background-repeat":"repeat","background-position":"center center","background-size":"auto","background-attachment":"scroll","background-type":"","background-media":"","overlay-type":"","overlay-color":"","overlay-opacity":"","overlay-gradient":""},"tablet":{"background-color":"var(--ast-global-color-5)","background-image":"","background-repeat":"repeat","background-position":"center center","background-size":"auto","background-attachment":"scroll","background-type":"","background-media":"","overlay-type":"","overlay-color":"","overlay-opacity":"","overlay-gradient":""},"mobile":{"background-color":"var(--ast-global-color-5)","background-image":"","background-repeat":"repeat","background-position":"center center","background-size":"auto","background-attachment":"scroll","background-type":"","background-media":"","overlay-type":"","overlay-color":"","overlay-opacity":"","overlay-gradient":""}},"footnotes":""},"class_list":["post-3406","page","type-page","status-publish","hentry"],"post_mailing_queue_ids":[],"_links":{"self":[{"href":"https:\/\/agora.xtec.cat\/seccio-institut-manlleu\/wp-json\/wp\/v2\/pages\/3406","targetHints":{"allow":["GET"]}}],"collection":[{"href":"https:\/\/agora.xtec.cat\/seccio-institut-manlleu\/wp-json\/wp\/v2\/pages"}],"about":[{"href":"https:\/\/agora.xtec.cat\/seccio-institut-manlleu\/wp-json\/wp\/v2\/types\/page"}],"author":[{"embeddable":true,"href":"https:\/\/agora.xtec.cat\/seccio-institut-manlleu\/wp-json\/wp\/v2\/users\/1"}],"replies":[{"embeddable":true,"href":"https:\/\/agora.xtec.cat\/seccio-institut-manlleu\/wp-json\/wp\/v2\/comments?post=3406"}],"version-history":[{"count":6,"href":"https:\/\/agora.xtec.cat\/seccio-institut-manlleu\/wp-json\/wp\/v2\/pages\/3406\/revisions"}],"predecessor-version":[{"id":4889,"href":"https:\/\/agora.xtec.cat\/seccio-institut-manlleu\/wp-json\/wp\/v2\/pages\/3406\/revisions\/4889"}],"up":[{"embeddable":true,"href":"https:\/\/agora.xtec.cat\/seccio-institut-manlleu\/wp-json\/wp\/v2\/pages\/2808"}],"wp:attachment":[{"href":"https:\/\/agora.xtec.cat\/seccio-institut-manlleu\/wp-json\/wp\/v2\/media?parent=3406"}],"curies":[{"name":"wp","href":"https:\/\/api.w.org\/{rel}","templated":true}]}}