{"id":655,"date":"2022-04-29T19:01:41","date_gmt":"2022-04-29T17:01:41","guid":{"rendered":"https:\/\/agora.xtec.cat\/llinfantslaflorida\/?page_id=655"},"modified":"2025-10-21T20:25:34","modified_gmt":"2025-10-21T18:25:34","slug":"normes-de-funcionament-del-centre","status":"publish","type":"page","link":"https:\/\/agora.xtec.cat\/llinfantslaflorida\/lescola-2\/normes-de-funcionament-del-centre\/","title":{"rendered":"Normes"},"content":{"rendered":"<p>&nbsp;<\/p>\n<p>En els documents que trobareu a continuaci\u00f3 es desenvolupa la normativa del centre, aix\u00ed com la normativa referent a la salut dels infants, i els criteris de no assist\u00e8ncia al centre.<\/p>\n<ul>\n<li style=\"list-style-type: none;\">\n<ul>\n<li aria-level=\"3\"><strong>ESTIMADES FAM\u00cdLIES<\/strong>: Normativa de Centre durant l\u2019estada a la llar. Aquest \u00e9s un document de centre anomenat <em style=\"font-family: inherit; font-size: 1em;\">Benvingudes Fam\u00edlies<\/em><span style=\"font-family: inherit; font-size: 1em;\">, que t\u00e9 com a objectiu informar-vos sobre el funcionament de la Llar d\u2019Infants La Florida i establir els punts principals per garantir una bona conviv\u00e8ncia i desenvolupament dels infants. A continuaci\u00f3, trobareu els aspectes m\u00e9s rellevants:<\/span><\/li>\n<\/ul>\n<\/li>\n<\/ul>\n<p><a href=\"https:\/\/docs.google.com\/document\/d\/1fLA_GxBqa3jn-q4z397_1xZ_oY5b5ocT\/edit?usp=drivesdk&amp;ouid=104190523810880315557&amp;rtpof=true&amp;sd=true\">Estimades fam\u00edlies<\/a><\/p>\n<ul>\n<li style=\"text-align: left;\"><strong>La Fam\u00edlia i la seva Import\u00e0ncia: <\/strong>La fam\u00edlia \u00e9s el primer referent educatiu i el seu suport emocional i estimulant \u00e9s essencial per al desenvolupament dels infants. La col\u00b7laboraci\u00f3 entre la fam\u00edlia i l\u2019escola \u00e9s clau per aconseguir els millors resultats educatius.<\/li>\n<\/ul>\n<p>&nbsp;<\/p>\n<ul>\n<li style=\"text-align: left;\"><strong>Drets i Deures de les Fam\u00edlies: <\/strong>Les fam\u00edlies tenen el dret d\u2019obtenir informaci\u00f3 sobre el desenvolupament dels seus fills\/es i de ser tractats amb respecte. A la vegada, tenen l\u2019obligaci\u00f3 de respectar els altres membres de la comunitat educativa i seguir les normes del centre, com ara assistir a les reunions i vetllar per la higiene i salut dels infants.<\/li>\n<\/ul>\n<p>&nbsp;<\/p>\n<ul>\n<li style=\"text-align: left;\"><strong>Objectius Educatius: <\/strong>Els nostres objectius s\u00f3n fomentar la conviv\u00e8ncia, l\u2019autonomia, el respecte als altres, i el coneixement del seu entorn. Treballem per afavorir la creativitat, la iniciativa i el desenvolupament personal dels infants a trav\u00e9s del joc i l\u2019experimentaci\u00f3.<\/li>\n<\/ul>\n<p>&nbsp;<\/p>\n<ul>\n<li style=\"text-align: left;\"><strong>Adaptaci\u00f3 al Centre: <\/strong>L\u2019adaptaci\u00f3 al centre \u00e9s un proc\u00e9s personalitzat i progressiu. Es realitza amb la col\u00b7laboraci\u00f3 de les fam\u00edlies, garantint que els infants se sentin segurs i c\u00f2modes en el nou entorn. \u00c9s important no for\u00e7ar aquest proc\u00e9s i respectar els ritmes individuals de cada nen\/a.<\/li>\n<\/ul>\n<p>&nbsp;<\/p>\n<ul>\n<li style=\"text-align: left;\"><strong>Horaris i Calendari: <\/strong>El centre est\u00e0 obert de dilluns a divendres de 9:00 a 17:00 hores, amb ajustos durant el per\u00edode d\u2019adaptaci\u00f3 i les vacances escolars. Les fam\u00edlies han de respectar els horaris d\u2019entrada i sortida per facilitar el bon funcionament de la llar.<\/li>\n<\/ul>\n<p>&nbsp;<\/p>\n<ul>\n<li style=\"text-align: left;\"><strong>Normes i Material Necessari: <\/strong>Els infants han de portar roba c\u00f2moda i marcada amb el seu nom, aix\u00ed com material d\u2019higiene personal i per dormir. Les fam\u00edlies han de garantir que els infants portin tot el necessari cada dia i estar atents a les indicacions de l\u2019equip educatiu.<\/li>\n<\/ul>\n<p>&nbsp;<\/p>\n<ul>\n<li style=\"text-align: left;\"><strong>SALUT<\/strong>: <span class=\"_fadeIn_m1hgl_8\">A <\/span><span class=\"_fadeIn_m1hgl_8\">la <\/span><span class=\"_fadeIn_m1hgl_8\">Llar <\/span><span class=\"_fadeIn_m1hgl_8\">d&#8217;Infants <\/span><span class=\"_fadeIn_m1hgl_8\">La <\/span><span class=\"_fadeIn_m1hgl_8\">Florida, <\/span><span class=\"_fadeIn_m1hgl_8\">la <\/span><span class=\"_fadeIn_m1hgl_8\">salut <\/span><span class=\"_fadeIn_m1hgl_8\">i <\/span><span class=\"_fadeIn_m1hgl_8\">el <\/span><span class=\"_fadeIn_m1hgl_8\">benestar <\/span><span class=\"_fadeIn_m1hgl_8\">dels <\/span><span class=\"_fadeIn_m1hgl_8\">infants <\/span><span class=\"_fadeIn_m1hgl_8\">\u00e9s <\/span><span class=\"_fadeIn_m1hgl_8\">una <\/span><span class=\"_fadeIn_m1hgl_8\">prioritat. <\/span><span class=\"_fadeIn_m1hgl_8\">Per <\/span><span class=\"_fadeIn_m1hgl_8\">aix\u00f2, <\/span><span class=\"_fadeIn_m1hgl_8\">s\u2019estableixen <\/span><span class=\"_fadeIn_m1hgl_8\">unes <\/span><span class=\"_fadeIn_m1hgl_8\">normes <\/span><span class=\"_fadeIn_m1hgl_8\">espec\u00edfiques <\/span><span class=\"_fadeIn_m1hgl_8\">per <\/span><span class=\"_fadeIn_m1hgl_8\">garantir <\/span><span class=\"_fadeIn_m1hgl_8\">una <\/span><span class=\"_fadeIn_m1hgl_8\">bona <\/span><span class=\"_fadeIn_m1hgl_8\">salut <\/span><span class=\"_fadeIn_m1hgl_8\">durant <\/span><span class=\"_fadeIn_m1hgl_8\">l\u2019estada <\/span><span class=\"_fadeIn_m1hgl_8\">a <\/span><span class=\"_fadeIn_m1hgl_8\">la <\/span><span class=\"_fadeIn_m1hgl_8\">llar <\/span><span class=\"_fadeIn_m1hgl_8\">i <\/span><span class=\"_fadeIn_m1hgl_8\">per <\/span><span class=\"_fadeIn_m1hgl_8\">gestionar <\/span><span class=\"_fadeIn_m1hgl_8\">qualsevol <\/span><span class=\"_fadeIn_m1hgl_8\">situaci\u00f3 <\/span><span class=\"_fadeIn_m1hgl_8\">relacionada <\/span><span class=\"_fadeIn_m1hgl_8\">amb <\/span><span class=\"_fadeIn_m1hgl_8\">malalties <\/span><span class=\"_fadeIn_m1hgl_8\">o <\/span><span class=\"_fadeIn_m1hgl_8\">problemes <\/span><span class=\"_fadeIn_m1hgl_8\">de <\/span><span class=\"_fadeIn_m1hgl_8\">salut. <\/span><\/li>\n<li style=\"list-style-type: none;\"><\/li>\n<\/ul>\n<p><a href=\"https:\/\/agora.xtec.cat\/llinfantslaflorida\/wp-content\/uploads\/usu2269\/2022\/07\/Salut-Criteris-de-no-assistencia-al-centre.pdf\">Criteris de no assist\u00e8ncia al centre<\/a><\/p>\n<ul>\n<li style=\"list-style-type: none;\"><\/li>\n<\/ul>\n<p>&nbsp;<\/p>\n","protected":false},"excerpt":{"rendered":"<p>&nbsp; En els documents que trobareu a continuaci\u00f3 es desenvolupa la normativa del centre, aix\u00ed com la normativa referent a la salut dels infants, i els criteris de no assist\u00e8ncia al centre. ESTIMADES FAM\u00cdLIES: Normativa de Centre durant l\u2019estada a la llar. Aquest \u00e9s un document de centre anomenat Benvingudes Fam\u00edlies, que t\u00e9 com a [&hellip;]<\/p>\n","protected":false},"author":1,"featured_media":0,"parent":648,"menu_order":30,"comment_status":"closed","ping_status":"closed","template":"page-templates\/side-menu.php","meta":{"_bbp_topic_count":0,"_bbp_reply_count":0,"_bbp_total_topic_count":0,"_bbp_total_reply_count":0,"_bbp_voice_count":0,"_bbp_anonymous_reply_count":0,"_bbp_topic_count_hidden":0,"_bbp_reply_count_hidden":0,"_bbp_forum_subforum_count":0,"site-sidebar-layout":"default","site-content-layout":"","ast-site-content-layout":"","site-content-style":"default","site-sidebar-style":"default","ast-global-header-display":"","ast-banner-title-visibility":"","ast-main-header-display":"","ast-hfb-above-header-display":"","ast-hfb-below-header-display":"","ast-hfb-mobile-header-display":"","site-post-title":"","ast-breadcrumbs-content":"","ast-featured-img":"","footer-sml-layout":"","theme-transparent-header-meta":"","adv-header-id-meta":"","stick-header-meta":"","header-above-stick-meta":"","header-main-stick-meta":"","header-below-stick-meta":"","astra-migrate-meta-layouts":"default","ast-page-background-enabled":"default","ast-page-background-meta":{"desktop":{"background-color":"var(--ast-global-color-4)","background-image":"","background-repeat":"repeat","background-position":"center center","background-size":"auto","background-attachment":"scroll","background-type":"","background-media":"","overlay-type":"","overlay-color":"","overlay-opacity":"","overlay-gradient":""},"tablet":{"background-color":"","background-image":"","background-repeat":"repeat","background-position":"center center","background-size":"auto","background-attachment":"scroll","background-type":"","background-media":"","overlay-type":"","overlay-color":"","overlay-opacity":"","overlay-gradient":""},"mobile":{"background-color":"","background-image":"","background-repeat":"repeat","background-position":"center center","background-size":"auto","background-attachment":"scroll","background-type":"","background-media":"","overlay-type":"","overlay-color":"","overlay-opacity":"","overlay-gradient":""}},"ast-content-background-meta":{"desktop":{"background-color":"var(--ast-global-color-5)","background-image":"","background-repeat":"repeat","background-position":"center center","background-size":"auto","background-attachment":"scroll","background-type":"","background-media":"","overlay-type":"","overlay-color":"","overlay-opacity":"","overlay-gradient":""},"tablet":{"background-color":"var(--ast-global-color-5)","background-image":"","background-repeat":"repeat","background-position":"center center","background-size":"auto","background-attachment":"scroll","background-type":"","background-media":"","overlay-type":"","overlay-color":"","overlay-opacity":"","overlay-gradient":""},"mobile":{"background-color":"var(--ast-global-color-5)","background-image":"","background-repeat":"repeat","background-position":"center center","background-size":"auto","background-attachment":"scroll","background-type":"","background-media":"","overlay-type":"","overlay-color":"","overlay-opacity":"","overlay-gradient":""}},"footnotes":""},"class_list":["post-655","page","type-page","status-publish","hentry"],"post_mailing_queue_ids":[],"_links":{"self":[{"href":"https:\/\/agora.xtec.cat\/llinfantslaflorida\/wp-json\/wp\/v2\/pages\/655","targetHints":{"allow":["GET"]}}],"collection":[{"href":"https:\/\/agora.xtec.cat\/llinfantslaflorida\/wp-json\/wp\/v2\/pages"}],"about":[{"href":"https:\/\/agora.xtec.cat\/llinfantslaflorida\/wp-json\/wp\/v2\/types\/page"}],"author":[{"embeddable":true,"href":"https:\/\/agora.xtec.cat\/llinfantslaflorida\/wp-json\/wp\/v2\/users\/1"}],"replies":[{"embeddable":true,"href":"https:\/\/agora.xtec.cat\/llinfantslaflorida\/wp-json\/wp\/v2\/comments?post=655"}],"version-history":[{"count":6,"href":"https:\/\/agora.xtec.cat\/llinfantslaflorida\/wp-json\/wp\/v2\/pages\/655\/revisions"}],"predecessor-version":[{"id":1548,"href":"https:\/\/agora.xtec.cat\/llinfantslaflorida\/wp-json\/wp\/v2\/pages\/655\/revisions\/1548"}],"up":[{"embeddable":true,"href":"https:\/\/agora.xtec.cat\/llinfantslaflorida\/wp-json\/wp\/v2\/pages\/648"}],"wp:attachment":[{"href":"https:\/\/agora.xtec.cat\/llinfantslaflorida\/wp-json\/wp\/v2\/media?parent=655"}],"curies":[{"name":"wp","href":"https:\/\/api.w.org\/{rel}","templated":true}]}}