{"id":1587,"date":"2025-10-28T14:20:36","date_gmt":"2025-10-28T13:20:36","guid":{"rendered":"https:\/\/agora.xtec.cat\/llinfantslaflorida\/?page_id=1587"},"modified":"2025-12-08T20:35:55","modified_gmt":"2025-12-08T19:35:55","slug":"adaptacio","status":"publish","type":"page","link":"https:\/\/agora.xtec.cat\/llinfantslaflorida\/adaptacio\/","title":{"rendered":"Adaptaci\u00f3"},"content":{"rendered":"<p><span style=\"font-family: inherit; font-size: 1em;\">El per\u00edode d&#8217;adaptaci\u00f3 marca la <\/span>primera gran separaci\u00f3<span style=\"font-family: inherit; font-size: 1em;\"> de l\u2019infant del seu entorn familiar. \u00c9s un proc\u00e9s vital que implica integrar-se en noves din\u00e0miques i situacions:<\/span><\/p>\n<div id=\"model-response-message-contentr_c2ddc7c6241307f0\" class=\"markdown markdown-main-panel enable-updated-hr-color\" dir=\"ltr\" aria-live=\"polite\" aria-busy=\"false\">\n<ul data-path-to-node=\"5\">\n<li>\n<p data-path-to-node=\"5,0,0\">Familiaritzar-se amb un nou espai.<\/p>\n<\/li>\n<li>\n<p data-path-to-node=\"5,1,0\">Establir noves relacions amb adults.<\/p>\n<\/li>\n<li>\n<p data-path-to-node=\"5,2,0\">Con\u00e8ixer i acceptar nous companys\/es.<\/p>\n<\/li>\n<li>\n<p data-path-to-node=\"5,3,0\">Aprendre a conviure, relacionar-se i compartir l\u2019atenci\u00f3 de l\u2019educadora.<\/p>\n<\/li>\n<\/ul>\n<p><strong>Un proc\u00e9s compartit<\/strong><\/p>\n<\/div>\n<div id=\"model-response-message-contentr_c2ddc7c6241307f0\" class=\"markdown markdown-main-panel enable-updated-hr-color\" dir=\"ltr\" aria-live=\"polite\" aria-busy=\"false\">\n<p data-path-to-node=\"9\">\u00c9s important entendre que l&#8217;adaptaci\u00f3 no \u00e9s nom\u00e9s de l&#8217;infant, sin\u00f3 que \u00e9s un proc\u00e9s que implica a tots els membres de la comunitat educativa:<\/p>\n<ul data-path-to-node=\"10\">\n<li>\n<p data-path-to-node=\"10,0,0\"><b>L\u2019Infant:<\/b> Ha d\u2019integrar-se en un nou ambient.<\/p>\n<\/li>\n<li>\n<p data-path-to-node=\"10,1,0\"><b>Les Fam\u00edlies:<\/b> Viuen la separaci\u00f3 del fill\/a, l&#8217;aparici\u00f3 de noves figures afectives i canvis en l&#8217;organitzaci\u00f3 familiar.<\/p>\n<\/li>\n<li>\n<p data-path-to-node=\"10,2,0\"><b>Les Educadores:<\/b> Ajusten el ritme i l&#8217;acompanyament a les necessitats de cada grup i infant.<\/p>\n<\/li>\n<\/ul>\n<p><strong>Manifestacions durant l&#8217;Adaptaci\u00f3<\/strong><\/p>\n<p data-path-to-node=\"12\">Durant aquest per\u00edode, poden apar\u00e8ixer diverses reaccions en els infants. No us espanteu, s\u00f3n respostes absolutament previsibles i fins i tot positives, ja que la criatura est\u00e0 expressant all\u00f2 que sent:<\/p>\n<ul data-path-to-node=\"13\">\n<li>\n<p data-path-to-node=\"13,0,0\">Plor i tristor, o agitaci\u00f3 i nerviosisme.<\/p>\n<\/li>\n<li>\n<p data-path-to-node=\"13,1,0\">A\u00efllament, inactivitat.<\/p>\n<\/li>\n<li>\n<p data-path-to-node=\"13,2,0\">Conductes regressives<\/p>\n<\/li>\n<li>\n<p data-path-to-node=\"13,3,0\">Rebuig cap a l\u2019escola i\/o la fam\u00edlia.<\/p>\n<\/li>\n<li>\n<p data-path-to-node=\"13,4,0\">Inseguretat davant l&#8217;entorn i els companys\/es.<\/p>\n<\/li>\n<li>\n<p data-path-to-node=\"13,5,0\">Actitud estranya a casa (alteraci\u00f3 del ritme de la son).<\/p>\n<\/li>\n<li>\n<p data-path-to-node=\"13,6,0\">Aferrament a objectes personals (manta, xumet, joguina, motxilla&#8230;).<\/p>\n<\/li>\n<\/ul>\n<p data-path-to-node=\"14\">Cada criatura \u00e9s \u00fanica i t\u00e9 el seu propi temps. Aquest proc\u00e9s no \u00e9s constant i pot tenir alts i baixos. Eviteu comparar el proc\u00e9s del vostre fill\/a amb el d&#8217;altres.<\/p>\n<p data-path-to-node=\"14\"><strong>Qu\u00e8 podem fer per facilitar el proc\u00e9s?<\/strong><\/p>\n<p data-path-to-node=\"17\">La vostra actitud i implicaci\u00f3 s\u00f3n claus per a una adaptaci\u00f3 positiva. Us recomanem:<\/p>\n<p data-path-to-node=\"17\"><strong>Abans d&#8217;iniciar l&#8217;adaptaci\u00f3<\/strong><\/p>\n<ul data-path-to-node=\"19\">\n<li>\n<p data-path-to-node=\"19,0,0\"><b>Anticipaci\u00f3:<\/b> Parleu amb el vostre fill\/a sobre la incorporaci\u00f3, esmenteu el nom de la resta de companys\/es i de les educadores.<\/p>\n<\/li>\n<li>\n<p data-path-to-node=\"19,1,0\"><b>Rutines clares:<\/b> Expliqueu com anir\u00e0 el dia (qui el porta, si es queda a dinar, qui el recull&#8230;). L\u2019organitzaci\u00f3 els d\u00f3na seguretat.<\/p>\n<\/li>\n<li>\n<p data-path-to-node=\"19,2,0\"><b>Objecte de seguretat:<\/b> Permeteu que porti un objecte personal que li doni tranquil\u00b7litat (xumet, ninot, coix\u00ed&#8230;).<\/p>\n<\/li>\n<\/ul>\n<p><strong>Durant els dies d&#8217;adaptaci\u00f3<\/strong><\/p>\n<ul data-path-to-node=\"19\">\n<li>\n<p data-path-to-node=\"21,0,0\"><b>Incorporaci\u00f3 gradual:<\/b> Respecteu la progressiva incorporaci\u00f3 a l\u2019escola sense for\u00e7ar situacions.<\/p>\n<\/li>\n<li>\n<p data-path-to-node=\"21,1,0\"><b>Tranquil\u00b7litat:<\/b> Porteu l&#8217;infant a la llar sense presses i procureu que vingui relaxat.<\/p>\n<\/li>\n<li>\n<p data-path-to-node=\"21,2,0\"><b>Sinceritat:<\/b> No l&#8217;enganyeu. Aix\u00f2 genera desconfian\u00e7a i inseguretat.<\/p>\n<\/li>\n<li>\n<p data-path-to-node=\"21,3,0\"><b>Comiat breu i ferm:<\/b> Acomiadeu-vos cada dia amb un pet\u00f3 i recordeu-li que tornareu a buscar-lo. No allargueu excessivament els comiats.<\/p>\n<\/li>\n<li>\n<p data-path-to-node=\"21,4,0\"><b>Confian\u00e7a:<\/b> Transmeteu seguretat i alegria a l\u2019infant en el moment de la separaci\u00f3.<\/p>\n<\/li>\n<li>\n<p data-path-to-node=\"21,5,0\"><b>Puntualitat:<\/b> Sigueu puntuals a l\u2019hora de la recollida.<\/p>\n<\/li>\n<\/ul>\n<\/div>\n","protected":false},"excerpt":{"rendered":"<p>El per\u00edode d&#8217;adaptaci\u00f3 marca la primera gran separaci\u00f3 de l\u2019infant del seu entorn familiar. \u00c9s un proc\u00e9s vital que implica integrar-se en noves din\u00e0miques i situacions: Familiaritzar-se amb un nou espai. Establir noves relacions amb adults. Con\u00e8ixer i acceptar nous companys\/es. Aprendre a conviure, relacionar-se i compartir l\u2019atenci\u00f3 de l\u2019educadora. Un proc\u00e9s compartit \u00c9s important [&hellip;]<\/p>\n","protected":false},"author":1,"featured_media":0,"parent":0,"menu_order":0,"comment_status":"closed","ping_status":"closed","template":"","meta":{"_bbp_topic_count":0,"_bbp_reply_count":0,"_bbp_total_topic_count":0,"_bbp_total_reply_count":0,"_bbp_voice_count":0,"_bbp_anonymous_reply_count":0,"_bbp_topic_count_hidden":0,"_bbp_reply_count_hidden":0,"_bbp_forum_subforum_count":0,"site-sidebar-layout":"default","site-content-layout":"","ast-site-content-layout":"","site-content-style":"default","site-sidebar-style":"default","ast-global-header-display":"","ast-banner-title-visibility":"","ast-main-header-display":"","ast-hfb-above-header-display":"","ast-hfb-below-header-display":"","ast-hfb-mobile-header-display":"","site-post-title":"","ast-breadcrumbs-content":"","ast-featured-img":"","footer-sml-layout":"","theme-transparent-header-meta":"","adv-header-id-meta":"","stick-header-meta":"","header-above-stick-meta":"","header-main-stick-meta":"","header-below-stick-meta":"","astra-migrate-meta-layouts":"default","ast-page-background-enabled":"default","ast-page-background-meta":{"desktop":{"background-color":"var(--ast-global-color-4)","background-image":"","background-repeat":"repeat","background-position":"center center","background-size":"auto","background-attachment":"scroll","background-type":"","background-media":"","overlay-type":"","overlay-color":"","overlay-opacity":"","overlay-gradient":""},"tablet":{"background-color":"","background-image":"","background-repeat":"repeat","background-position":"center center","background-size":"auto","background-attachment":"scroll","background-type":"","background-media":"","overlay-type":"","overlay-color":"","overlay-opacity":"","overlay-gradient":""},"mobile":{"background-color":"","background-image":"","background-repeat":"repeat","background-position":"center center","background-size":"auto","background-attachment":"scroll","background-type":"","background-media":"","overlay-type":"","overlay-color":"","overlay-opacity":"","overlay-gradient":""}},"ast-content-background-meta":{"desktop":{"background-color":"var(--ast-global-color-5)","background-image":"","background-repeat":"repeat","background-position":"center center","background-size":"auto","background-attachment":"scroll","background-type":"","background-media":"","overlay-type":"","overlay-color":"","overlay-opacity":"","overlay-gradient":""},"tablet":{"background-color":"var(--ast-global-color-5)","background-image":"","background-repeat":"repeat","background-position":"center center","background-size":"auto","background-attachment":"scroll","background-type":"","background-media":"","overlay-type":"","overlay-color":"","overlay-opacity":"","overlay-gradient":""},"mobile":{"background-color":"var(--ast-global-color-5)","background-image":"","background-repeat":"repeat","background-position":"center center","background-size":"auto","background-attachment":"scroll","background-type":"","background-media":"","overlay-type":"","overlay-color":"","overlay-opacity":"","overlay-gradient":""}},"footnotes":""},"class_list":["post-1587","page","type-page","status-publish","hentry"],"post_mailing_queue_ids":[],"_links":{"self":[{"href":"https:\/\/agora.xtec.cat\/llinfantslaflorida\/wp-json\/wp\/v2\/pages\/1587","targetHints":{"allow":["GET"]}}],"collection":[{"href":"https:\/\/agora.xtec.cat\/llinfantslaflorida\/wp-json\/wp\/v2\/pages"}],"about":[{"href":"https:\/\/agora.xtec.cat\/llinfantslaflorida\/wp-json\/wp\/v2\/types\/page"}],"author":[{"embeddable":true,"href":"https:\/\/agora.xtec.cat\/llinfantslaflorida\/wp-json\/wp\/v2\/users\/1"}],"replies":[{"embeddable":true,"href":"https:\/\/agora.xtec.cat\/llinfantslaflorida\/wp-json\/wp\/v2\/comments?post=1587"}],"version-history":[{"count":6,"href":"https:\/\/agora.xtec.cat\/llinfantslaflorida\/wp-json\/wp\/v2\/pages\/1587\/revisions"}],"predecessor-version":[{"id":1852,"href":"https:\/\/agora.xtec.cat\/llinfantslaflorida\/wp-json\/wp\/v2\/pages\/1587\/revisions\/1852"}],"wp:attachment":[{"href":"https:\/\/agora.xtec.cat\/llinfantslaflorida\/wp-json\/wp\/v2\/media?parent=1587"}],"curies":[{"name":"wp","href":"https:\/\/api.w.org\/{rel}","templated":true}]}}