{"id":1996,"date":"2024-01-30T22:37:42","date_gmt":"2024-01-30T21:37:42","guid":{"rendered":"https:\/\/agora.xtec.cat\/llaresquitxsallent\/?page_id=1996"},"modified":"2025-05-14T23:53:59","modified_gmt":"2025-05-14T21:53:59","slug":"projectes-del-centre","status":"publish","type":"page","link":"https:\/\/agora.xtec.cat\/llaresquitxsallent\/projectes-del-centre\/","title":{"rendered":"Projectes del centre"},"content":{"rendered":"\n<p><strong><span class=\"OYPEnA text-decoration-none text-strikethrough-none\">Les festes i tradicions: <\/span><\/strong><span class=\"OYPEnA text-decoration-none text-strikethrough-none\">l<\/span>&#8216;escola est\u00e0 estretament vinculada amb les activitats del poble i altres entitats. Ens involucrem en celebracions com la Castanyada, el Nadal, el Carnaval, Sant Jordi i les Enramades, permetent als infants con\u00e8ixer i participar en les tradicions locals, fomentant una educaci\u00f3 integradora i enriquidora.<\/p>\n\n\n\n<figure class=\"wp-block-image aligncenter is-resized is-style-rounded\"><img loading=\"lazy\" decoding=\"async\" width=\"1024\" height=\"627\" src=\"https:\/\/agora.xtec.cat\/llaresquitxsallent\/wp-content\/uploads\/usu1065\/2025\/05\/IMG_6069_comprimida-e1746134389931-1024x627.webp\" alt=\"\" class=\"wp-image-2435\" style=\"width:387px;height:auto\" srcset=\"https:\/\/agora.xtec.cat\/llaresquitxsallent\/wp-content\/uploads\/usu1065\/2025\/05\/IMG_6069_comprimida-e1746134389931-1024x627.webp 1024w, https:\/\/agora.xtec.cat\/llaresquitxsallent\/wp-content\/uploads\/usu1065\/2025\/05\/IMG_6069_comprimida-e1746134389931-300x184.webp 300w, https:\/\/agora.xtec.cat\/llaresquitxsallent\/wp-content\/uploads\/usu1065\/2025\/05\/IMG_6069_comprimida-e1746134389931-768x471.webp 768w, https:\/\/agora.xtec.cat\/llaresquitxsallent\/wp-content\/uploads\/usu1065\/2025\/05\/IMG_6069_comprimida-e1746134389931-1536x941.webp 1536w, https:\/\/agora.xtec.cat\/llaresquitxsallent\/wp-content\/uploads\/usu1065\/2025\/05\/IMG_6069_comprimida-e1746134389931.webp 1720w\" sizes=\"auto, (max-width: 1024px) 100vw, 1024px\" \/><\/figure>\n\n\n\n<p><strong><span class=\"OYPEnA text-decoration-none text-strikethrough-none\">Els Gegants de L\u2019Esquitx: <\/span><\/strong><span class=\"OYPEnA text-decoration-none text-strikethrough-none\">introdu\u00efm<\/span>&nbsp;<span class=\"OYPEnA text-decoration-none text-strikethrough-none\">les estacions de l\u2019any, a partir de l\u2019arribada dels caps grossos.&nbsp;<\/span><\/p>\n\n\n\n<figure class=\"wp-block-image aligncenter size-full is-resized is-style-rounded\"><img loading=\"lazy\" decoding=\"async\" width=\"1600\" height=\"1066\" src=\"https:\/\/agora.xtec.cat\/llaresquitxsallent\/wp-content\/uploads\/usu1065\/2024\/01\/IMG-20200325-WA0066-1.jpg\" alt=\"\" class=\"wp-image-1997\" style=\"width:369px;height:auto\" srcset=\"https:\/\/agora.xtec.cat\/llaresquitxsallent\/wp-content\/uploads\/usu1065\/2024\/01\/IMG-20200325-WA0066-1.jpg 1600w, https:\/\/agora.xtec.cat\/llaresquitxsallent\/wp-content\/uploads\/usu1065\/2024\/01\/IMG-20200325-WA0066-1-300x200.jpg 300w, https:\/\/agora.xtec.cat\/llaresquitxsallent\/wp-content\/uploads\/usu1065\/2024\/01\/IMG-20200325-WA0066-1-1024x682.jpg 1024w, https:\/\/agora.xtec.cat\/llaresquitxsallent\/wp-content\/uploads\/usu1065\/2024\/01\/IMG-20200325-WA0066-1-768x512.jpg 768w, https:\/\/agora.xtec.cat\/llaresquitxsallent\/wp-content\/uploads\/usu1065\/2024\/01\/IMG-20200325-WA0066-1-1536x1023.jpg 1536w\" sizes=\"auto, (max-width: 1600px) 100vw, 1600px\" \/><\/figure>\n\n\n\n<p><strong>La m\u00fasica<\/strong> potencia el desenvolupament sensorial i motriu dels m\u00e9s petits, estimulant la coordinaci\u00f3 i la concentraci\u00f3. A trav\u00e9s de ritmes i melodies es potencia l&#8217;expressi\u00f3 emocional i la comunicaci\u00f3, la qual es contribueix al seu creixement i al plaer d&#8217;aprendre. Mitjan\u00e7ant la m\u00fasica, els infants comencen a explorar el seu cos, el llenguatge oral, la dansa, el ritme i el moviment.<\/p>\n\n\n\n<figure class=\"wp-block-image aligncenter size-full is-resized is-style-rounded\"><img loading=\"lazy\" decoding=\"async\" width=\"2054\" height=\"1095\" src=\"https:\/\/agora.xtec.cat\/llaresquitxsallent\/wp-content\/uploads\/usu1065\/2025\/05\/IMG_5554-e1746134223589.jpg\" alt=\"\" class=\"wp-image-2434\" style=\"width:405px;height:auto\" srcset=\"https:\/\/agora.xtec.cat\/llaresquitxsallent\/wp-content\/uploads\/usu1065\/2025\/05\/IMG_5554-e1746134223589.jpg 2054w, https:\/\/agora.xtec.cat\/llaresquitxsallent\/wp-content\/uploads\/usu1065\/2025\/05\/IMG_5554-e1746134223589-300x160.jpg 300w, https:\/\/agora.xtec.cat\/llaresquitxsallent\/wp-content\/uploads\/usu1065\/2025\/05\/IMG_5554-e1746134223589-1024x546.jpg 1024w, https:\/\/agora.xtec.cat\/llaresquitxsallent\/wp-content\/uploads\/usu1065\/2025\/05\/IMG_5554-e1746134223589-768x409.jpg 768w, https:\/\/agora.xtec.cat\/llaresquitxsallent\/wp-content\/uploads\/usu1065\/2025\/05\/IMG_5554-e1746134223589-1536x819.jpg 1536w, https:\/\/agora.xtec.cat\/llaresquitxsallent\/wp-content\/uploads\/usu1065\/2025\/05\/IMG_5554-e1746134223589-2048x1092.jpg 2048w\" sizes=\"auto, (max-width: 2054px) 100vw, 2054px\" \/><\/figure>\n\n\n\n<p><strong>L&#8217;art <\/strong>fomenta la creativitat i l&#8217;expressi\u00f3 personal dels infants, estimulant el desenvolupament cognitiu i emocional. A trav\u00e9s de l&#8217;exploraci\u00f3 art\u00edstica aprenen a comunicar-se, aix\u00ed com a desenvolupar habilitats motrius i la creativitat. L&#8217;art \u00e9s fonamental per a enriquir el seu m\u00f3n i promoure un aprenentatge integral en tots els sentits.<\/p>\n\n\n\n<figure class=\"wp-block-image aligncenter size-full is-resized is-style-rounded\"><img loading=\"lazy\" decoding=\"async\" width=\"2268\" height=\"1612\" src=\"https:\/\/agora.xtec.cat\/llaresquitxsallent\/wp-content\/uploads\/usu1065\/2024\/02\/20240123_085328015.jpg\" alt=\"\" class=\"wp-image-2041\" style=\"width:364px;height:auto\" srcset=\"https:\/\/agora.xtec.cat\/llaresquitxsallent\/wp-content\/uploads\/usu1065\/2024\/02\/20240123_085328015.jpg 2268w, https:\/\/agora.xtec.cat\/llaresquitxsallent\/wp-content\/uploads\/usu1065\/2024\/02\/20240123_085328015-300x213.jpg 300w, https:\/\/agora.xtec.cat\/llaresquitxsallent\/wp-content\/uploads\/usu1065\/2024\/02\/20240123_085328015-1024x728.jpg 1024w, https:\/\/agora.xtec.cat\/llaresquitxsallent\/wp-content\/uploads\/usu1065\/2024\/02\/20240123_085328015-768x546.jpg 768w, https:\/\/agora.xtec.cat\/llaresquitxsallent\/wp-content\/uploads\/usu1065\/2024\/02\/20240123_085328015-1536x1092.jpg 1536w, https:\/\/agora.xtec.cat\/llaresquitxsallent\/wp-content\/uploads\/usu1065\/2024\/02\/20240123_085328015-2048x1456.jpg 2048w\" sizes=\"auto, (max-width: 2268px) 100vw, 2268px\" \/><\/figure>\n\n\n\n<p><strong>El massatge:<\/strong> mitjan\u00e7ant l&#8217;estimulaci\u00f3 t\u00e0ctil, oferim una oportunitat \u00fanica perqu\u00e8 els infants es connectin de manera profunda amb el seu m\u00f3n corporal i emocional. A trav\u00e9s d&#8217;aquesta pr\u00e0ctica, no nom\u00e9s adquireixen habilitats per a relaxar-se, sin\u00f3 que tamb\u00e9, estableixen un vincle afectiu significatiu entre l&#8217;infant i l&#8217;adult.<\/p>\n\n\n\n<figure class=\"wp-block-image aligncenter size-full is-resized is-style-rounded\"><img loading=\"lazy\" decoding=\"async\" width=\"2560\" height=\"1489\" src=\"https:\/\/agora.xtec.cat\/llaresquitxsallent\/wp-content\/uploads\/usu1065\/2024\/02\/IMG_1510-scaled-e1746134135275.jpg\" alt=\"\" class=\"wp-image-2036\" style=\"width:366px;height:auto\" srcset=\"https:\/\/agora.xtec.cat\/llaresquitxsallent\/wp-content\/uploads\/usu1065\/2024\/02\/IMG_1510-scaled-e1746134135275.jpg 2560w, https:\/\/agora.xtec.cat\/llaresquitxsallent\/wp-content\/uploads\/usu1065\/2024\/02\/IMG_1510-scaled-e1746134135275-300x174.jpg 300w, https:\/\/agora.xtec.cat\/llaresquitxsallent\/wp-content\/uploads\/usu1065\/2024\/02\/IMG_1510-scaled-e1746134135275-1024x596.jpg 1024w, https:\/\/agora.xtec.cat\/llaresquitxsallent\/wp-content\/uploads\/usu1065\/2024\/02\/IMG_1510-scaled-e1746134135275-768x447.jpg 768w, https:\/\/agora.xtec.cat\/llaresquitxsallent\/wp-content\/uploads\/usu1065\/2024\/02\/IMG_1510-scaled-e1746134135275-1536x893.jpg 1536w, https:\/\/agora.xtec.cat\/llaresquitxsallent\/wp-content\/uploads\/usu1065\/2024\/02\/IMG_1510-scaled-e1746134135275-2048x1191.jpg 2048w\" sizes=\"auto, (max-width: 2560px) 100vw, 2560px\" \/><\/figure>\n\n\n\n<p><strong>L&#8217;estimulaci\u00f3 sensorial: <\/strong>a trav\u00e9s de la interacci\u00f3 amb la llum, les ombres i la foscor, no nom\u00e9s promou estats de benestar i felicitat, sin\u00f3 que tamb\u00e9 ofereix experi\u00e8ncies sensorials i perceptives <span style=\"font-family: inherit; font-size: 1em;\">en \u00e0mbits com els visuals, auditius, t\u00e0ctils, espacials, est\u00e8tics i, fins i tot, fant\u00e0stics.<\/span><\/p>\n\n\n\n<figure class=\"wp-block-image aligncenter is-resized is-style-rounded\"><img loading=\"lazy\" decoding=\"async\" width=\"1024\" height=\"658\" src=\"https:\/\/agora.xtec.cat\/llaresquitxsallent\/wp-content\/uploads\/usu1065\/2024\/02\/20240202_084916303_iOS-2-1024x658.jpg\" alt=\"\" class=\"wp-image-2040\" style=\"width:373px;height:auto\" srcset=\"https:\/\/agora.xtec.cat\/llaresquitxsallent\/wp-content\/uploads\/usu1065\/2024\/02\/20240202_084916303_iOS-2-1024x658.jpg 1024w, https:\/\/agora.xtec.cat\/llaresquitxsallent\/wp-content\/uploads\/usu1065\/2024\/02\/20240202_084916303_iOS-2-300x193.jpg 300w, https:\/\/agora.xtec.cat\/llaresquitxsallent\/wp-content\/uploads\/usu1065\/2024\/02\/20240202_084916303_iOS-2-768x493.jpg 768w, https:\/\/agora.xtec.cat\/llaresquitxsallent\/wp-content\/uploads\/usu1065\/2024\/02\/20240202_084916303_iOS-2-1536x987.jpg 1536w, https:\/\/agora.xtec.cat\/llaresquitxsallent\/wp-content\/uploads\/usu1065\/2024\/02\/20240202_084916303_iOS-2-2048x1316.jpg 2048w\" sizes=\"auto, (max-width: 1024px) 100vw, 1024px\" \/><\/figure>\n\n\n\n<p><strong>Mesos tem\u00e0tics, <\/strong>proposat pels membres de l&#8217;AFA: durant el curs, incorporem tem\u00e0tiques mensuals diferents, on els familiars poden participar amb els infants.<\/p>\n","protected":false},"excerpt":{"rendered":"<p>Les festes i tradicions: l&#8216;escola est\u00e0 estretament vinculada amb les activitats del poble i altres entitats. Ens involucrem en celebracions com la Castanyada, el Nadal, el Carnaval, Sant Jordi i les Enramades, permetent als infants con\u00e8ixer i participar en les tradicions locals, fomentant una educaci\u00f3 integradora i enriquidora. Els Gegants de L\u2019Esquitx: introdu\u00efm&nbsp;les estacions de [&hellip;]<\/p>\n","protected":false},"author":1,"featured_media":0,"parent":0,"menu_order":0,"comment_status":"closed","ping_status":"closed","template":"","meta":{"_bbp_topic_count":0,"_bbp_reply_count":0,"_bbp_total_topic_count":0,"_bbp_total_reply_count":0,"_bbp_voice_count":0,"_bbp_anonymous_reply_count":0,"_bbp_topic_count_hidden":0,"_bbp_reply_count_hidden":0,"_bbp_forum_subforum_count":0,"site-sidebar-layout":"no-sidebar","site-content-layout":"","ast-site-content-layout":"default","site-content-style":"default","site-sidebar-style":"default","ast-global-header-display":"","ast-banner-title-visibility":"","ast-main-header-display":"","ast-hfb-above-header-display":"","ast-hfb-below-header-display":"","ast-hfb-mobile-header-display":"","site-post-title":"","ast-breadcrumbs-content":"","ast-featured-img":"","footer-sml-layout":"","theme-transparent-header-meta":"default","adv-header-id-meta":"","stick-header-meta":"","header-above-stick-meta":"","header-main-stick-meta":"","header-below-stick-meta":"","astra-migrate-meta-layouts":"set","ast-page-background-enabled":"default","ast-page-background-meta":{"desktop":{"background-color":"var(--ast-global-color-4)","background-image":"","background-repeat":"repeat","background-position":"center center","background-size":"auto","background-attachment":"scroll","background-type":"","background-media":"","overlay-type":"","overlay-color":"","overlay-opacity":"","overlay-gradient":""},"tablet":{"background-color":"","background-image":"","background-repeat":"repeat","background-position":"center center","background-size":"auto","background-attachment":"scroll","background-type":"","background-media":"","overlay-type":"","overlay-color":"","overlay-opacity":"","overlay-gradient":""},"mobile":{"background-color":"","background-image":"","background-repeat":"repeat","background-position":"center center","background-size":"auto","background-attachment":"scroll","background-type":"","background-media":"","overlay-type":"","overlay-color":"","overlay-opacity":"","overlay-gradient":""}},"ast-content-background-meta":{"desktop":{"background-color":"var(--ast-global-color-5)","background-image":"","background-repeat":"repeat","background-position":"center center","background-size":"auto","background-attachment":"scroll","background-type":"","background-media":"","overlay-type":"","overlay-color":"","overlay-opacity":"","overlay-gradient":""},"tablet":{"background-color":"var(--ast-global-color-5)","background-image":"","background-repeat":"repeat","background-position":"center center","background-size":"auto","background-attachment":"scroll","background-type":"","background-media":"","overlay-type":"","overlay-color":"","overlay-opacity":"","overlay-gradient":""},"mobile":{"background-color":"var(--ast-global-color-5)","background-image":"","background-repeat":"repeat","background-position":"center center","background-size":"auto","background-attachment":"scroll","background-type":"","background-media":"","overlay-type":"","overlay-color":"","overlay-opacity":"","overlay-gradient":""}},"footnotes":""},"class_list":["post-1996","page","type-page","status-publish","hentry"],"post_mailing_queue_ids":[],"_links":{"self":[{"href":"https:\/\/agora.xtec.cat\/llaresquitxsallent\/wp-json\/wp\/v2\/pages\/1996","targetHints":{"allow":["GET"]}}],"collection":[{"href":"https:\/\/agora.xtec.cat\/llaresquitxsallent\/wp-json\/wp\/v2\/pages"}],"about":[{"href":"https:\/\/agora.xtec.cat\/llaresquitxsallent\/wp-json\/wp\/v2\/types\/page"}],"author":[{"embeddable":true,"href":"https:\/\/agora.xtec.cat\/llaresquitxsallent\/wp-json\/wp\/v2\/users\/1"}],"replies":[{"embeddable":true,"href":"https:\/\/agora.xtec.cat\/llaresquitxsallent\/wp-json\/wp\/v2\/comments?post=1996"}],"version-history":[{"count":6,"href":"https:\/\/agora.xtec.cat\/llaresquitxsallent\/wp-json\/wp\/v2\/pages\/1996\/revisions"}],"predecessor-version":[{"id":2573,"href":"https:\/\/agora.xtec.cat\/llaresquitxsallent\/wp-json\/wp\/v2\/pages\/1996\/revisions\/2573"}],"wp:attachment":[{"href":"https:\/\/agora.xtec.cat\/llaresquitxsallent\/wp-json\/wp\/v2\/media?parent=1996"}],"curies":[{"name":"wp","href":"https:\/\/api.w.org\/{rel}","templated":true}]}}