{"id":73,"date":"2022-10-21T12:01:51","date_gmt":"2022-10-21T10:01:51","guid":{"rendered":"http:\/\/agora.xtec.cat\/llarelsangels\/?page_id=73"},"modified":"2024-09-19T11:00:41","modified_gmt":"2024-09-19T09:00:41","slug":"menjador-escolar","status":"publish","type":"page","link":"https:\/\/agora.xtec.cat\/llarelsangels\/serveis\/menjador-escolar\/","title":{"rendered":"Menjador escolar"},"content":{"rendered":"<p>A la cuina de la llar, la nostra cuinera elabora els plats que es serveixen als infants.<\/p>\n<p>Es pot fer \u00fas del menjador de forma fixa o espor\u00e0dica. Els espor\u00e0dics han de pagar pr\u00e8viament el tiquet de menjador.<\/p>\n<p>El men\u00fa de la llar consta de 4 setmanes, i un cop finalitzada la quarta setmana torna a comen\u00e7ar per la primera. Per a al\u00b7l\u00e8rgies i intoler\u00e0ncies s&#8217;elaboren les modificacions adients.<\/p>\n<table width=\"1040\">\n<tbody>\n<tr>\n<td colspan=\"6\" width=\"1040\">men\u00fa llar d\u2019infants els \u00e0ngels<\/td>\n<\/tr>\n<tr>\n<td width=\"79\"><strong>\u00a0<\/strong><\/td>\n<td width=\"176\"><strong>Dilluns<\/strong><\/td>\n<td width=\"198\"><strong>Dimarts<\/strong><\/td>\n<td width=\"208\"><strong>Dimecres<\/strong><\/td>\n<td width=\"180\"><strong>Dijous<\/strong><\/td>\n<td width=\"198\"><strong>Divendres<\/strong><\/td>\n<\/tr>\n<tr>\n<td width=\"79\"><strong>1\u00aa setmana<\/strong><\/td>\n<td width=\"176\">Arr\u00f2s amb hortalisses de temporada<\/p>\n<p>Truita de patates amb tom\u00e0quet amanit i olives<\/p>\n<p>Fruita fresca de temporada<\/td>\n<td width=\"198\">Brou vegetal i pollastre amb pasta de blat<\/p>\n<p>Pollastre al forn amb ceba i pebrot, i amanida de tom\u00e0quet<\/p>\n<p>Fruita fresca de temporada<\/td>\n<td width=\"208\">Amanida d\u2019enciam, cogombre i olives<\/p>\n<p>Patates amb llu\u00e7 a la cassola<\/p>\n<p>Fruita fresca de temporada<\/td>\n<td width=\"180\">Crema de verdures de temporada<\/p>\n<p>Fricand\u00f3 de vedella amb xampinyons<\/p>\n<p>Amanida de pastanaga ratllada<\/p>\n<p>Fruita fresca de temporada<\/td>\n<td width=\"198\">Amanida d\u2019enciam, pastanaga, tom\u00e0quet, blat de moro i olives.<\/p>\n<p>Crema de mongetes seques amb crostons de pa<\/p>\n<p>Maced\u00f2nia de fruites fresques<\/p>\n<p>&nbsp;<\/td>\n<\/tr>\n<tr>\n<td width=\"79\"><strong>2\u00aa setmana<\/strong><\/td>\n<td width=\"176\">Macarrons integrals a la bolonyesa amb formatge (opcional)<\/p>\n<p>Amanida d\u2019enciam, pastanaga, blat de moro i olives<\/p>\n<p>Fruita fresca de temporada<\/td>\n<td width=\"198\">Col i patata<\/p>\n<p>Truita a la francesa amb amanida d\u2019enciam, pastanaga i tom\u00e0quet.<\/p>\n<p>Fruita fresca de temporada<\/td>\n<td width=\"208\">Brou de peix amb arr\u00f2s<\/p>\n<p>Mandonguilles de cigrons i quinoa amb amanida d\u2019enciam, tom\u00e0quet i olives<\/p>\n<p>Rodanxes de pl\u00e0tan amb taronja o mandarina<\/td>\n<td width=\"180\">Crema de patata, xirivia i porro<\/p>\n<p>Bacall\u00e0 amb samfaina<\/p>\n<p>Fruita fresca de temporada<\/td>\n<td width=\"198\">Amanida de tom\u00e0quet, enciam, pastanaga, blat de moro i olives<\/p>\n<p>Llenties guisades<\/p>\n<p>Maced\u00f2nia de fruites fresques<\/td>\n<\/tr>\n<tr>\n<td width=\"79\"><strong>3\u00aa setmana<\/strong><\/td>\n<td width=\"176\">Arr\u00f2s amb tom\u00e0quet<\/p>\n<p>Truita d\u2019alberg\u00ednia amb amanida d\u2019enciam, tom\u00e0quet, pastanaga i olives<\/p>\n<p>Fruita fresca de temporada<\/td>\n<td width=\"198\">Brou vegetal i de pollastre amb pasta de blat<\/p>\n<p>Hamburguesa de cigrons amb pastanaga<\/p>\n<p>Fruita fresca de temporada<\/td>\n<td width=\"208\">Verdura de temporada (br\u00f2quil, mongeta tendra) amb patata<\/p>\n<p>Rod\u00f3 de llom al forn amb p\u00e8sols i pastanaga<\/p>\n<p>Llesques de poma amb taronja<\/p>\n<p>&nbsp;<\/td>\n<td width=\"180\">Crema de carbass\u00f3, patata i ceba<\/p>\n<p>Rap arrebossat amb amanida d\u2019enciam\u00a0 i tom\u00e0quet<\/p>\n<p>Fruita fresca de temporada<\/td>\n<td width=\"198\">Amanida d\u2019enciam, tom\u00e0quet, pastanaga, blat de moro i olives<\/p>\n<p>Crema de mongetes seques amb crostons de pa<\/p>\n<p>Maced\u00f2nia de fruites fresques<\/td>\n<\/tr>\n<tr>\n<td width=\"79\"><strong>4\u00aa setmana<\/strong><\/td>\n<td width=\"176\">Sopa de fideus amb verdures i hortalisses de temporada<\/p>\n<p>Remenat d\u2019ou amb p\u00e8sols o pastanaga i amanida de tom\u00e0quet i olives<\/p>\n<p>Fruita fresca de temporada<\/td>\n<td width=\"198\">Brou vegetal i de pollastre amb cigrons i patata<\/p>\n<p>Bunyols de carbass\u00f3 i alf\u00e0brega<\/p>\n<p>Amanida d\u2019enciam<\/p>\n<p>Fruita fresca de temporada<\/td>\n<td width=\"208\">Brou de peix amb arr\u00f2s i llu\u00e7<\/p>\n<p>Amanida de pastanaga i cogombre<\/p>\n<p>Fruita fresca de temporada<\/td>\n<td width=\"180\">Crema de porro, patata i pastanaga<\/p>\n<p>Mandonguilles a la jardinera<\/p>\n<p>Fruita fresca de temporada<\/td>\n<td width=\"198\">Amanida d\u2019enciam, tom\u00e0quet, pastanaga, blat de moro i olives<\/p>\n<p>Llenties amb patates<\/p>\n<p>Llesques de poma amb taronja<\/td>\n<\/tr>\n<\/tbody>\n<\/table>\n<p>*Els llegums, per la seva composici\u00f3 nutricional rica en hidrats de carboni i en prote\u00efnes, poden constituir un plat \u00fanic.<\/p>\n<p>**Les fruites s\u2019aniran variant segons temporada \u00a0 ***Tots els segons s\u2019acompanyen amb pa. Els divendres el pa \u00e9s integral.<\/p>\n<table width=\"1040\">\n<tbody>\n<tr>\n<td colspan=\"6\" width=\"1040\">berenars<\/td>\n<\/tr>\n<tr>\n<td width=\"85\">&nbsp;<\/td>\n<td width=\"180\"><strong>Dilluns<\/strong><\/td>\n<td width=\"189\"><strong>Dimarts<\/strong><\/td>\n<td width=\"208\"><strong>Dimecres<\/strong><\/td>\n<td width=\"180\"><strong>Dijous<\/strong><\/td>\n<td width=\"198\"><strong>Divendres<\/strong><\/td>\n<\/tr>\n<tr>\n<td width=\"85\">&nbsp;<\/td>\n<td width=\"180\">Iogurt natural sense sucre<\/td>\n<td width=\"189\">Fruita<\/td>\n<td width=\"208\">Llet (sola) i (opcional) pa de pessic fet a la llar<\/td>\n<td width=\"180\">Iogurt natural sense sucre<\/td>\n<td width=\"198\">Pa amb oli<\/td>\n<\/tr>\n<\/tbody>\n<\/table>\n<p>****La informaci\u00f3 sobre els al\u00b7l\u00e8rgens pot consultar-se al personal de la llar (disposem de fitxes amb els al\u00b7l\u00e8rgens de cada plat).<\/p>\n<p>&nbsp;<\/p>\n<p>Men\u00fa revisat el curs 2022-23 dins el projecte &#8220;<strong>A la llar d&#8217;infants, creixem, gaudim i mengem sa i sostenible<\/strong>&#8221; de la m\u00e0 d&#8217;una dietista-nutricionista i psicopedagoga, del Departament d&#8217;Educaci\u00f3 i l\u2019Ag\u00e8ncia de Salut P\u00fablica de Catalunya (ASPCAT) del Departament de Salut.<\/p>\n","protected":false},"excerpt":{"rendered":"<p>A la cuina de la llar, la nostra cuinera elabora els plats que es serveixen als infants.<br \/>\nEs pot fer \u00fas del menjador de forma fixa o espor\u00e0dica. Els espor\u00e0dics han de pagar pr\u00e8viament el tiquet de menjador.<br \/>\nEl men\u00fa de la llar consta de 4 setmanes,&hellip;  <a href=\"https:\/\/agora.xtec.cat\/llarelsangels\/serveis\/menjador-escolar\/\" title=\"Read Menjador escolar\">Llegeix m\u00e9s\u00bb<\/a><\/p>\n","protected":false},"author":1,"featured_media":0,"parent":66,"menu_order":30,"comment_status":"closed","ping_status":"closed","template":"page-templates\/side-menu.php","meta":{"_bbp_topic_count":0,"_bbp_reply_count":0,"_bbp_total_topic_count":0,"_bbp_total_reply_count":0,"_bbp_voice_count":0,"_bbp_anonymous_reply_count":0,"_bbp_topic_count_hidden":0,"_bbp_reply_count_hidden":0,"_bbp_forum_subforum_count":0,"footnotes":""},"class_list":["post-73","page","type-page","status-publish","hentry"],"post_mailing_queue_ids":[],"_links":{"self":[{"href":"https:\/\/agora.xtec.cat\/llarelsangels\/wp-json\/wp\/v2\/pages\/73","targetHints":{"allow":["GET"]}}],"collection":[{"href":"https:\/\/agora.xtec.cat\/llarelsangels\/wp-json\/wp\/v2\/pages"}],"about":[{"href":"https:\/\/agora.xtec.cat\/llarelsangels\/wp-json\/wp\/v2\/types\/page"}],"author":[{"embeddable":true,"href":"https:\/\/agora.xtec.cat\/llarelsangels\/wp-json\/wp\/v2\/users\/1"}],"replies":[{"embeddable":true,"href":"https:\/\/agora.xtec.cat\/llarelsangels\/wp-json\/wp\/v2\/comments?post=73"}],"version-history":[{"count":4,"href":"https:\/\/agora.xtec.cat\/llarelsangels\/wp-json\/wp\/v2\/pages\/73\/revisions"}],"predecessor-version":[{"id":1390,"href":"https:\/\/agora.xtec.cat\/llarelsangels\/wp-json\/wp\/v2\/pages\/73\/revisions\/1390"}],"up":[{"embeddable":true,"href":"https:\/\/agora.xtec.cat\/llarelsangels\/wp-json\/wp\/v2\/pages\/66"}],"wp:attachment":[{"href":"https:\/\/agora.xtec.cat\/llarelsangels\/wp-json\/wp\/v2\/media?parent=73"}],"curies":[{"name":"wp","href":"https:\/\/api.w.org\/{rel}","templated":true}]}}