{"id":630,"date":"2024-09-13T18:10:50","date_gmt":"2024-09-13T16:10:50","guid":{"rendered":"https:\/\/agora.xtec.cat\/llar-elsginjols\/?page_id=630"},"modified":"2025-09-19T16:10:35","modified_gmt":"2025-09-19T14:10:35","slug":"matricula","status":"publish","type":"page","link":"https:\/\/agora.xtec.cat\/llar-elsginjols\/matricula\/","title":{"rendered":"Matr\u00edcula"},"content":{"rendered":"\n<h3 class=\"wp-block-heading\">Curs 2025 -2026<\/h3>\n\n\n\n<p>Les matr\u00edcules es podran fer de manera <strong>telem\u00e0tica o presencial<\/strong> a la llar d&#8217;infants. En cas de fer-se de manera presencial, per una atenci\u00f3 m\u00e9s individualitzada a cada fam\u00edlia, es donaran hores concretes per fer una entrevista amb la directora. Per tal de facilitar la conciliaci\u00f3 i acordar quina hora va millor a cada fam\u00edlia, caldr\u00e0 que envieu un correu electr\u00f2nic a l&#8217;adre\u00e7a <em>llar-elsginjols@xtec.cat<\/em> o envieu un WhatsApp al 673 698 664.<\/p>\n\n\n\n<p>Cal que envieu o porteu:<\/p>\n\n\n\n<ul class=\"wp-block-list\">\n<li><strong>\u200b<\/strong>DNI (pares, mares o tutors).<\/li>\n\n\n\n<li>Certificat electr\u00f2nic de la inscripci\u00f3 de naixement o el llibre de fam\u00edlia (nom\u00e8s la p\u00e0gina que apareix l\u2019infant).<\/li>\n\n\n\n<li>Targeta sanit\u00e0ria de l\u2019infant.<\/li>\n\n\n\n<li>Fotoc\u00f2pia del llibre de vacunes de l&#8217;infant.<\/li>\n\n\n\n<li>3 fotografies de carnet de l&#8217;infant.<\/li>\n\n\n\n<li>1 fotografia mida 10&#215;15 cm, vertical i divertida, per posar al seu penjador.<\/li>\n<\/ul>\n\n\n\n<div class=\"wp-block-getwid-advanced-heading\"><span class=\"wp-block-getwid-advanced-heading__content\"><em>*Les fotografies les podeu portar personalment a la llar en horari laboral o tirar-les a la b\u00fastia de l&#8217;entrada.&nbsp;<\/em><\/span><\/div>\n\n\n\n<div style=\"height:28px\" aria-hidden=\"true\" class=\"wp-block-spacer\"><\/div>\n\n\n\n<p>Tamb\u00e9 heu de portar aquests documents omplerts:<\/p>\n\n\n\n<div class=\"wp-block-file\"><a id=\"wp-block-file--media-835a400f-b87d-4f68-aee2-b266736e62db\" href=\"https:\/\/agora.xtec.cat\/llar-elsginjols\/wp-content\/uploads\/usu3056\/2025\/05\/FITXA-DADES-BASIQUES.docx\" target=\"_blank\" rel=\"noreferrer noopener\">FITXA DADES B\u00c0SIQUES<\/a><a href=\"https:\/\/agora.xtec.cat\/llar-elsginjols\/wp-content\/uploads\/usu3056\/2025\/05\/FITXA-DADES-BASIQUES.docx\" class=\"wp-block-file__button wp-element-button\" download aria-describedby=\"wp-block-file--media-835a400f-b87d-4f68-aee2-b266736e62db\">Baixa<\/a><\/div>\n\n\n\n<div style=\"height:20px\" aria-hidden=\"true\" class=\"wp-block-spacer\"><\/div>\n\n\n\n<div class=\"wp-block-file\"><a id=\"wp-block-file--media-6634393f-feb9-465e-bc94-2612fb4e8b31\" href=\"https:\/\/agora.xtec.cat\/llar-elsginjols\/wp-content\/uploads\/usu3056\/2025\/05\/AUTORITZACIO-DOMICILIACIO-BANCARIA.docx\" target=\"_blank\" rel=\"noreferrer noopener\">AUTORITZACI\u00d3 DOMICILIACI\u00d3 BANC\u00c0RIA<\/a><a href=\"https:\/\/agora.xtec.cat\/llar-elsginjols\/wp-content\/uploads\/usu3056\/2025\/05\/AUTORITZACIO-DOMICILIACIO-BANCARIA.docx\" class=\"wp-block-file__button wp-element-button\" download aria-describedby=\"wp-block-file--media-6634393f-feb9-465e-bc94-2612fb4e8b31\">Baixa<\/a><\/div>\n\n\n\n<div style=\"height:20px\" aria-hidden=\"true\" class=\"wp-block-spacer\"><\/div>\n\n\n\n<div class=\"wp-block-file\"><a id=\"wp-block-file--media-40abf9db-dd67-4b02-abec-5b5f988438fe\" href=\"https:\/\/agora.xtec.cat\/llar-elsginjols\/wp-content\/uploads\/usu3056\/2025\/05\/AUTORITZACIO-SORTIDES.docx\" target=\"_blank\" rel=\"noreferrer noopener\">AUTORITZACI\u00d3 SORTIDES<\/a><a href=\"https:\/\/agora.xtec.cat\/llar-elsginjols\/wp-content\/uploads\/usu3056\/2025\/05\/AUTORITZACIO-SORTIDES.docx\" class=\"wp-block-file__button wp-element-button\" download aria-describedby=\"wp-block-file--media-40abf9db-dd67-4b02-abec-5b5f988438fe\">Baixa<\/a><\/div>\n\n\n\n<div style=\"height:20px\" aria-hidden=\"true\" class=\"wp-block-spacer\"><\/div>\n\n\n\n<div class=\"wp-block-file\"><a id=\"wp-block-file--media-c1e565a1-611f-4daa-953b-eaf7fc0ef663\" href=\"https:\/\/agora.xtec.cat\/llar-elsginjols\/wp-content\/uploads\/usu3056\/2025\/05\/AUTORITZACIO-DRETS-DIMATGE.docx\" target=\"_blank\" rel=\"noreferrer noopener\">AUTORITZACI\u00d3 DRETS D&#8217;IMATGE<\/a><a href=\"https:\/\/agora.xtec.cat\/llar-elsginjols\/wp-content\/uploads\/usu3056\/2025\/05\/AUTORITZACIO-DRETS-DIMATGE.docx\" class=\"wp-block-file__button wp-element-button\" download aria-describedby=\"wp-block-file--media-c1e565a1-611f-4daa-953b-eaf7fc0ef663\">Baixa<\/a><\/div>\n\n\n\n<div style=\"height:20px\" aria-hidden=\"true\" class=\"wp-block-spacer\"><\/div>\n\n\n\n<div class=\"wp-block-file\"><a id=\"wp-block-file--media-7e1b809d-c19c-41b1-94cc-f23cd3edb227\" href=\"https:\/\/agora.xtec.cat\/llar-elsginjols\/wp-content\/uploads\/usu3056\/2025\/05\/AUTORITZACIO-CDIAP.docx\" target=\"_blank\" rel=\"noreferrer noopener\">AUTORITZACI\u00d3 CDIAP<\/a><a href=\"https:\/\/agora.xtec.cat\/llar-elsginjols\/wp-content\/uploads\/usu3056\/2025\/05\/AUTORITZACIO-CDIAP.docx\" class=\"wp-block-file__button wp-element-button\" download aria-describedby=\"wp-block-file--media-7e1b809d-c19c-41b1-94cc-f23cd3edb227\">Baixa<\/a><\/div>\n\n\n\n<div style=\"height:22px\" aria-hidden=\"true\" class=\"wp-block-spacer\"><\/div>\n\n\n\n<div class=\"wp-block-file\"><a id=\"wp-block-file--media-a2a24997-f985-4224-af1e-1aa642142875\" href=\"https:\/\/agora.xtec.cat\/llar-elsginjols\/wp-content\/uploads\/usu3056\/2025\/05\/AUTORITZACIO-RECOLLIDA-DINFANTS.docx\" target=\"_blank\" rel=\"noreferrer noopener\">AUTORITZACI\u00d3 RECOLLIDA D&#8217;INFANTS<\/a><a href=\"https:\/\/agora.xtec.cat\/llar-elsginjols\/wp-content\/uploads\/usu3056\/2025\/05\/AUTORITZACIO-RECOLLIDA-DINFANTS.docx\" class=\"wp-block-file__button wp-element-button\" download aria-describedby=\"wp-block-file--media-a2a24997-f985-4224-af1e-1aa642142875\">Baixa<\/a><\/div>\n\n\n\n<div style=\"height:18px\" aria-hidden=\"true\" class=\"wp-block-spacer\"><\/div>\n\n\n\n<p>En cas de fer la matr\u00edcula de manera telem\u00e0tica, aquests documents s&#8217;hauran d&#8217;enviar per correu electr\u00f2nic (<a href=\"mailto:llar-elsginjols@xtec.cat\">llar-elsginjols@xtec.cat<\/a>) escanejats o fent una fotografia. <\/p>\n","protected":false},"excerpt":{"rendered":"<p>Curs 2025 -2026<\/p>\n<p>Les matr\u00edcules es podran fer de manera telem\u00e0tica o presencial a la llar d&#8217;infants. En cas de fer-se de manera presencial, per una atenci\u00f3 m\u00e9s individualitzada a cada fam\u00edlia, es donaran hores concretes per fer una entrevista amb la directora. Per tal de&hellip;  <a href=\"https:\/\/agora.xtec.cat\/llar-elsginjols\/matricula\/\" title=\"Read Matr\u00edcula\">Llegeix m\u00e9s\u00bb<\/a><\/p>\n","protected":false},"author":1,"featured_media":0,"parent":0,"menu_order":0,"comment_status":"closed","ping_status":"close","template":"","meta":{"footnotes":""},"class_list":["post-630","page","type-page","status-publish","hentry"],"post_mailing_queue_ids":[],"_links":{"self":[{"href":"https:\/\/agora.xtec.cat\/llar-elsginjols\/wp-json\/wp\/v2\/pages\/630","targetHints":{"allow":["GET"]}}],"collection":[{"href":"https:\/\/agora.xtec.cat\/llar-elsginjols\/wp-json\/wp\/v2\/pages"}],"about":[{"href":"https:\/\/agora.xtec.cat\/llar-elsginjols\/wp-json\/wp\/v2\/types\/page"}],"author":[{"embeddable":true,"href":"https:\/\/agora.xtec.cat\/llar-elsginjols\/wp-json\/wp\/v2\/users\/1"}],"replies":[{"embeddable":true,"href":"https:\/\/agora.xtec.cat\/llar-elsginjols\/wp-json\/wp\/v2\/comments?post=630"}],"version-history":[{"count":6,"href":"https:\/\/agora.xtec.cat\/llar-elsginjols\/wp-json\/wp\/v2\/pages\/630\/revisions"}],"predecessor-version":[{"id":1079,"href":"https:\/\/agora.xtec.cat\/llar-elsginjols\/wp-json\/wp\/v2\/pages\/630\/revisions\/1079"}],"wp:attachment":[{"href":"https:\/\/agora.xtec.cat\/llar-elsginjols\/wp-json\/wp\/v2\/media?parent=630"}],"curies":[{"name":"wp","href":"https:\/\/api.w.org\/{rel}","templated":true}]}}