{"id":38,"date":"2014-09-18T12:34:08","date_gmt":"2014-09-18T11:34:08","guid":{"rendered":"http:\/\/agora.xtec.cat\/llar-elsginjols\/?page_id=38"},"modified":"2026-03-09T16:54:49","modified_gmt":"2026-03-09T15:54:49","slug":"salut","status":"publish","type":"page","link":"https:\/\/agora.xtec.cat\/llar-elsginjols\/funcionament\/salut\/","title":{"rendered":"Preus"},"content":{"rendered":"\n<div class=\"wp-block-getwid-table\"><table><tbody><tr><td style=\"border-color:#000;border-width:0\"><strong>QUOTA*<br><\/strong>*Les fam\u00edlies nombroses i monoparentals se&#8217;ls aplicar\u00e0 un 20% de descompte, aix\u00ed com tamb\u00e9 a les fam\u00edlies que tinguin dos o m\u00e9s fills a l&#8217;escola s&#8217;aplicar\u00e0 el descompte del 20% al segon fill\/a. Sempre i quan un dels fills no estigui al grup de 2 a 3 anys.<br>*La quota NO es cobrar\u00e0 a les fam\u00edlies del grup de 2 a 3 anys de setembre a juny, el juliol S\u00cd, ja que no ho inclou el departament.<\/td><td style=\"text-align:right;border-color:#000;border-width:0;vertical-align:middle\"><strong>142,00 \u20ac\/mes<\/strong><\/td><\/tr><tr><td style=\"border-color:#000;border-width:0\"><strong>MATERIAL ESCOLAR<\/strong><\/td><td style=\"text-align:right;border-color:#000;border-width:0\"><strong>25,00 \u20ac\/ trimestre <\/strong><\/td><\/tr><tr><td style=\"border-color:#000;border-width:0\"><strong>MATR\u00cdCULA<\/strong>*<br>*NO es cobrar\u00e0 a les fam\u00edlies del grup de 2 a 3 anys. <\/td><td style=\"text-align:right;border-color:#000;border-width:0\"><strong>45,00 \u20ac\/any<\/strong><\/td><\/tr><tr><td style=\"border-color:#000;border-width:0\"><strong>MENJADOR<\/strong><\/td><td style=\"text-align:right;border-color:#000;border-width:0\"><strong>5,00 \u20ac\/dia<\/strong><\/td><\/tr><tr><td style=\"border-color:#000;border-width:0\"><strong>SERVEI ACOMPANYAMENT DINAR NADONS<\/strong><\/td><td style=\"text-align:right;border-color:#000;border-width:0\"><strong>1,50 \u20ac\/dia<\/strong><\/td><\/tr><tr><td style=\"border-color:#000;border-width:0\"><strong>ESMORZAR<\/strong><\/td><td style=\"text-align:right;border-color:#000;border-width:0\"><strong>0,80 \u20ac\/dia<\/strong><\/td><\/tr><tr><td style=\"border-color:#000;border-width:0\"><strong>BERENAR<\/strong><\/td><td style=\"text-align:right;border-color:#000;border-width:0\"><strong>0,80 \u20ac\/dia<\/strong><\/td><\/tr><\/tbody><\/table><\/div>\n\n\n\n<h2 class=\"wp-block-heading\">Acollida<\/h2>\n\n\n\n<div class=\"wp-block-getwid-table\"><table><tbody><tr><td style=\"border-color:#000;border-width:0\"><strong>7:45 h a 9:00 h                                                  <\/strong>        <\/td><td style=\"text-align:right;border-color:#000;border-width:0\"><strong>40 \u20ac\/mes<\/strong><\/td><\/tr><tr><td style=\"border-color:#000;border-width:0\"><strong>8:30 h a 9:00 h<\/strong><\/td><td style=\"text-align:right;border-color:#000;border-width:0\"><strong>20 \u20ac\/mes<\/strong><\/td><\/tr><\/tbody><\/table><\/div>\n\n\n\n<h2 class=\"wp-block-heading\">Preus dia espor\u00e0dic<\/h2>\n\n\n\n<div class=\"wp-block-getwid-table\"><table><tbody><tr><td style=\"vertical-align:middle;border-color:#000;border-style:solid;border-width:0\"><strong>MENJADOR<\/strong>                                                                          <\/td><td style=\"text-align:right;border-color:#000;border-width:0\"><strong>6,20 \u20ac\/dia<\/strong><\/td><\/tr><tr><td style=\"border-color:#000;border-width:0\"><strong>ACOLLIDA<\/strong><\/td><td style=\"text-align:right;border-color:#000;border-width:0\"><strong>5,00 \u20ac\/dia<\/strong><\/td><\/tr><\/tbody><\/table><\/div>\n","protected":false},"excerpt":{"rendered":"<p>QUOTA**Les fam\u00edlies nombroses i monoparentals se&#8217;ls aplicar\u00e0 un 20% de descompte, aix\u00ed com tamb\u00e9 a les fam\u00edlies que tinguin dos o m\u00e9s fills a l&#8217;escola s&#8217;aplicar\u00e0 el descompte del 20% al segon fill\/a. Sempre i quan un dels fills no estigui al grup de 2&hellip;  <a href=\"https:\/\/agora.xtec.cat\/llar-elsginjols\/funcionament\/salut\/\" title=\"Read Preus\">Llegeix m\u00e9s\u00bb<\/a><\/p>\n","protected":false},"author":1,"featured_media":0,"parent":1184,"menu_order":7,"comment_status":"closed","ping_status":"closed","template":"page-templates\/side-menu.php","meta":{"footnotes":""},"class_list":["post-38","page","type-page","status-publish","hentry"],"post_mailing_queue_ids":[],"_links":{"self":[{"href":"https:\/\/agora.xtec.cat\/llar-elsginjols\/wp-json\/wp\/v2\/pages\/38","targetHints":{"allow":["GET"]}}],"collection":[{"href":"https:\/\/agora.xtec.cat\/llar-elsginjols\/wp-json\/wp\/v2\/pages"}],"about":[{"href":"https:\/\/agora.xtec.cat\/llar-elsginjols\/wp-json\/wp\/v2\/types\/page"}],"author":[{"embeddable":true,"href":"https:\/\/agora.xtec.cat\/llar-elsginjols\/wp-json\/wp\/v2\/users\/1"}],"replies":[{"embeddable":true,"href":"https:\/\/agora.xtec.cat\/llar-elsginjols\/wp-json\/wp\/v2\/comments?post=38"}],"version-history":[{"count":6,"href":"https:\/\/agora.xtec.cat\/llar-elsginjols\/wp-json\/wp\/v2\/pages\/38\/revisions"}],"predecessor-version":[{"id":1073,"href":"https:\/\/agora.xtec.cat\/llar-elsginjols\/wp-json\/wp\/v2\/pages\/38\/revisions\/1073"}],"up":[{"embeddable":true,"href":"https:\/\/agora.xtec.cat\/llar-elsginjols\/wp-json\/wp\/v2\/pages\/1184"}],"wp:attachment":[{"href":"https:\/\/agora.xtec.cat\/llar-elsginjols\/wp-json\/wp\/v2\/media?parent=38"}],"curies":[{"name":"wp","href":"https:\/\/api.w.org\/{rel}","templated":true}]}}