{"id":34,"date":"2014-09-18T12:32:18","date_gmt":"2014-09-18T11:32:18","guid":{"rendered":"http:\/\/agora.xtec.cat\/llar-drac\/?page_id=34"},"modified":"2025-03-24T15:53:22","modified_gmt":"2025-03-24T14:53:22","slug":"oferta-educativa","status":"publish","type":"page","link":"https:\/\/agora.xtec.cat\/llar-drac\/oferta-educativa\/","title":{"rendered":"OFERTA EDUCATIVA"},"content":{"rendered":"<div class=\"blog-posts hfeed\">\n<div class=\"date-outer\">\n<div class=\"date-posts\">\n<p><strong>Oferta educativa<\/strong><\/p>\n<p><strong>Tipus d\u2019ensenyament <\/strong><\/p>\n<p>1r cicle d\u2019Educaci\u00f3 Infantil (0-3).<\/p>\n<p><strong>L\u00ednies<\/strong><br \/>\n1 Estan\u00e7a de I-0<br \/>\n4 Estances de I-1<br \/>\n4 Estances de I-2<\/p>\n<p>Totes les estances tenen una terrassa amb gespa artificial i sortida al pati.<\/p>\n<p><strong>Altres espais<\/strong><\/p>\n<p>Sala gran (polivalent)<\/p>\n<p>Dos patis<\/p>\n<p>Dos espais d\u2019alletament<\/p>\n<p>Sala d\u2019inform\u00e0tica<\/p>\n<p>Sala familiar<\/p>\n<p>Espai administratiu<\/p>\n<p>Cuina<\/p>\n<p>Bugaderia<\/p>\n<p>Menjador<\/p>\n<p>Dos vestuaris pel personal<\/p>\n<p>Sala de material<\/p>\n<p><strong>Altres serveis<\/strong><br \/>\nServei de menjador<\/p>\n<p><strong>Projecte educatiu<\/strong><br \/>\nLa finalitat de la llar d\u2019infants \u00e9s contribuir al desenvolupament global dels infants, proporcionant-los un clima i entorn de confian\u00e7a on se sentin acollits.<br \/>\nSom una escola catalana, laica, coeducadora i inclusiva.<br \/>\nDonem molta import\u00e0ncia a la col\u00b7laboraci\u00f3 i cooperaci\u00f3 de les fam\u00edlies.<\/p>\n<div class=\"post-outer\">\n<div class=\"post hentry uncustomized-post-template\">\n<div class=\"post-body entry-content\">\n<p>&nbsp;<\/p>\n<table>\n<tbody>\n<tr>\n<td><strong>Municipi<\/strong><\/td>\n<td>Vilanova i la Geltr\u00fa<\/td>\n<\/tr>\n<tr>\n<td><strong>Tipus de centre<\/strong><\/td>\n<td>P\u00fablic<\/td>\n<\/tr>\n<tr>\n<td><strong>Adre\u00e7a<\/strong><\/td>\n<td><a href=\"https:\/\/www.google.es\/maps\/place\/Carrer+del+Canig%C3%B3,+6,+08800+Vilanova+i+la+Geltr%C3%BA,+Barcelona\/@41.2187403,1.7176867,17z\/data=%213m1%214b1%214m2%213m1%211s0x12a386fa1def396d:0x33a4548d065e243a\">C\/Canig\u00f3, 6-8 08800 Vilanova i la Geltr\u00f9<\/a><\/td>\n<\/tr>\n<tr>\n<td><strong>Tel\u00e8fon<\/strong><\/td>\n<td>Tel.: 938 154 104 \/ 634 78 64 96<\/td>\n<\/tr>\n<tr>\n<td><strong>Adre\u00e7a electr\u00f2nica <\/strong><\/td>\n<td><a href=\"mailto:a8049245@xtec.cat\">a8049245@xtec.cat<\/a><\/td>\n<\/tr>\n<tr>\n<td><strong>Lloc web<\/strong><\/td>\n<td><a href=\"https:\/\/agora.xtec.cat\/llar-drac\/\">https:\/\/agora.xtec.cat\/llar-drac\/<\/a><\/td>\n<\/tr>\n<tr>\n<td><strong>Instagram<\/strong><\/td>\n<td>\u00a0<a href=\"https:\/\/www.instagram.com\/llardinfantseldrac\/\">@llardinfantseldrac<\/a><\/td>\n<\/tr>\n<tr>\n<td><strong>Horari<\/strong><\/td>\n<td>De 9 a 17 h.<\/td>\n<\/tr>\n<\/tbody>\n<\/table>\n<\/div>\n<\/div>\n<\/div>\n<\/div>\n<\/div>\n<\/div>\n","protected":false},"excerpt":{"rendered":"<p>Oferta educativa<br \/>\nTipus d\u2019ensenyament<br \/>\n1r cicle d\u2019Educaci\u00f3 Infantil (0-3).<br \/>\nL\u00ednies<br \/>\n1 Estan\u00e7a de I-0<br \/>\n4 Estances de I-1<br \/>\n4 Estances de I-2<br \/>\nTotes les estances tenen una terrassa amb gespa artificial i sortida al pati.<br \/>\nAltres espais<br \/>\nSala gran (polivalent)<br \/>\nDos patis<br \/>\nDos espais d\u2019alletament<br \/>\nSala d\u2019inform\u00e0tica<br \/>\nSala familiar<br \/>\nEspai administratiu<br \/>\nCuina<br \/>\nBugaderia<br \/>\nMenjador<br \/>\nDos vestuaris pel personal<br \/>\nSala de material<br \/>\nAltres serveis<br \/>\nServei de&hellip;  <a href=\"https:\/\/agora.xtec.cat\/llar-drac\/oferta-educativa\/\" title=\"Read OFERTA EDUCATIVA\">Llegeix m\u00e9s\u00bb<\/a><\/p>\n","protected":false},"author":1,"featured_media":0,"parent":0,"menu_order":60,"comment_status":"closed","ping_status":"closed","template":"page-templates\/side-menu.php","meta":{"_bbp_topic_count":0,"_bbp_reply_count":0,"_bbp_total_topic_count":0,"_bbp_total_reply_count":0,"_bbp_voice_count":0,"_bbp_anonymous_reply_count":0,"_bbp_topic_count_hidden":0,"_bbp_reply_count_hidden":0,"_bbp_forum_subforum_count":0,"footnotes":""},"class_list":["post-34","page","type-page","status-publish","hentry"],"post_mailing_queue_ids":[],"_links":{"self":[{"href":"https:\/\/agora.xtec.cat\/llar-drac\/wp-json\/wp\/v2\/pages\/34","targetHints":{"allow":["GET"]}}],"collection":[{"href":"https:\/\/agora.xtec.cat\/llar-drac\/wp-json\/wp\/v2\/pages"}],"about":[{"href":"https:\/\/agora.xtec.cat\/llar-drac\/wp-json\/wp\/v2\/types\/page"}],"author":[{"embeddable":true,"href":"https:\/\/agora.xtec.cat\/llar-drac\/wp-json\/wp\/v2\/users\/1"}],"replies":[{"embeddable":true,"href":"https:\/\/agora.xtec.cat\/llar-drac\/wp-json\/wp\/v2\/comments?post=34"}],"version-history":[{"count":6,"href":"https:\/\/agora.xtec.cat\/llar-drac\/wp-json\/wp\/v2\/pages\/34\/revisions"}],"predecessor-version":[{"id":4319,"href":"https:\/\/agora.xtec.cat\/llar-drac\/wp-json\/wp\/v2\/pages\/34\/revisions\/4319"}],"wp:attachment":[{"href":"https:\/\/agora.xtec.cat\/llar-drac\/wp-json\/wp\/v2\/media?parent=34"}],"curies":[{"name":"wp","href":"https:\/\/api.w.org\/{rel}","templated":true}]}}