{"id":1028,"date":"2024-02-14T12:29:58","date_gmt":"2024-02-14T11:29:58","guid":{"rendered":"https:\/\/agora.xtec.cat\/iticbcn\/?page_id=1028"},"modified":"2025-10-01T20:16:07","modified_gmt":"2025-10-01T18:16:07","slug":"cfgs_administracio_de_sistemes_informatics_en_xarxa","status":"publish","type":"page","link":"https:\/\/agora.xtec.cat\/iticbcn\/projecte-educatiu\/cfgs_administracio_de_sistemes_informatics_en_xarxa\/","title":{"rendered":"CFGS Administraci\u00f3 de Sistemes Inform\u00e0tics en Xarxa (ASIX) (ICA0)"},"content":{"rendered":"<p>[toc]<\/p>\n<h3><span style=\"color: #00ccff;\">Introducci\u00f3<\/span><\/h3>\n<h4 class=\"mt-0\"><span style=\"color: #3366ff;\">Qu\u00e8 estudiar\u00e9?<\/span><\/h4>\n<p>Especialitzem els nostres estudis d\u2019administraci\u00f3 de sistemes inform\u00e0tics en xarxa (ASIX ICA0) en\u00a0<strong>Cloud Computing<\/strong>. Estudiar\u00e0s administraci\u00f3 de sistemes operatius, de serveis d\u2019Internet, de xarxes, de bases de dades, aix\u00ed com seguretat inform\u00e0tica, ciberseguretat i\u00a0<strong>cloud computing<\/strong>.<\/p>\n<h3><span style=\"color: #3366ff;\">Per qu\u00e8 a l&#8217;ITICBCN?<\/span><\/h3>\n<p>Perqu\u00e8 gr\u00e0cies a\u00a0<a href=\"http:\/\/agora.xtec.cat\/insjoandaustria\/portada\/signat-conveni-de-col%c2%b7laboracio-amb-oracle\/\">l\u2019acord que tenim amb Oracle<\/a>, pots obtenir les certificacions en\u00a0<a href=\"https:\/\/academy.oracle.com\/es\/solutions-curriculum-full.html\"><strong>Disseny de bases de dades i programaci\u00f3 amb SQL<\/strong>,\u00a0<strong>Programaci\u00f3 de bases de dades amb PL\/SQL<\/strong>,\u00a0<strong>Fonaments de Java<\/strong>\u00a0i\u00a0<strong>Programaci\u00f3 amb Java<\/strong><\/a>.<\/p>\n<p>Perqu\u00e8 treballar\u00e0s amb tecnologia Cloud puntera, com\u00a0<a href=\"https:\/\/aws.amazon.com\/es\/\">AWS<\/a>. i podr\u00e0s fer pr\u00e0ctiques a importants empreses del sector.<\/p>\n<p>Perqu\u00e8 el nostre professorat \u00e9s expert en les mat\u00e8ries que imparteix.<\/p>\n<h4><span style=\"color: #3366ff;\">En quin horari?<\/span><\/h4>\n<p>Les classes a primer de mat\u00ed en horari de 8:00h a 13:30h i segon curs s\u00f3n a la tarda, de 14:30h a 21:00h.<\/p>\n<p>Durant el segon curs far\u00e0s la formaci\u00f3 en centres de treball (<strong>FCT<\/strong>) o formaci\u00f3 DUAL en horari de mat\u00ed.<\/p>\n<p>En el cas de <strong>FCT,<\/strong> far\u00e0s pr\u00e0ctiques al mat\u00ed i classes de tarda de 14:30h a 21:00h.<\/p>\n<p>En cas de formaci\u00f3 <strong>DUAL,<\/strong> far\u00e0s al mat\u00ed (5 hores) a l&#8217;empresa i estar\u00e0s 3 hores al centre, de 18:00h a 21:00h.<\/p>\n<h3 class=\"mt-0\"><span style=\"color: #00ccff;\">Objectius<\/span><\/h3>\n<p>L\u2019objectiu dels estudis \u00e9s formar professionals amb la capacitat de configurar, administrar i mantenir sistemes inform\u00e0tics, garantint la funcionalitat, la integritat dels recursos i serveis del sistema, pel que cal aprendre a:<\/p>\n<ul>\n<li>Administrar sistemes operatius de servidor, serveis de xarxa (web, missatgeria electr\u00f2nica i transfer\u00e8ncia d\u2019arxius, entre d\u2019altres) i aplicacions.<\/li>\n<li>Implantar i gestionar bases de dades.<\/li>\n<li>Optimitzar el rendiment del sistema configurant els dispositius maquinari, avaluar el seu rendiment i identificar possibilitats de millora segons les necessitats de funcionament.<\/li>\n<li>Determinar la infraestructura de xarxes telem\u00e0tiques elaborant esquemes i seleccionant equips i elements i integrar equips de comunicacions a aquestes xarxes, determinant la configuraci\u00f3 per assegurar-ne la connectivitat.<\/li>\n<li>Implementar solucions d\u2019alta disponibilitat, supervisar la seguretat f\u00edsica i assegurar el sistema i les dades.<\/li>\n<li>Administrar usuaris per garantir els accessos i la disponibilitat dels recursos del sistema.<\/li>\n<\/ul>\n<h3><span style=\"color: #00ccff;\">Estructura<\/span><\/h3>\n<h3 class=\"mt-0\"><span style=\"color: #3366ff;\">Duraci\u00f3<\/span><\/h3>\n<p class=\"mt-0\"><span style=\"color: #3366ff;\"><span style=\"color: #000000;\">2000 hores<\/span><\/span><\/p>\n<h3 class=\"mt-0\"><span style=\"color: #3366ff;\">Titulaci\u00f3<\/span><\/h3>\n<p>T\u00e8cnic Superior en Administraci\u00f3 de Sistemes Inform\u00e0tics a la Xarxa<\/p>\n<div class=\"col-md-6 col-12\"><\/div>\n<div class=\"col-md-6 col-12\">\n<table dir=\"ltr\" style=\"height: 575px; width: 100%; border-style: double;\" border=\"1\" cellspacing=\"0\" cellpadding=\"0\" data-sheets-root=\"1\" data-sheets-baot=\"1\">\n<colgroup>\n<col width=\"43\" \/>\n<col width=\"368\" \/>\n<col width=\"63\" \/>\n<col width=\"47\" \/>\n<col width=\"62\" \/>\n<col width=\"38\" \/><\/colgroup>\n<tbody>\n<tr style=\"height: 23px;\">\n<td style=\"background-color: #bbbbbb; height: 23px;\" colspan=\"6\" rowspan=\"1\">1r ASIX<\/td>\n<\/tr>\n<tr style=\"height: 46px;\">\n<td style=\"height: 46px;\">Codi BOE<\/td>\n<td style=\"height: 46px;\">M\u00f2duls professionals<\/td>\n<td style=\"height: 46px;\">Hores<br \/>\nsetmana<\/td>\n<td style=\"height: 46px;\">Hores<br \/>\ncentre<\/td>\n<td style=\"height: 46px;\">Hores empresa<\/td>\n<td style=\"height: 46px;\">Total<\/td>\n<\/tr>\n<tr style=\"height: 23px;\">\n<td style=\"height: 23px;\">0369<\/td>\n<td style=\"height: 23px;\">Implantaci\u00f3 de sistemes operatius<\/td>\n<td style=\"height: 23px;\">4<\/td>\n<td style=\"height: 23px;\">132<\/td>\n<td style=\"height: 23px;\">99<\/td>\n<td style=\"height: 23px;\">231<\/td>\n<\/tr>\n<tr style=\"height: 23px;\">\n<td style=\"height: 23px;\">0371<\/td>\n<td style=\"height: 23px;\">Fonaments de maquinari<\/td>\n<td style=\"height: 23px;\">2<\/td>\n<td style=\"height: 23px;\">66<\/td>\n<td style=\"height: 23px;\">33<\/td>\n<td style=\"height: 23px;\">99<\/td>\n<\/tr>\n<tr style=\"height: 23px;\">\n<td style=\"height: 23px;\">1708<\/td>\n<td style=\"height: 23px;\">Sostenibilitat aplicada al sistema productiu<\/td>\n<td style=\"height: 23px;\">1<\/td>\n<td style=\"height: 23px;\">33<\/td>\n<td style=\"height: 23px;\">0<\/td>\n<td style=\"height: 23px;\">33<\/td>\n<\/tr>\n<tr style=\"height: 23px;\">\n<td style=\"height: 23px;\">0372<\/td>\n<td style=\"height: 23px;\">Gesti\u00f3 de bases de dades +<\/td>\n<td style=\"height: 23px;\">4<\/td>\n<td style=\"height: 23px;\">132<\/td>\n<td style=\"height: 23px;\">66<\/td>\n<td style=\"height: 23px;\">198<\/td>\n<\/tr>\n<tr style=\"height: 23px;\">\n<td style=\"height: 23px;\">0377<\/td>\n<td style=\"height: 23px;\">Administraci\u00f3 de sistemes gestors de bases de dades<\/td>\n<td style=\"height: 23px;\">1<\/td>\n<td style=\"height: 23px;\">33<\/td>\n<td style=\"height: 23px;\">33<\/td>\n<td style=\"height: 23px;\">66<\/td>\n<\/tr>\n<tr style=\"height: 23px;\">\n<td style=\"height: 23px;\">0373<\/td>\n<td style=\"height: 23px;\">Llenguatges de marques i sistemes de gesti\u00f3 d\u2019informaci\u00f3<\/td>\n<td style=\"height: 23px;\">2<\/td>\n<td style=\"height: 23px;\">66<\/td>\n<td style=\"height: 23px;\">33<\/td>\n<td style=\"height: 23px;\">99<\/td>\n<\/tr>\n<tr style=\"height: 23px;\">\n<td style=\"height: 23px;\">0370<\/td>\n<td style=\"height: 23px;\">Planificaci\u00f3 i administraci\u00f3 de xarxes<\/td>\n<td style=\"height: 23px;\">4<\/td>\n<td style=\"height: 23px;\">132<\/td>\n<td style=\"height: 23px;\">53<\/td>\n<td style=\"height: 23px;\">185<\/td>\n<\/tr>\n<tr style=\"height: 23px;\">\n<td style=\"height: 23px;\">0179<\/td>\n<td style=\"height: 23px;\">Angl\u00e8s professional<\/td>\n<td style=\"height: 23px;\">2<\/td>\n<td style=\"height: 23px;\">66<\/td>\n<td style=\"height: 23px;\">0<\/td>\n<td style=\"height: 23px;\">66<\/td>\n<\/tr>\n<tr style=\"height: 23px;\">\n<td style=\"height: 23px;\">1709<\/td>\n<td style=\"height: 23px;\">Itinerari Personal per a l&#8217;Ocupabilitat I<\/td>\n<td style=\"height: 23px;\">3<\/td>\n<td style=\"height: 23px;\">99<\/td>\n<td style=\"height: 23px;\">0<\/td>\n<td style=\"height: 23px;\">99<\/td>\n<\/tr>\n<tr style=\"height: 23px;\">\n<td style=\"height: 23px;\"><\/td>\n<td style=\"height: 23px;\">Total primer curs<\/td>\n<td style=\"height: 23px;\">23<\/td>\n<td style=\"height: 23px;\">759<\/td>\n<td style=\"height: 23px;\">317<\/td>\n<td style=\"height: 23px;\">1076<\/td>\n<\/tr>\n<tr style=\"height: 23px;\">\n<td style=\"background-color: #bbbbbb; height: 23px;\" colspan=\"6\" rowspan=\"1\">2n ASIX<\/td>\n<\/tr>\n<tr style=\"height: 46px;\">\n<td style=\"height: 46px;\">Codi BOE<\/td>\n<td style=\"height: 46px;\">M\u00f2duls professionals<\/td>\n<td style=\"height: 46px;\">Hores<br \/>\nSetmana<\/td>\n<td style=\"height: 46px;\">Hores<br \/>\ncentre<\/td>\n<td style=\"height: 46px;\">Hores empresa<\/td>\n<td style=\"height: 46px;\">Total<\/td>\n<\/tr>\n<tr style=\"height: 23px;\">\n<td style=\"height: 23px;\">0374<\/td>\n<td style=\"height: 23px;\">Administraci\u00f3 de sistemes operatius<\/td>\n<td style=\"height: 23px;\">4<\/td>\n<td style=\"height: 23px;\">132<\/td>\n<td style=\"height: 23px;\">66<\/td>\n<td style=\"height: 23px;\">198<\/td>\n<\/tr>\n<tr style=\"height: 23px;\">\n<td style=\"height: 23px;\">0376<\/td>\n<td style=\"height: 23px;\">Implantaci\u00f3 d\u2019aplicacions web<\/td>\n<td style=\"height: 23px;\">2<\/td>\n<td style=\"height: 23px;\">66<\/td>\n<td style=\"height: 23px;\">33<\/td>\n<td style=\"height: 23px;\">99<\/td>\n<\/tr>\n<tr style=\"height: 23px;\">\n<td style=\"height: 23px;\">0375<\/td>\n<td style=\"height: 23px;\">Serveis de xarxa i internet<\/td>\n<td style=\"height: 23px;\">2<\/td>\n<td style=\"height: 23px;\">66<\/td>\n<td style=\"height: 23px;\">66<\/td>\n<td style=\"height: 23px;\">132<\/td>\n<\/tr>\n<tr style=\"height: 23px;\">\n<td style=\"height: 23px;\">0378<\/td>\n<td style=\"height: 23px;\">Seguretat i alta disponibilitat<\/td>\n<td style=\"height: 23px;\">2<\/td>\n<td style=\"height: 23px;\">66<\/td>\n<td style=\"height: 23px;\">33<\/td>\n<td style=\"height: 23px;\">99<\/td>\n<\/tr>\n<tr style=\"height: 23px;\">\n<td style=\"height: 23px;\">1710<\/td>\n<td style=\"height: 23px;\">Itinerari Personal per a l&#8217;Ocupabilitat II<\/td>\n<td style=\"height: 23px;\">2<\/td>\n<td style=\"height: 23px;\">66<\/td>\n<td style=\"height: 23px;\">0<\/td>\n<td style=\"height: 23px;\">66<\/td>\n<\/tr>\n<tr style=\"height: 23px;\">\n<td style=\"height: 23px;\">MPO.<\/td>\n<td style=\"height: 23px;\">M\u00f2dul professional optatiu +<\/td>\n<td style=\"height: 23px;\">3<\/td>\n<td style=\"height: 23px;\">99<\/td>\n<td style=\"height: 23px;\">0<\/td>\n<td style=\"height: 23px;\">99<\/td>\n<\/tr>\n<tr style=\"height: 23px;\">\n<td style=\"height: 23px;\">1665<\/td>\n<td style=\"height: 23px;\">Digitalitzaci\u00f3 aplicada als sectors productius<\/td>\n<td style=\"height: 23px;\">1<\/td>\n<td style=\"height: 23px;\">33<\/td>\n<td style=\"height: 23px;\">0<\/td>\n<td style=\"height: 23px;\">33<\/td>\n<\/tr>\n<tr style=\"height: 46px;\">\n<td style=\"height: 46px;\">0379<\/td>\n<td style=\"height: 46px;\">Projecte intermodular d&#8217;administraci\u00f3 de sistemes inform\u00e0tics en xarxa<\/td>\n<td style=\"height: 46px;\">6<\/td>\n<td style=\"height: 46px;\">198<\/td>\n<td style=\"height: 46px;\">0<\/td>\n<td style=\"height: 46px;\">198<\/td>\n<\/tr>\n<\/tbody>\n<\/table>\n<h3><\/h3>\n<h3 class=\"mt-0\"><span style=\"color: #00ccff;\">Sortides acad\u00e8miques<\/span><\/h3>\n<p>Amb aquests estudis s\u2019obt\u00e9 el t\u00edtol de t\u00e8cnic o t\u00e8cnica superior, que permet accedir:<\/p>\n<ul>\n<li>A un grau universitari, amb reconeixement de part dels estudis cursats.<\/li>\n<li>A altres cicles formatius per complementar la formaci\u00f3, per exemple\u00a0<strong>desenvolupament d\u2019aplicacions multiplataforma<\/strong>\u00a0o\u00a0<strong>desenvolupament d\u2019aplicacions web<\/strong>.<\/li>\n<\/ul>\n<h3 class=\"mt-0\"><span style=\"color: #00ccff;\">Sortides professionals<\/span><\/h3>\n<p>Aquests estudis et permetran arribar a ser t\u00e8cnic en\u00a0<strong>administraci\u00f3 de sistemes<\/strong>, responsable\u00a0<strong>d\u2019inform\u00e0tica<\/strong>, t\u00e8cnic en\u00a0<strong>serveis d\u2019Internet<\/strong>, t\u00e8cnic en\u00a0<strong>administraci\u00f3 de base de dades<\/strong>, t\u00e8cnic de\u00a0<strong>xarxes<\/strong>, supervisor de\u00a0<strong>sistemes<\/strong>, t\u00e8cnic en\u00a0<strong>serveis de comunicaci\u00f3<\/strong>\u2026<\/p>\n<h3 class=\"mt-0\"><span style=\"color: #00ccff;\">Suplement europeu al t\u00edtol<\/span><\/h3>\n<ul>\n<li><a href=\"https:\/\/agora.xtec.cat\/iticbcn\/wp-content\/uploads\/usu2389\/2024\/02\/n-tsadministracionsistemasinformaticosredes-pdf.pdf\" target=\"_blank\" rel=\"noopener\" data-saferedirecturl=\"https:\/\/www.google.com\/url?q=https:\/\/agora.xtec.cat\/iticbcn\/wp-content\/uploads\/usu2389\/2024\/02\/n-tsadministracionsistemasinformaticosredes-pdf.pdf&amp;source=gmail&amp;ust=1708427098766000&amp;usg=AOvVaw2b4fYo7yCP-L6_ejelT_1s\">ASIX: Europass Diploma Supplement:<\/a>\u00a0120 cr\u00e8dits ECTS distribu\u00efts entre els m\u00f2duls<\/li>\n<\/ul>\n<\/div>\n","protected":false},"excerpt":{"rendered":"<p>[toc]<br \/>\nIntroducci\u00f3<br \/>\nQu\u00e8 estudiar\u00e9?<br \/>\nEspecialitzem els nostres estudis d\u2019administraci\u00f3 de sistemes inform\u00e0tics en xarxa (ASIX ICA0) en\u00a0Cloud Computing. Estudiar\u00e0s administraci\u00f3 de sistemes operatius, de serveis d\u2019Internet, de xarxes, de bases de dades, aix\u00ed com seguretat inform\u00e0tica, ciberseguretat i\u00a0cloud computing.<br \/>\nPer qu\u00e8 a l&#8217;ITICBCN?<br \/>\nPerqu\u00e8 gr\u00e0cies a\u00a0<a href=\"http:\/\/agora.xtec.cat\/insjoandaustria\/portada\/signat-conveni-de-col%c2%b7laboracio-amb-oracle\/\">l\u2019acord que tenim amb&hellip;  <a href=\"https:\/\/agora.xtec.cat\/iticbcn\/projecte-educatiu\/cfgs_administracio_de_sistemes_informatics_en_xarxa\/\" title=\"Read CFGS Administraci\u00f3 de Sistemes Inform\u00e0tics en Xarxa (ASIX) (ICA0)\">Llegeix m\u00e9s\u00bb<\/a><\/p>\n","protected":false},"author":116,"featured_media":0,"parent":57,"menu_order":30,"comment_status":"closed","ping_status":"closed","template":"page-templates\/side-menu.php","meta":{"_bbp_topic_count":0,"_bbp_reply_count":0,"_bbp_total_topic_count":0,"_bbp_total_reply_count":0,"_bbp_voice_count":0,"_bbp_anonymous_reply_count":0,"_bbp_topic_count_hidden":0,"_bbp_reply_count_hidden":0,"_bbp_forum_subforum_count":0,"footnotes":""},"class_list":["post-1028","page","type-page","status-publish","hentry"],"post_mailing_queue_ids":[],"_links":{"self":[{"href":"https:\/\/agora.xtec.cat\/iticbcn\/wp-json\/wp\/v2\/pages\/1028","targetHints":{"allow":["GET"]}}],"collection":[{"href":"https:\/\/agora.xtec.cat\/iticbcn\/wp-json\/wp\/v2\/pages"}],"about":[{"href":"https:\/\/agora.xtec.cat\/iticbcn\/wp-json\/wp\/v2\/types\/page"}],"author":[{"embeddable":true,"href":"https:\/\/agora.xtec.cat\/iticbcn\/wp-json\/wp\/v2\/users\/116"}],"replies":[{"embeddable":true,"href":"https:\/\/agora.xtec.cat\/iticbcn\/wp-json\/wp\/v2\/comments?post=1028"}],"version-history":[{"count":6,"href":"https:\/\/agora.xtec.cat\/iticbcn\/wp-json\/wp\/v2\/pages\/1028\/revisions"}],"predecessor-version":[{"id":3205,"href":"https:\/\/agora.xtec.cat\/iticbcn\/wp-json\/wp\/v2\/pages\/1028\/revisions\/3205"}],"up":[{"embeddable":true,"href":"https:\/\/agora.xtec.cat\/iticbcn\/wp-json\/wp\/v2\/pages\/57"}],"wp:attachment":[{"href":"https:\/\/agora.xtec.cat\/iticbcn\/wp-json\/wp\/v2\/media?parent=1028"}],"curies":[{"name":"wp","href":"https:\/\/api.w.org\/{rel}","templated":true}]}}