{"id":972,"date":"2024-08-24T10:15:21","date_gmt":"2024-08-24T08:15:21","guid":{"rendered":"https:\/\/agora.xtec.cat\/isvh\/?page_id=972"},"modified":"2026-04-20T08:14:25","modified_gmt":"2026-04-20T06:14:25","slug":"cfgs-preinscripcio-i-matricula","status":"publish","type":"page","link":"https:\/\/agora.xtec.cat\/isvh\/secretaria\/preinscripcio-i-matricula\/cfgs-preinscripcio-i-matricula\/","title":{"rendered":"CFGS &#8211; Preinscripci\u00f3 i Matr\u00edcula"},"content":{"rendered":"\n<p class=\"has-text-align-center has-white-color has-text-color has-background has-link-color has-small-font-size wp-elements-fe64d159aa7f2015fe7d45714e5aa972\" style=\"background-color:#00b4ce\"><strong>IMPORTANT: ACTUALMENT AQUEST CENTRE NO \u00c9S ACCESIBLE PER A PERSONES AMB PROBLEMES DE MOBILITAT<\/strong><\/p>\n\n\n\n<p><\/p>\n\n\n\n<p>Aqu\u00ed trobar\u00e0s tota la informaci\u00f3 clau per a realitzar el proc\u00e9s de preinscripci\u00f3 i matr\u00edcula dels cicles formatius de grau superior. Recorda que la preinscripci\u00f3 i assignacions nom\u00e9s depenen del Departament d&#8217;Educaci\u00f3 i FP, no dels centres, que nom\u00e9s anem publicant les llistes que ens correspon publicar en cada moment del proc\u00e9s. Informa&#8217;t a la web de preinscripci\u00f3 del Departament.<\/p>\n\n\n\n<figure class=\"wp-block-table is-style-stripes\"><table><thead><tr><th>QU\u00c8 NECESSITAR\u00c0S PER A LA PREINSCRIPCI\u00d3 I MATR\u00cdCULA?<\/th><th>INFORMACI\u00d3<\/th><\/tr><\/thead><tbody><tr><td>Obtenci\u00f3 de l&#8217;IdCAT M\u00f2bil (per obtenir la signatura electr\u00f2nica)<\/td><td><a href=\"https:\/\/idcat.aoc.cat\/\" data-type=\"link\" data-id=\"https:\/\/web.gencat.cat\/ca\/tramits\/suport-tramitacio\/durant-la-tramitacio\/signatura-identificacio-digital\/idcat-mobil\/\" target=\"_blank\" rel=\"noreferrer noopener\">ves aqu\u00ed<\/a><\/td><\/tr><tr><td>Obtenci\u00f3 del IDALU personal (N\u00famero d&#8217;Identificaci\u00f3 de l&#8217;alumne)<\/td><td><a href=\"https:\/\/educacio.gencat.cat\/ca\/tramits\/tramits-temes\/identificador-alumne\" target=\"_blank\" rel=\"noreferrer noopener\">ves aqu\u00ed<\/a><\/td><\/tr><tr><td>Notes de tall de refer\u00e8ncia del curs anterior 24-25<\/td><td><a href=\"https:\/\/preinscripcio.gencat.cat\/ca\/estudis\/fp-grau-superior\/informat\/consulta-notes-tall\/\" data-type=\"link\" data-id=\"https:\/\/preinscripcio.gencat.cat\/ca\/estudis\/fp-grau-mitja\/informat\/consulta-notes-tall\/index.html\" target=\"_blank\" rel=\"noreferrer noopener\">ves aqu\u00ed<\/a><\/td><\/tr><tr><td>Criteris de selecci\u00f3 (vies d&#8217;acc\u00e9s)<\/td><td><a href=\"https:\/\/preinscripcio.gencat.cat\/ca\/estudis\/fp-grau-superior\/informat\/criteris-assignacio\/\" target=\"_blank\" rel=\"noreferrer noopener\">ves aqu\u00ed<\/a><\/td><\/tr><tr><td>Codi de Centre<\/td><td>08078831<\/td><\/tr><tr><td>Codi Anatomia Patol\u00f2gica i Citodiagn\u00f2stic<\/td><td>SAC0<\/td><\/tr><tr><td>Codi Documentaci\u00f3 i Administraci\u00f3 Sanit\u00e0ries<\/td><td>SAD0<\/td><\/tr><tr><td>Codi Imatge per al diagn\u00f2stic i Medicina Nuclear<\/td><td>SAI0<\/td><\/tr><tr><td>Codi Laboratori Cl\u00ednic i Biom\u00e8dic<\/td><td>SAE0<\/td><\/tr><tr><td>Codi Doble Grau: Laboratori + Anatomia (LAB torn de TARDA)*<\/td><td>SAE0<\/td><\/tr><\/tbody><\/table><\/figure>\n\n\n\n<p><\/p>\n\n\n\n<p>\u26a0\ufe0f *<strong>IMPORTANT: Per poder matricular-se del doble grau, cal matricular-se de 1r curs de Laboratori cl\u00ednic i biom\u00e8dic en TORN DE TARDA<\/strong>. <strong>No \u00e9s possible accedir a aquest doble grau en cap altre torn o des de 1r d&#8217;Anatomia patol\u00f2gica i citodiagn\u00f2stic.<\/strong> \u26a0\ufe0f<\/p>\n\n\n\n<p><\/p>\n\n\n\n<hr class=\"wp-block-separator has-alpha-channel-opacity\"\/>\n\n\n\n<p><\/p>\n\n\n\n<h2 class=\"wp-block-heading\">Simulador de preinscripci\u00f3<\/h2>\n\n\n\n<p><\/p>\n\n\n\n<p>El Departament d&#8217;educaci\u00f3 i formaci\u00f3 professional ofereix la possibilitat de fer servir aquest simulador amb el qual podr\u00e0s preparar tota la informaci\u00f3 i documentaci\u00f3 necess\u00e0ria i et permetr\u00e0 saber la nota de tall de cadascuna de les opcions que escullis.<\/p>\n\n\n\n<div class=\"wp-block-buttons is-layout-flex wp-block-buttons-is-layout-flex\">\n<div class=\"wp-block-button is-style-fill\"><a class=\"wp-block-button__link has-white-color has-text-color has-link-color wp-element-button\" href=\"https:\/\/preinscripcio.gencat.cat\/ca\/estudis\/fp-grau-superior\/informat\/fes-simulacre\/\" target=\"_blank\" rel=\"noreferrer noopener\"><strong>Accedeix al simulador de grau superior<\/strong><\/a><\/div>\n<\/div>\n\n\n\n<p><\/p>\n\n\n\n<h2 class=\"wp-block-heading\">Calendari i dates clau preinscripci\u00f3 i matr\u00edcula 26-27<\/h2>\n\n\n\n<p><\/p>\n\n\n\n<p>A aquesta infografia trobar\u00e0s les dates clau del proc\u00e9s de preinscripci\u00f3 i matr\u00edcula.<\/p>\n\n\n\n<figure class=\"wp-block-image aligncenter size-large\"><img decoding=\"async\" src=\"https:\/\/preinscripcio.gencat.cat\/web\/.content\/estudis\/fp-grau-superior\/inici\/carrusel\/fpgs-bola2.png_223078711.png\" alt=\"\"\/><\/figure>\n\n\n\n<p><\/p>\n\n\n\n<h2 class=\"wp-block-heading has-text-color has-link-color wp-elements-283f4149d2340d61dc9e5708fa3451cc\" style=\"color:#233a80\">Presentaci\u00f3 i seguiment de la sol\u00b7licitud de preinscripci\u00f3<\/h2>\n\n\n\n<p><\/p>\n\n\n\n<p>Tot seguit trobar\u00e0s la informaci\u00f3 detallada de cadascuna de les fases del proc\u00e9s de preinscripci\u00f3, amb els enlla\u00e7os corresponents a les llistes pr\u00f2pies o publicacions del Departament d&#8217;Educaci\u00f3 i Formaci\u00f3 Professional.<\/p>\n\n\n\n<p><\/p>\n\n\n\n<div class=\"wp-block-columns is-layout-flex wp-container-core-columns-is-layout-1 wp-block-columns-is-layout-flex\">\n<div class=\"wp-block-column is-layout-flow wp-block-column-is-layout-flow\" style=\"flex-basis:10%\">\n<figure class=\"wp-block-image size-thumbnail is-resized\"><img loading=\"lazy\" decoding=\"async\" width=\"150\" height=\"150\" src=\"https:\/\/agora.xtec.cat\/isvh\/wp-content\/uploads\/usu3043\/2025\/03\/mega-3-150x150.png\" alt=\"\" class=\"wp-image-1813\" style=\"width:70px\" srcset=\"https:\/\/agora.xtec.cat\/isvh\/wp-content\/uploads\/usu3043\/2025\/03\/mega-3-150x150.png 150w, https:\/\/agora.xtec.cat\/isvh\/wp-content\/uploads\/usu3043\/2025\/03\/mega-3-300x300.png 300w, https:\/\/agora.xtec.cat\/isvh\/wp-content\/uploads\/usu3043\/2025\/03\/mega-3-768x768.png 768w, https:\/\/agora.xtec.cat\/isvh\/wp-content\/uploads\/usu3043\/2025\/03\/mega-3.png 980w\" sizes=\"auto, (max-width: 150px) 100vw, 150px\" \/><\/figure>\n<\/div>\n\n\n\n<div class=\"wp-block-column is-vertically-aligned-center is-layout-flow wp-block-column-is-layout-flow\" style=\"flex-basis:90%\">\n<p class=\"has-text-color has-link-color wp-elements-8d88c9c07fbceec432d5d471dad27630\" style=\"color:#233a80\"><strong>22 de maig de 2026 Oferta inicial de places<\/strong>.<\/p>\n\n\n\n<p>Consulta la llista aqu\u00ed (publicaci\u00f3 a partir del 22 de maig).<\/p>\n\n\n\n<hr class=\"wp-block-separator has-alpha-channel-opacity\"\/>\n<\/div>\n<\/div>\n\n\n\n<div class=\"wp-block-columns is-layout-flex wp-container-core-columns-is-layout-2 wp-block-columns-is-layout-flex\">\n<div class=\"wp-block-column is-layout-flow wp-block-column-is-layout-flow\" style=\"flex-basis:10%\">\n<figure class=\"wp-block-image size-thumbnail is-resized\"><img loading=\"lazy\" decoding=\"async\" width=\"150\" height=\"150\" src=\"https:\/\/agora.xtec.cat\/isvh\/wp-content\/uploads\/usu3043\/2025\/03\/presentar-2-150x150.png\" alt=\"\" class=\"wp-image-1778\" style=\"width:70px\" srcset=\"https:\/\/agora.xtec.cat\/isvh\/wp-content\/uploads\/usu3043\/2025\/03\/presentar-2-150x150.png 150w, https:\/\/agora.xtec.cat\/isvh\/wp-content\/uploads\/usu3043\/2025\/03\/presentar-2.png 278w\" sizes=\"auto, (max-width: 150px) 100vw, 150px\" \/><\/figure>\n<\/div>\n\n\n\n<div class=\"wp-block-column is-vertically-aligned-center is-layout-flow wp-block-column-is-layout-flow\" style=\"flex-basis:90%\">\n<p class=\"has-text-align-left has-text-color has-link-color wp-elements-38073d6bc111f249470dac87b0d94284\" style=\"color:#233a80\"><strong>Del 26 de maig a l&#8217;1 de juny de 2026: presentaci\u00f3 de la sol\u00b7licitud de forma telem\u00e0tica al web del Departament.<\/strong><\/p>\n\n\n\n<p class=\"has-text-align-left\">\u00c9s molt important respectar les dates, perqu\u00e8 per a aquests ensenyaments no s&#8217;accepten sol\u00b7licituds fora de termini. Els <a href=\"https:\/\/preinscripcio.gencat.cat\/ca\/estudis\/fp-grau-superior\/informat\/criteris-assignacio\/index.html\" data-type=\"link\" data-id=\"https:\/\/preinscripcio.gencat.cat\/ca\/estudis\/fp-grau-mitja\/informat\/criteris-assignacio\/index.html\" target=\"_blank\" rel=\"noreferrer noopener\">criteris de prioritat<\/a> serveixen per donar una puntuaci\u00f3 a cada sol\u00b7licitud. <a href=\"https:\/\/preinscripcio.gencat.cat\/ca\/estudis\/fp-grau-superior\/preinscriute\/sollicitud\/\" data-type=\"link\" data-id=\"https:\/\/preinscripcio.gencat.cat\/ca\/estudis\/fp-grau-mitja\/preinscriute\/sollicitud\/\" target=\"_blank\" rel=\"noreferrer noopener\">Presenta-la aqu\u00ed<\/a><\/p>\n\n\n\n<p>Si no has presentat la sol\u00b7licitud dins d&#8217;aquest per\u00edode, no podr\u00e0s participar al proc\u00e9s. <\/p>\n\n\n\n<p class=\"has-text-color has-link-color wp-elements-355ccc2f4d1b40035f6182dd0cccd342\" style=\"color:#00b4ce\"><strong>IMPORTANT: Aquest any el Departament d&#8217;Educaci\u00f3 i Formaci\u00f3 professional far\u00e0 una proposta d&#8217;assignaci\u00f3 d&#8217;ofici per a aquelles persones que no tinguin opci\u00f3 d&#8217;accedir a cap de les seves peticions. Si no vols que se t&#8217;assigni cap pla\u00e7a d&#8217;ofici, haur\u00e0s d&#8217;especificar-ho en la presentaci\u00f3 de la sol\u00b7licitud (marcar l&#8217;opci\u00f3: &#8220;no vull que se&#8217;m proposi una assignaci\u00f3 alternativa&#8221;).<\/strong><\/p>\n\n\n\n<hr class=\"wp-block-separator has-alpha-channel-opacity\"\/>\n<\/div>\n<\/div>\n\n\n\n<div class=\"wp-block-columns is-layout-flex wp-container-core-columns-is-layout-3 wp-block-columns-is-layout-flex\">\n<div class=\"wp-block-column is-layout-flow wp-block-column-is-layout-flow\" style=\"flex-basis:10%\">\n<figure class=\"wp-block-image size-thumbnail is-resized\"><a href=\"https:\/\/agora.xtec.cat\/isvh\/wp-content\/uploads\/usu3043\/2025\/03\/5611905.png\"><img loading=\"lazy\" decoding=\"async\" width=\"150\" height=\"150\" src=\"https:\/\/agora.xtec.cat\/isvh\/wp-content\/uploads\/usu3043\/2025\/03\/5611905-150x150.png\" alt=\"\" class=\"wp-image-1764\" style=\"width:70px\" srcset=\"https:\/\/agora.xtec.cat\/isvh\/wp-content\/uploads\/usu3043\/2025\/03\/5611905-150x150.png 150w, https:\/\/agora.xtec.cat\/isvh\/wp-content\/uploads\/usu3043\/2025\/03\/5611905-300x300.png 300w, https:\/\/agora.xtec.cat\/isvh\/wp-content\/uploads\/usu3043\/2025\/03\/5611905.png 512w\" sizes=\"auto, (max-width: 150px) 100vw, 150px\" \/><\/a><\/figure>\n<\/div>\n\n\n\n<div class=\"wp-block-column is-vertically-aligned-center is-layout-flow wp-block-column-is-layout-flow\" style=\"flex-basis:90%\">\n<p class=\"has-text-color has-link-color wp-elements-dfd34d2a5292e61302b4ccfc0994dfaf\" style=\"color:#233a80\"><strong>29 de juny de 2026: es publica la llista de sol\u00b7licituds amb la puntuaci\u00f3 provisional a la web del Departament.<\/strong><\/p>\n\n\n\n<p>En aquesta llista hi ha les sol\u00b7licituds ordenades alfab\u00e8ticament amb la puntuaci\u00f3 que ha rebut cada sol\u00b7licitud en aplicar-hi el barem. <a href=\"https:\/\/preinscripcio.gencat.cat\/ca\/estudis\/fp-grau-superior\/preinscriute\/seguiment-sollicitud\/llista-sollicituds\/\" data-type=\"link\" data-id=\"https:\/\/preinscripcio.gencat.cat\/ca\/estudis\/fp-grau-mitja\/preinscriute\/seguiment-sollicitud\/llista-sollicituds\/\" target=\"_blank\" rel=\"noreferrer noopener\">Consulta el teu espai personal aqu\u00ed<\/a> (a partir del 29 de juny).<\/p>\n\n\n\n<p>\ud83d\udccbLlista provisional CFGS <strong>curs 26-27<\/strong><\/p>\n\n\n\n<p class=\"has-text-color has-link-color wp-elements-b47adaded58373f6ba11d5ebe996046c\" style=\"color:#233a80\"><strong>IMPORTANT!! Aquesta llista no implica l&#8217;assignaci\u00f3 de la pla\u00e7a, simplement mostra la puntuaci\u00f3 obtinguda, amb car\u00e0cter provisional. <\/strong><\/p>\n\n\n\n<hr class=\"wp-block-separator has-alpha-channel-opacity\"\/>\n<\/div>\n<\/div>\n\n\n\n<div class=\"wp-block-columns is-layout-flex wp-container-core-columns-is-layout-4 wp-block-columns-is-layout-flex\">\n<div class=\"wp-block-column is-layout-flow wp-block-column-is-layout-flow\" style=\"flex-basis:10%\">\n<figure class=\"wp-block-image size-thumbnail is-resized\"><a href=\"https:\/\/agora.xtec.cat\/isvh\/wp-content\/uploads\/usu3043\/2025\/03\/recla.png\"><img loading=\"lazy\" decoding=\"async\" width=\"150\" height=\"150\" src=\"https:\/\/agora.xtec.cat\/isvh\/wp-content\/uploads\/usu3043\/2025\/03\/recla-150x150.png\" alt=\"\" class=\"wp-image-1766\" style=\"width:70px\" srcset=\"https:\/\/agora.xtec.cat\/isvh\/wp-content\/uploads\/usu3043\/2025\/03\/recla-150x150.png 150w, https:\/\/agora.xtec.cat\/isvh\/wp-content\/uploads\/usu3043\/2025\/03\/recla.png 224w\" sizes=\"auto, (max-width: 150px) 100vw, 150px\" \/><\/a><\/figure>\n<\/div>\n\n\n\n<div class=\"wp-block-column is-vertically-aligned-center is-layout-flow wp-block-column-is-layout-flow\" style=\"flex-basis:90%\">\n<p class=\"has-text-align-left has-text-color has-link-color wp-elements-b93e465a89c29fa68237204a9e6e9402\" style=\"color:#233a80\"><strong>Del 29 de juny al 2 de juliol de 2026<\/strong>:<strong> presentaci\u00f3 de reclamacions al web del Departament.<\/strong><\/p>\n\n\n\n<p class=\"has-text-align-left\">Durant aquest per\u00edode, si detectes alguna errada o anomalia en el barem assignat, pots presentar una reclamaci\u00f3. <a href=\"https:\/\/preinscripcio.gencat.cat\/ca\/estudis\/fp-grau-superior\/preinscriute\/seguiment-sollicitud\/llista-sollicituds\/\" data-type=\"link\" data-id=\"https:\/\/preinscripcio.gencat.cat\/ca\/estudis\/fp-grau-superior\/preinscriute\/seguiment-sollicitud\/llista-sollicituds\/\" target=\"_blank\" rel=\"noreferrer noopener\">Presenta-la aqu\u00ed<\/a><\/p>\n\n\n\n<hr class=\"wp-block-separator has-alpha-channel-opacity\"\/>\n<\/div>\n<\/div>\n\n\n\n<div class=\"wp-block-columns is-layout-flex wp-container-core-columns-is-layout-5 wp-block-columns-is-layout-flex\">\n<div class=\"wp-block-column is-layout-flow wp-block-column-is-layout-flow\" style=\"flex-basis:10%\">\n<figure class=\"wp-block-image size-thumbnail is-resized\"><a href=\"https:\/\/agora.xtec.cat\/isvh\/wp-content\/uploads\/usu3043\/2025\/03\/5611905.png\"><img loading=\"lazy\" decoding=\"async\" width=\"150\" height=\"150\" src=\"https:\/\/agora.xtec.cat\/isvh\/wp-content\/uploads\/usu3043\/2025\/03\/5611905-150x150.png\" alt=\"\" class=\"wp-image-1764\" style=\"width:70px\" srcset=\"https:\/\/agora.xtec.cat\/isvh\/wp-content\/uploads\/usu3043\/2025\/03\/5611905-150x150.png 150w, https:\/\/agora.xtec.cat\/isvh\/wp-content\/uploads\/usu3043\/2025\/03\/5611905-300x300.png 300w, https:\/\/agora.xtec.cat\/isvh\/wp-content\/uploads\/usu3043\/2025\/03\/5611905.png 512w\" sizes=\"auto, (max-width: 150px) 100vw, 150px\" \/><\/a><\/figure>\n<\/div>\n\n\n\n<div class=\"wp-block-column is-vertically-aligned-center is-layout-flow wp-block-column-is-layout-flow\" style=\"flex-basis:90%\">\n<p class=\"has-text-color has-link-color wp-elements-789efd4edc2423a7f90addca55be495c\" style=\"color:#233a80\"><strong>7 de juliol de 2026: es publica la llista de sol\u00b7licituds amb la puntuaci\u00f3 un cop resoltes les reclamacions al web del Departament.<\/strong><\/p>\n\n\n\n<p>Un cop resoltes totes les reclamacions presentades, el centre publica la llista definitiva de sol\u00b7licituds amb la puntuaci\u00f3 i el n\u00famero de desempat corresponent. <a href=\"https:\/\/preinscripcio.gencat.cat\/ca\/estudis\/fp-grau-superior\/preinscriute\/seguiment-sollicitud\/llista-despres-reclamacions\/\" data-type=\"link\" data-id=\"https:\/\/preinscripcio.gencat.cat\/ca\/estudis\/fp-grau-mitja\/preinscriute\/seguiment-sollicitud\/llista-despres-reclamacions\/\" target=\"_blank\" rel=\"noreferrer noopener\">Consulta el teu espai personal aqu\u00ed<\/a>.<br><\/p>\n\n\n\n<p>\ud83d\udccbLlista definitiva CFGS<\/p>\n\n\n\n<p class=\"has-text-color has-link-color wp-elements-24ff3d78697b0b2d0323243105e29315\" style=\"color:#233a80\"><strong>IMPORTANT!! Aquesta llista no implica l&#8217;assignaci\u00f3 de la pla\u00e7a, simplement la puntuaci\u00f3.<\/strong><\/p>\n\n\n\n<hr class=\"wp-block-separator has-alpha-channel-opacity\"\/>\n<\/div>\n<\/div>\n\n\n\n<div class=\"wp-block-columns is-layout-flex wp-container-core-columns-is-layout-6 wp-block-columns-is-layout-flex\">\n<div class=\"wp-block-column is-layout-flow wp-block-column-is-layout-flow\" style=\"flex-basis:10%\">\n<figure class=\"wp-block-image size-thumbnail is-resized\"><a href=\"https:\/\/agora.xtec.cat\/isvh\/wp-content\/uploads\/usu3043\/2025\/03\/mega-2.png\"><img loading=\"lazy\" decoding=\"async\" width=\"150\" height=\"150\" src=\"https:\/\/agora.xtec.cat\/isvh\/wp-content\/uploads\/usu3043\/2025\/03\/mega-2-150x150.png\" alt=\"\" class=\"wp-image-1774\" style=\"width:70px;height:auto\" srcset=\"https:\/\/agora.xtec.cat\/isvh\/wp-content\/uploads\/usu3043\/2025\/03\/mega-2-150x150.png 150w, https:\/\/agora.xtec.cat\/isvh\/wp-content\/uploads\/usu3043\/2025\/03\/mega-2-300x300.png 300w, https:\/\/agora.xtec.cat\/isvh\/wp-content\/uploads\/usu3043\/2025\/03\/mega-2-768x768.png 768w, https:\/\/agora.xtec.cat\/isvh\/wp-content\/uploads\/usu3043\/2025\/03\/mega-2.png 980w\" sizes=\"auto, (max-width: 150px) 100vw, 150px\" \/><\/a><\/figure>\n<\/div>\n\n\n\n<div class=\"wp-block-column is-vertically-aligned-bottom is-layout-flow wp-block-column-is-layout-flow\" style=\"flex-basis:90%\">\n<p class=\"has-text-color has-link-color wp-elements-bcfd06254984274499898389b4c3dc22\" style=\"color:#233a80\"><strong>10 de juliol de 2026:<\/strong> <strong>oferta final de places<\/strong>.<\/p>\n\n\n\n<p>Publicaci\u00f3 del nombre de places per centre i curs. <a href=\"https:\/\/preinscripcio.gencat.cat\/ca\/estudis\/fp-grau-superior\/preinscriute\/seguiment-sollicitud\/oferta-final\/\" data-type=\"link\" data-id=\"https:\/\/preinscripcio.gencat.cat\/ca\/estudis\/fp-grau-mitja\/preinscriute\/seguiment-sollicitud\/oferta-final\/\" target=\"_blank\" rel=\"noreferrer noopener\">Consulta la llista aqu\u00ed<\/a> (a partir del 10 de juliol).<\/p>\n\n\n\n<hr class=\"wp-block-separator has-alpha-channel-opacity\"\/>\n<\/div>\n<\/div>\n\n\n\n<div class=\"wp-block-columns is-layout-flex wp-container-core-columns-is-layout-7 wp-block-columns-is-layout-flex\">\n<div class=\"wp-block-column is-layout-flow wp-block-column-is-layout-flow\" style=\"flex-basis:10%\">\n<figure class=\"wp-block-image size-thumbnail is-resized\"><a href=\"https:\/\/agora.xtec.cat\/isvh\/wp-content\/uploads\/usu3043\/2025\/03\/5611905.png\"><img loading=\"lazy\" decoding=\"async\" width=\"150\" height=\"150\" src=\"https:\/\/agora.xtec.cat\/isvh\/wp-content\/uploads\/usu3043\/2025\/03\/5611905-150x150.png\" alt=\"\" class=\"wp-image-1764\" style=\"width:70px\" srcset=\"https:\/\/agora.xtec.cat\/isvh\/wp-content\/uploads\/usu3043\/2025\/03\/5611905-150x150.png 150w, https:\/\/agora.xtec.cat\/isvh\/wp-content\/uploads\/usu3043\/2025\/03\/5611905-300x300.png 300w, https:\/\/agora.xtec.cat\/isvh\/wp-content\/uploads\/usu3043\/2025\/03\/5611905.png 512w\" sizes=\"auto, (max-width: 150px) 100vw, 150px\" \/><\/a><\/figure>\n<\/div>\n\n\n\n<div class=\"wp-block-column is-vertically-aligned-center is-layout-flow wp-block-column-is-layout-flow\" style=\"flex-basis:90%\">\n<p class=\"has-text-color has-link-color wp-elements-567016058dcb4c6062c2f2d0c69b6916\" style=\"color:#233a80\"><strong>10 de juliol de 2026: llista de places assignades de la PRIMERA TANDA<\/strong>.<\/p>\n\n\n\n<p>Consulta llista de places. <\/p>\n\n\n\n<p>Assignaci\u00f3 preinscripci\u00f3 GENERAL &#8211; CFGS : Assignaci\u00f3 en primera tanda de tot l&#8217;alumnat que ha demanat ISVH, tant si li han assignat pla\u00e7a a l&#8217;ISVH com si li han assignat pla\u00e7a a qualsevol altre institut.<\/p>\n\n\n\n<p>Assignaci\u00f3 d&#8217;alumnat a l&#8217;ISVH &#8211; CFGS: Llista d&#8217;alumnat assignat a l&#8217;ISVH en primera tanda.<\/p>\n\n\n\n<hr class=\"wp-block-separator has-alpha-channel-opacity\"\/>\n<\/div>\n<\/div>\n\n\n\n<div class=\"wp-block-columns is-layout-flex wp-container-core-columns-is-layout-8 wp-block-columns-is-layout-flex\">\n<div class=\"wp-block-column is-layout-flow wp-block-column-is-layout-flow\" style=\"flex-basis:10%\">\n<figure class=\"wp-block-image size-thumbnail is-resized\"><img loading=\"lazy\" decoding=\"async\" width=\"150\" height=\"150\" src=\"https:\/\/agora.xtec.cat\/isvh\/wp-content\/uploads\/usu3043\/2025\/03\/presentar-3-150x150.png\" alt=\"\" class=\"wp-image-1781\" style=\"width:70px\" srcset=\"https:\/\/agora.xtec.cat\/isvh\/wp-content\/uploads\/usu3043\/2025\/03\/presentar-3-150x150.png 150w, https:\/\/agora.xtec.cat\/isvh\/wp-content\/uploads\/usu3043\/2025\/03\/presentar-3.png 278w\" sizes=\"auto, (max-width: 150px) 100vw, 150px\" \/><\/figure>\n<\/div>\n\n\n\n<div class=\"wp-block-column is-layout-flow wp-block-column-is-layout-flow\" style=\"flex-basis:90%\">\n<p class=\"has-text-align-left has-text-color has-link-color wp-elements-28ea188225c9b65c28d75b110872070d\" style=\"color:#233a80\"><strong>De l&#8217;10 al 14 de juliol de 2026: confirma la matr\u00edcula, millora l&#8217;assignaci\u00f3 o renuncia a la pla\u00e7a assignada i FORMALITZA LA MATR\u00cdCULA (fer el pagament a l&#8217;aplicaci\u00f3 TPV del centre).<\/strong><\/p>\n\n\n\n<p>En aquest per\u00edode, al web del departament, has d&#8217;escollir una d&#8217;aquestes tres opcions:<br>&#8211; <strong>Confirmar la matr\u00edcula<\/strong>&nbsp;en l\u00ednia si acceptes la pla\u00e7a assignada en la primera tanda d&#8217;assignaci\u00f3; o<br>&#8211; <strong>Renunciar<\/strong>&nbsp;a la pla\u00e7a assignada; o<br>&#8211; Indicar que vols participar a la segona tanda per tal de millorar l&#8217;assignaci\u00f3 obtinguda a la primera tanda. Si no obtens una millor assignaci\u00f3 a la segona tanda, tindr\u00e0s garantida la pla\u00e7a assignada en aquesta primera tanda.<\/p>\n\n\n\n<p class=\"has-text-color has-link-color wp-elements-cb68881d8d0d7deb5b0c3323844b1312\" style=\"color:#233a80\"><strong>IMPORTANT!!<\/strong><br><strong>1-<\/strong> <strong>Has de tenir en compte que si renuncies o no fas la confirmaci\u00f3 de matr\u00edcula en l\u00ednia, perdr\u00e0s la pla\u00e7a assignada i quedar\u00e0s excl\u00f2s\/osa del proc\u00e9s.<\/strong><br><strong>2- <strong>Tot i haver confirmat la matr\u00edcula de forma telem\u00e0tica al web del Departament, \u00e9s necessari completar la matr\u00edcula a trav\u00e9s de l&#8217;aplicaci\u00f3 TPV que trobar\u00e0s al web del centre. Formalitza la matr\u00edcula AQU\u00cd.<\/strong><\/strong><\/p>\n\n\n\n<hr class=\"wp-block-separator has-alpha-channel-opacity\"\/>\n<\/div>\n<\/div>\n\n\n\n<div class=\"wp-block-columns is-layout-flex wp-container-core-columns-is-layout-9 wp-block-columns-is-layout-flex\">\n<div class=\"wp-block-column is-layout-flow wp-block-column-is-layout-flow\" style=\"flex-basis:10%\">\n<figure class=\"wp-block-image size-thumbnail is-resized\"><a href=\"https:\/\/agora.xtec.cat\/isvh\/wp-content\/uploads\/usu3043\/2025\/03\/5611905.png\"><img loading=\"lazy\" decoding=\"async\" width=\"150\" height=\"150\" src=\"https:\/\/agora.xtec.cat\/isvh\/wp-content\/uploads\/usu3043\/2025\/03\/5611905-150x150.png\" alt=\"\" class=\"wp-image-1764\" style=\"width:70px\" srcset=\"https:\/\/agora.xtec.cat\/isvh\/wp-content\/uploads\/usu3043\/2025\/03\/5611905-150x150.png 150w, https:\/\/agora.xtec.cat\/isvh\/wp-content\/uploads\/usu3043\/2025\/03\/5611905-300x300.png 300w, https:\/\/agora.xtec.cat\/isvh\/wp-content\/uploads\/usu3043\/2025\/03\/5611905.png 512w\" sizes=\"auto, (max-width: 150px) 100vw, 150px\" \/><\/a><\/figure>\n<\/div>\n\n\n\n<div class=\"wp-block-column is-vertically-aligned-center is-layout-flow wp-block-column-is-layout-flow\" style=\"flex-basis:90%\">\n<p class=\"has-text-color has-link-color wp-elements-eb42abcb0b16e5fb757accf3787cedf0\" style=\"color:#233a80\"><strong>24 de juliol de 2026: llista de places assignades en SEGONA TANDA<\/strong>.<\/p>\n\n\n\n<p>Consulta llista de places. <\/p>\n\n\n\n<p>Assignaci\u00f3 preinscripci\u00f3 GENERAL &#8211; CFGS : Assignaci\u00f3 en segona tanda de tot l&#8217;alumnat que ha demanat ISVH, tant si li han assignat pla\u00e7a a l&#8217;ISVH com si li han assignat pla\u00e7a a qualsevol altre institut.<\/p>\n\n\n\n<p>Assignaci\u00f3 d&#8217;alumnat a l&#8217;ISVH &#8211; CFGS: Llista d&#8217;alumnat assignat a l&#8217;ISVH en segona tanda.<\/p>\n\n\n\n<hr class=\"wp-block-separator has-alpha-channel-opacity\"\/>\n<\/div>\n<\/div>\n\n\n\n<div class=\"wp-block-columns is-layout-flex wp-container-core-columns-is-layout-10 wp-block-columns-is-layout-flex\">\n<div class=\"wp-block-column is-layout-flow wp-block-column-is-layout-flow\" style=\"flex-basis:10%\">\n<figure class=\"wp-block-image size-thumbnail is-resized\"><img loading=\"lazy\" decoding=\"async\" width=\"150\" height=\"150\" src=\"https:\/\/agora.xtec.cat\/isvh\/wp-content\/uploads\/usu3043\/2025\/03\/presentar-3-150x150.png\" alt=\"\" class=\"wp-image-1781\" style=\"width:70px\" srcset=\"https:\/\/agora.xtec.cat\/isvh\/wp-content\/uploads\/usu3043\/2025\/03\/presentar-3-150x150.png 150w, https:\/\/agora.xtec.cat\/isvh\/wp-content\/uploads\/usu3043\/2025\/03\/presentar-3.png 278w\" sizes=\"auto, (max-width: 150px) 100vw, 150px\" \/><\/figure>\n<\/div>\n\n\n\n<div class=\"wp-block-column is-layout-flow wp-block-column-is-layout-flow\" style=\"flex-basis:90%\">\n<p class=\"has-text-align-left has-text-color has-link-color wp-elements-aefcb721b991c825b3993786f452f696\" style=\"color:#233a80\"><strong>Del 24 al 28 de juliol de 2026: confirma la matr\u00edcula o renuncia a la pla\u00e7a assignada i FORMALITZA LA MATR\u00cdCULA (fer el pagament a l&#8217;aplicaci\u00f3 TPV del centre).<\/strong><\/p>\n\n\n\n<p>En aquest per\u00edode, pots:<br>&#8211; <strong>Confirmar la matr\u00edcula<\/strong>&nbsp;en l\u00ednia si acceptes la pla\u00e7a assignada en la segona tanda d&#8217;assignaci\u00f3; o<br>&#8211; <strong>Renunciar<\/strong>&nbsp;a la pla\u00e7a assignada<\/p>\n\n\n\n<p class=\"has-text-color has-link-color wp-elements-cb09504e597dcaaf39391aaea4c3eb1f\" style=\"color:#233a80\"><strong>IMPORTANT!!<\/strong><br><strong>1-<\/strong> <strong>Has de tenir en compte que si renuncies o no fas la confirmaci\u00f3 de matr\u00edcula en l\u00ednia, perdr\u00e0s la pla\u00e7a assignada i quedar\u00e0s excl\u00f2s\/osa del proc\u00e9s.<\/strong><br><strong>2- Tot i haver confirmat la matr\u00edcula de forma telem\u00e0tica al web del Departament, \u00e9s necessari completar la matr\u00edcula a trav\u00e9s de l&#8217;aplicaci\u00f3 TPV que trobar\u00e0s al web del centre. Formalitza la matr\u00edcula AQU\u00cd.<\/strong><\/p>\n\n\n\n<hr class=\"wp-block-separator has-alpha-channel-opacity\"\/>\n<\/div>\n<\/div>\n\n\n\n<p><\/p>\n\n\n\n<h2 class=\"wp-block-heading\">Formalitzaci\u00f3 de la matr\u00edcula<\/h2>\n\n\n\n<p>La matr\u00edcula a cicles formatius consta de 2 tandes de matr\u00edcula. A cada tanda, haur\u00e0s de confirmar si acceptes o no la pla\u00e7a, i despr\u00e9s de la <strong>PRIMERA<\/strong> tanda, pots decidir esperar a la segona. A continuaci\u00f3 teniu els per\u00edodes.<\/p>\n\n\n\n<div class=\"wp-block-columns is-layout-flex wp-container-core-columns-is-layout-11 wp-block-columns-is-layout-flex\">\n<div class=\"wp-block-column is-layout-flow wp-block-column-is-layout-flow\" style=\"flex-basis:10%\">\n<figure class=\"wp-block-image size-full is-resized\"><img loading=\"lazy\" decoding=\"async\" width=\"141\" height=\"141\" src=\"https:\/\/agora.xtec.cat\/isvh\/wp-content\/uploads\/usu3043\/2025\/03\/1.png\" alt=\"\" class=\"wp-image-1795\" style=\"width:70px\"\/><\/figure>\n<\/div>\n\n\n\n<div class=\"wp-block-column is-vertically-aligned-center is-layout-flow wp-block-column-is-layout-flow\" style=\"flex-basis:90%\">\n<p class=\"has-text-color has-link-color wp-elements-e57c66a25034d95c12bed76a410ff439\" style=\"color:#233a80\"><strong>De l&#8217;10 al 26 de juliol de 2026, fins les 14 hores: per\u00edode per completar la matr\u00edcula al centre (primera tanda).<\/strong><\/p>\n\n\n\n<p>Si has acceptat l&#8217;opci\u00f3 que t&#8217;han assignat en la primera tanda i has confirmat la matr\u00edcula en l\u00ednia.<\/p>\n\n\n\n<hr class=\"wp-block-separator has-alpha-channel-opacity\"\/>\n<\/div>\n<\/div>\n\n\n\n<div class=\"wp-block-columns is-layout-flex wp-container-core-columns-is-layout-12 wp-block-columns-is-layout-flex\">\n<div class=\"wp-block-column is-layout-flow wp-block-column-is-layout-flow\" style=\"flex-basis:10%\">\n<figure class=\"wp-block-image size-full is-resized\"><img loading=\"lazy\" decoding=\"async\" width=\"140\" height=\"141\" src=\"https:\/\/agora.xtec.cat\/isvh\/wp-content\/uploads\/usu3043\/2025\/03\/2.png\" alt=\"\" class=\"wp-image-1797\" style=\"width:70px\"\/><\/figure>\n<\/div>\n\n\n\n<div class=\"wp-block-column is-vertically-aligned-center is-layout-flow wp-block-column-is-layout-flow\" style=\"flex-basis:90%\">\n<p class=\"has-text-color has-link-color wp-elements-92d11c0b29ad7ca699ef5a58e4c24c81\" style=\"color:#233a80\"><strong>Del 24 al 29 de juliol de 2026, ambd\u00f3s inclosos: per\u00edode per completar la matr\u00edcula (segona tanda).<\/strong><\/p>\n\n\n\n<p>Si has confirmat la matr\u00edcula en l\u00ednia de la pla\u00e7a assignada en la segona tanda d&#8217;assignaci\u00f3.<\/p>\n\n\n\n<hr class=\"wp-block-separator has-alpha-channel-opacity\"\/>\n<\/div>\n<\/div>\n\n\n\n<p class=\"has-text-align-center has-medium-font-size\">IMPORTANT!! <strong>Si no fas la confirmaci\u00f3 de matr\u00edcula en l\u00ednia i no completes la matr\u00edcula adre\u00e7ant-te a la web del nostre centre per seguir les indicacions de la matr\u00edcula online, perdr\u00e0s la pla\u00e7a assignada i quedar\u00e0s excl\u00f2s\/osa del proc\u00e9s.<\/strong><\/p>\n\n\n\n<p><\/p>\n\n\n\n<p><\/p>\n\n\n\n<div class=\"wp-block-buttons is-content-justification-center is-layout-flex wp-container-core-buttons-is-layout-2 wp-block-buttons-is-layout-flex\">\n<div class=\"wp-block-button\"><a class=\"wp-block-button__link has-white-color has-text-color has-background has-link-color wp-element-button\" href=\"https:\/\/preinscripcio.gencat.cat\/ca\/estudis\/fp-grau-superior\/preinscriute\/dubtes\/\" style=\"background-color:#00b4ce\" target=\"_blank\" rel=\"noreferrer noopener\">Preguntes Freq\u00fcents CFGS<\/a><\/div>\n\n\n\n<div class=\"wp-block-button\"><a class=\"wp-block-button__link has-white-color has-ast-global-color-1-background-color has-text-color has-background has-link-color wp-element-button\" href=\"https:\/\/agora.xtec.cat\/isvh\/secretaria\/preinscripcio-i-matricula\/preus-preinscripcio-i-matricula\/\">PREUS<\/a><\/div>\n<\/div>\n\n\n\n<p><\/p>\n","protected":false},"excerpt":{"rendered":"<p>IMPORTANT: ACTUALMENT AQUEST CENTRE NO \u00c9S ACCESIBLE PER A PERSONES AMB PROBLEMES DE MOBILITAT Aqu\u00ed trobar\u00e0s tota la informaci\u00f3 clau per a realitzar el proc\u00e9s de preinscripci\u00f3 i matr\u00edcula dels cicles formatius de grau superior. Recorda que la preinscripci\u00f3 i assignacions nom\u00e9s depenen del Departament d&#8217;Educaci\u00f3 i FP, no dels centres, que nom\u00e9s anem publicant [&hellip;]<\/p>\n","protected":false},"author":1,"featured_media":0,"parent":667,"menu_order":0,"comment_status":"closed","ping_status":"close","template":"","meta":{"site-sidebar-layout":"default","site-content-layout":"","ast-site-content-layout":"default","site-content-style":"default","site-sidebar-style":"default","ast-global-header-display":"","ast-banner-title-visibility":"","ast-main-header-display":"","ast-hfb-above-header-display":"","ast-hfb-below-header-display":"","ast-hfb-mobile-header-display":"","site-post-title":"","ast-breadcrumbs-content":"","ast-featured-img":"","footer-sml-layout":"","theme-transparent-header-meta":"","adv-header-id-meta":"","stick-header-meta":"","header-above-stick-meta":"","header-main-stick-meta":"","header-below-stick-meta":"","astra-migrate-meta-layouts":"set","ast-page-background-enabled":"default","ast-page-background-meta":{"desktop":{"background-color":"var(--ast-global-color-4)","background-image":"","background-repeat":"repeat","background-position":"center center","background-size":"auto","background-attachment":"scroll","background-type":"","background-media":"","overlay-type":"","overlay-color":"","overlay-opacity":"","overlay-gradient":""},"tablet":{"background-color":"","background-image":"","background-repeat":"repeat","background-position":"center center","background-size":"auto","background-attachment":"scroll","background-type":"","background-media":"","overlay-type":"","overlay-color":"","overlay-opacity":"","overlay-gradient":""},"mobile":{"background-color":"","background-image":"","background-repeat":"repeat","background-position":"center center","background-size":"auto","background-attachment":"scroll","background-type":"","background-media":"","overlay-type":"","overlay-color":"","overlay-opacity":"","overlay-gradient":""}},"ast-content-background-meta":{"desktop":{"background-color":"var(--ast-global-color-5)","background-image":"","background-repeat":"repeat","background-position":"center center","background-size":"auto","background-attachment":"scroll","background-type":"","background-media":"","overlay-type":"","overlay-color":"","overlay-opacity":"","overlay-gradient":""},"tablet":{"background-color":"var(--ast-global-color-5)","background-image":"","background-repeat":"repeat","background-position":"center center","background-size":"auto","background-attachment":"scroll","background-type":"","background-media":"","overlay-type":"","overlay-color":"","overlay-opacity":"","overlay-gradient":""},"mobile":{"background-color":"var(--ast-global-color-5)","background-image":"","background-repeat":"repeat","background-position":"center center","background-size":"auto","background-attachment":"scroll","background-type":"","background-media":"","overlay-type":"","overlay-color":"","overlay-opacity":"","overlay-gradient":""}},"footnotes":""},"class_list":["post-972","page","type-page","status-publish","hentry"],"post_mailing_queue_ids":[],"_links":{"self":[{"href":"https:\/\/agora.xtec.cat\/isvh\/wp-json\/wp\/v2\/pages\/972","targetHints":{"allow":["GET"]}}],"collection":[{"href":"https:\/\/agora.xtec.cat\/isvh\/wp-json\/wp\/v2\/pages"}],"about":[{"href":"https:\/\/agora.xtec.cat\/isvh\/wp-json\/wp\/v2\/types\/page"}],"author":[{"embeddable":true,"href":"https:\/\/agora.xtec.cat\/isvh\/wp-json\/wp\/v2\/users\/1"}],"replies":[{"embeddable":true,"href":"https:\/\/agora.xtec.cat\/isvh\/wp-json\/wp\/v2\/comments?post=972"}],"version-history":[{"count":6,"href":"https:\/\/agora.xtec.cat\/isvh\/wp-json\/wp\/v2\/pages\/972\/revisions"}],"predecessor-version":[{"id":4175,"href":"https:\/\/agora.xtec.cat\/isvh\/wp-json\/wp\/v2\/pages\/972\/revisions\/4175"}],"up":[{"embeddable":true,"href":"https:\/\/agora.xtec.cat\/isvh\/wp-json\/wp\/v2\/pages\/667"}],"wp:attachment":[{"href":"https:\/\/agora.xtec.cat\/isvh\/wp-json\/wp\/v2\/media?parent=972"}],"curies":[{"name":"wp","href":"https:\/\/api.w.org\/{rel}","templated":true}]}}