{"id":2468,"date":"2023-02-17T11:04:25","date_gmt":"2023-02-17T10:04:25","guid":{"rendered":"https:\/\/agora.xtec.cat\/insvoltrera\/?page_id=2468"},"modified":"2026-03-09T16:13:37","modified_gmt":"2026-03-09T15:13:37","slug":"certamens-sant-jordi","status":"publish","type":"page","link":"https:\/\/agora.xtec.cat\/insvoltrera\/certamens-sant-jordi\/","title":{"rendered":"Cert\u00e0mens Sant Jordi"},"content":{"rendered":"<div>\n<div><span style=\"color: #333399;\">Enguany tornem a convocar els <strong>concursos<\/strong> vinculats amb la <strong>Jornada de Sant Jordi<\/strong>.<\/span><\/div>\n<\/div>\n<div><\/div>\n<div><\/div>\n<div>\n<h3><strong><span style=\"color: #000080;\">Cert\u00e0mens literaris i art\u00edstics:<\/span><\/strong><\/h3>\n<ul style=\"list-style-type: disc;\">\n<li><span style=\"color: #333399;\"><strong>Cert\u00e0mens literaris<\/strong> de prosa i poesia.<\/span><\/li>\n<li><span style=\"color: #333399;\"><strong>Concurs de cartells<\/strong> per anunciar la jornada.<\/span><\/li>\n<\/ul>\n<div>\n<h3><strong><span style=\"color: #000080;\">Cert\u00e0mens cient\u00edfics:<\/span><\/strong><\/h3>\n<\/div>\n<ul style=\"list-style-type: disc;\">\n<li><span style=\"color: #333399;\"><strong>Concurs de fotografia matem\u00e0tica.<\/strong><\/span><\/li>\n<li><span style=\"color: #000080;\">Enguany hi ha com a novetat el <strong>concurs de rob\u00f2tica.<\/strong><\/span><\/li>\n<\/ul>\n<div><\/div>\n<div><span style=\"color: #333399;\">Us deixem l&#8217;enlla\u00e7 per a que pugueu llegir les bases i us animeu a participar.<\/span><\/div>\n<\/div>\n<div><\/div>\n<div>\n<h3>ACC\u00c9S A LES BASES:<\/h3>\n<\/div>\n<div>\n<h3 style=\"background-color: #ffec8b;\"><a href=\"https:\/\/agora.xtec.cat\/insvoltrera\/wp-content\/uploads\/usu2424\/2026\/03\/BASES-CERTAMEN-LITERARI-SANT-JORDI-2026.pdf\"><span style=\"color: #000080;\"><strong>DESCARREGA LES BASES. <span style=\"color: #ff0000;\">Cert\u00e0mens literaris i art\u00edstics<\/span><\/strong><\/span><\/a><\/h3>\n<\/div>\n<div>\n<h3 style=\"background-color: #ffec8b;\"><span style=\"color: #000080;\"><a style=\"color: #000080;\" href=\"https:\/\/agora.xtec.cat\/insvoltrera\/wp-content\/uploads\/usu2424\/2026\/03\/Bases_Generals_concursFotoMatematica_2026.pdf\" target=\"_blank\" rel=\"noopener\">Descarrega les BASES de concurs de <span style=\"color: #ff0000;\">fotografia matem\u00e0tica.<\/span><\/a><\/span><\/h3>\n<\/div>\n<div>\n<div>\n<h3 style=\"background-color: #ffec8b;\"><span style=\"color: #000080;\"><a style=\"color: #000080;\" href=\"https:\/\/agora.xtec.cat\/insvoltrera\/wp-content\/uploads\/usu2424\/2026\/03\/robovoltrera_1.pdf\" target=\"_blank\" rel=\"noopener\">Descarrega les BASES de concurs de <span style=\"color: #ff0000;\">Rob\u00f2tica\u00a0<\/span><\/a><\/span><\/h3>\n<\/div>\n<div><\/div>\n<\/div>\n<div><\/div>\n<div><\/div>\n<div><span style=\"color: #008000;\"><strong><i>Animeu-vos, sense vosaltres no hi ha Sant Jordi!<\/i><\/strong><span style=\"font-family: inherit; font-size: 1em;\">:\u00a0<\/span><\/span><\/div>\n<div><\/div>\n<div><\/div>\n<div><a href=\"https:\/\/agora.xtec.cat\/insvoltrera\/wp-content\/uploads\/usu2424\/2023\/02\/ParticipaSantJordi.jpg\"><img loading=\"lazy\" decoding=\"async\" class=\"wp-image-2444 aligncenter\" src=\"https:\/\/agora.xtec.cat\/insvoltrera\/wp-content\/uploads\/usu2424\/2023\/02\/ParticipaSantJordi-1024x611.jpg\" alt=\"\" width=\"646\" height=\"386\" srcset=\"https:\/\/agora.xtec.cat\/insvoltrera\/wp-content\/uploads\/usu2424\/2023\/02\/ParticipaSantJordi-1024x611.jpg 1024w, https:\/\/agora.xtec.cat\/insvoltrera\/wp-content\/uploads\/usu2424\/2023\/02\/ParticipaSantJordi-300x179.jpg 300w, https:\/\/agora.xtec.cat\/insvoltrera\/wp-content\/uploads\/usu2424\/2023\/02\/ParticipaSantJordi-768x458.jpg 768w, https:\/\/agora.xtec.cat\/insvoltrera\/wp-content\/uploads\/usu2424\/2023\/02\/ParticipaSantJordi-1536x917.jpg 1536w, https:\/\/agora.xtec.cat\/insvoltrera\/wp-content\/uploads\/usu2424\/2023\/02\/ParticipaSantJordi-2048x1222.jpg 2048w\" sizes=\"auto, (max-width: 646px) 100vw, 646px\" \/><\/a><\/div>\n<div><\/div>\n<div><\/div>\n<div><strong>CONCURS DE FOTOGRAFIA MATEM\u00c0TICA<\/strong><\/div>\n<div><\/div>\n<div>\n<p><span style=\"color: #000080;\">L\u2019Institut Voltrera mant\u00e9 la particiaci\u00f3 al <strong>25\u00e8 Concurs de fotografia matem\u00e0tica<\/strong>\u00a0convocat per\u00a0<strong>l\u2019ABEAM<\/strong>\u00a0(Associaci\u00f3 de Barcelona per a l\u2019estudi i l\u2019aprenentatge de les matem\u00e0tiques).<\/span><br \/>\n<span style=\"color: #000080;\">Mirem el m\u00f3n amb mirada matem\u00e0tica.<\/span><\/p>\n<p><span style=\"color: #000080;\"><strong>Anima\u2019t a participar-hi.\u00a0<\/strong><\/span><\/p>\n<p><a href=\"https:\/\/youtu.be\/SiWmZHxyh1w\"><img loading=\"lazy\" decoding=\"async\" class=\"wp-image-2409 aligncenter\" src=\"https:\/\/agora.xtec.cat\/insvoltrera\/wp-content\/uploads\/usu2424\/2023\/01\/fotografiaMatematica_22_23-1-1024x637.jpg\" alt=\"\" width=\"940\" height=\"585\" srcset=\"https:\/\/agora.xtec.cat\/insvoltrera\/wp-content\/uploads\/usu2424\/2023\/01\/fotografiaMatematica_22_23-1-1024x637.jpg 1024w, https:\/\/agora.xtec.cat\/insvoltrera\/wp-content\/uploads\/usu2424\/2023\/01\/fotografiaMatematica_22_23-1-300x187.jpg 300w, https:\/\/agora.xtec.cat\/insvoltrera\/wp-content\/uploads\/usu2424\/2023\/01\/fotografiaMatematica_22_23-1-768x478.jpg 768w, https:\/\/agora.xtec.cat\/insvoltrera\/wp-content\/uploads\/usu2424\/2023\/01\/fotografiaMatematica_22_23-1.jpg 1436w\" sizes=\"auto, (max-width: 940px) 100vw, 940px\" \/><\/a><\/p>\n<\/div>\n<div><\/div>\n","protected":false},"excerpt":{"rendered":"<p>Enguany tornem a convocar els concursos vinculats amb la Jornada de Sant Jordi.<\/p>\n<p>Cert\u00e0mens literaris i art\u00edstics:<\/p>\n<ul style=\"list-style-type: disc;\">\n<li>Cert\u00e0mens literaris de prosa i poesia.<\/li>\n<li>Concurs de cartells per anunciar la jornada.<\/li>\n<\/ul>\n<p>Cert\u00e0mens cient\u00edfics:<\/p>\n<ul style=\"list-style-type: disc;\">\n<li>Concurs de fotografia matem\u00e0tica.<\/li>\n<li>Enguany hi ha com a novetat el concurs de rob\u00f2tica.<\/li>\n<\/ul>\n<p>Us deixem&hellip;  <a href=\"https:\/\/agora.xtec.cat\/insvoltrera\/certamens-sant-jordi\/\" title=\"Read Cert\u00e0mens Sant Jordi\">Llegeix m\u00e9s\u00bb<\/a><\/p>\n","protected":false},"author":3,"featured_media":0,"parent":0,"menu_order":0,"comment_status":"closed","ping_status":"closed","template":"","meta":{"_bbp_topic_count":0,"_bbp_reply_count":0,"_bbp_total_topic_count":0,"_bbp_total_reply_count":0,"_bbp_voice_count":0,"_bbp_anonymous_reply_count":0,"_bbp_topic_count_hidden":0,"_bbp_reply_count_hidden":0,"_bbp_forum_subforum_count":0,"footnotes":""},"class_list":["post-2468","page","type-page","status-publish","hentry"],"post_mailing_queue_ids":[],"_links":{"self":[{"href":"https:\/\/agora.xtec.cat\/insvoltrera\/wp-json\/wp\/v2\/pages\/2468","targetHints":{"allow":["GET"]}}],"collection":[{"href":"https:\/\/agora.xtec.cat\/insvoltrera\/wp-json\/wp\/v2\/pages"}],"about":[{"href":"https:\/\/agora.xtec.cat\/insvoltrera\/wp-json\/wp\/v2\/types\/page"}],"author":[{"embeddable":true,"href":"https:\/\/agora.xtec.cat\/insvoltrera\/wp-json\/wp\/v2\/users\/3"}],"replies":[{"embeddable":true,"href":"https:\/\/agora.xtec.cat\/insvoltrera\/wp-json\/wp\/v2\/comments?post=2468"}],"version-history":[{"count":6,"href":"https:\/\/agora.xtec.cat\/insvoltrera\/wp-json\/wp\/v2\/pages\/2468\/revisions"}],"predecessor-version":[{"id":4969,"href":"https:\/\/agora.xtec.cat\/insvoltrera\/wp-json\/wp\/v2\/pages\/2468\/revisions\/4969"}],"wp:attachment":[{"href":"https:\/\/agora.xtec.cat\/insvoltrera\/wp-json\/wp\/v2\/media?parent=2468"}],"curies":[{"name":"wp","href":"https:\/\/api.w.org\/{rel}","templated":true}]}}