{"id":81,"date":"2014-09-18T10:38:05","date_gmt":"2014-09-18T10:38:05","guid":{"rendered":"http:\/\/agora.xtec.cat\/institutmontserratroig\/?page_id=81"},"modified":"2021-10-17T00:44:41","modified_gmt":"2021-10-16T22:44:41","slug":"secretaria","status":"publish","type":"page","link":"https:\/\/agora.xtec.cat\/institutmontserratroig\/linstitut\/secretaria\/","title":{"rendered":"Secretaria"},"content":{"rendered":"\t\t\t\t\t\t<style>\r\n\t\t\t\t\r\n\t\t\t\t\t#tab_container_19214 {\r\n\toverflow:hidden;\r\n\tdisplay:block;\r\n\twidth:100%;\r\n\tborder:0px solid #ddd;\r\n\tmargin-bottom:30px;\r\n\t}\r\n\r\n#tab_container_19214 .tab-content{\r\n\tpadding:20px;\r\n\tborder: 1px solid #e6e6e6 !important;\r\n\tmargin-top: 0px;\r\n\tbackground-color:#ffffff !important;\r\n\tcolor: #000000 !important;\r\n\tfont-size:16px !important;\r\n\tfont-family: Verdana !important;\r\n\t\r\n\t\t\tborder: 0px solid #e6e6e6 !important;\r\n\t\t\r\n\t}\r\n#tab_container_19214 .wpsm_nav-tabs {\r\n    border-bottom: 0px solid #ddd;\r\n}\r\n#tab_container_19214 .wpsm_nav-tabs > li.active > a, #tab_container_19214 .wpsm_nav-tabs > li.active > a:hover, #tab_container_19214 .wpsm_nav-tabs > li.active > a:focus {\r\n\tcolor: #ffffff !important;\r\n\tcursor: default;\r\n\tbackground-color: #b3206e !important;\r\n\tborder: 1px solid #9a0755 !important;\r\n}\r\n\r\n#tab_container_19214 .wpsm_nav-tabs > li > a {\r\n    margin-right: 0px !important; \r\n    line-height: 1.42857143 !important;\r\n    border: 1px solid #d5d5d5 !important;\r\n    border-radius: 0px 0px 0 0 !important; \r\n\tbackground-color: #e8e8e8 !important;\r\n\tcolor: #000000 !important;\r\n\tpadding: 15px 18px 15px 18px !important;\r\n\ttext-decoration: none !important;\r\n\tfont-size: 16px !important;\r\n\ttext-align:center !important;\r\n\tfont-family: Verdana !important;\r\n}\r\n#tab_container_19214 .wpsm_nav-tabs > li > a:focus {\r\noutline: 0px !important;\r\n}\r\n\r\n#tab_container_19214 .wpsm_nav-tabs > li > a:before {\r\n\tdisplay:none !important;\r\n}\r\n#tab_container_19214 .wpsm_nav-tabs > li > a:after {\r\n\tdisplay:none !important ;\r\n}\r\n#tab_container_19214 .wpsm_nav-tabs > li{\r\npadding:0px !important ;\r\nmargin:0px;\r\n}\r\n\r\n#tab_container_19214 .wpsm_nav-tabs > li > a:hover , #tab_container_19214 .wpsm_nav-tabs > li > a:focus {\r\n    color: #000000 !important;\r\n    background-color: #e8e8e8 !important;\r\n\tborder: 1px solid #d5d5d5 !important;\r\n\t\r\n}\r\n#tab_container_19214 .wpsm_nav-tabs > li > a .fa{\r\n\r\nmargin-right:5px !important;\r\n\r\nmargin-left:5px !important;\r\n\r\n\r\n}\r\n\r\n\t\t#tab_container_19214 .wpsm_nav-tabs a{\r\n\t\t\tbackground-image: url(https:\/\/agora.xtec.cat\/institutmontserratroig\/wp-content\/plugins\/tabs-responsive\/assets\/images\/style-soft.png);\r\n\t\t\tbackground-position: 0 0;\r\n\t\t\tbackground-repeat: repeat-x;\r\n\t\t}\r\n\t\t\t\r\n\r\n\r\n#tab_container_19214 .wpsm_nav-tabs > li {\r\n    float: left;\r\n    margin-bottom: -1px !important;\r\n\tmargin-right:0px !important; \r\n}\r\n\r\n\r\n#tab_container_19214 .tab-content{\r\noverflow:hidden !important;\r\n}\r\n\r\n\r\n@media (min-width: 769px) {\r\n\r\n\t#tab_container_19214 .wpsm_nav-tabs > li{\r\n\t\tfloat:left !important ;\r\n\t\t\t\tmargin-right:-1px !important;\r\n\t\t\t\t\t}\r\n\t#tab_container_19214 .wpsm_nav-tabs{\r\n\t\tfloat:none !important;\r\n\t\tmargin:0px !important;\r\n\t}\r\n\r\n\t#tab_container_19214 .wpsm_nav-tabs > li {\r\n\t\t\t\t\t\t\t\t\tmargin-right: 8px !important;\r\n\t\t\t\t\r\n\t\t\t\t\r\n\t\t\t\t\r\n\t}\r\n\t#tab_container_19214 .wpsm_nav{\r\n\t\t\t}\r\n\r\n}\r\n\r\n\r\n\r\n@media (max-width: 768px) {\r\n\t#tab_container_19214 .wpsm_nav-tabs > li {\r\n\t\t\t\tmargin-bottom: 8px !important;\r\n\t\tmargin-right:0px !important;\r\n\t\tmargin-left:0px !important;\r\n\t\t\t\t\r\n\t}\r\n\t#tab_container_19214 .wpsm_nav{\r\n\t\t\t}\r\n}\r\n\r\n\r\n\t.wpsm_nav-tabs li:before{\r\n\t\tdisplay:none !important;\r\n\t}\r\n\r\n\t@media (max-width: 768px) {\r\n\t\t\t\t\r\n\t\t\t\t.wpsm_nav-tabs{\r\n\t\t\tmargin-left:0px !important;\r\n\t\t\tmargin-right:0px !important; \r\n\t\t\t\r\n\t\t}\r\n\t\t\t\t#tab_container_19214 .wpsm_nav-tabs > li{\r\n\t\t\tfloat:none !important;\r\n\t\t}\r\n\t\t\t\r\n\t}\t\t\t\t<\/style>\r\n\t\t\t\t<div id=\"tab_container_19214\" >\r\n\t \r\n\t\t\t\t\t<ul class=\"wpsm_nav wpsm_nav-tabs\" role=\"tablist\" id=\"myTab_19214\">\r\n\t\t\t\t\t\t\t\r\n\t\t\t\t\t\t\t<li role=\"presentation\"  class=\"active\"  onclick=\"do_resize()\">\r\n\r\n\t\t\t\t\t\t\t\t<!-- XTEC ************ MODIFICAT - Disable scrolling on tab change. Fixes error in option \"Tabs Description Animation\" -->\r\n\t\t\t\t\t\t\t\t<!-- 2021.12.01 @aginard -->\r\n\t\t\t\t\t\t\t\t<a href=\"javascript:void(0);\" aria-controls=\"tabs_desc_19214_1\" role=\"tab\" data-toggle=\"tab\" data-target=\"#tabs_desc_19214_1\">\r\n\t\t\t\t\t\t\t\t<!-- ORIGINAL\r\n\t\t\t\t\t\t\t\t<a href=\"#tabs_desc_19214_1\" aria-controls=\"tabs_desc_19214_1\" role=\"tab\" data-toggle=\"tab\">\r\n\t\t\t\t\t\t\t\t-->\r\n\t\t\t\t\t\t\t\t<!-- ************ FI -->\r\n\t\t\t\t\t\t\t\t\t\r\n\t\t\t\t\t\t\t\t\t\t\t\t\t\t\t\t\t\t\t\t\t\t\t\t\t\t\t\t\t\t\t<i class=\"fa fa-edit\"><\/i> \t\t\t\t\t\t\t\t\t\t\t\t\t\t\t\t\t\t\t\r\n\t\t\t\t\t\t\t\t\t\t\t\t\t\t\t\t\t\t\r\n\t\t\t\t\t\t\t\t\t<span>Preinscripci\u00f3 i matr\u00edcula<\/span>\r\n\t\t\t\t\t\t\t\t\t\r\n\t\t\t\t\t\t\t\t\t\t\t\t\t\t\t\t\t\t\r\n\t\t\t\t\t\t\t\t\t\t\t\t\t\t\t\t\t\t\t\t\r\n\t\t\t\t\t\t\t\t\t\r\n\t\t\t\t\t\t\t\t<\/a>\r\n\t\t\t\t\t\t\t<\/li>\r\n\t\t\t\t\t\t\t\r\n\t\t\t\t\t\t\t<li role=\"presentation\"  onclick=\"do_resize()\">\r\n\r\n\t\t\t\t\t\t\t\t<!-- XTEC ************ MODIFICAT - Disable scrolling on tab change. Fixes error in option \"Tabs Description Animation\" -->\r\n\t\t\t\t\t\t\t\t<!-- 2021.12.01 @aginard -->\r\n\t\t\t\t\t\t\t\t<a href=\"javascript:void(0);\" aria-controls=\"tabs_desc_19214_2\" role=\"tab\" data-toggle=\"tab\" data-target=\"#tabs_desc_19214_2\">\r\n\t\t\t\t\t\t\t\t<!-- ORIGINAL\r\n\t\t\t\t\t\t\t\t<a href=\"#tabs_desc_19214_2\" aria-controls=\"tabs_desc_19214_2\" role=\"tab\" data-toggle=\"tab\">\r\n\t\t\t\t\t\t\t\t-->\r\n\t\t\t\t\t\t\t\t<!-- ************ FI -->\r\n\t\t\t\t\t\t\t\t\t\r\n\t\t\t\t\t\t\t\t\t\t\t\t\t\t\t\t\t\t\t\t\t\t\t\t\t\t\t\t\t\t\t<i class=\"fa fa-clock-o\"><\/i> \t\t\t\t\t\t\t\t\t\t\t\t\t\t\t\t\t\t\t\r\n\t\t\t\t\t\t\t\t\t\t\t\t\t\t\t\t\t\t\r\n\t\t\t\t\t\t\t\t\t<span>Horari<\/span>\r\n\t\t\t\t\t\t\t\t\t\r\n\t\t\t\t\t\t\t\t\t\t\t\t\t\t\t\t\t\t\r\n\t\t\t\t\t\t\t\t\t\t\t\t\t\t\t\t\t\t\t\t\r\n\t\t\t\t\t\t\t\t\t\r\n\t\t\t\t\t\t\t\t<\/a>\r\n\t\t\t\t\t\t\t<\/li>\r\n\t\t\t\t\t\t\t\r\n\t\t\t\t\t\t\t<li role=\"presentation\"  onclick=\"do_resize()\">\r\n\r\n\t\t\t\t\t\t\t\t<!-- XTEC ************ MODIFICAT - Disable scrolling on tab change. Fixes error in option \"Tabs Description Animation\" -->\r\n\t\t\t\t\t\t\t\t<!-- 2021.12.01 @aginard -->\r\n\t\t\t\t\t\t\t\t<a href=\"javascript:void(0);\" aria-controls=\"tabs_desc_19214_3\" role=\"tab\" data-toggle=\"tab\" data-target=\"#tabs_desc_19214_3\">\r\n\t\t\t\t\t\t\t\t<!-- ORIGINAL\r\n\t\t\t\t\t\t\t\t<a href=\"#tabs_desc_19214_3\" aria-controls=\"tabs_desc_19214_3\" role=\"tab\" data-toggle=\"tab\">\r\n\t\t\t\t\t\t\t\t-->\r\n\t\t\t\t\t\t\t\t<!-- ************ FI -->\r\n\t\t\t\t\t\t\t\t\t\r\n\t\t\t\t\t\t\t\t\t\t\t\t\t\t\t\t\t\t\t\t\t\t\t\t\t\t\t\t\t\t\t<i class=\"fa fa-thumbs-o-up\"><\/i> \t\t\t\t\t\t\t\t\t\t\t\t\t\t\t\t\t\t\t\r\n\t\t\t\t\t\t\t\t\t\t\t\t\t\t\t\t\t\t\r\n\t\t\t\t\t\t\t\t\t<span>Beques i ajuts<\/span>\r\n\t\t\t\t\t\t\t\t\t\r\n\t\t\t\t\t\t\t\t\t\t\t\t\t\t\t\t\t\t\r\n\t\t\t\t\t\t\t\t\t\t\t\t\t\t\t\t\t\t\t\t\r\n\t\t\t\t\t\t\t\t\t\r\n\t\t\t\t\t\t\t\t<\/a>\r\n\t\t\t\t\t\t\t<\/li>\r\n\t\t\t\t\t\t\t\r\n\t\t\t\t\t\t\t<li role=\"presentation\"  onclick=\"do_resize()\">\r\n\r\n\t\t\t\t\t\t\t\t<!-- XTEC ************ MODIFICAT - Disable scrolling on tab change. Fixes error in option \"Tabs Description Animation\" -->\r\n\t\t\t\t\t\t\t\t<!-- 2021.12.01 @aginard -->\r\n\t\t\t\t\t\t\t\t<a href=\"javascript:void(0);\" aria-controls=\"tabs_desc_19214_4\" role=\"tab\" data-toggle=\"tab\" data-target=\"#tabs_desc_19214_4\">\r\n\t\t\t\t\t\t\t\t<!-- ORIGINAL\r\n\t\t\t\t\t\t\t\t<a href=\"#tabs_desc_19214_4\" aria-controls=\"tabs_desc_19214_4\" role=\"tab\" data-toggle=\"tab\">\r\n\t\t\t\t\t\t\t\t-->\r\n\t\t\t\t\t\t\t\t<!-- ************ FI -->\r\n\t\t\t\t\t\t\t\t\t\r\n\t\t\t\t\t\t\t\t\t\t\t\t\t\t\t\t\t\t\t\t\t\t\t\t\t\t\t\t\t\t\t<i class=\"fa fa-laptop\"><\/i> \t\t\t\t\t\t\t\t\t\t\t\t\t\t\t\t\t\t\t\r\n\t\t\t\t\t\t\t\t\t\t\t\t\t\t\t\t\t\t\r\n\t\t\t\t\t\t\t\t\t<span>Certificats catal\u00e0<\/span>\r\n\t\t\t\t\t\t\t\t\t\r\n\t\t\t\t\t\t\t\t\t\t\t\t\t\t\t\t\t\t\r\n\t\t\t\t\t\t\t\t\t\t\t\t\t\t\t\t\t\t\t\t\r\n\t\t\t\t\t\t\t\t\t\r\n\t\t\t\t\t\t\t\t<\/a>\r\n\t\t\t\t\t\t\t<\/li>\r\n\t\t\t\t\t\t\t\r\n\t\t\t\t\t\t\t<li role=\"presentation\"  onclick=\"do_resize()\">\r\n\r\n\t\t\t\t\t\t\t\t<!-- XTEC ************ MODIFICAT - Disable scrolling on tab change. Fixes error in option \"Tabs Description Animation\" -->\r\n\t\t\t\t\t\t\t\t<!-- 2021.12.01 @aginard -->\r\n\t\t\t\t\t\t\t\t<a href=\"javascript:void(0);\" aria-controls=\"tabs_desc_19214_5\" role=\"tab\" data-toggle=\"tab\" data-target=\"#tabs_desc_19214_5\">\r\n\t\t\t\t\t\t\t\t<!-- ORIGINAL\r\n\t\t\t\t\t\t\t\t<a href=\"#tabs_desc_19214_5\" aria-controls=\"tabs_desc_19214_5\" role=\"tab\" data-toggle=\"tab\">\r\n\t\t\t\t\t\t\t\t-->\r\n\t\t\t\t\t\t\t\t<!-- ************ FI -->\r\n\t\t\t\t\t\t\t\t\t\r\n\t\t\t\t\t\t\t\t\t\t\t\t\t\t\t\t\t\t\t\t\t\t\t\t\t\t\t\t\t\t\t<i class=\"fa fa-group\"><\/i> \t\t\t\t\t\t\t\t\t\t\t\t\t\t\t\t\t\t\t\r\n\t\t\t\t\t\t\t\t\t\t\t\t\t\t\t\t\t\t\r\n\t\t\t\t\t\t\t\t\t<span>Personal PAS<\/span>\r\n\t\t\t\t\t\t\t\t\t\r\n\t\t\t\t\t\t\t\t\t\t\t\t\t\t\t\t\t\t\r\n\t\t\t\t\t\t\t\t\t\t\t\t\t\t\t\t\t\t\t\t\r\n\t\t\t\t\t\t\t\t\t\r\n\t\t\t\t\t\t\t\t<\/a>\r\n\t\t\t\t\t\t\t<\/li>\r\n\t\t\t\t\t\t\t\t\t\t\t <\/ul>\r\n\r\n\t\t\t\t\t  <!-- Tab panes -->\r\n\t\t\t\t\t  <div class=\"tab-content\" id=\"tab-content_19214\">\r\n\t\t\t\t\t\t\t\t\t\t\t\t <div role=\"tabpanel\" class=\"tab-pane  in active \" id=\"tabs_desc_19214_1\">\r\n\t\t\t\t\t\t\t\t<p style=\"text-align: justify\">Calendari del proc\u00e9s preinscripci\u00f3 i matr\u00edcula del curs 2025-2026:<\/p>\n<p>\t\t\t\t\t\t<style>\r\n\t\t\t\t\r\n\t\t\t\t\t#tab_container_29750 {\r\n\toverflow:hidden;\r\n\tdisplay:block;\r\n\twidth:100%;\r\n\tborder:0px solid #ddd;\r\n\tmargin-bottom:30px;\r\n\t}\r\n\r\n#tab_container_29750 .tab-content{\r\n\tpadding:20px;\r\n\tborder: 1px solid #e6e6e6 !important;\r\n\tmargin-top: 0px;\r\n\tbackground-color:#ffffff !important;\r\n\tcolor: #000000 !important;\r\n\tfont-size:16px !important;\r\n\tfont-family: Verdana !important;\r\n\t\r\n\t\t\tborder: 0px solid #e6e6e6 !important;\r\n\t\t\r\n\t}\r\n#tab_container_29750 .wpsm_nav-tabs {\r\n    border-bottom: 0px solid #ddd;\r\n}\r\n#tab_container_29750 .wpsm_nav-tabs > li.active > a, #tab_container_29750 .wpsm_nav-tabs > li.active > a:hover, #tab_container_29750 .wpsm_nav-tabs > li.active > a:focus {\r\n\tcolor: #ffffff !important;\r\n\tcursor: default;\r\n\tbackground-color: #b3206e !important;\r\n\tborder: 1px solid #9a0755 !important;\r\n}\r\n\r\n#tab_container_29750 .wpsm_nav-tabs > li > a {\r\n    margin-right: 0px !important; \r\n    line-height: 1.42857143 !important;\r\n    border: 1px solid #d5d5d5 !important;\r\n    border-radius: 0px 0px 0 0 !important; \r\n\tbackground-color: #e8e8e8 !important;\r\n\tcolor: #000000 !important;\r\n\tpadding: 15px 18px 15px 18px !important;\r\n\ttext-decoration: none !important;\r\n\tfont-size: 16px !important;\r\n\ttext-align:center !important;\r\n\tfont-family: Verdana !important;\r\n}\r\n#tab_container_29750 .wpsm_nav-tabs > li > a:focus {\r\noutline: 0px !important;\r\n}\r\n\r\n#tab_container_29750 .wpsm_nav-tabs > li > a:before {\r\n\tdisplay:none !important;\r\n}\r\n#tab_container_29750 .wpsm_nav-tabs > li > a:after {\r\n\tdisplay:none !important ;\r\n}\r\n#tab_container_29750 .wpsm_nav-tabs > li{\r\npadding:0px !important ;\r\nmargin:0px;\r\n}\r\n\r\n#tab_container_29750 .wpsm_nav-tabs > li > a:hover , #tab_container_29750 .wpsm_nav-tabs > li > a:focus {\r\n    color: #000000 !important;\r\n    background-color: #e8e8e8 !important;\r\n\tborder: 1px solid #d5d5d5 !important;\r\n\t\r\n}\r\n#tab_container_29750 .wpsm_nav-tabs > li > a .fa{\r\n\r\nmargin-right:5px !important;\r\n\r\nmargin-left:5px !important;\r\n\r\n\r\n}\r\n\r\n\t\t#tab_container_29750 .wpsm_nav-tabs a{\r\n\t\t\tbackground-image: url(https:\/\/agora.xtec.cat\/institutmontserratroig\/wp-content\/plugins\/tabs-responsive\/assets\/images\/style-soft.png);\r\n\t\t\tbackground-position: 0 0;\r\n\t\t\tbackground-repeat: repeat-x;\r\n\t\t}\r\n\t\t\t\r\n\r\n\r\n#tab_container_29750 .wpsm_nav-tabs > li {\r\n    float: left;\r\n    margin-bottom: -1px !important;\r\n\tmargin-right:0px !important; \r\n}\r\n\r\n\r\n#tab_container_29750 .tab-content{\r\noverflow:hidden !important;\r\n}\r\n\r\n\r\n@media (min-width: 769px) {\r\n\r\n\t#tab_container_29750 .wpsm_nav-tabs > li{\r\n\tfloat:none !important;\r\n\t\tmargin-right:-1px !important;\r\n\t\t\t}\r\n\t#tab_container_29750 .wpsm_nav-tabs{\r\n\tfloat:left !important;\r\n\tmargin:0px !important;\r\n\t}\r\n}\r\n\r\n#tab_container_29750 .wpsm_nav-tabs > li {\r\n    \tmargin-bottom: 8px !important;\r\n\t\t\r\n}\r\n#tab_container_29750 .wpsm_nav{\r\n\t}\r\n\r\n\r\n@media (max-width: 768px) {\r\n\t#tab_container_29750 .wpsm_nav-tabs > li {\r\n\t\t\t\tmargin-bottom: 8px !important;\r\n\t\tmargin-right:0px !important;\r\n\t\tmargin-left:0px !important;\r\n\t\t\t\t\r\n\t}\r\n\t#tab_container_29750 .wpsm_nav{\r\n\t\t\t}\r\n}\r\n\r\n\r\n\t.wpsm_nav-tabs li:before{\r\n\t\tdisplay:none !important;\r\n\t}\r\n\r\n\t@media (max-width: 768px) {\r\n\t\t\t\t\r\n\t\t\t\t.wpsm_nav-tabs{\r\n\t\t\tmargin-left:0px !important;\r\n\t\t\tmargin-right:0px !important; \r\n\t\t\t\r\n\t\t}\r\n\t\t\t\t#tab_container_29750 .wpsm_nav-tabs > li{\r\n\t\t\tfloat:none !important;\r\n\t\t}\r\n\t\t\t\r\n\t}\t\t\t\t<\/style>\r\n\t\t\t\t<div id=\"tab_container_29750\" >\r\n\t \r\n\t\t\t\t\t<ul class=\"wpsm_nav wpsm_nav-tabs\" role=\"tablist\" id=\"myTab_29750\">\r\n\t\t\t\t\t\t\t\r\n\t\t\t\t\t\t\t<li role=\"presentation\"  class=\"active\"  onclick=\"do_resize()\">\r\n\r\n\t\t\t\t\t\t\t\t<!-- XTEC ************ MODIFICAT - Disable scrolling on tab change. Fixes error in option \"Tabs Description Animation\" -->\r\n\t\t\t\t\t\t\t\t<!-- 2021.12.01 @aginard -->\r\n\t\t\t\t\t\t\t\t<a href=\"javascript:void(0);\" aria-controls=\"tabs_desc_29750_1\" role=\"tab\" data-toggle=\"tab\" data-target=\"#tabs_desc_29750_1\">\r\n\t\t\t\t\t\t\t\t<!-- ORIGINAL\r\n\t\t\t\t\t\t\t\t<a href=\"#tabs_desc_29750_1\" aria-controls=\"tabs_desc_29750_1\" role=\"tab\" data-toggle=\"tab\">\r\n\t\t\t\t\t\t\t\t-->\r\n\t\t\t\t\t\t\t\t<!-- ************ FI -->\r\n\t\t\t\t\t\t\t\t\t\r\n\t\t\t\t\t\t\t\t\t\t\t\t\t\t\t\t\t\t\t\t\t\t\t\t\t\t\t\t\r\n\t\t\t\t\t\t\t\t\t\t\t\t\t\t\t\t\t\t\r\n\t\t\t\t\t\t\t\t\t<span>ESO<\/span>\r\n\t\t\t\t\t\t\t\t\t\r\n\t\t\t\t\t\t\t\t\t\t\t\t\t\t\t\t\t\t\r\n\t\t\t\t\t\t\t\t\t\t\t\t\t\t\t\t\t\t\t\t\r\n\t\t\t\t\t\t\t\t\t\r\n\t\t\t\t\t\t\t\t<\/a>\r\n\t\t\t\t\t\t\t<\/li>\r\n\t\t\t\t\t\t\t\r\n\t\t\t\t\t\t\t<li role=\"presentation\"  onclick=\"do_resize()\">\r\n\r\n\t\t\t\t\t\t\t\t<!-- XTEC ************ MODIFICAT - Disable scrolling on tab change. Fixes error in option \"Tabs Description Animation\" -->\r\n\t\t\t\t\t\t\t\t<!-- 2021.12.01 @aginard -->\r\n\t\t\t\t\t\t\t\t<a href=\"javascript:void(0);\" aria-controls=\"tabs_desc_29750_2\" role=\"tab\" data-toggle=\"tab\" data-target=\"#tabs_desc_29750_2\">\r\n\t\t\t\t\t\t\t\t<!-- ORIGINAL\r\n\t\t\t\t\t\t\t\t<a href=\"#tabs_desc_29750_2\" aria-controls=\"tabs_desc_29750_2\" role=\"tab\" data-toggle=\"tab\">\r\n\t\t\t\t\t\t\t\t-->\r\n\t\t\t\t\t\t\t\t<!-- ************ FI -->\r\n\t\t\t\t\t\t\t\t\t\r\n\t\t\t\t\t\t\t\t\t\t\t\t\t\t\t\t\t\t\t\t\t\t\t\t\t\t\t\t\r\n\t\t\t\t\t\t\t\t\t\t\t\t\t\t\t\t\t\t\r\n\t\t\t\t\t\t\t\t\t<span>BAT<\/span>\r\n\t\t\t\t\t\t\t\t\t\r\n\t\t\t\t\t\t\t\t\t\t\t\t\t\t\t\t\t\t\r\n\t\t\t\t\t\t\t\t\t\t\t\t\t\t\t\t\t\t\t\t\r\n\t\t\t\t\t\t\t\t\t\r\n\t\t\t\t\t\t\t\t<\/a>\r\n\t\t\t\t\t\t\t<\/li>\r\n\t\t\t\t\t\t\t\t\t\t\t <\/ul>\r\n\r\n\t\t\t\t\t  <!-- Tab panes -->\r\n\t\t\t\t\t  <div class=\"tab-content\" id=\"tab-content_29750\">\r\n\t\t\t\t\t\t\t\t\t\t\t\t <div role=\"tabpanel\" class=\"tab-pane  in active \" id=\"tabs_desc_29750_1\">\r\n\t\t\t\t\t\t\t\t<p><strong>1. Publicaci\u00f3 de l\u2019oferta inicial:<\/strong>\u00a011 de mar\u00e7 de 2025<br \/>\n<strong>2. Presentaci\u00f3 de sol\u00b7licituds:<\/strong>\u00a0Del 14 al 26 de mar\u00e7 de 2025<br \/>\n<strong>3. Llistes amb la puntuaci\u00f3 provisional<\/strong>: 24 d\u2019abril de 2025<br \/>\n<strong>4. Reclamacions a la baremaci\u00f3:<\/strong>\u00a0Del 24 al 30 d\u2019abril de 2025<br \/>\n<strong>5. Llistes amb puntuaci\u00f3 definitives<\/strong>: 5 de maig de 2025<br \/>\n<strong>6. Sorteig del n\u00famero de desempat:<\/strong>\u00a08 de maig de 2025<br \/>\n<strong>7. Llistes ordenades definitives:<\/strong>\u00a09 de maig de 2025<br \/>\n<strong>8. Ampliaci\u00f3 de peticions:<\/strong><br \/>\n<em>\u2013 NEE B: 21 i 22 de maig de 2025<br \/>\n\u2013 Ordinaris: Del 4 al 6 de juny de 2025<\/em><br \/>\n<strong>9. Publicaci\u00f3 oferta final de places:<\/strong>\u00a016 de juny de 2025<br \/>\n<strong>10. Llistes d\u2019admesos i llistes d\u2019espera<\/strong>: 16 de juny de 2025<br \/>\n<strong>11. Matr\u00edcula:<\/strong>\u00a0Del 25 de juny al 3 de juliol de 2025<\/p>\n<p><strong>Important:<\/strong>\u00a0<em>Aquest calendari \u00e9s l\u2019actual,per\u00f2 pot patir modificacions al llarg del procediment.<\/em><\/p>\n\t\t\t\t\t\t <\/div>\r\n\t\t\t\t\t\t\t\t\t\t\t\t <div role=\"tabpanel\" class=\"tab-pane \" id=\"tabs_desc_29750_2\">\r\n\t\t\t\t\t\t\t\t<ol>\n<li><strong>Oferta inicial de places:<\/strong> 2 d'abril de 2025<\/li>\n<li><strong>Presentaci\u00f3 de sol\u00b7licituds<\/strong>: del 3 al 10 d'abril de 2025<\/li>\n<li><strong>Presentaci\u00f3 de documentaci\u00f3<\/strong>: fins a l'11 d'abril de 2025<\/li>\n<li><strong>Llista de sol\u00b7licituds amb la puntuaci\u00f3 provisional<\/strong>: 16 de maig de 2025<\/li>\n<li><strong>Presentaci\u00f3 de reclamacions<\/strong>: Del 16 al 22 de maig de 2025<\/li>\n<li><strong>Llista de sol\u00b7licituds amb la puntuaci\u00f3 un cop resoltes les reclamacions<\/strong>: 27 de maig de 2025<\/li>\n<li><strong>Sorteig per resoldre les sol\u00b7licituds de preinscripci\u00f3 empatades en punts<\/strong>: 27 de maig de 2025<\/li>\n<li><strong>Llista ordenada:<\/strong> 30 de maig de 2025<\/li>\n<li><strong>Oferta final de places escolars<\/strong>: 19 de juny de 2025<\/li>\n<li><strong>Llista d'alumnes admesos i llista d'espera<\/strong>: 19 de juny de 2025<\/li>\n<li><strong>Matriculaci\u00f3 dels alumnes preinscrits a batxillerat amb pla\u00e7a assignada:<\/strong> del 20 al 30 de juny de 2025, ambd\u00f3s inclosos<\/li>\n<\/ol>\n\t\t\t\t\t\t <\/div>\r\n\t\t\t\t\t\t\t\r\n\t\t\t\t\t <\/div>\r\n\t\t\t\t\t \r\n\t\t\t\t <\/div>\r\n <script>\r\n\t\tjQuery(function () {\r\n\t\t\tjQuery('#myTab_29750 a:first').tab('show')\r\n\t\t});\r\n\t\t\r\n\t\t\t\tjQuery(function(){\r\n\t\t\tvar b=\"fadeIn\";\r\n\t\t\tvar c;\r\n\t\t\tvar a;\r\n\t\t\td(jQuery(\"#myTab_29750 a\"),jQuery(\"#tab-content_29750\"));function d(e,f,g){\r\n\t\t\t\te.click(function(i){\r\n\t\t\t\t\ti.preventDefault();\r\n\t\t\t\t\tjQuery(this).tab(\"show\");\r\n\t\t\t\t\tvar h=jQuery(this).data(\"easein\");\r\n\t\t\t\t\tif(c){c.removeClass(a);}\r\n\t\t\t\t\tif(h){f.find(\"div.active\").addClass(\"animated \"+h);a=h;}\r\n\t\t\t\t\telse{if(g){f.find(\"div.active\").addClass(\"animated \"+g);a=g;}else{f.find(\"div.active\").addClass(\"animated \"+b);a=b;}}c=f.find(\"div.active\");\r\n\t\t\t\t});\r\n\t\t\t}\r\n\t\t});\r\n\t\t\r\n\r\n\t\tfunction do_resize(){\r\n\r\n\t\t\tvar width=jQuery( '.tab-content .tab-pane iframe' ).width();\r\n\t\t\tvar height=jQuery( '.tab-content .tab-pane iframe' ).height();\r\n\r\n\t\t\tvar toggleSize = true;\r\n\t\t\tjQuery('iframe').animate({\r\n\t\t\t    width: toggleSize ? width : 640,\r\n\t\t\t    height: toggleSize ? height : 360\r\n\t\t\t  }, 250);\r\n\r\n\t\t\t  toggleSize = !toggleSize;\r\n\t\t}\r\n\r\n\r\n\t<\/script>\r\n\t\t\t\t\r\n\t\t\t<\/p>\n\t\t\t\t\t\t <\/div>\r\n\t\t\t\t\t\t\t\t\t\t\t\t <div role=\"tabpanel\" class=\"tab-pane \" id=\"tabs_desc_19214_2\">\r\n\t\t\t\t\t\t\t\t<table style=\"width: 100%;background-color: #ffffff\" border=\"none\">\n<tbody>\n<tr>\n<td style=\"text-align: center;border: none\">\n<h3><span style=\"color: #993366\">Horari ordinari d'atenci\u00f3 al p\u00fablic<\/span><\/h3>\n<h4>De dilluns a divendres, de 8:15 h a 14 h<\/h4>\n<h4>Dimarts, de 15:15 h a 17 h<\/h4>\n<p><span style=\"color: #800080\"><strong>\u00a0<\/strong><\/span><a href=\"https:\/\/agora.xtec.cat\/institutmontserratroig\/wp-content\/uploads\/usu342\/2014\/09\/logo-rodona-arroba.png\"><img loading=\"lazy\" decoding=\"async\" class=\"alignnone wp-image-3716 \" src=\"https:\/\/agora.xtec.cat\/institutmontserratroig\/wp-content\/uploads\/usu342\/2014\/09\/logo-rodona-arroba-150x150.png\" alt=\"\" width=\"41\" height=\"41\" srcset=\"https:\/\/agora.xtec.cat\/institutmontserratroig\/wp-content\/uploads\/usu342\/2014\/09\/logo-rodona-arroba-150x150.png 150w, https:\/\/agora.xtec.cat\/institutmontserratroig\/wp-content\/uploads\/usu342\/2014\/09\/logo-rodona-arroba-300x300.png 300w, https:\/\/agora.xtec.cat\/institutmontserratroig\/wp-content\/uploads\/usu342\/2014\/09\/logo-rodona-arroba.png 303w\" sizes=\"auto, (max-width: 41px) 100vw, 41px\" \/> secretaria@mroig.cat<\/a><\/td>\n<\/tr>\n<\/tbody>\n<\/table>\n<h5 style=\"text-align: center\">Horari d\u2019atenci\u00f3 al p\u00fablic<\/h5>\n<table style=\"width: 100%;background-color: #f8f8f8\">\n<tbody>\n<tr>\n<td>\n<h4><img loading=\"lazy\" decoding=\"async\" class=\"aligncenter wp-image-3642\" src=\"http:\/\/agora.xtec.cat\/iessecretaricoloma\/wp-content\/uploads\/usu342\/2014\/09\/logo-secretaria-calendari-dies-150x150.png\" alt=\"logo secretaria calendari dies\" width=\"50\" height=\"50\" srcset=\"https:\/\/agora.xtec.cat\/institutmontserratroig\/wp-content\/uploads\/usu342\/2014\/09\/logo-secretaria-calendari-dies-150x150.png 150w, https:\/\/agora.xtec.cat\/institutmontserratroig\/wp-content\/uploads\/usu342\/2014\/09\/logo-secretaria-calendari-dies-300x300.png 300w, https:\/\/agora.xtec.cat\/institutmontserratroig\/wp-content\/uploads\/usu342\/2014\/09\/logo-secretaria-calendari-dies.png 303w\" sizes=\"auto, (max-width: 50px) 100vw, 50px\" \/><\/h4>\n<\/td>\n<td>\n<h4>De dilluns a divendres<\/h4>\n<\/td>\n<td>\n<h4><img loading=\"lazy\" decoding=\"async\" class=\"aligncenter wp-image-3632\" src=\"http:\/\/agora.xtec.cat\/iessecretaricoloma\/wp-content\/uploads\/usu342\/2014\/09\/logo-secretraia-horaris-150x150.png\" alt=\"logo secretraia horaris\" width=\"50\" height=\"50\" srcset=\"https:\/\/agora.xtec.cat\/institutmontserratroig\/wp-content\/uploads\/usu342\/2014\/09\/logo-secretraia-horaris-150x150.png 150w, https:\/\/agora.xtec.cat\/institutmontserratroig\/wp-content\/uploads\/usu342\/2014\/09\/logo-secretraia-horaris-300x300.png 300w, https:\/\/agora.xtec.cat\/institutmontserratroig\/wp-content\/uploads\/usu342\/2014\/09\/logo-secretraia-horaris-768x768.png 768w, https:\/\/agora.xtec.cat\/institutmontserratroig\/wp-content\/uploads\/usu342\/2014\/09\/logo-secretraia-horaris-1024x1024.png 1024w, https:\/\/agora.xtec.cat\/institutmontserratroig\/wp-content\/uploads\/usu342\/2014\/09\/logo-secretraia-horaris.png 1356w\" sizes=\"auto, (max-width: 50px) 100vw, 50px\" \/><\/h4>\n<\/td>\n<td>\n<h4>de 8:15 h a 14 h<\/h4>\n<\/td>\n<\/tr>\n<tr>\n<td>\n<h4><img loading=\"lazy\" decoding=\"async\" class=\"aligncenter wp-image-3642\" src=\"http:\/\/agora.xtec.cat\/iessecretaricoloma\/wp-content\/uploads\/usu342\/2014\/09\/logo-secretaria-calendari-dies-150x150.png\" alt=\"logo secretaria calendari dies\" width=\"50\" height=\"50\" srcset=\"https:\/\/agora.xtec.cat\/institutmontserratroig\/wp-content\/uploads\/usu342\/2014\/09\/logo-secretaria-calendari-dies-150x150.png 150w, https:\/\/agora.xtec.cat\/institutmontserratroig\/wp-content\/uploads\/usu342\/2014\/09\/logo-secretaria-calendari-dies-300x300.png 300w, https:\/\/agora.xtec.cat\/institutmontserratroig\/wp-content\/uploads\/usu342\/2014\/09\/logo-secretaria-calendari-dies.png 303w\" sizes=\"auto, (max-width: 50px) 100vw, 50px\" \/><\/h4>\n<\/td>\n<td>\n<h4>Dimarts<\/h4>\n<\/td>\n<td>\n<h4><img loading=\"lazy\" decoding=\"async\" class=\"aligncenter wp-image-3632\" src=\"http:\/\/agora.xtec.cat\/iessecretaricoloma\/wp-content\/uploads\/usu342\/2014\/09\/logo-secretraia-horaris-150x150.png\" alt=\"logo secretraia horaris\" width=\"50\" height=\"50\" srcset=\"https:\/\/agora.xtec.cat\/institutmontserratroig\/wp-content\/uploads\/usu342\/2014\/09\/logo-secretraia-horaris-150x150.png 150w, https:\/\/agora.xtec.cat\/institutmontserratroig\/wp-content\/uploads\/usu342\/2014\/09\/logo-secretraia-horaris-300x300.png 300w, https:\/\/agora.xtec.cat\/institutmontserratroig\/wp-content\/uploads\/usu342\/2014\/09\/logo-secretraia-horaris-768x768.png 768w, https:\/\/agora.xtec.cat\/institutmontserratroig\/wp-content\/uploads\/usu342\/2014\/09\/logo-secretraia-horaris-1024x1024.png 1024w, https:\/\/agora.xtec.cat\/institutmontserratroig\/wp-content\/uploads\/usu342\/2014\/09\/logo-secretraia-horaris.png 1356w\" sizes=\"auto, (max-width: 50px) 100vw, 50px\" \/><\/h4>\n<\/td>\n<td>\n<h4>de 15:15 h a 17 h<\/h4>\n<\/td>\n<\/tr>\n<\/tbody>\n<\/table>\n\t\t\t\t\t\t <\/div>\r\n\t\t\t\t\t\t\t\t\t\t\t\t <div role=\"tabpanel\" class=\"tab-pane \" id=\"tabs_desc_19214_3\">\r\n\t\t\t\t\t\t\t\t<table style=\"width: 100%;border: none;background-color: #f8f8f8\">\n<tbody>\n<tr>\n<td style=\"text-align: center;border: none;width: 50%\">\n<h4 style=\"text-align: right\"><a href=\"http:\/\/ensenyament.gencat.cat\/ca\/tramits\/tramits-temes\/Beques-de-caracter-general-per-a-estudis-postobligatoris\" target=\"_blank\" rel=\"noopener\">Beques de Batxillerat<\/a><\/h4>\n<\/td>\n<td style=\"text-align: center;border: none;width: 50%\"><a href=\"http:\/\/ensenyament.gencat.cat\/ca\/tramits\/tramits-temes\/Beques-de-caracter-general-per-a-estudis-postobligatoris\" target=\"_blank\" rel=\"noopener\"><img loading=\"lazy\" decoding=\"async\" class=\"wp-image-3592 alignleft\" src=\"http:\/\/agora.xtec.cat\/iessecretaricoloma\/wp-content\/uploads\/usu342\/2015\/10\/logosecretaria-beques-batxillerat-150x150.png\" alt=\"logosecretaria beques batxillerat\" width=\"50\" height=\"50\" srcset=\"https:\/\/agora.xtec.cat\/institutmontserratroig\/wp-content\/uploads\/usu342\/2015\/10\/logosecretaria-beques-batxillerat-150x150.png 150w, https:\/\/agora.xtec.cat\/institutmontserratroig\/wp-content\/uploads\/usu342\/2015\/10\/logosecretaria-beques-batxillerat.png 299w\" sizes=\"auto, (max-width: 50px) 100vw, 50px\" \/><\/a><\/td>\n<\/tr>\n<\/tbody>\n<tbody>\n<tr>\n<td style=\"text-align: right;border: none;width: 50%\">\n<h4 style=\"text-align: right\"><a href=\"https:\/\/agora.xtec.cat\/institutmontserratroig\/portada\/convocatoria-dajuts-a-alumnes-amb-necessitat-especifica-de-suport-educatiu\/\">Alumnes amb Necessitats Educatives Especials<\/a><\/h4>\n<\/td>\n<td style=\"border: none;text-align: right;width: 50%\"><img loading=\"lazy\" decoding=\"async\" class=\"wp-image-3585 alignleft\" src=\"http:\/\/agora.xtec.cat\/iessecretaricoloma\/wp-content\/uploads\/usu342\/2014\/09\/logo-secretaria-beques-150x150.png\" alt=\"logo secretaria beques\" width=\"50\" height=\"50\" srcset=\"https:\/\/agora.xtec.cat\/institutmontserratroig\/wp-content\/uploads\/usu342\/2014\/09\/logo-secretaria-beques-150x150.png 150w, https:\/\/agora.xtec.cat\/institutmontserratroig\/wp-content\/uploads\/usu342\/2014\/09\/logo-secretaria-beques.png 200w\" sizes=\"auto, (max-width: 50px) 100vw, 50px\" \/><\/td>\n<\/tr>\n<\/tbody>\n<tbody>\n<tr>\n<td style=\"text-align: right;border: none;width: 50%\">\n<h4 style=\"text-align: right\"><a href=\"https:\/\/www.edubcn.cat\/ca\/alumnat_i_familia\/ajuts_beques_i_subvencions\/ajuts_de_menjador_escolar\" target=\"_blank\" rel=\"noopener\">Ajuts de menjador<\/a><\/h4>\n<\/td>\n<td style=\"border: none;text-align: left;width: 50%\"><a href=\"https:\/\/www.edubcn.cat\/ca\/alumnat_i_familia\/ajuts_beques_i_subvencions\/ajuts_de_menjador_escolar\" target=\"_blank\" rel=\"noopener\"><img loading=\"lazy\" decoding=\"async\" class=\"alignleft wp-image-3585\" src=\"http:\/\/agora.xtec.cat\/iessecretaricoloma\/wp-content\/uploads\/usu342\/2014\/09\/logo-secretaria-beques-150x150.png\" alt=\"logo secretaria beques\" width=\"50\" height=\"50\" srcset=\"https:\/\/agora.xtec.cat\/institutmontserratroig\/wp-content\/uploads\/usu342\/2014\/09\/logo-secretaria-beques-150x150.png 150w, https:\/\/agora.xtec.cat\/institutmontserratroig\/wp-content\/uploads\/usu342\/2014\/09\/logo-secretaria-beques.png 200w\" sizes=\"auto, (max-width: 50px) 100vw, 50px\" \/><\/a><\/td>\n<\/tr>\n<\/tbody>\n<\/table>\n\t\t\t\t\t\t <\/div>\r\n\t\t\t\t\t\t\t\t\t\t\t\t <div role=\"tabpanel\" class=\"tab-pane \" id=\"tabs_desc_19214_4\">\r\n\t\t\t\t\t\t\t\t<p style=\"text-align: center\">Tramitaci\u00f3 de certificats d\u2019acreditaci\u00f3 de reconeixement dels nivells B2 i C1 de catal\u00e0 per escolaritat reglada no universit\u00e0ria.<\/p>\n<h2 style=\"text-align: center\">Tr\u00e0mit per sol\u00b7licitar certificats d\u2019acreditaci\u00f3 de coneixements de Catal\u00e0 B2 i C1<\/h2>\n<p style=\"text-align: center\">Les persones que hagin obtingut la seva titulaci\u00f3 en un institut (o institut escola) poden enviar per correu electr\u00f2nic a secretaria (<a href=\"mailto:secretaria@mroig.cat\" target=\"_blank\" rel=\"noopener\">secretaria@mroig.cat<\/a>) el seg\u00fcent <a href=\"https:\/\/web.gencat.cat\/ca\/tramits\/tramits-temes\/22046-reconeixement-b2-c1-catala?category=\" target=\"_blank\" rel=\"noopener\">formulari de sol\u00b7licitud<\/a> junt a la documentaci\u00f3 acreditativa que es compleixen els requesits (veure taula).<\/p>\n<table style=\"width: 100%;border: none\">\n<tbody>\n<tr>\n<td style=\"text-align: center;border: none;background-color: #fefed2\">\n<h4 style=\"text-align: center\"><a href=\"https:\/\/drive.google.com\/file\/d\/1l-PIN5EeZa2nN3bAc81VoX1kfvuJWazd\/view?usp=share_link\" target=\"_blank\" rel=\"noopener\">Formulari de sol\u00b7licitud de nivell C o B de Catal\u00e0<\/a><\/h4>\n<\/td>\n<\/tr>\n<\/tbody>\n<\/table>\n<p style=\"text-align: center\"><strong>IMPORTANT<\/strong>: Per recollir el certificat caldr\u00e0 presentar la documentaci\u00f3 original al\u00b7legada per mail que acrediti que es t\u00e9 dret per a obtenir el certificat. No es lliurar\u00e0 cap certificat si no es presenta la documentaci\u00f3 original.<\/p>\n<p style=\"text-align: center\">Presteu atenci\u00f3 abans d\u2019enviar el formulari, verifiqueu que les dades siguin correctes i que h\u00e0giu annexat la documentaci\u00f3 requerida.<\/p>\n<p style=\"text-align: center\">La tramitaci\u00f3 del certificat no t\u00e9 cost econ\u00f2mic.<\/p>\n<p style=\"text-align: center\">La secretaria del centre avisar\u00e0 per mail a la persona interessada quan pot passar a recollir el certificat.<\/p>\n<h2 style=\"text-align: center\">Requisits i quadre d\u2019equival\u00e8ncies als certificats d\u2019acreditaci\u00f3 de Catal\u00e0<\/h2>\n<h1 style=\"text-align: center\">Nivell B2<\/h1>\n<table style=\"width: 100%;border: none\">\n<tbody>\n<tr>\n<td style=\"text-align: center;border: none;width: 20%;background-color: #b3206e\">\n<h4><span style=\"color: #ffffff\">Estudis realitzats<\/span><\/h4>\n<\/td>\n<td style=\"text-align: center;border: none;width: 40%;background-color: #b3206e\">\n<h4><span style=\"color: #ffffff\">Cal haver estudiat a Catalunya<\/span><\/h4>\n<\/td>\n<td style=\"text-align: center;border: none;width: 40%;background-color: #b3206e\">\n<h4><span style=\"color: #ffffff\">Documents que cal presentar<\/span><\/h4>\n<\/td>\n<\/tr>\n<\/tbody>\n<tbody>\n<tr>\n<td style=\"text-align: center;border: none;background-color: #dbfeff\">EGB \/ FP1<\/td>\n<td style=\"text-align: center;border: none\">\n<p style=\"text-align: justify\">Totalitat de l\u2019EGB o l\u2019EGB + FP1 i s\u2019hagi cursat la mat\u00e8ria de llengua catalana en la totalitat dels estudis esmentats a partir del curs 1978-1979.<\/p>\n<p style=\"text-align: justify\">Totalitat de l\u2019 ESO i, com a m\u00ednim, quatre cursos de l\u2019educaci\u00f3 prim\u00e0ria a centres de l\u2019Arag\u00f3.<\/p>\n<\/td>\n<td style=\"text-align: center;border: none;background-color: #dbfeff\">\n<p style=\"padding-left: 40px;text-align: justify\">1. Original i fotoc\u00f2pia DNI<\/p>\n<p style=\"padding-left: 40px;text-align: justify\">2. Original i fotoc\u00f2pia de les p\u00e0gines de la CERTIFICACI\u00d3 D\u2019ANYS D\u2019ESCOLARITAT del llibre d\u2019escolaritat de l\u2019<strong>EGB<\/strong> o certificat acreditatiu*<\/p>\n<p style=\"padding-left: 40px;text-align: justify\">3. Original i fotoc\u00f2pia de les notes finals de tots els cursos de <strong>FP1<\/strong> o certificat acreditatiu*<\/p>\n<\/td>\n<\/tr>\n<\/tbody>\n<tbody>\n<tr>\n<td style=\"text-align: center;border: none\">ESO<\/td>\n<td style=\"text-align: center;border: none;background-color: #dbfeff\">\n<p style=\"text-align: justify\">Totalitat de l\u2019 ESO i, com a m\u00ednim, quatre cursos de l\u2019educaci\u00f3 prim\u00e0ria a centres de l\u2019Arag\u00f3.<\/p>\n<\/td>\n<td style=\"text-align: center;border: none\">\n<p style=\"text-align: justify;padding-left: 40px\">1. Original i fotoc\u00f2pia DNI.<\/p>\n<p style=\"text-align: justify;padding-left: 40px\">2. Original i fotoc\u00f2pia de les p\u00e0gines de la CERTIFICACI\u00d3 D\u2019ANYS D\u2019ESCOLARITAT del llibre d\u2019escolaritat de <strong>Prim\u00e0ria i Secund\u00e0ria<\/strong>.<\/p>\n<\/td>\n<\/tr>\n<\/tbody>\n<\/table>\n<p style=\"text-align: justify\">* certificat acreditatiu: en cas de no tenir el llibre d\u2019escolaritat, han d\u2019anar a l\u2019escola o institut on van estudiar la prim\u00e0ria\/secund\u00e0ria\/batxillerat\/FPI\/FP2\/BUP, per demanar un certificat que indiqui els anys i els cursos d\u2019escolaritat i la frase \u201cl\u2019alumne ha cursat i aprovat la mat\u00e8ria de llengua catalana\u201d.<\/p>\n<h1 style=\"text-align: center\">Nivell C1<\/h1>\n<table style=\"width: 100%;border: none\">\n<tbody>\n<tr>\n<td style=\"text-align: center;border: none;width: 20%;background-color: #b3206e\">\n<h4><span style=\"color: #ffffff\">Si tens...<\/span><\/h4>\n<\/td>\n<td style=\"text-align: center;border: none;width: 40%;background-color: #b3206e\">\n<h4><span style=\"color: #ffffff\">Cal haver estudiat a Catalunya<\/span><\/h4>\n<\/td>\n<td style=\"text-align: center;border: none;width: 40%;background-color: #b3206e\">\n<h4><span style=\"color: #ffffff\">Documents que cal presentar<\/span><\/h4>\n<\/td>\n<\/tr>\n<\/tbody>\n<tbody>\n<tr>\n<td style=\"text-align: center;border: none;background-color: #dbfeff\">\n<p style=\"text-align: center\">T\u00edtol BUP<\/p>\n<\/td>\n<td style=\"text-align: center;border: none\">\n<p style=\"text-align: justify\">Totalitat l\u2019EGB i BUP i s\u2019hagi cursat de manera oficial la mat\u00e8ria de llengua catalana en la totalitat dels estudis esmentats a partir del curs 1978-1979.<\/p>\n<\/td>\n<td style=\"border: none;background-color: #dbfeff;text-align: left\">Original i fotoc\u00f2pia de:<\/p>\n<p style=\"padding-left: 40px;text-align: justify\">1. DNI<\/p>\n<p style=\"padding-left: 40px;text-align: justify\">2. Llibre\/certificat d'<strong>EGB<\/strong><\/p>\n<p style=\"padding-left: 40px;text-align: justify\">3. Llibre\/certificat de <strong>BUP<\/strong><\/p>\n<\/td>\n<\/tr>\n<\/tbody>\n<tbody>\n<tr>\n<td style=\"text-align: center;border: none\">\n<p style=\"text-align: center\">T\u00edtol FP2<\/p>\n<\/td>\n<td style=\"text-align: center;border: none;background-color: #dbfeff\">\n<p style=\"text-align: justify\">Totalitat l\u2019EGB, FP1 i FP2 i s\u2019hagi cursat de manera oficial la mat\u00e8ria de llengua catalana en la totalitat dels estudis esmentats.<\/p>\n<\/td>\n<td style=\"border: none;text-align: left\">Original i fotc\u00f2pia de:<\/p>\n<p style=\"padding-left: 40px;text-align: justify\">1. DNI<\/p>\n<p style=\"padding-left: 40px;text-align: justify\">2. Llibre\/certificat d\u2019<strong>EGB<\/strong><\/p>\n<p style=\"padding-left: 40px;text-align: justify\">3. Certificat de <strong>FP1<\/strong> i <strong>FP2<\/strong><\/p>\n<\/td>\n<\/tr>\n<\/tbody>\n<tbody>\n<tr>\n<td style=\"text-align: center;border: none;background-color: #dbfeff\">T\u00edtol ESO<\/td>\n<td style=\"text-align: center;border: none\">\n<p style=\"text-align: justify\">3 cursos qualsevols de Prim\u00e0ria i tota l\u2019ESO s\u2019hagi cursat i aprovat la mat\u00e8ria de llengua catalana en la totalitat dels estudis m\u00ednims esmentats. Aquesta equival\u00e8ncia \u00e9s d\u2019aplicaci\u00f3 a partir del curs 2007-2008, sense car\u00e0cter retroactiu.<\/p>\n<\/td>\n<td style=\"border: none;background-color: #dbfeff;text-align: left\">Original i fotoc\u00f2pia de:<\/p>\n<p style=\"padding-left: 40px;text-align: justify\">1. DNI<\/p>\n<p style=\"padding-left: 40px;text-align: justify\">2. Llibre\/certificat de <strong>Prim\u00e0ria i Secund\u00e0ria<\/strong>.<\/p>\n<\/td>\n<\/tr>\n<\/tbody>\n<tbody>\n<tr>\n<td style=\"text-align: center;border: none\">T\u00edtol BATXILLERAT<\/td>\n<td style=\"text-align: center;border: none;background-color: #dbfeff\">\n<p style=\"text-align: justify\">3 cursos qualsevols de Prim\u00e0ria i 5 qualsevols entre ESO i BATX i s\u2019hagi cursat la mat\u00e8ria de llengua catalana en la totalitat dels estudis m\u00ednims esmentats.<\/p>\n<\/td>\n<td style=\"border: none;text-align: left\">Original i fotoc\u00f2pia de:<\/p>\n<p style=\"padding-left: 40px;text-align: justify\">1. DNI<\/p>\n<p style=\"padding-left: 40px;text-align: justify\">2. Llibre\/certificat de <strong>Prim\u00e0ria, Secund\u00e0ria<\/strong>\u00a0i\u00a0<strong>Batxillerat<\/strong>.<\/p>\n<\/td>\n<\/tr>\n<\/tbody>\n<\/table>\n<p style=\"text-align: justify\">Aquelles persones que <strong>no acompleixin els requisits anteriors<\/strong> s\u2019han d\u2019adre\u00e7ar a:<\/p>\n<p style=\"text-align: justify;padding-left: 40px\">Departament d\u2019Ensenyament<br \/>\nVia Augusta, 202-226 | Barcelona<br \/>\nTel\u00e8fon: 934 006 900<\/p>\n<p style=\"text-align: justify\">Aqu\u00ed podeu consultar la <a href=\"https:\/\/drive.google.com\/file\/d\/1kNM6fuOA3VMoCJEj157JFuBCCI_QWyQ1\/view?usp=share_link\" target=\"_blank\" rel=\"noopener\">ORDRE VCP\/491\/2009<\/a> i la web d\u2019<a href=\"https:\/\/web.gencat.cat\/ca\/tramits\/tramits-temes\/22046-reconeixement-b2-c1-catala?category=742b7874-a82c-11e3-a972-000c29052e2c\" target=\"_blank\" rel=\"noopener\">Equival\u00e8ncies i acreditaci\u00f3 de conexements de catal\u00e0<\/a>.<\/p>\n<p style=\"text-align: justify\"><strong>Termini de lliurament<\/strong> del certificat \u00e9s aproximadament 2-3 dies des de l\u2019entrega de tota la documentaci\u00f3.<\/p>\n<p style=\"text-align: justify\"><strong>Validesa<\/strong> el certificat de catal\u00e0 de la Direcci\u00f3 General de Pol\u00edtica Ling\u00fc\u00edstica s\u00f3n t\u00edtols oficials amb reconeixement internacional i validesa indefinida.<\/p>\n<p style=\"text-align: justify\"><strong>Durant els mesos de maig, juny, juliol i setembre el temps de resoluci\u00f3 de la sol\u00b7licitud pot ser m\u00e9s llarg degut al proc\u00e9s de preinscripci\u00f3 i matr\u00edcula del proper curs.<\/strong><\/p>\n\t\t\t\t\t\t <\/div>\r\n\t\t\t\t\t\t\t\t\t\t\t\t <div role=\"tabpanel\" class=\"tab-pane \" id=\"tabs_desc_19214_5\">\r\n\t\t\t\t\t\t\t\t<table style=\"border-collapse: collapse;width: 100%;background-color: #f8f8f8\">\n<tbody>\n<tr>\n<td style=\"width: 50%\">Secretaria acad\u00e8mica<\/td>\n<td style=\"width: 50%;text-align: center\">Xavier Sala <em>[Yolanda Ontivero \/ Laura L\u00f3pez]<\/em><\/td>\n<\/tr>\n<tr>\n<td style=\"width: 50%\">Consergeria<\/td>\n<td style=\"width: 50%;text-align: center\">Marta Carol i Bea Garc\u00eda<\/td>\n<\/tr>\n<\/tbody>\n<\/table>\n\t\t\t\t\t\t <\/div>\r\n\t\t\t\t\t\t\t\r\n\t\t\t\t\t <\/div>\r\n\t\t\t\t\t \r\n\t\t\t\t <\/div>\r\n <script>\r\n\t\tjQuery(function () {\r\n\t\t\tjQuery('#myTab_19214 a:first').tab('show')\r\n\t\t});\r\n\t\t\r\n\t\t\t\tjQuery(function(){\r\n\t\t\tvar b=\"fadeIn\";\r\n\t\t\tvar c;\r\n\t\t\tvar a;\r\n\t\t\td(jQuery(\"#myTab_19214 a\"),jQuery(\"#tab-content_19214\"));function d(e,f,g){\r\n\t\t\t\te.click(function(i){\r\n\t\t\t\t\ti.preventDefault();\r\n\t\t\t\t\tjQuery(this).tab(\"show\");\r\n\t\t\t\t\tvar h=jQuery(this).data(\"easein\");\r\n\t\t\t\t\tif(c){c.removeClass(a);}\r\n\t\t\t\t\tif(h){f.find(\"div.active\").addClass(\"animated \"+h);a=h;}\r\n\t\t\t\t\telse{if(g){f.find(\"div.active\").addClass(\"animated \"+g);a=g;}else{f.find(\"div.active\").addClass(\"animated \"+b);a=b;}}c=f.find(\"div.active\");\r\n\t\t\t\t});\r\n\t\t\t}\r\n\t\t});\r\n\t\t\r\n\r\n\t\tfunction do_resize(){\r\n\r\n\t\t\tvar width=jQuery( '.tab-content .tab-pane iframe' ).width();\r\n\t\t\tvar height=jQuery( '.tab-content .tab-pane iframe' ).height();\r\n\r\n\t\t\tvar toggleSize = true;\r\n\t\t\tjQuery('iframe').animate({\r\n\t\t\t    width: toggleSize ? width : 640,\r\n\t\t\t    height: toggleSize ? height : 360\r\n\t\t\t  }, 250);\r\n\r\n\t\t\t  toggleSize = !toggleSize;\r\n\t\t}\r\n\r\n\r\n\t<\/script>\r\n\t\t\t\t\r\n\t\t\t\n","protected":false},"excerpt":{"rendered":"","protected":false},"author":1,"featured_media":0,"parent":19,"menu_order":4,"comment_status":"closed","ping_status":"closed","template":"","meta":{"_bbp_topic_count":0,"_bbp_reply_count":0,"_bbp_total_topic_count":0,"_bbp_total_reply_count":0,"_bbp_voice_count":0,"_bbp_anonymous_reply_count":0,"_bbp_topic_count_hidden":0,"_bbp_reply_count_hidden":0,"_bbp_forum_subforum_count":0,"footnotes":""},"class_list":["post-81","page","type-page","status-publish","hentry"],"post_mailing_queue_ids":[],"_links":{"self":[{"href":"https:\/\/agora.xtec.cat\/institutmontserratroig\/wp-json\/wp\/v2\/pages\/81","targetHints":{"allow":["GET"]}}],"collection":[{"href":"https:\/\/agora.xtec.cat\/institutmontserratroig\/wp-json\/wp\/v2\/pages"}],"about":[{"href":"https:\/\/agora.xtec.cat\/institutmontserratroig\/wp-json\/wp\/v2\/types\/page"}],"author":[{"embeddable":true,"href":"https:\/\/agora.xtec.cat\/institutmontserratroig\/wp-json\/wp\/v2\/users\/1"}],"replies":[{"embeddable":true,"href":"https:\/\/agora.xtec.cat\/institutmontserratroig\/wp-json\/wp\/v2\/comments?post=81"}],"version-history":[{"count":3,"href":"https:\/\/agora.xtec.cat\/institutmontserratroig\/wp-json\/wp\/v2\/pages\/81\/revisions"}],"predecessor-version":[{"id":19217,"href":"https:\/\/agora.xtec.cat\/institutmontserratroig\/wp-json\/wp\/v2\/pages\/81\/revisions\/19217"}],"up":[{"embeddable":true,"href":"https:\/\/agora.xtec.cat\/institutmontserratroig\/wp-json\/wp\/v2\/pages\/19"}],"wp:attachment":[{"href":"https:\/\/agora.xtec.cat\/institutmontserratroig\/wp-json\/wp\/v2\/media?parent=81"}],"curies":[{"name":"wp","href":"https:\/\/api.w.org\/{rel}","templated":true}]}}