{"id":27,"date":"2014-09-17T16:24:03","date_gmt":"2014-09-17T16:24:03","guid":{"rendered":"http:\/\/agora.xtec.cat\/institutmontserratroig\/?page_id=27"},"modified":"2021-10-17T00:48:04","modified_gmt":"2021-10-16T22:48:04","slug":"historia","status":"publish","type":"page","link":"https:\/\/agora.xtec.cat\/institutmontserratroig\/linstitut\/historia\/","title":{"rendered":"Hist\u00f2ria"},"content":{"rendered":"\t\t\t\t\t\t<style>\r\n\t\t\t\t\r\n\t\t\t\t\t#tab_container_19220 {\r\n\toverflow:hidden;\r\n\tdisplay:block;\r\n\twidth:100%;\r\n\tborder:0px solid #ddd;\r\n\tmargin-bottom:30px;\r\n\t}\r\n\r\n#tab_container_19220 .tab-content{\r\n\tpadding:20px;\r\n\tborder: 1px solid #dfdfdf !important;\r\n\tmargin-top: 0px;\r\n\tbackground-color:#f8f8f8 !important;\r\n\tcolor: #000000 !important;\r\n\tfont-size:16px !important;\r\n\tfont-family: Verdana !important;\r\n\t\r\n\t\t\tborder: 0px solid #dfdfdf !important;\r\n\t\t\r\n\t}\r\n#tab_container_19220 .wpsm_nav-tabs {\r\n    border-bottom: 0px solid #ddd;\r\n}\r\n#tab_container_19220 .wpsm_nav-tabs > li.active > a, #tab_container_19220 .wpsm_nav-tabs > li.active > a:hover, #tab_container_19220 .wpsm_nav-tabs > li.active > a:focus {\r\n\tcolor: #ffffff !important;\r\n\tcursor: default;\r\n\tbackground-color: #b3206e !important;\r\n\tborder: 1px solid #9a0755 !important;\r\n}\r\n\r\n#tab_container_19220 .wpsm_nav-tabs > li > a {\r\n    margin-right: 0px !important; \r\n    line-height: 1.42857143 !important;\r\n    border: 1px solid #d5d5d5 !important;\r\n    border-radius: 0px 0px 0 0 !important; \r\n\tbackground-color: #e8e8e8 !important;\r\n\tcolor: #000000 !important;\r\n\tpadding: 15px 18px 15px 18px !important;\r\n\ttext-decoration: none !important;\r\n\tfont-size: 16px !important;\r\n\ttext-align:center !important;\r\n\tfont-family: Verdana !important;\r\n}\r\n#tab_container_19220 .wpsm_nav-tabs > li > a:focus {\r\noutline: 0px !important;\r\n}\r\n\r\n#tab_container_19220 .wpsm_nav-tabs > li > a:before {\r\n\tdisplay:none !important;\r\n}\r\n#tab_container_19220 .wpsm_nav-tabs > li > a:after {\r\n\tdisplay:none !important ;\r\n}\r\n#tab_container_19220 .wpsm_nav-tabs > li{\r\npadding:0px !important ;\r\nmargin:0px;\r\n}\r\n\r\n#tab_container_19220 .wpsm_nav-tabs > li > a:hover , #tab_container_19220 .wpsm_nav-tabs > li > a:focus {\r\n    color: #000000 !important;\r\n    background-color: #e8e8e8 !important;\r\n\tborder: 1px solid #d5d5d5 !important;\r\n\t\r\n}\r\n#tab_container_19220 .wpsm_nav-tabs > li > a .fa{\r\n\r\nmargin-right:5px !important;\r\n\r\nmargin-left:5px !important;\r\n\r\n\r\n}\r\n\r\n\t\t#tab_container_19220 .wpsm_nav-tabs a{\r\n\t\t\tbackground-image: url(https:\/\/agora.xtec.cat\/institutmontserratroig\/wp-content\/plugins\/tabs-responsive\/assets\/images\/style-soft.png);\r\n\t\t\tbackground-position: 0 0;\r\n\t\t\tbackground-repeat: repeat-x;\r\n\t\t}\r\n\t\t\t\r\n\r\n\r\n#tab_container_19220 .wpsm_nav-tabs > li {\r\n    float: left;\r\n    margin-bottom: -1px !important;\r\n\tmargin-right:0px !important; \r\n}\r\n\r\n\r\n#tab_container_19220 .tab-content{\r\noverflow:hidden !important;\r\n}\r\n\r\n\r\n@media (min-width: 769px) {\r\n\r\n\t#tab_container_19220 .wpsm_nav-tabs > li{\r\n\t\tfloat:left !important ;\r\n\t\t\t\tmargin-right:-1px !important;\r\n\t\t\t\t\t}\r\n\t#tab_container_19220 .wpsm_nav-tabs{\r\n\t\tfloat:none !important;\r\n\t\tmargin:0px !important;\r\n\t}\r\n\r\n\t#tab_container_19220 .wpsm_nav-tabs > li {\r\n\t\t\t\t\t\t\t\t\tmargin-right: 8px !important;\r\n\t\t\t\t\r\n\t\t\t\t\r\n\t\t\t\t\r\n\t}\r\n\t#tab_container_19220 .wpsm_nav{\r\n\t\t\t\tmargin-bottom: 8px !important;\r\n\t\t\t}\r\n\r\n}\r\n\r\n\r\n\r\n@media (max-width: 768px) {\r\n\t#tab_container_19220 .wpsm_nav-tabs > li {\r\n\t\t\t\tmargin-bottom: 8px !important;\r\n\t\tmargin-right:0px !important;\r\n\t\tmargin-left:0px !important;\r\n\t\t\t\t\r\n\t}\r\n\t#tab_container_19220 .wpsm_nav{\r\n\t\t\t\tmargin-bottom: 8px !important;\r\n\t\tmargin-right:0px !important;\r\n\t\tmargin-left:0px !important;\r\n\t\t\t}\r\n}\r\n\r\n\r\n\t.wpsm_nav-tabs li:before{\r\n\t\tdisplay:none !important;\r\n\t}\r\n\r\n\t@media (max-width: 768px) {\r\n\t\t\t\t\r\n\t\t\t\t.wpsm_nav-tabs{\r\n\t\t\tmargin-left:0px !important;\r\n\t\t\tmargin-right:0px !important; \r\n\t\t\t\r\n\t\t}\r\n\t\t\t\t#tab_container_19220 .wpsm_nav-tabs > li{\r\n\t\t\tfloat:none !important;\r\n\t\t}\r\n\t\t\t\r\n\t}\t\t\t\t<\/style>\r\n\t\t\t\t<div id=\"tab_container_19220\" >\r\n\t \r\n\t\t\t\t\t<ul class=\"wpsm_nav wpsm_nav-tabs\" role=\"tablist\" id=\"myTab_19220\">\r\n\t\t\t\t\t\t\t\r\n\t\t\t\t\t\t\t<li role=\"presentation\"  class=\"active\"  onclick=\"do_resize()\">\r\n\r\n\t\t\t\t\t\t\t\t<!-- XTEC ************ MODIFICAT - Disable scrolling on tab change. Fixes error in option \"Tabs Description Animation\" -->\r\n\t\t\t\t\t\t\t\t<!-- 2021.12.01 @aginard -->\r\n\t\t\t\t\t\t\t\t<a href=\"javascript:void(0);\" aria-controls=\"tabs_desc_19220_1\" role=\"tab\" data-toggle=\"tab\" data-target=\"#tabs_desc_19220_1\">\r\n\t\t\t\t\t\t\t\t<!-- ORIGINAL\r\n\t\t\t\t\t\t\t\t<a href=\"#tabs_desc_19220_1\" aria-controls=\"tabs_desc_19220_1\" role=\"tab\" data-toggle=\"tab\">\r\n\t\t\t\t\t\t\t\t-->\r\n\t\t\t\t\t\t\t\t<!-- ************ FI -->\r\n\t\t\t\t\t\t\t\t\t\r\n\t\t\t\t\t\t\t\t\t\t\t\t\t\t\t\t\t\t\t\t\t\t\t\t\t\t\t\t\r\n\t\t\t\t\t\t\t\t\t\t\t\t\t\t\t\t\t\t\r\n\t\t\t\t\t\t\t\t\t<span>Montserrat Roig<\/span>\r\n\t\t\t\t\t\t\t\t\t\r\n\t\t\t\t\t\t\t\t\t\t\t\t\t\t\t\t\t\t\r\n\t\t\t\t\t\t\t\t\t\t\t\t\t\t\t\t\t\t\t\t\r\n\t\t\t\t\t\t\t\t\t\r\n\t\t\t\t\t\t\t\t<\/a>\r\n\t\t\t\t\t\t\t<\/li>\r\n\t\t\t\t\t\t\t\r\n\t\t\t\t\t\t\t<li role=\"presentation\"  onclick=\"do_resize()\">\r\n\r\n\t\t\t\t\t\t\t\t<!-- XTEC ************ MODIFICAT - Disable scrolling on tab change. Fixes error in option \"Tabs Description Animation\" -->\r\n\t\t\t\t\t\t\t\t<!-- 2021.12.01 @aginard -->\r\n\t\t\t\t\t\t\t\t<a href=\"javascript:void(0);\" aria-controls=\"tabs_desc_19220_2\" role=\"tab\" data-toggle=\"tab\" data-target=\"#tabs_desc_19220_2\">\r\n\t\t\t\t\t\t\t\t<!-- ORIGINAL\r\n\t\t\t\t\t\t\t\t<a href=\"#tabs_desc_19220_2\" aria-controls=\"tabs_desc_19220_2\" role=\"tab\" data-toggle=\"tab\">\r\n\t\t\t\t\t\t\t\t-->\r\n\t\t\t\t\t\t\t\t<!-- ************ FI -->\r\n\t\t\t\t\t\t\t\t\t\r\n\t\t\t\t\t\t\t\t\t\t\t\t\t\t\t\t\t\t\t\t\t\t\t\t\t\t\t\t\r\n\t\t\t\t\t\t\t\t\t\t\t\t\t\t\t\t\t\t\r\n\t\t\t\t\t\t\t\t\t<span>Secretari Coloma<\/span>\r\n\t\t\t\t\t\t\t\t\t\r\n\t\t\t\t\t\t\t\t\t\t\t\t\t\t\t\t\t\t\r\n\t\t\t\t\t\t\t\t\t\t\t\t\t\t\t\t\t\t\t\t\r\n\t\t\t\t\t\t\t\t\t\r\n\t\t\t\t\t\t\t\t<\/a>\r\n\t\t\t\t\t\t\t<\/li>\r\n\t\t\t\t\t\t\t\r\n\t\t\t\t\t\t\t<li role=\"presentation\"  onclick=\"do_resize()\">\r\n\r\n\t\t\t\t\t\t\t\t<!-- XTEC ************ MODIFICAT - Disable scrolling on tab change. Fixes error in option \"Tabs Description Animation\" -->\r\n\t\t\t\t\t\t\t\t<!-- 2021.12.01 @aginard -->\r\n\t\t\t\t\t\t\t\t<a href=\"javascript:void(0);\" aria-controls=\"tabs_desc_19220_3\" role=\"tab\" data-toggle=\"tab\" data-target=\"#tabs_desc_19220_3\">\r\n\t\t\t\t\t\t\t\t<!-- ORIGINAL\r\n\t\t\t\t\t\t\t\t<a href=\"#tabs_desc_19220_3\" aria-controls=\"tabs_desc_19220_3\" role=\"tab\" data-toggle=\"tab\">\r\n\t\t\t\t\t\t\t\t-->\r\n\t\t\t\t\t\t\t\t<!-- ************ FI -->\r\n\t\t\t\t\t\t\t\t\t\r\n\t\t\t\t\t\t\t\t\t\t\t\t\t\t\t\t\t\t\t\t\t\t\t\t\t\t\t\t\r\n\t\t\t\t\t\t\t\t\t\t\t\t\t\t\t\t\t\t\r\n\t\t\t\t\t\t\t\t\t<span>Projecte edifici 2001<\/span>\r\n\t\t\t\t\t\t\t\t\t\r\n\t\t\t\t\t\t\t\t\t\t\t\t\t\t\t\t\t\t\r\n\t\t\t\t\t\t\t\t\t\t\t\t\t\t\t\t\t\t\t\t\r\n\t\t\t\t\t\t\t\t\t\r\n\t\t\t\t\t\t\t\t<\/a>\r\n\t\t\t\t\t\t\t<\/li>\r\n\t\t\t\t\t\t\t\r\n\t\t\t\t\t\t\t<li role=\"presentation\"  onclick=\"do_resize()\">\r\n\r\n\t\t\t\t\t\t\t\t<!-- XTEC ************ MODIFICAT - Disable scrolling on tab change. Fixes error in option \"Tabs Description Animation\" -->\r\n\t\t\t\t\t\t\t\t<!-- 2021.12.01 @aginard -->\r\n\t\t\t\t\t\t\t\t<a href=\"javascript:void(0);\" aria-controls=\"tabs_desc_19220_4\" role=\"tab\" data-toggle=\"tab\" data-target=\"#tabs_desc_19220_4\">\r\n\t\t\t\t\t\t\t\t<!-- ORIGINAL\r\n\t\t\t\t\t\t\t\t<a href=\"#tabs_desc_19220_4\" aria-controls=\"tabs_desc_19220_4\" role=\"tab\" data-toggle=\"tab\">\r\n\t\t\t\t\t\t\t\t-->\r\n\t\t\t\t\t\t\t\t<!-- ************ FI -->\r\n\t\t\t\t\t\t\t\t\t\r\n\t\t\t\t\t\t\t\t\t\t\t\t\t\t\t\t\t\t\t\t\t\t\t\t\t\t\t\t\r\n\t\t\t\t\t\t\t\t\t\t\t\t\t\t\t\t\t\t\r\n\t\t\t\t\t\t\t\t\t<span>Tots els cursos<\/span>\r\n\t\t\t\t\t\t\t\t\t\r\n\t\t\t\t\t\t\t\t\t\t\t\t\t\t\t\t\t\t\r\n\t\t\t\t\t\t\t\t\t\t\t\t\t\t\t\t\t\t\t\t\r\n\t\t\t\t\t\t\t\t\t\r\n\t\t\t\t\t\t\t\t<\/a>\r\n\t\t\t\t\t\t\t<\/li>\r\n\t\t\t\t\t\t\t\r\n\t\t\t\t\t\t\t<li role=\"presentation\"  onclick=\"do_resize()\">\r\n\r\n\t\t\t\t\t\t\t\t<!-- XTEC ************ MODIFICAT - Disable scrolling on tab change. Fixes error in option \"Tabs Description Animation\" -->\r\n\t\t\t\t\t\t\t\t<!-- 2021.12.01 @aginard -->\r\n\t\t\t\t\t\t\t\t<a href=\"javascript:void(0);\" aria-controls=\"tabs_desc_19220_5\" role=\"tab\" data-toggle=\"tab\" data-target=\"#tabs_desc_19220_5\">\r\n\t\t\t\t\t\t\t\t<!-- ORIGINAL\r\n\t\t\t\t\t\t\t\t<a href=\"#tabs_desc_19220_5\" aria-controls=\"tabs_desc_19220_5\" role=\"tab\" data-toggle=\"tab\">\r\n\t\t\t\t\t\t\t\t-->\r\n\t\t\t\t\t\t\t\t<!-- ************ FI -->\r\n\t\t\t\t\t\t\t\t\t\r\n\t\t\t\t\t\t\t\t\t\t\t\t\t\t\t\t\t\t\t\t\t\t\t\t\t\t\t\t\r\n\t\t\t\t\t\t\t\t\t\t\t\t\t\t\t\t\t\t\r\n\t\t\t\t\t\t\t\t\t<span>Festa canvi nom<\/span>\r\n\t\t\t\t\t\t\t\t\t\r\n\t\t\t\t\t\t\t\t\t\t\t\t\t\t\t\t\t\t\r\n\t\t\t\t\t\t\t\t\t\t\t\t\t\t\t\t\t\t\t\t\r\n\t\t\t\t\t\t\t\t\t\r\n\t\t\t\t\t\t\t\t<\/a>\r\n\t\t\t\t\t\t\t<\/li>\r\n\t\t\t\t\t\t\t\t\t\t\t <\/ul>\r\n\r\n\t\t\t\t\t  <!-- Tab panes -->\r\n\t\t\t\t\t  <div class=\"tab-content\" id=\"tab-content_19220\">\r\n\t\t\t\t\t\t\t\t\t\t\t\t <div role=\"tabpanel\" class=\"tab-pane  in active \" id=\"tabs_desc_19220_1\">\r\n\t\t\t\t\t\t\t\t<table style=\"width: 100%; border: none; background-color: #f8f8f8;\">\n<tbody>\n<tr>\n<td style=\"text-align: center; border: none;\"><img loading=\"lazy\" decoding=\"async\" class=\"size-full wp-image-16127 aligncenter\" src=\"https:\/\/agora.xtec.cat\/iessecretaricoloma\/wp-content\/uploads\/usu342\/2019\/09\/logo-petit-senzill-ins-monserrat-roig.png\" alt=\"\" width=\"190\" height=\"86\" \/><br \/>\n<strong>2019-...<\/strong><\/td>\n<\/tr>\n<tr>\n<td style=\"border: none; text-align: justify;\">\n<p style=\"text-align: justify;\">Dues not\u00edcies sobre el canvi de nom del centre:<\/p>\n<div class=\"column-clear\"><\/div>\n<h4 style=\"text-align: center;\"><a href=\"http:\/\/www.independent.cat\/2018\/12\/21\/lies-secretari-coloma-planteja-montserrat-roig-o-remedios-varo-per-rebatejar-el-centre\/\" target=\"_blank\" rel=\"noopener noreferrer\">L\u2019IES Secretari Coloma planteja Montserrat Roig o Remedios Varo per rebatejar el centre<\/a><\/h4>\n<p style=\"text-align: center;\">L'Independent de Gr\u00e0cia (21\/12\/2018)<\/p>\n<p style=\"text-align: justify;\">L\u2019institut Secretari Coloma segueix cremant etapes en el llarg debat sobre la conveni\u00e8ncia o no de canviar el nom del centre, sobretot un cop la pon\u00e8ncia de nomencl\u00e0tor de Barcelona ha acceptat (i tancat el per\u00edode d\u2019al\u00b7legacions) el rebateig del carrer Secretari Coloma per Pau Alsina. El debat, incipientment llan\u00e7at el 2011 quan els alumnes van proposar el nom de Pepe Rubianes i el claustre es va oposar a qualsevol canvi, ha anat madurant sobretot en l\u2019\u00faltim any i aquest dilluns ja ha estat obertament tractat en el consell escolar propi amb noves propostes amb cert consens sobre la taula: Remedios Varo i Montserrat Roig.<\/p>\n<p style=\"text-align: justify;\">No hi ha encara res decidit, i de fet el consell escolar el primer que va fer dilluns \u00e9s proposar un aprofundiment del debat almenys fins al mes de mar\u00e7 de 2019, per\u00f2 en tot cas el llan\u00e7ament d\u2019aquests noms de canvi per al Secretari Coloma parteixen d\u2019una base molt m\u00e9s \u00e0mplia que tots els moviments anteriors. Tant entre els alumnes, que en les \u00faltimes setmanes han llan\u00e7at la campanya Proposa un altre nom pel Secretari, com entre l\u2019Associaci\u00f3 de Familiars del centre, que ja al juny passat va fer un debat amb altres escoles que havien passat per un proc\u00e9s similar, i fins i tot entre els professors i la direcci\u00f3, hi ha una forta coincid\u00e8ncia a favor de Roig o de Varo.<\/p>\n<p style=\"text-align: justify;\">En aquest sentit, el nom de Montserrat Roig ha estat la incorporaci\u00f3 m\u00e9s novedosa al debat, perqu\u00e8 el cas de Remedios Varo, pintura surrealista amb carrera feta a M\u00e8xic per\u00f2 amb taller i pis a la pla\u00e7a Lesseps, ja va emergir a principi de 2017 sota el paraig\u00fces de l\u2019Ateneu Llibertari o d\u2019escriptores com Merc\u00e8 Ibarz. El nom de Montserrat Roig ja \u00e9s present en altres instituts de Catalunya, com a Terrassa i a Sant Andreu de la Barca, per\u00f2 a Barcelona encara \u00e9s in\u00e8dit.<\/p>\n<p style=\"text-align: justify;\">En el que ha coincidit el consell escolar aquest dilluns \u00e9s que cal anar pas a pas per a un canvi que, si s\u2019arriba a produir, ser\u00e0 molt significatiu per al centre i, per tant, s\u2019ha de debatre amb tota la profunditat i el temps que sigui necessari. Fonts coneixedores del debat han explicat a aquest setmanari que tant Roig com Varo, aix\u00f2 s\u00ed, suposarien una bona base de treball pedag\u00f2gic per identificar els alumnes amb el nou nom de l\u2019escola i amb models d\u2019\u00e8xit encarnats per dones, molt m\u00e9s afortunats que la biografia que es despr\u00e8n del personatge del Secretari Coloma.<\/p>\n<div class=\"column-clear\"><\/div>\n<h4 style=\"text-align: center;\"><a href=\"http:\/\/www.independent.cat\/2019\/03\/29\/lies-secretari-coloma-aprova-rebatejar-se-montserrat-roig\/\" target=\"_blank\" rel=\"noopener noreferrer\">L\u2019IES Secretari Coloma aprova rebatejar-se Montserrat Roig<\/a><\/h4>\n<p style=\"text-align: center;\">L'Independent de Gr\u00e0cia (29\/03\/2019)<\/p>\n<p style=\"text-align: justify;\">Entre Remedios Varo i Mont\u00adser\u00adrat Roig, les idees que a finals de desembre van recollir m\u00e9s consens en el consell escolar de l\u2019institut Secretari Coloma, la proposta de l\u2019escriptora ha estat la triada per davant de la proposta de la pintora. Aix\u00ed ho ha aprovat el consell escolar del centre en l\u2019\u00faltima reuni\u00f3 celebrada el passat 21 de mar\u00e7 i ho ha dif\u00f3s el dirigent d\u2019ERC-Gr\u00e0cia Miquel Colomer, a la tert\u00falia pol\u00edtica de R\u00e0dio Gr\u00e0cia aquest dimecres.<\/p>\n<\/td>\n<\/tr>\n<\/tbody>\n<\/table>\n\t\t\t\t\t\t <\/div>\r\n\t\t\t\t\t\t\t\t\t\t\t\t <div role=\"tabpanel\" class=\"tab-pane \" id=\"tabs_desc_19220_2\">\r\n\t\t\t\t\t\t\t\t<table style=\"width: 100%; border: none; background-color: #f8f8f8;\">\n<tbody>\n<tr>\n<td style=\"text-align: center; border: none;\"><img loading=\"lazy\" decoding=\"async\" class=\"size-full wp-image-16129 aligncenter\" src=\"https:\/\/agora.xtec.cat\/iessecretaricoloma\/wp-content\/uploads\/usu342\/2019\/09\/logo-petit-senzill-secretari-coloma.png\" alt=\"\" width=\"137\" height=\"75\" \/><br \/>\n<strong>2001-2019<\/strong><\/td>\n<\/tr>\n<tr>\n<td style=\"text-align: center; border: none;\">\n<p style=\"text-align: justify;\">Malgrat que el decret de creaci\u00f3 de l\u2019Institut Secretari Coloma \u00e9s de l\u2019any 1996, el proc\u00e9s ja ve de lluny. La gestaci\u00f3 del nostre centre est\u00e0 lligada als esdeveniments sociopol\u00edtics de l\u2019entorn catal\u00e0.<\/p>\n<p style=\"text-align: justify;\">Durant la Rep\u00fablica, al barri hi havia l\u2019escola Claror. Amb la dictadura, pass\u00e0 a \u00e9sser l\u2019escola Sagrada Fam\u00edlia, propietat de la Congregaci\u00f3 Mariana (orde seglar lligat a la Companyia de Jes\u00fas).<\/p>\n<p style=\"text-align: justify;\">Als anys cinquanta i seixanta es desenvolup\u00e0 a Catalunya, especialment a Barcelona, un teixit associatiu que agrup\u00e0 ve\u00efns en lluita pels seus drets. En aquesta situaci\u00f3 sociopol\u00edtica, les associacions de ve\u00efns es feien c\u00e0rrec de les mancances administratives que la dictadura no solucionava. Per aquest motiu naix la necessitat de crear escoles b\u00e0siques.<\/p>\n<p style=\"text-align: justify;\">Les associacions ve\u00efnals intentaran recuperar el model d\u2019escola que havia funcionat durant la Rep\u00fablica: escola activa i en catal\u00e0. Per\u00f2 ara aquest model es desenvolupar\u00e0 al marge del sistema p\u00fablic estatal, que era sota l\u2019\u00f2rbita del r\u00e8gim. L\u2019Associaci\u00f3 de Mestres Rosa Sensat s\u2019afegeix a aquesta acci\u00f3 ve\u00efnal i privada, at\u00e8s que tamb\u00e9 pret\u00e9n el mateix objectiu.<\/p>\n<p style=\"text-align: justify;\">A finals dels anys seixanta aquestes escoles s\u2019agrupen totes en la Uni\u00f3 de Cooperatives d\u2019Ensenyament de Catalunya, i m\u00e9s endavant, en el Col\u00b7lectiu d\u2019Escoles per l\u2019Escola P\u00fablica Catalana (CEPEPC). El context hist\u00f2ric arrossega la dictadura a permetre aquestes accions per a donar imatge de modernitat davant l\u2019Europa dels anys seixanta. S\u2019ent\u00e9n, doncs, que l\u2019escola Sagrada Fam\u00edlia, de propietat religiosa, permeti l\u2019entrada d\u2019accions ve\u00efnals que reivindiquen una educaci\u00f3 m\u00e9s oberta i plural. D\u2019aquesta manera l\u2019escola d\u00f3na continu\u00eftat a la tasca formadora de l\u2019Associaci\u00f3 de Mestres Rosa Sensat, i tamb\u00e9 a les escoles de la CEPEPC. A m\u00e9s, sense contravenir el Concili II del Vatic\u00e0.<\/p>\n<p style=\"text-align: justify;\">L\u2019adveniment de la democr\u00e0cia, amb la recuperaci\u00f3 del Govern catal\u00e0, afavoreix la introducci\u00f3 de noves maneres d\u2019educar i tamb\u00e9 l\u2019estudi en catal\u00e0. Tot all\u00f2 pel qual havien estat lluitant les associacions de fam\u00edlies i les agrupacions de professors, ara es veu pol\u00edticament correcte i acceptat. L\u2019any 1978 es crea la Cooperativa Claror Societat Limitada, que recollir\u00e0 l\u2019her\u00e8ncia de l\u2019escola Sagrada Fam\u00edlia anterior. Es negocia amb la Companyia de Jes\u00fas la cessi\u00f3 de la propietat del centre i s\u2019entra a formar part de la CEPEPC.<\/p>\n<p style=\"text-align: justify;\">Despr\u00e9s de lluites, vagues, manifestacions ve\u00efnals, tancaments\u2026, el Govern catal\u00e0 accedeix a integrar dins la xarxa educativa de Catalunya aquest col\u00b7lectiu d\u2019escoles. Possiblement les raons que hi ha al darrere rauen en el fet que aquestes escoles ja estaven creades i en funcionament, mentre que l\u2019escola p\u00fablica encara continuava amb la in\u00e8rcia del per\u00edode passat. A m\u00e9s, no hi havia tantes escoles per habitant com a la resta de l\u2019Estat, i calia posar-se al dia. \u00c9s a dir, aquesta integraci\u00f3 va \u00e9sser convenient per la CEPEPC i tamb\u00e9, sobretot, pel Govern catal\u00e0 que d\u2019un sol tra\u00e7 creava l\u2019escola catalana propera al seu ideari normalitzador.<\/p>\n<p style=\"text-align: justify;\">Creada l\u2019escola de prim\u00e0ria, en el nostre cas, quedava pendent la de secund\u00e0ria. Concedida tamb\u00e9 per\u00f2 sense ubicaci\u00f3 certa fins que cercaren solar al carrer del Secretari Coloma. Per aix\u00f2 quan es fa el decret de creaci\u00f3 del nou institut el 1996 ja es parla amb aquest nom. Es torna altra vegada a les manifestacions ve\u00efnals, les mobilitzacions de professorat, els tancaments .... de manera que durant l\u2019any 2001 el nou centre \u00e9s solemnement inaugurat per la m\u00e0xima autoritat del Govern Catal\u00e0.<\/p>\n<p style=\"text-align: justify;\">Des d\u2019aleshores ens podreu visitar al Carrer Secretari Coloma, n\u00famero 25... continuem la nostra activitat d\u2019educar i formar en democr\u00e0cia, llibertat i valors que han d\u2019exemplificar i cohesionar el barri de Gr\u00e0cia- Camp d\u2019En Grassot que \u00e9s el nostre entorn natural.<\/p>\n<\/td>\n<\/tr>\n<\/tbody>\n<\/table>\n\t\t\t\t\t\t <\/div>\r\n\t\t\t\t\t\t\t\t\t\t\t\t <div role=\"tabpanel\" class=\"tab-pane \" id=\"tabs_desc_19220_3\">\r\n\t\t\t\t\t\t\t\t<p style=\"text-align: center;\">\r\n\t<div class=\"slideshow_container slideshow_container_style-light\" style=\"height: 450px; \" data-slideshow-id=\"4034\" data-style-name=\"style-light\" data-style-version=\"2.3.1\" >\r\n\r\n\t\t\t\t\t<div class=\"slideshow_loading_icon\"><\/div>\r\n\t\t\r\n\t\t<div class=\"slideshow_content\" style=\"display: none;\">\r\n\r\n\t\t\t<div class=\"slideshow_view\">\r\n\t\t\t\t<div class=\"slideshow_slide slideshow_slide_image\">\r\n\t\t\t\t\t\t\t\t\t\t\t<img src=\"https:\/\/agora.xtec.cat\/institutmontserratroig\/wp-content\/uploads\/usu342\/2016\/09\/foto-ins-nova-construcci\u00f3-1.jpg\" alt=\"foto ins nova construcci\u00f3 1\" width=\"1024\" height=\"481\" \/>\r\n\t\t\t\t\t\t\t\t\t\t<div class=\"slideshow_description_box slideshow_transparent\">\r\n\t\t\t\t\t\t\t\t\t\t\t\t\t\t\t\t\t<\/div>\r\n\t\t\t\t<\/div>\r\n\r\n\t\t\t\t\t\t<div style=\"clear: both;\"><\/div><\/div><div class=\"slideshow_view\">\r\n\t\t\t\t<div class=\"slideshow_slide slideshow_slide_image\">\r\n\t\t\t\t\t\t\t\t\t\t\t<img src=\"https:\/\/agora.xtec.cat\/institutmontserratroig\/wp-content\/uploads\/usu342\/2016\/09\/foto-ins-nova-construcci\u00f3-6.jpg\" alt=\"foto ins nova construcci\u00f3 6\" width=\"1024\" height=\"481\" \/>\r\n\t\t\t\t\t\t\t\t\t\t<div class=\"slideshow_description_box slideshow_transparent\">\r\n\t\t\t\t\t\t\t\t\t\t\t\t\t\t\t\t\t<\/div>\r\n\t\t\t\t<\/div>\r\n\r\n\t\t\t\t\t\t<div style=\"clear: both;\"><\/div><\/div><div class=\"slideshow_view\">\r\n\t\t\t\t<div class=\"slideshow_slide slideshow_slide_image\">\r\n\t\t\t\t\t\t\t\t\t\t\t<img src=\"https:\/\/agora.xtec.cat\/institutmontserratroig\/wp-content\/uploads\/usu342\/2016\/09\/foto-ins-nova-construcci\u00f3-5.jpg\" alt=\"foto ins nova construcci\u00f3 5\" width=\"1024\" height=\"481\" \/>\r\n\t\t\t\t\t\t\t\t\t\t<div class=\"slideshow_description_box slideshow_transparent\">\r\n\t\t\t\t\t\t\t\t\t\t\t\t\t\t\t\t\t<\/div>\r\n\t\t\t\t<\/div>\r\n\r\n\t\t\t\t\t\t<div style=\"clear: both;\"><\/div><\/div><div class=\"slideshow_view\">\r\n\t\t\t\t<div class=\"slideshow_slide slideshow_slide_image\">\r\n\t\t\t\t\t\t\t\t\t\t\t<img src=\"https:\/\/agora.xtec.cat\/institutmontserratroig\/wp-content\/uploads\/usu342\/2016\/09\/foto-ins-nova-construcci\u00f3-4.jpg\" alt=\"foto ins nova construcci\u00f3 4\" width=\"1024\" height=\"481\" \/>\r\n\t\t\t\t\t\t\t\t\t\t<div class=\"slideshow_description_box slideshow_transparent\">\r\n\t\t\t\t\t\t\t\t\t\t\t\t\t\t\t\t\t<\/div>\r\n\t\t\t\t<\/div>\r\n\r\n\t\t\t\t\t\t<div style=\"clear: both;\"><\/div><\/div><div class=\"slideshow_view\">\r\n\t\t\t\t<div class=\"slideshow_slide slideshow_slide_image\">\r\n\t\t\t\t\t\t\t\t\t\t\t<img src=\"https:\/\/agora.xtec.cat\/institutmontserratroig\/wp-content\/uploads\/usu342\/2016\/09\/foto-ins-nova-construcci\u00f3-3.jpg\" alt=\"foto ins nova construcci\u00f3 3\" width=\"1024\" height=\"481\" \/>\r\n\t\t\t\t\t\t\t\t\t\t<div class=\"slideshow_description_box slideshow_transparent\">\r\n\t\t\t\t\t\t\t\t\t\t\t\t\t\t\t\t\t<\/div>\r\n\t\t\t\t<\/div>\r\n\r\n\t\t\t\t\t\t<div style=\"clear: both;\"><\/div><\/div><div class=\"slideshow_view\">\r\n\t\t\t\t<div class=\"slideshow_slide slideshow_slide_image\">\r\n\t\t\t\t\t\t\t\t\t\t\t<img src=\"https:\/\/agora.xtec.cat\/institutmontserratroig\/wp-content\/uploads\/usu342\/2016\/09\/foto-ins-nova-construcci\u00f3-2.jpg\" alt=\"foto ins nova construcci\u00f3 2\" width=\"1024\" height=\"481\" \/>\r\n\t\t\t\t\t\t\t\t\t\t<div class=\"slideshow_description_box slideshow_transparent\">\r\n\t\t\t\t\t\t\t\t\t\t\t\t\t\t\t\t\t<\/div>\r\n\t\t\t\t<\/div>\r\n\r\n\t\t\t\t\t\t<div style=\"clear: both;\"><\/div><\/div>\r\n\t\t<\/div>\r\n\r\n\t\t<div class=\"slideshow_controlPanel slideshow_transparent\" style=\"display: none;\"><ul><li class=\"slideshow_togglePlay\" data-play-text=\"Visualitza\" data-pause-text=\"Pausa\"><\/li><\/ul><\/div>\r\n\r\n\t\t<div class=\"slideshow_button slideshow_previous slideshow_transparent\" role=\"button\" data-previous-text=\"Anterior\" style=\"display: none;\"><\/div>\r\n\t\t<div class=\"slideshow_button slideshow_next slideshow_transparent\" role=\"button\" data-next-text=\"Seg\u00fcent\" style=\"display: none;\"><\/div>\r\n\r\n\t\t<div class=\"slideshow_pagination\" style=\"display: none;\" data-go-to-text=\"V\u00e9s a la diapositiva\"><div class=\"slideshow_pagination_center\"><\/div><\/div>\r\n\r\n\t\t<!-- WordPress Slideshow Version 2.3.1 -->\r\n\r\n\t\t\t<\/div>\r\n\r\n<\/p>\n\t\t\t\t\t\t <\/div>\r\n\t\t\t\t\t\t\t\t\t\t\t\t <div role=\"tabpanel\" class=\"tab-pane \" id=\"tabs_desc_19220_4\">\r\n\t\t\t\t\t\t\t\t<p><a href=\"https:\/\/agora.xtec.cat\/institutmontserratroig\/tots-els-cursos\/\"><img loading=\"lazy\" decoding=\"async\" class=\"size-full wp-image-19223 aligncenter\" src=\"https:\/\/agora.xtec.cat\/iessecretaricoloma\/wp-content\/uploads\/usu342\/2020\/10\/logo-historic-cursos-web.png\" alt=\"\" width=\"220\" height=\"220\" srcset=\"https:\/\/agora.xtec.cat\/institutmontserratroig\/wp-content\/uploads\/usu342\/2020\/10\/logo-historic-cursos-web.png 220w, https:\/\/agora.xtec.cat\/institutmontserratroig\/wp-content\/uploads\/usu342\/2020\/10\/logo-historic-cursos-web-150x150.png 150w\" sizes=\"auto, (max-width: 220px) 100vw, 220px\" \/><\/a><\/p>\n\t\t\t\t\t\t <\/div>\r\n\t\t\t\t\t\t\t\t\t\t\t\t <div role=\"tabpanel\" class=\"tab-pane \" id=\"tabs_desc_19220_5\">\r\n\t\t\t\t\t\t\t\t<p style=\"text-align: justify;\">El dilluns 23 de setembre de 2019, vig\u00edlia de la Merc\u00e8, vam celebrar la festa que servia per tancar una etapa de divuit anys d'Institut Secretari Coloma i obrir-ne una de nova, ara amb el nom d'Institut Montserrat Roig.<\/p>\n<p><a href=\"https:\/\/agora.xtec.cat\/iessecretaricoloma\/wp-content\/uploads\/usu342\/2019\/10\/foto-benvinguda-alumnat.png\"><img loading=\"lazy\" decoding=\"async\" class=\"aligncenter wp-image-16480\" src=\"https:\/\/agora.xtec.cat\/iessecretaricoloma\/wp-content\/uploads\/usu342\/2019\/10\/foto-benvinguda-alumnat-1024x436.png\" alt=\"\" width=\"800\" height=\"341\" srcset=\"https:\/\/agora.xtec.cat\/institutmontserratroig\/wp-content\/uploads\/usu342\/2019\/10\/foto-benvinguda-alumnat-1024x436.png 1024w, https:\/\/agora.xtec.cat\/institutmontserratroig\/wp-content\/uploads\/usu342\/2019\/10\/foto-benvinguda-alumnat-300x128.png 300w, https:\/\/agora.xtec.cat\/institutmontserratroig\/wp-content\/uploads\/usu342\/2019\/10\/foto-benvinguda-alumnat-768x327.png 768w, https:\/\/agora.xtec.cat\/institutmontserratroig\/wp-content\/uploads\/usu342\/2019\/10\/foto-benvinguda-alumnat.png 1200w\" sizes=\"auto, (max-width: 800px) 100vw, 800px\" \/><\/a><\/p>\n<p style=\"text-align: justify;\">El mat\u00ed va comen\u00e7ar amb la rebuda de tot l'alumnat al gimn\u00e0s del centre. All\u00ed la directora els va fer cinc c\u00e8ntims del canvi de nom i els va convidar a participar en els tallers i la festa que s'havia programat.<\/p>\n<p style=\"text-align: justify;\">A continuaci\u00f3, tothom es va distribuir segons els tallers assignats. Una mica d'explicaci\u00f3 sobre aquests tallers la trobem en la cr\u00f2nica feta per l'alumnat que feia el reportatge de la festa:<\/p>\n<blockquote>\n<p style=\"text-align: justify;\">\"Al primer taller on hem anat era el de comissi\u00f3 feminista i quan hem entrat a una de les dues classes, estaven votant si volien una comissi\u00f3 o no. A l'altra classe on tamb\u00e9 es feia el taller els alumnes ja estaven col\u00b7locats per grups i amb rotllana anaven decidint quines idees volien portar a terme per fer m\u00e9s visible el feminisme.<\/p>\n<p style=\"text-align: justify;\">Al segon taller on hem anat era el que es feia al gimn\u00e0s, les curses de fites. Aquest taller tractava d'anar per tot l'institut buscant papers amb diferents mots que formaven tres frases m\u00edtiques que va dir Montserrat Roig amb uns mapes de l'institut.<\/p>\n<p style=\"text-align: justify;\">I l'\u00faltim taller on hem anat perqu\u00e8 se'ns acabava el temps, ha sigut el Rac\u00f3 de Lectura que quan hem arribat, estaven llegint el discurs que va fer Montserrat Roig quan va rebre el seu primer premi, per\u00f2 el taller anava de llegir frases, textos i discursos feministes que va dir ella.\"<\/p>\n<\/blockquote>\n<p style=\"text-align: justify;\">O en aquesta altra cr\u00f2nica que ens han fet arribar la Connie Garc\u00eda, la Jana del R\u00edo, l'\u00c0lex Gris i el David Luri:<\/p>\n<blockquote>\n<p style=\"text-align: justify;\">Nosaltres, els reporters de l'Institut Montserrat Roig, hem descobert les activitats que fa l'institut per celebrar el seu canvi de nom. L'institut que abans es deia Secretari Coloma ara es diu Montserrat Roig, que va ser una important escriptora catalana feminista.<\/p>\n<p style=\"text-align: justify;\">Hem vist com es maquillaven els uns als altres en el taller de maquillatge, com feien punts de llibre, com dissenyaven el nou logo de l'institut i com llegien al rac\u00f3 de lectura. Tamb\u00e9 hi havia una cursa de fites al gimn\u00e0s, una projecci\u00f3 de documentals a l'aula d'inform\u00e0tica i un taller de serigrafia.<\/p>\n<\/blockquote>\n<p style=\"text-align: justify;\">De tots els tallers en podreu trobar fotografies, preses pel professorat i l'alumnat reporter, aqu\u00ed sota:<\/p>\n<table style=\"width: 100%; border: none;\">\n<tbody>\n<tr>\n<td><a href=\"https:\/\/photos.app.goo.gl\/QQ6nbvz85yKKoDS17\" target=\"_blank\" rel=\"noopener noreferrer\"><img loading=\"lazy\" decoding=\"async\" class=\"aligncenter wp-image-16454\" src=\"https:\/\/agora.xtec.cat\/iessecretaricoloma\/wp-content\/uploads\/usu342\/2019\/10\/foto-taller-cursa-fites-1024x768.jpg\" alt=\"\" width=\"200\" height=\"150\" srcset=\"https:\/\/agora.xtec.cat\/institutmontserratroig\/wp-content\/uploads\/usu342\/2019\/10\/foto-taller-cursa-fites-1024x768.jpg 1024w, https:\/\/agora.xtec.cat\/institutmontserratroig\/wp-content\/uploads\/usu342\/2019\/10\/foto-taller-cursa-fites-300x225.jpg 300w, https:\/\/agora.xtec.cat\/institutmontserratroig\/wp-content\/uploads\/usu342\/2019\/10\/foto-taller-cursa-fites-768x576.jpg 768w, https:\/\/agora.xtec.cat\/institutmontserratroig\/wp-content\/uploads\/usu342\/2019\/10\/foto-taller-cursa-fites-200x150.jpg 200w\" sizes=\"auto, (max-width: 200px) 100vw, 200px\" \/><\/a><\/td>\n<td><a href=\"https:\/\/photos.app.goo.gl\/vgKG32QU9hcA47M66\" target=\"_blank\" rel=\"noopener noreferrer\"><img loading=\"lazy\" decoding=\"async\" class=\"aligncenter wp-image-16457\" src=\"https:\/\/agora.xtec.cat\/iessecretaricoloma\/wp-content\/uploads\/usu342\/2019\/10\/foto-taller-serigrafia-1024x768.jpg\" alt=\"\" width=\"200\" height=\"150\" srcset=\"https:\/\/agora.xtec.cat\/institutmontserratroig\/wp-content\/uploads\/usu342\/2019\/10\/foto-taller-serigrafia-1024x768.jpg 1024w, https:\/\/agora.xtec.cat\/institutmontserratroig\/wp-content\/uploads\/usu342\/2019\/10\/foto-taller-serigrafia-300x225.jpg 300w, https:\/\/agora.xtec.cat\/institutmontserratroig\/wp-content\/uploads\/usu342\/2019\/10\/foto-taller-serigrafia-768x576.jpg 768w, https:\/\/agora.xtec.cat\/institutmontserratroig\/wp-content\/uploads\/usu342\/2019\/10\/foto-taller-serigrafia-200x150.jpg 200w, https:\/\/agora.xtec.cat\/institutmontserratroig\/wp-content\/uploads\/usu342\/2019\/10\/foto-taller-serigrafia.jpg 1240w\" sizes=\"auto, (max-width: 200px) 100vw, 200px\" \/><\/a><\/td>\n<td><a href=\"https:\/\/photos.app.goo.gl\/GNaaenPxZGxCw3M99\" target=\"_blank\" rel=\"noopener noreferrer\"><img loading=\"lazy\" decoding=\"async\" class=\"aligncenter wp-image-16459\" src=\"https:\/\/agora.xtec.cat\/iessecretaricoloma\/wp-content\/uploads\/usu342\/2019\/10\/foto-taller-feminista-1024x576.jpg\" alt=\"\" width=\"267\" height=\"150\" srcset=\"https:\/\/agora.xtec.cat\/institutmontserratroig\/wp-content\/uploads\/usu342\/2019\/10\/foto-taller-feminista-1024x576.jpg 1024w, https:\/\/agora.xtec.cat\/institutmontserratroig\/wp-content\/uploads\/usu342\/2019\/10\/foto-taller-feminista-300x169.jpg 300w, https:\/\/agora.xtec.cat\/institutmontserratroig\/wp-content\/uploads\/usu342\/2019\/10\/foto-taller-feminista-768x432.jpg 768w\" sizes=\"auto, (max-width: 267px) 100vw, 267px\" \/><\/a><\/td>\n<td><a href=\"https:\/\/photos.app.goo.gl\/ArD2Gt1agPNDnt4P7\" target=\"_blank\" rel=\"noopener noreferrer\"><img loading=\"lazy\" decoding=\"async\" class=\"aligncenter wp-image-16461\" src=\"https:\/\/agora.xtec.cat\/iessecretaricoloma\/wp-content\/uploads\/usu342\/2019\/10\/foto-taller-logo-1024x768.jpg\" alt=\"\" width=\"200\" height=\"150\" srcset=\"https:\/\/agora.xtec.cat\/institutmontserratroig\/wp-content\/uploads\/usu342\/2019\/10\/foto-taller-logo-1024x768.jpg 1024w, https:\/\/agora.xtec.cat\/institutmontserratroig\/wp-content\/uploads\/usu342\/2019\/10\/foto-taller-logo-300x225.jpg 300w, https:\/\/agora.xtec.cat\/institutmontserratroig\/wp-content\/uploads\/usu342\/2019\/10\/foto-taller-logo-768x576.jpg 768w, https:\/\/agora.xtec.cat\/institutmontserratroig\/wp-content\/uploads\/usu342\/2019\/10\/foto-taller-logo-200x150.jpg 200w, https:\/\/agora.xtec.cat\/institutmontserratroig\/wp-content\/uploads\/usu342\/2019\/10\/foto-taller-logo.jpg 1240w\" sizes=\"auto, (max-width: 200px) 100vw, 200px\" \/><\/a><\/td>\n<td><a href=\"https:\/\/photos.app.goo.gl\/PqQGpAiShf8w29ex6\" target=\"_blank\" rel=\"noopener noreferrer\"><img loading=\"lazy\" decoding=\"async\" class=\"aligncenter wp-image-16463\" src=\"https:\/\/agora.xtec.cat\/iessecretaricoloma\/wp-content\/uploads\/usu342\/2019\/10\/foto-taller-reporters-1024x768.jpg\" alt=\"\" width=\"200\" height=\"150\" srcset=\"https:\/\/agora.xtec.cat\/institutmontserratroig\/wp-content\/uploads\/usu342\/2019\/10\/foto-taller-reporters-1024x768.jpg 1024w, https:\/\/agora.xtec.cat\/institutmontserratroig\/wp-content\/uploads\/usu342\/2019\/10\/foto-taller-reporters-300x225.jpg 300w, https:\/\/agora.xtec.cat\/institutmontserratroig\/wp-content\/uploads\/usu342\/2019\/10\/foto-taller-reporters-768x576.jpg 768w, https:\/\/agora.xtec.cat\/institutmontserratroig\/wp-content\/uploads\/usu342\/2019\/10\/foto-taller-reporters-200x150.jpg 200w, https:\/\/agora.xtec.cat\/institutmontserratroig\/wp-content\/uploads\/usu342\/2019\/10\/foto-taller-reporters.jpg 1240w\" sizes=\"auto, (max-width: 200px) 100vw, 200px\" \/><\/a><\/td>\n<\/tr>\n<tr>\n<td style=\"text-align: center;\">Taller de cursa de fites<\/td>\n<td style=\"text-align: center;\">Taller de serigrafia<\/td>\n<td style=\"text-align: center;\">Taller feminista<\/td>\n<td style=\"text-align: center;\">Taller de logo<\/td>\n<td style=\"text-align: center;\">Taller de reporters<\/td>\n<\/tr>\n<tr>\n<td><a href=\"https:\/\/photos.app.goo.gl\/5A22rogxSp7b5kRr8\" target=\"_blank\" rel=\"noopener noreferrer\"><img loading=\"lazy\" decoding=\"async\" class=\"aligncenter wp-image-16467\" src=\"https:\/\/agora.xtec.cat\/iessecretaricoloma\/wp-content\/uploads\/usu342\/2019\/10\/foto-taller-maquillatge-1024x768.jpg\" alt=\"\" width=\"200\" height=\"150\" srcset=\"https:\/\/agora.xtec.cat\/institutmontserratroig\/wp-content\/uploads\/usu342\/2019\/10\/foto-taller-maquillatge-1024x768.jpg 1024w, https:\/\/agora.xtec.cat\/institutmontserratroig\/wp-content\/uploads\/usu342\/2019\/10\/foto-taller-maquillatge-300x225.jpg 300w, https:\/\/agora.xtec.cat\/institutmontserratroig\/wp-content\/uploads\/usu342\/2019\/10\/foto-taller-maquillatge-768x576.jpg 768w, https:\/\/agora.xtec.cat\/institutmontserratroig\/wp-content\/uploads\/usu342\/2019\/10\/foto-taller-maquillatge-200x150.jpg 200w\" sizes=\"auto, (max-width: 200px) 100vw, 200px\" \/><\/a><\/td>\n<td><a href=\"https:\/\/photos.app.goo.gl\/V6vZZkKaG3eqVRuX7\" target=\"_blank\" rel=\"noopener noreferrer\"><img loading=\"lazy\" decoding=\"async\" class=\"aligncenter wp-image-16468\" src=\"https:\/\/agora.xtec.cat\/iessecretaricoloma\/wp-content\/uploads\/usu342\/2019\/10\/foto-taller-punt-llibre.jpg\" alt=\"\" width=\"200\" height=\"150\" srcset=\"https:\/\/agora.xtec.cat\/institutmontserratroig\/wp-content\/uploads\/usu342\/2019\/10\/foto-taller-punt-llibre.jpg 800w, https:\/\/agora.xtec.cat\/institutmontserratroig\/wp-content\/uploads\/usu342\/2019\/10\/foto-taller-punt-llibre-300x225.jpg 300w, https:\/\/agora.xtec.cat\/institutmontserratroig\/wp-content\/uploads\/usu342\/2019\/10\/foto-taller-punt-llibre-768x576.jpg 768w, https:\/\/agora.xtec.cat\/institutmontserratroig\/wp-content\/uploads\/usu342\/2019\/10\/foto-taller-punt-llibre-200x150.jpg 200w\" sizes=\"auto, (max-width: 200px) 100vw, 200px\" \/><\/a><\/td>\n<td><a href=\"https:\/\/photos.app.goo.gl\/8kjigv4vgiYBKiRM8\" target=\"_blank\" rel=\"noopener noreferrer\"><img loading=\"lazy\" decoding=\"async\" class=\"aligncenter wp-image-16470\" src=\"https:\/\/agora.xtec.cat\/iessecretaricoloma\/wp-content\/uploads\/usu342\/2019\/10\/foto-taller-lectura.jpg\" alt=\"\" width=\"200\" height=\"150\" srcset=\"https:\/\/agora.xtec.cat\/institutmontserratroig\/wp-content\/uploads\/usu342\/2019\/10\/foto-taller-lectura.jpg 800w, https:\/\/agora.xtec.cat\/institutmontserratroig\/wp-content\/uploads\/usu342\/2019\/10\/foto-taller-lectura-300x225.jpg 300w, https:\/\/agora.xtec.cat\/institutmontserratroig\/wp-content\/uploads\/usu342\/2019\/10\/foto-taller-lectura-768x576.jpg 768w, https:\/\/agora.xtec.cat\/institutmontserratroig\/wp-content\/uploads\/usu342\/2019\/10\/foto-taller-lectura-200x150.jpg 200w\" sizes=\"auto, (max-width: 200px) 100vw, 200px\" \/><\/a><\/td>\n<td><a href=\"https:\/\/agora.xtec.cat\/iessecretaricoloma\/wp-content\/uploads\/usu342\/2019\/10\/foto-taller-docs.jpg\"><img loading=\"lazy\" decoding=\"async\" class=\"aligncenter wp-image-16472\" src=\"https:\/\/agora.xtec.cat\/iessecretaricoloma\/wp-content\/uploads\/usu342\/2019\/10\/foto-taller-docs-1024x768.jpg\" alt=\"\" width=\"200\" height=\"150\" srcset=\"https:\/\/agora.xtec.cat\/institutmontserratroig\/wp-content\/uploads\/usu342\/2019\/10\/foto-taller-docs-1024x768.jpg 1024w, https:\/\/agora.xtec.cat\/institutmontserratroig\/wp-content\/uploads\/usu342\/2019\/10\/foto-taller-docs-300x225.jpg 300w, https:\/\/agora.xtec.cat\/institutmontserratroig\/wp-content\/uploads\/usu342\/2019\/10\/foto-taller-docs-768x576.jpg 768w, https:\/\/agora.xtec.cat\/institutmontserratroig\/wp-content\/uploads\/usu342\/2019\/10\/foto-taller-docs-200x150.jpg 200w\" sizes=\"auto, (max-width: 200px) 100vw, 200px\" \/><\/a><\/td>\n<td><a href=\"https:\/\/photos.app.goo.gl\/Wy2SQ1MWPLSgGnoA9\" target=\"_blank\" rel=\"noopener noreferrer\"><img loading=\"lazy\" decoding=\"async\" class=\"aligncenter wp-image-16474\" src=\"https:\/\/agora.xtec.cat\/iessecretaricoloma\/wp-content\/uploads\/usu342\/2019\/10\/foto-xaranga.jpg\" alt=\"\" width=\"200\" height=\"150\" srcset=\"https:\/\/agora.xtec.cat\/institutmontserratroig\/wp-content\/uploads\/usu342\/2019\/10\/foto-xaranga.jpg 800w, https:\/\/agora.xtec.cat\/institutmontserratroig\/wp-content\/uploads\/usu342\/2019\/10\/foto-xaranga-300x225.jpg 300w, https:\/\/agora.xtec.cat\/institutmontserratroig\/wp-content\/uploads\/usu342\/2019\/10\/foto-xaranga-768x576.jpg 768w, https:\/\/agora.xtec.cat\/institutmontserratroig\/wp-content\/uploads\/usu342\/2019\/10\/foto-xaranga-200x150.jpg 200w\" sizes=\"auto, (max-width: 200px) 100vw, 200px\" \/><\/a><\/td>\n<\/tr>\n<tr>\n<td style=\"text-align: center;\">Taller de maquillatge<\/td>\n<td style=\"text-align: center;\">Taller de punts de llibre<\/td>\n<td style=\"text-align: center;\">Taller de lectura<\/td>\n<td style=\"text-align: center;\">Taller de documentals<\/td>\n<td style=\"text-align: center;\">El grup Xaranga<\/td>\n<\/tr>\n<\/tbody>\n<\/table>\n<h5 style=\"text-align: center;\"><a href=\"https:\/\/photos.app.goo.gl\/smAoYfmvrAXrbf3Y7\" target=\"_blank\" rel=\"noopener noreferrer\">\u00c0lbum de fotos del dia<\/a><\/h5>\n<p><a href=\"https:\/\/agora.xtec.cat\/iessecretaricoloma\/wp-content\/uploads\/usu342\/2019\/10\/foto-grup-xaranga.jpg\"><img loading=\"lazy\" decoding=\"async\" class=\"aligncenter wp-image-16484\" src=\"https:\/\/agora.xtec.cat\/iessecretaricoloma\/wp-content\/uploads\/usu342\/2019\/10\/foto-grup-xaranga-1024x768.jpg\" alt=\"\" width=\"800\" height=\"600\" srcset=\"https:\/\/agora.xtec.cat\/institutmontserratroig\/wp-content\/uploads\/usu342\/2019\/10\/foto-grup-xaranga-1024x768.jpg 1024w, https:\/\/agora.xtec.cat\/institutmontserratroig\/wp-content\/uploads\/usu342\/2019\/10\/foto-grup-xaranga-300x225.jpg 300w, https:\/\/agora.xtec.cat\/institutmontserratroig\/wp-content\/uploads\/usu342\/2019\/10\/foto-grup-xaranga-768x576.jpg 768w, https:\/\/agora.xtec.cat\/institutmontserratroig\/wp-content\/uploads\/usu342\/2019\/10\/foto-grup-xaranga-200x150.jpg 200w, https:\/\/agora.xtec.cat\/institutmontserratroig\/wp-content\/uploads\/usu342\/2019\/10\/foto-grup-xaranga.jpg 1240w\" sizes=\"auto, (max-width: 800px) 100vw, 800px\" \/><\/a><\/p>\n<p style=\"text-align: justify;\">La segona part de la festa, un cop vam recuperar energies despr\u00e9s d'esmorzar, va consistir en una mena de cercavila condu\u00efda pel grup Xaranga entre el gimn\u00e0s i el pati de l'institut. Aqu\u00ed es va demostrar que tots ten\u00edem moltes ganes de saltar i ballar, i de celebrar amb alegria el canvi de nom del centre.<\/p>\n<table style=\"width: 100%; border: none; background-color: #f8f8f8;\">\n<tbody>\n<tr>\n<td style=\"text-align: center; border: none;\"><iframe loading=\"lazy\" src=\"https:\/\/www.youtube.com\/embed\/KxTryoOW0BU\" width=\"800\" height=\"450\" frameborder=\"0\"><span data-mce-type=\"bookmark\" style=\"display: inline-block; width: 0px; overflow: hidden; line-height: 0;\" class=\"mce_SELRES_start\">\ufeff<\/span><\/iframe><\/td>\n<\/tr>\n<\/tbody>\n<\/table>\n<h3 style=\"text-align: center;\">Per molts anys INS Montserrat Roig!<\/h3>\n\t\t\t\t\t\t <\/div>\r\n\t\t\t\t\t\t\t\r\n\t\t\t\t\t <\/div>\r\n\t\t\t\t\t \r\n\t\t\t\t <\/div>\r\n <script>\r\n\t\tjQuery(function () {\r\n\t\t\tjQuery('#myTab_19220 a:first').tab('show')\r\n\t\t});\r\n\t\t\r\n\t\t\t\tjQuery(function(){\r\n\t\t\tvar b=\"fadeIn\";\r\n\t\t\tvar c;\r\n\t\t\tvar a;\r\n\t\t\td(jQuery(\"#myTab_19220 a\"),jQuery(\"#tab-content_19220\"));function d(e,f,g){\r\n\t\t\t\te.click(function(i){\r\n\t\t\t\t\ti.preventDefault();\r\n\t\t\t\t\tjQuery(this).tab(\"show\");\r\n\t\t\t\t\tvar h=jQuery(this).data(\"easein\");\r\n\t\t\t\t\tif(c){c.removeClass(a);}\r\n\t\t\t\t\tif(h){f.find(\"div.active\").addClass(\"animated \"+h);a=h;}\r\n\t\t\t\t\telse{if(g){f.find(\"div.active\").addClass(\"animated \"+g);a=g;}else{f.find(\"div.active\").addClass(\"animated \"+b);a=b;}}c=f.find(\"div.active\");\r\n\t\t\t\t});\r\n\t\t\t}\r\n\t\t});\r\n\t\t\r\n\r\n\t\tfunction do_resize(){\r\n\r\n\t\t\tvar width=jQuery( '.tab-content .tab-pane iframe' ).width();\r\n\t\t\tvar height=jQuery( '.tab-content .tab-pane iframe' ).height();\r\n\r\n\t\t\tvar toggleSize = true;\r\n\t\t\tjQuery('iframe').animate({\r\n\t\t\t    width: toggleSize ? width : 640,\r\n\t\t\t    height: toggleSize ? height : 360\r\n\t\t\t  }, 250);\r\n\r\n\t\t\t  toggleSize = !toggleSize;\r\n\t\t}\r\n\r\n\r\n\t<\/script>\r\n\t\t\t\t\r\n\t\t\t\n","protected":false},"excerpt":{"rendered":"","protected":false},"author":1,"featured_media":0,"parent":19,"menu_order":20,"comment_status":"closed","ping_status":"closed","template":"","meta":{"_bbp_topic_count":0,"_bbp_reply_count":0,"_bbp_total_topic_count":0,"_bbp_total_reply_count":0,"_bbp_voice_count":0,"_bbp_anonymous_reply_count":0,"_bbp_topic_count_hidden":0,"_bbp_reply_count_hidden":0,"_bbp_forum_subforum_count":0,"footnotes":""},"class_list":["post-27","page","type-page","status-publish","hentry"],"post_mailing_queue_ids":[],"_links":{"self":[{"href":"https:\/\/agora.xtec.cat\/institutmontserratroig\/wp-json\/wp\/v2\/pages\/27","targetHints":{"allow":["GET"]}}],"collection":[{"href":"https:\/\/agora.xtec.cat\/institutmontserratroig\/wp-json\/wp\/v2\/pages"}],"about":[{"href":"https:\/\/agora.xtec.cat\/institutmontserratroig\/wp-json\/wp\/v2\/types\/page"}],"author":[{"embeddable":true,"href":"https:\/\/agora.xtec.cat\/institutmontserratroig\/wp-json\/wp\/v2\/users\/1"}],"replies":[{"embeddable":true,"href":"https:\/\/agora.xtec.cat\/institutmontserratroig\/wp-json\/wp\/v2\/comments?post=27"}],"version-history":[{"count":3,"href":"https:\/\/agora.xtec.cat\/institutmontserratroig\/wp-json\/wp\/v2\/pages\/27\/revisions"}],"predecessor-version":[{"id":19222,"href":"https:\/\/agora.xtec.cat\/institutmontserratroig\/wp-json\/wp\/v2\/pages\/27\/revisions\/19222"}],"up":[{"embeddable":true,"href":"https:\/\/agora.xtec.cat\/institutmontserratroig\/wp-json\/wp\/v2\/pages\/19"}],"wp:attachment":[{"href":"https:\/\/agora.xtec.cat\/institutmontserratroig\/wp-json\/wp\/v2\/media?parent=27"}],"curies":[{"name":"wp","href":"https:\/\/api.w.org\/{rel}","templated":true}]}}