{"id":24446,"date":"2022-09-02T17:57:52","date_gmt":"2022-09-02T15:57:52","guid":{"rendered":"https:\/\/agora.xtec.cat\/institutmontserratroig\/?page_id=24446"},"modified":"2024-09-14T13:18:49","modified_gmt":"2024-09-14T11:18:49","slug":"convalidacions-de-materies","status":"publish","type":"page","link":"https:\/\/agora.xtec.cat\/institutmontserratroig\/eso\/convalidacions-de-materies\/","title":{"rendered":"Simultane\u00eftat amb estudis de m\u00fasica"},"content":{"rendered":"<h3 style=\"text-align: left;\"><span style=\"color: #993366;\">1. Simultane\u00eftat d&#8217;estudis d&#8217;ESO amb estudis de m\u00fasica<\/span><\/h3>\n<p style=\"text-align: justify;\">L&#8217;alumnat que cursa l&#8217;ESO i, simult\u00e0niament, estudis de m\u00fasica en conservatoris, centres professionals o escoles de m\u00fasica autoritzades, poden sol\u00b7licitar la convalidaci\u00f3 o el reconeixement de mat\u00e8ries d&#8217;ESO.<\/p>\n<p>La llista dels centres autoritzats (conservatoris de m\u00fasica, centres professionals de m\u00fasica i escoles de m\u00fasica autoritzades) es pot consultar al <a href=\"http:\/\/mapaescolar.gencat.cat\/\" target=\"_blank\" rel=\"noopener\">Mapa escolar del web del Departament d&#8217;Educaci\u00f3<\/a><\/p>\n<h5><span style=\"color: #808080;\">1.1 Alumnes d&#8217;ESO que cursen estudis de m\u00fasica en un conservatori o en un centre professional <\/span><\/h5>\n<p><strong>Mat\u00e8ries convalidables:<\/strong> Es poden convalidar les mat\u00e8ries seg\u00fcents: M\u00fasica (la mat\u00e8ria comuna de primer a tercer curs d&#8217;ESO). Les mat\u00e8ries optatives de primer a tercer curs d&#8217;ESO (2 hores setmanals per curs). Una mat\u00e8ria optativa de quart curs d&#8217;ESO (fins a un m\u00e0xim de 4 hores setmanals). No s\u00f3n convalidables les mat\u00e8ries de Religi\u00f3 ni el Treball de S\u00edntesi (de primer a tercer) ni Educaci\u00f3 en Valors C\u00edvics i \u00c8tics ni el Projecte de Recerca de quart curs.<\/p>\n<p><strong>Avaluaci\u00f3: <\/strong>Les mat\u00e8ries que s&#8217;hagin convalidat no tenen qualificaci\u00f3 ni computen a l&#8217;efecte de c\u00e0lcul de la nota mitjana.<\/p>\n<p style=\"text-align: justify;\"><b>Documentaci\u00f3 que cal presentar<\/b><\/p>\n<ul>\n<li>Sol\u00b7licitud de reducci\u00f3 de mat\u00e8ries de l&#8217;educaci\u00f3 secund\u00e0ria obligat\u00f2ria (ESO) per als alumnes que cursen estudis de m\u00fasica en un conservatori o en un centre professional o en una escola de m\u00fasica autoritzada\u201d (model EMU1).<\/li>\n<li>Certificat expedit pel conservatori o pel centre professional de m\u00fasica en qu\u00e8 s&#8217;acredita el curs que fa l&#8217;alumne\/a\u201d (model CMU1).<\/li>\n<\/ul>\n<p style=\"text-align: justify;\"><strong>Procediment: <\/strong>Enviar la sol\u00b7licitud signada juntament amb el certificat corresponent a l\u2019adre\u00e7a de correu <a href=\"mailto:a8047421@xtec.cat\" target=\"_blank\" rel=\"noopener\">a8047421@xtec.cat<\/a> indicant al cos del missatge \u201cSol\u00b7licitud de convalidaci\u00f3 ESO\u201d durant els dos primers mesos del curs acad\u00e8mic.<\/p>\n<h5><span style=\"color: #808080;\">1.2 Alumnes d&#8217;ESO que cursen estudis de m\u00fasica en una escola de m\u00fasica autoritzada<\/span><\/h5>\n<p><strong>Mat\u00e8ries convalidables:<\/strong> Les mat\u00e8ries d&#8217;ESO es poden recon\u00e8ixer d&#8217;acord amb dues situacions diferents, segons les c\u00e0rregues hor\u00e0ries:<\/p>\n<ul>\n<li><em>Situaci\u00f3 1.<\/em> <em>Alumnes amb una dedicaci\u00f3 hor\u00e0ria a l&#8217;escola de m\u00fasica d&#8217;entre 3 i 4 hores setmanals. Se&#8217;ls poden recon\u00e8ixer les mat\u00e8ries seg\u00fcents: Les mat\u00e8ries optatives de primer a tercer curs d&#8217;ESO. Una mat\u00e8ria optativa de quart curs d&#8217;ESO (fins a un m\u00e0xim de 2 hores setmanals). No s\u00f3n convalidables les mat\u00e8ries de Religi\u00f3 ni el Treball de S\u00edntesi (de primer a tercer) ni Educaci\u00f3 en Valors C\u00edvics i \u00c8tics ni el Projecte de Recerca de quart curs. <\/em><\/li>\n<li><em>Situaci\u00f3 2. Alumnes amb una dedicaci\u00f3 hor\u00e0ria a l&#8217;escola de m\u00fasica de 4 hores setmanals o m\u00e9s. Se&#8217;ls poden recon\u00e8ixer les mat\u00e8ries seg\u00fcents: M\u00fasica (la mat\u00e8ria comuna de primer a tercer curs d&#8217;ESO). Les mat\u00e8ries optatives de primer a tercer curs d&#8217;ESO. Una mat\u00e8ria optativa de quart curs d&#8217;ESO (fins a un m\u00e0xim de 4 hores setmanals). No s\u00f3n convalidables les mat\u00e8ries de Religi\u00f3 ni el Treball de S\u00edntesi (de primer a tercer) ni Educaci\u00f3 en Valors C\u00edvics i \u00c8tics ni el Projecte de Recerca de quart curs<\/em><\/li>\n<\/ul>\n<p><strong>Avaluaci\u00f3: <\/strong>Les mat\u00e8ries que s&#8217;hagin convalidat no tenen qualificaci\u00f3 ni computen a l&#8217;efecte de c\u00e0lcul de la nota mitjana.<\/p>\n<p style=\"text-align: justify;\"><b>Documentaci\u00f3 que cal presentar<\/b><\/p>\n<ul>\n<li>Sol\u00b7licitud de reducci\u00f3 de mat\u00e8ries de l&#8217;educaci\u00f3 secund\u00e0ria obligat\u00f2ria (ESO) per als alumnes que cursen estudis de m\u00fasica en un conservatori o en un centre professional o en una escola de m\u00fasica autoritzada\u201d (model EMU1).<\/li>\n<li>Certificat expedit per l&#8217;escola de m\u00fasica autoritzada en qu\u00e8 s&#8217;acredita el que fa l&#8217;alumne\/a per al reconeixement dels estudis en l&#8217;ESO\u201d (model CMU2).<\/li>\n<\/ul>\n<p><strong style=\"font-family: inherit; font-size: 1em; text-align: justify;\">Procediment: <\/strong>Enviar la sol\u00b7licitud signada juntament amb el certificat corresponent a l\u2019adre\u00e7a de correu <a href=\"mailto:a8047421@xtec.cat\" target=\"_blank\" rel=\"noopener\">a8047421@xtec.cat<\/a> indicant al cos del missatge \u201cSol\u00b7licitud de convalidaci\u00f3 ESO\u201d durant els dos primers mesos del curs acad\u00e8mic.<\/p>\n","protected":false},"excerpt":{"rendered":"<p>1. Simultane\u00eftat d&#8217;estudis d&#8217;ESO amb estudis de m\u00fasica<br \/>\nL&#8217;alumnat que cursa l&#8217;ESO i, simult\u00e0niament, estudis de m\u00fasica en conservatoris, centres professionals o escoles de m\u00fasica autoritzades, poden sol\u00b7licitar la convalidaci\u00f3 o el reconeixement de mat\u00e8ries d&#8217;ESO.<br \/>\nLa llista dels centres autoritzats (conservatoris de m\u00fasica, centres professionals de&hellip;  <a href=\"https:\/\/agora.xtec.cat\/institutmontserratroig\/eso\/convalidacions-de-materies\/\" title=\"Read Simultane\u00eftat amb estudis de m\u00fasica\">Llegeix m\u00e9s\u00bb<\/a><\/p>\n","protected":false},"author":1,"featured_media":0,"parent":317,"menu_order":0,"comment_status":"closed","ping_status":"closed","template":"","meta":{"_bbp_topic_count":0,"_bbp_reply_count":0,"_bbp_total_topic_count":0,"_bbp_total_reply_count":0,"_bbp_voice_count":0,"_bbp_anonymous_reply_count":0,"_bbp_topic_count_hidden":0,"_bbp_reply_count_hidden":0,"_bbp_forum_subforum_count":0,"footnotes":""},"class_list":["post-24446","page","type-page","status-publish","hentry"],"post_mailing_queue_ids":[],"_links":{"self":[{"href":"https:\/\/agora.xtec.cat\/institutmontserratroig\/wp-json\/wp\/v2\/pages\/24446","targetHints":{"allow":["GET"]}}],"collection":[{"href":"https:\/\/agora.xtec.cat\/institutmontserratroig\/wp-json\/wp\/v2\/pages"}],"about":[{"href":"https:\/\/agora.xtec.cat\/institutmontserratroig\/wp-json\/wp\/v2\/types\/page"}],"author":[{"embeddable":true,"href":"https:\/\/agora.xtec.cat\/institutmontserratroig\/wp-json\/wp\/v2\/users\/1"}],"replies":[{"embeddable":true,"href":"https:\/\/agora.xtec.cat\/institutmontserratroig\/wp-json\/wp\/v2\/comments?post=24446"}],"version-history":[{"count":6,"href":"https:\/\/agora.xtec.cat\/institutmontserratroig\/wp-json\/wp\/v2\/pages\/24446\/revisions"}],"predecessor-version":[{"id":30495,"href":"https:\/\/agora.xtec.cat\/institutmontserratroig\/wp-json\/wp\/v2\/pages\/24446\/revisions\/30495"}],"up":[{"embeddable":true,"href":"https:\/\/agora.xtec.cat\/institutmontserratroig\/wp-json\/wp\/v2\/pages\/317"}],"wp:attachment":[{"href":"https:\/\/agora.xtec.cat\/institutmontserratroig\/wp-json\/wp\/v2\/media?parent=24446"}],"curies":[{"name":"wp","href":"https:\/\/api.w.org\/{rel}","templated":true}]}}