{"id":591,"date":"2018-10-31T13:24:44","date_gmt":"2018-10-31T12:24:44","guid":{"rendered":"http:\/\/agora.xtec.cat\/instarragona\/?page_id=591"},"modified":"2025-02-12T12:17:32","modified_gmt":"2025-02-12T11:17:32","slug":"biblioteca","status":"publish","type":"page","link":"https:\/\/agora.xtec.cat\/instarragona\/biblioteca\/","title":{"rendered":"BIBLIOTECA"},"content":{"rendered":"<p>Al nostre centre la Biblioteca \u00e9s un espai ben viu i s&#8217;hi fan tot tipus d&#8217;activitats. Sovint, l&#8217;espai s&#8217;utilitza per dinamitzar la lectura al centre, per\u00f2 tamb\u00e9 per estudiar, buscar informaci\u00f3, fer treballs, i realitzar determinades classes. A la seva <strong><a href=\"https:\/\/biblioinstgn.wixsite.com\/inici\">web<\/a> <\/strong>hi trobar\u00e0s tota mena de recursos i recomanacions, aix\u00ed com el rac\u00f3 per a les fam\u00edlies i per l&#8217;alumnat.<\/p>\n<p style=\"text-align: center;\"><a href=\"https:\/\/biblioinstgn.wixsite.com\/inici\"><img loading=\"lazy\" decoding=\"async\" class=\"aligncenter wp-image-5862\" src=\"https:\/\/agora.xtec.cat\/instarragona\/wp-content\/uploads\/usu484\/2025\/02\/Captura-1.png\" alt=\"\" width=\"1149\" height=\"531\" srcset=\"https:\/\/agora.xtec.cat\/instarragona\/wp-content\/uploads\/usu484\/2025\/02\/Captura-1.png 1378w, https:\/\/agora.xtec.cat\/instarragona\/wp-content\/uploads\/usu484\/2025\/02\/Captura-1-300x139.png 300w, https:\/\/agora.xtec.cat\/instarragona\/wp-content\/uploads\/usu484\/2025\/02\/Captura-1-1024x473.png 1024w, https:\/\/agora.xtec.cat\/instarragona\/wp-content\/uploads\/usu484\/2025\/02\/Captura-1-768x355.png 768w\" sizes=\"auto, (max-width: 1149px) 100vw, 1149px\" \/><\/a><\/p>\n<h4 style=\"text-align: center;\"><strong>Com funciona la nostra biblioteca?<\/strong><\/h4>\n<p style=\"text-align: center;\"><iframe loading=\"lazy\" src=\"https:\/\/www.youtube.com\/embed\/rGZyes_IS68\" width=\"560\" height=\"315\" frameborder=\"0\"><\/iframe><\/p>\n<h4 style=\"text-align: center;\"><strong>Podeu consultar el cat\u00e0leg bibliogr\u00e0fic de la nostra biblioteca en l\u00ednia:\u00a0\u00a0\u00a0\u00a0<\/strong><a href=\"https:\/\/aplicacions.gestioeducativa.gencat.cat\/epergam\/web\/biblioteca.jsp?codi=43011479\"><br \/>\n<\/a><\/h4>\n<p style=\"text-align: center;\"><a href=\"https:\/\/aplicacions.gestioeducativa.gencat.cat\/epergam\/web\/biblioteca.jsp?codi=43011479\" target=\"_blank\" rel=\"noopener\"><img loading=\"lazy\" decoding=\"async\" class=\"aligncenter size-full wp-image-5864\" src=\"https:\/\/agora.xtec.cat\/instarragona\/wp-content\/uploads\/usu484\/2025\/02\/epergam.png\" alt=\"\" width=\"389\" height=\"129\" srcset=\"https:\/\/agora.xtec.cat\/instarragona\/wp-content\/uploads\/usu484\/2025\/02\/epergam.png 389w, https:\/\/agora.xtec.cat\/instarragona\/wp-content\/uploads\/usu484\/2025\/02\/epergam-300x99.png 300w\" sizes=\"auto, (max-width: 389px) 100vw, 389px\" \/><\/a><\/p>\n<table style=\"width: 100%; border-collapse: collapse; border-style: none; border-color: #fafafa; background-color: #f7f5f5;\" border=\"1\">\n<tbody>\n<tr style=\"border-color: #fcfcfc;\">\n<td style=\"width: 50%; border-color: #fafafa;\"><a href=\"https:\/\/agora.xtec.cat\/instarragona\/wp-content\/uploads\/usu484\/2018\/10\/Captura.jpg\"><img loading=\"lazy\" decoding=\"async\" class=\"aligncenter wp-image-599\" src=\"https:\/\/agora.xtec.cat\/instarragona\/wp-content\/uploads\/usu484\/2018\/10\/Captura-300x222.jpg\" alt=\"\" width=\"319\" height=\"236\" srcset=\"https:\/\/agora.xtec.cat\/instarragona\/wp-content\/uploads\/usu484\/2018\/10\/Captura-300x222.jpg 300w, https:\/\/agora.xtec.cat\/instarragona\/wp-content\/uploads\/usu484\/2018\/10\/Captura.jpg 541w\" sizes=\"auto, (max-width: 319px) 100vw, 319px\" \/><\/a><\/td>\n<td style=\"width: 50%; border-color: #fafafa;\"><a href=\"https:\/\/agora.xtec.cat\/instarragona\/wp-content\/uploads\/usu484\/2018\/10\/Captura2.jpg\"><img loading=\"lazy\" decoding=\"async\" class=\"aligncenter wp-image-600\" src=\"https:\/\/agora.xtec.cat\/instarragona\/wp-content\/uploads\/usu484\/2018\/10\/Captura2-300x226.jpg\" alt=\"\" width=\"308\" height=\"232\" srcset=\"https:\/\/agora.xtec.cat\/instarragona\/wp-content\/uploads\/usu484\/2018\/10\/Captura2-300x226.jpg 300w, https:\/\/agora.xtec.cat\/instarragona\/wp-content\/uploads\/usu484\/2018\/10\/Captura2-200x150.jpg 200w, https:\/\/agora.xtec.cat\/instarragona\/wp-content\/uploads\/usu484\/2018\/10\/Captura2.jpg 536w\" sizes=\"auto, (max-width: 308px) 100vw, 308px\" \/><\/a><\/td>\n<\/tr>\n<tr style=\"border-color: #fcfcfc; background-color: #fafafa;\">\n<td style=\"width: 50%; border-color: #fafafa;\"><a href=\"https:\/\/agora.xtec.cat\/instarragona\/wp-content\/uploads\/usu484\/2018\/10\/Captura3.jpg\"><img loading=\"lazy\" decoding=\"async\" class=\"aligncenter wp-image-601\" src=\"https:\/\/agora.xtec.cat\/instarragona\/wp-content\/uploads\/usu484\/2018\/10\/Captura3-300x167.jpg\" alt=\"\" width=\"388\" height=\"216\" srcset=\"https:\/\/agora.xtec.cat\/instarragona\/wp-content\/uploads\/usu484\/2018\/10\/Captura3-300x167.jpg 300w, https:\/\/agora.xtec.cat\/instarragona\/wp-content\/uploads\/usu484\/2018\/10\/Captura3.jpg 726w\" sizes=\"auto, (max-width: 388px) 100vw, 388px\" \/><\/a><\/td>\n<td style=\"width: 50%; border-color: #fafafa;\"><a href=\"https:\/\/agora.xtec.cat\/instarragona\/wp-content\/uploads\/usu484\/2018\/10\/Captura4.jpg\"><img loading=\"lazy\" decoding=\"async\" class=\"aligncenter size-medium wp-image-602\" src=\"https:\/\/agora.xtec.cat\/instarragona\/wp-content\/uploads\/usu484\/2018\/10\/Captura4-226x300.jpg\" alt=\"\" width=\"226\" height=\"300\" srcset=\"https:\/\/agora.xtec.cat\/instarragona\/wp-content\/uploads\/usu484\/2018\/10\/Captura4-226x300.jpg 226w, https:\/\/agora.xtec.cat\/instarragona\/wp-content\/uploads\/usu484\/2018\/10\/Captura4.jpg 301w\" sizes=\"auto, (max-width: 226px) 100vw, 226px\" \/><\/a><\/td>\n<\/tr>\n<\/tbody>\n<\/table>\n<p style=\"text-align: center;\">La nostra biblioteca \u00e9s una aut\u00e8ntica<\/p>\n<h4 style=\"text-align: center;\"><strong>Biblio(r)evoluci\u00f3<\/strong><\/h4>\n<p style=\"text-align: center;\"><iframe loading=\"lazy\" src=\"https:\/\/www.youtube.com\/embed\/0rtJ2Ua20YI\" width=\"560\" height=\"315\" frameborder=\"0\"><\/iframe><\/p>\n<p>Us podeu posar en contacte amb nosaltres a trav\u00e9s del correu electr\u00f2nic <strong><a href=\"mailto:biblioteca@instarragona.cat\">biblioteca@instarragona.cat<\/a><span style=\"font-family: inherit; font-size: 1em;\">\u00a0<\/span><\/strong><\/p>\n<p>Tamb\u00e9 som a les xarxes:<\/p>\n<p><strong><a style=\"color: #2795b6;\" href=\"https:\/\/www.instagram.com\/biblioinstgn\/\" target=\"_blank\" rel=\"noopener\"><img loading=\"lazy\" decoding=\"async\" class=\"wp-image-596 alignleft\" src=\"https:\/\/agora.xtec.cat\/instarragona\/wp-content\/uploads\/usu484\/2018\/10\/INSTABIBLIO.jpg\" alt=\"\" width=\"46\" height=\"50\" \/><\/a><\/strong><\/p>\n<p><strong><a href=\"https:\/\/www.youtube.com\/user\/Instarragona\" target=\"_blank\" rel=\"noopener\"><img loading=\"lazy\" decoding=\"async\" class=\"wp-image-598 size-full alignleft\" src=\"https:\/\/agora.xtec.cat\/instarragona\/wp-content\/uploads\/usu484\/2018\/10\/youtubebiblio.jpg\" alt=\"\" width=\"96\" height=\"45\" \/><\/a><\/strong><\/p>\n<p>&nbsp;<\/p>\n<p>&nbsp;<\/p>\n<p>&nbsp;<\/p>\n<p>&nbsp;<\/p>\n","protected":false},"excerpt":{"rendered":"<p>Al nostre centre la Biblioteca \u00e9s un espai ben viu i s&#8217;hi fan tot tipus d&#8217;activitats. Sovint, l&#8217;espai s&#8217;utilitza per dinamitzar la lectura al centre, per\u00f2 tamb\u00e9 per estudiar, buscar informaci\u00f3, fer treballs, i realitzar determinades classes. A la seva <a href=\"https:\/\/biblioinstgn.wixsite.com\/inici\">web<\/a> hi trobar\u00e0s tota&hellip;  <a href=\"https:\/\/agora.xtec.cat\/instarragona\/biblioteca\/\" title=\"Read BIBLIOTECA\">Llegeix m\u00e9s\u00bb<\/a><\/p>\n","protected":false},"author":1,"featured_media":0,"parent":0,"menu_order":0,"comment_status":"closed","ping_status":"closed","template":"page-templates\/side-menu.php","meta":{"_bbp_topic_count":0,"_bbp_reply_count":0,"_bbp_total_topic_count":0,"_bbp_total_reply_count":0,"_bbp_voice_count":0,"_bbp_anonymous_reply_count":0,"_bbp_topic_count_hidden":0,"_bbp_reply_count_hidden":0,"_bbp_forum_subforum_count":0,"footnotes":""},"class_list":["post-591","page","type-page","status-publish","hentry"],"post_mailing_queue_ids":[],"_links":{"self":[{"href":"https:\/\/agora.xtec.cat\/instarragona\/wp-json\/wp\/v2\/pages\/591","targetHints":{"allow":["GET"]}}],"collection":[{"href":"https:\/\/agora.xtec.cat\/instarragona\/wp-json\/wp\/v2\/pages"}],"about":[{"href":"https:\/\/agora.xtec.cat\/instarragona\/wp-json\/wp\/v2\/types\/page"}],"author":[{"embeddable":true,"href":"https:\/\/agora.xtec.cat\/instarragona\/wp-json\/wp\/v2\/users\/1"}],"replies":[{"embeddable":true,"href":"https:\/\/agora.xtec.cat\/instarragona\/wp-json\/wp\/v2\/comments?post=591"}],"version-history":[{"count":7,"href":"https:\/\/agora.xtec.cat\/instarragona\/wp-json\/wp\/v2\/pages\/591\/revisions"}],"predecessor-version":[{"id":5873,"href":"https:\/\/agora.xtec.cat\/instarragona\/wp-json\/wp\/v2\/pages\/591\/revisions\/5873"}],"wp:attachment":[{"href":"https:\/\/agora.xtec.cat\/instarragona\/wp-json\/wp\/v2\/media?parent=591"}],"curies":[{"name":"wp","href":"https:\/\/api.w.org\/{rel}","templated":true}]}}