{"id":5273,"date":"2024-06-04T12:55:33","date_gmt":"2024-06-04T10:55:33","guid":{"rendered":"https:\/\/agora.xtec.cat\/instarragona\/?page_id=5273"},"modified":"2025-01-30T18:57:39","modified_gmt":"2025-01-30T17:57:39","slug":"departament-de-socials","status":"publish","type":"page","link":"https:\/\/agora.xtec.cat\/instarragona\/departament-de-socials\/","title":{"rendered":"Socials"},"content":{"rendered":"<p>&nbsp;<\/p>\n<table style=\"width: 100%; border-collapse: collapse; border-color: #385913; border-style: solid;\">\n<tbody>\n<tr>\n<td style=\"width: 21.8637%;\"><img loading=\"lazy\" decoding=\"async\" class=\"aligncenter size-full wp-image-5274\" src=\"https:\/\/agora.xtec.cat\/instarragona\/wp-content\/uploads\/usu484\/2024\/06\/Historia-mundial-de-Catalunya_1000.jpg\" alt=\"\" width=\"1000\" height=\"560\" srcset=\"https:\/\/agora.xtec.cat\/instarragona\/wp-content\/uploads\/usu484\/2024\/06\/Historia-mundial-de-Catalunya_1000.jpg 1000w, https:\/\/agora.xtec.cat\/instarragona\/wp-content\/uploads\/usu484\/2024\/06\/Historia-mundial-de-Catalunya_1000-300x168.jpg 300w, https:\/\/agora.xtec.cat\/instarragona\/wp-content\/uploads\/usu484\/2024\/06\/Historia-mundial-de-Catalunya_1000-768x430.jpg 768w\" sizes=\"auto, (max-width: 1000px) 100vw, 1000px\" \/><\/td>\n<td style=\"width: 78.1363%; border-style: solid; border-color: #807777;\">\n<h2><span style=\"color: #008000;\"><strong>LA MAT\u00c8RIA<\/strong><\/span><\/h2>\n<p>A l\u2019ESO, dins de la mat\u00e8ria obligat\u00f2ria de Ci\u00e8ncies Socials, ensenyem aquest contingut: geografia f\u00edsica, prehist\u00f2ria i hist\u00f2ria antiga a 1r d\u2019ESO, hist\u00f2ria medieval i moderna a 2n d\u2019ESO, geografia humana i econ\u00f2mica a 3r d\u2019ESO i hist\u00f2ria contempor\u00e0nia a 4rt d\u2019ESO. Aix\u00ed mateix, a 3r i 4t d\u2019ESO, els alumnes que no fan la mat\u00e8ria de religi\u00f3, tenen activitats alternatives d\u2019ampliaci\u00f3 i pr\u00e0ctica de comentari obres d\u2019art (pintura, escultura i arquitectura).<br \/>\nA 1r de Batxillerat, dins les branques social i human\u00edstica, oferim les mat\u00e8ries optatives d\u2019Hist\u00f2ria del m\u00f3n contemporani, Problem\u00e0tiques socials i Pol\u00edtica i ciutadania. A 2n de Batxillerat, la mat\u00e8ria obligat\u00f2ria d\u2019Hist\u00f2ria contempor\u00e0nia de Catalunya i les optatives d\u2019Hist\u00f2ria de l\u2019art, Geografia i Objectius de desenvolupament sostenible.<\/td>\n<\/tr>\n<\/tbody>\n<\/table>\n<table style=\"width: 100%; border-collapse: collapse; border-color: #385913; border-style: solid;\">\n<tbody>\n<tr>\n<td style=\"width: 21.9988%; background-color: #a9d4ad; vertical-align: top;\">\n<h4><span style=\"color: #808080;\">AULES ESPEC\u00cdFIQUES<\/span><\/h4>\n<p>La mat\u00e8ria s&#8217;imparteix generalment en les aules pr\u00f2pies dels diferents grups.<\/p>\n<p>&nbsp;<\/p>\n<p>&nbsp;<\/td>\n<td style=\"width: 55.9018%; border-style: solid; border-color: #807777; vertical-align: top;\">\n<h4><span style=\"color: #808080;\">PROJECTES PROPIS, SORTIDES I ACTIVITATS HABITUALS<\/span><\/h4>\n<p>Cada curs organitzem activitats i projectes propis de les mat\u00e8ries de geografia, hist\u00f2ria i hist\u00f2ria de l\u2019art i tamb\u00e9 algunes sortides d\u2019inter\u00e8s educatiu i cultural.<br \/>\nPer exemple, visites a exposicions temporals (CaixaForum), la cova prehist\u00f2rica de l\u2019Espluga de Francol\u00ed o tallers de cultura romana a la Tarraco Viva a l\u2019ESO, entre d\u2019altres, aix\u00ed com xerrades d\u2019especialistes, participaci\u00f3 en les Olimp\u00edades de Geografia i tamb\u00e9 visites hist\u00f2riques durant els viatges de final de curs de Batxillerat.<\/td>\n<td style=\"width: 22.0994%; border-style: solid; border-color: #807777; background-color: #a9d4ad; vertical-align: top;\">\n<h4><span style=\"color: #808080;\">RECURSOS DIGITALS<\/span><\/h4>\n<p>Habitualment el professorat del departament organitza les seves classes en diferents entorns virtuals.<\/p>\n<p><img loading=\"lazy\" decoding=\"async\" class=\"\" src=\"https:\/\/upload.wikimedia.org\/wikipedia\/commons\/thumb\/1\/19\/Google_Classroom_Logo.svg\/1200px-Google_Classroom_Logo.svg.png\" alt=\"Google Classroom - Wikipedia, la enciclopedia libre\" width=\"51\" height=\"44\" \/>\u00a0 Classroom<\/p>\n<p><img loading=\"lazy\" decoding=\"async\" class=\"wp-image-4641 alignleft\" src=\"https:\/\/agora.xtec.cat\/instarragona\/wp-content\/uploads\/usu484\/2023\/10\/2-2.jpg\" alt=\"\" width=\"47\" height=\"47\" srcset=\"https:\/\/agora.xtec.cat\/instarragona\/wp-content\/uploads\/usu484\/2023\/10\/2-2.jpg 287w, https:\/\/agora.xtec.cat\/instarragona\/wp-content\/uploads\/usu484\/2023\/10\/2-2-150x150.jpg 150w\" sizes=\"auto, (max-width: 47px) 100vw, 47px\" \/><\/p>\n<p>&nbsp;<\/p>\n<p><span style=\"font-family: inherit; font-size: 1em;\">Moodle<\/span><\/p>\n<p><a href=\"https:\/\/sites.google.com\/xtec.cat\/edcinstarragona\/cultura-digital\" target=\"_blank\" rel=\"noopener\"><strong>Aqu\u00ed<\/strong> <\/a>trobar\u00e0s m\u00e9s informaci\u00f3.<\/td>\n<\/tr>\n<\/tbody>\n<\/table>\n<p>&nbsp;<\/p>\n","protected":false},"excerpt":{"rendered":"<p>&nbsp;<\/p>\n<p>LA MAT\u00c8RIA<br \/>\nA l\u2019ESO, dins de la mat\u00e8ria obligat\u00f2ria de Ci\u00e8ncies Socials, ensenyem aquest contingut: geografia f\u00edsica, prehist\u00f2ria i hist\u00f2ria antiga a 1r d\u2019ESO, hist\u00f2ria medieval i moderna a 2n d\u2019ESO, geografia humana i econ\u00f2mica a 3r d\u2019ESO i hist\u00f2ria contempor\u00e0nia a 4rt d\u2019ESO. Aix\u00ed mateix,&hellip;  <a href=\"https:\/\/agora.xtec.cat\/instarragona\/departament-de-socials\/\" title=\"Read Socials\">Llegeix m\u00e9s\u00bb<\/a><\/p>\n","protected":false},"author":1,"featured_media":0,"parent":0,"menu_order":0,"comment_status":"closed","ping_status":"closed","template":"","meta":{"_bbp_topic_count":0,"_bbp_reply_count":0,"_bbp_total_topic_count":0,"_bbp_total_reply_count":0,"_bbp_voice_count":0,"_bbp_anonymous_reply_count":0,"_bbp_topic_count_hidden":0,"_bbp_reply_count_hidden":0,"_bbp_forum_subforum_count":0,"footnotes":""},"class_list":["post-5273","page","type-page","status-publish","hentry"],"post_mailing_queue_ids":[],"_links":{"self":[{"href":"https:\/\/agora.xtec.cat\/instarragona\/wp-json\/wp\/v2\/pages\/5273","targetHints":{"allow":["GET"]}}],"collection":[{"href":"https:\/\/agora.xtec.cat\/instarragona\/wp-json\/wp\/v2\/pages"}],"about":[{"href":"https:\/\/agora.xtec.cat\/instarragona\/wp-json\/wp\/v2\/types\/page"}],"author":[{"embeddable":true,"href":"https:\/\/agora.xtec.cat\/instarragona\/wp-json\/wp\/v2\/users\/1"}],"replies":[{"embeddable":true,"href":"https:\/\/agora.xtec.cat\/instarragona\/wp-json\/wp\/v2\/comments?post=5273"}],"version-history":[{"count":3,"href":"https:\/\/agora.xtec.cat\/instarragona\/wp-json\/wp\/v2\/pages\/5273\/revisions"}],"predecessor-version":[{"id":5775,"href":"https:\/\/agora.xtec.cat\/instarragona\/wp-json\/wp\/v2\/pages\/5273\/revisions\/5775"}],"wp:attachment":[{"href":"https:\/\/agora.xtec.cat\/instarragona\/wp-json\/wp\/v2\/media?parent=5273"}],"curies":[{"name":"wp","href":"https:\/\/api.w.org\/{rel}","templated":true}]}}