{"id":4786,"date":"2024-05-21T09:44:03","date_gmt":"2024-05-21T07:44:03","guid":{"rendered":"https:\/\/agora.xtec.cat\/instarragona\/?page_id=4786"},"modified":"2025-01-30T18:57:15","modified_gmt":"2025-01-30T17:57:15","slug":"departament-deconomia","status":"publish","type":"page","link":"https:\/\/agora.xtec.cat\/instarragona\/departament-deconomia\/","title":{"rendered":"Economia"},"content":{"rendered":"<p>&nbsp;<\/p>\n<table style=\"width: 100%; border-collapse: collapse; border-color: #385913; border-style: solid;\">\n<tbody>\n<tr>\n<td style=\"width: 21.8637%;\"><img loading=\"lazy\" decoding=\"async\" class=\"aligncenter size-full wp-image-5195\" src=\"https:\/\/agora.xtec.cat\/instarragona\/wp-content\/uploads\/usu484\/2024\/05\/Captura-de-pantalla-2024-05-21-093905.png\" alt=\"\" width=\"325\" height=\"325\" srcset=\"https:\/\/agora.xtec.cat\/instarragona\/wp-content\/uploads\/usu484\/2024\/05\/Captura-de-pantalla-2024-05-21-093905.png 325w, https:\/\/agora.xtec.cat\/instarragona\/wp-content\/uploads\/usu484\/2024\/05\/Captura-de-pantalla-2024-05-21-093905-300x300.png 300w, https:\/\/agora.xtec.cat\/instarragona\/wp-content\/uploads\/usu484\/2024\/05\/Captura-de-pantalla-2024-05-21-093905-150x150.png 150w\" sizes=\"auto, (max-width: 325px) 100vw, 325px\" \/><\/td>\n<td style=\"width: 78.1363%; border-style: solid; border-color: #807777;\">\n<h2><span style=\"color: #008000;\"><strong>LA MAT\u00c8RIA<\/strong><\/span><\/h2>\n<p dir=\"ltr\">Els reptes del m\u00f3n actual s\u00f3n cada vegada m\u00e9s globals i complexos i intervenen moltes variables: econ\u00f2miques, socials, geogr\u00e0fiques, tecnol\u00f2giques i culturals. Com a ciutadans i ciutadanes necessitem desenvolupar una s\u00e8rie de compet\u00e8ncies per viure i realitzar-nos en un m\u00f3n canviant, incert, i en un planeta que \u00e9s finit.<\/p>\n<p dir=\"ltr\">La mat\u00e8ria d\u2019Economia i d\u2019Empresa, es planteja els seg\u00fcents objectius:<\/p>\n<p dir=\"ltr\">\u25cf Acompanyar als i les alumnes per tal que adquireixin una formaci\u00f3 econ\u00f2mica social i<br \/>\nsostenible; esdevinguin ciutadans i ciutadanes responsables, reflexius i puguin donar<br \/>\nrespostes coherents als principals temes de debat econ\u00f2mic, aportant una reflexi\u00f3 cr\u00edtica<br \/>\nsobre les causes i les conseq\u00fc\u00e8ncies dels problemes econ\u00f2mics.<br \/>\n\u25cf Al mateix temps els i les alumnes han de tenir un ampli coneixement sobre el m\u00f3n<br \/>\nempresarial i el funcionament de l\u2019empresa, essencial per entendre el funcionament del<br \/>\nconjunt de l\u2019economia. L\u2019alumnat s\u2019aproximar\u00e0 al disseny i a l\u2019elaboraci\u00f3 de projectes d\u2019empresa amb creativitat, iniciativa i esperit emprenedor, per generar una idea de negoci viable i sostenible que solucioni un problema determinat.<\/p>\n<p><strong><span style=\"color: #008000;\">MAT\u00c8RIES ESPEC\u00cdFIQUES<\/span><\/strong><\/p>\n<p><strong>ESO:<\/strong><\/p>\n<ul>\n<li>Emprenedoria (optativa de 3r)<\/li>\n<li>Economia (4t)<\/li>\n<\/ul>\n<p><strong>BATXILLERAT:<\/strong><\/p>\n<ul>\n<li>Funcionament de l\u2019empresa (1r)<\/li>\n<li>Economia (1r)<\/li>\n<li>Funcionament de l\u2019empresa i disseny de models de negoci. (2n)<\/li>\n<\/ul>\n<\/td>\n<\/tr>\n<\/tbody>\n<\/table>\n<table style=\"width: 100%; border-collapse: collapse; border-color: #385913; border-style: solid;\">\n<tbody>\n<tr>\n<td style=\"width: 21.9988%; background-color: #a9d4ad; vertical-align: top;\">\n<h4><span style=\"color: #808080;\">AULES ESPEC\u00cdFIQUES<\/span><\/h4>\n<p>La mat\u00e8ria s&#8217;imparteix generalment en les aules pr\u00f2pies dels diferents grups.<\/p>\n<p>&nbsp;<\/p>\n<p>&nbsp;<\/td>\n<td style=\"width: 55.9018%; border-style: solid; border-color: #807777; vertical-align: top;\">\n<h4><span style=\"color: #808080;\">PROJECTES PROPIS, SORTIDES I ACTIVITATS HABITUALS<\/span><\/h4>\n<ul>\n<li>Visites a empreses<\/li>\n<li>Visitar l\u2019Ag\u00e8ncia Tribut\u00e0ria<\/li>\n<li>Activitat al port de Tarragona relacionat amb les exportacions\/importacions<\/li>\n<li>Xerrades relacionades amb la mat\u00e8ria, impartides per la URV<\/li>\n<li>Xerrada Fem Empresa (Compartim l\u2019experi\u00e8ncia d\u2019una persona emprenedora)<\/li>\n<li>Desenvolupament d\u2019una idea de negoci (3r ESO)<\/li>\n<li>Elaboraci\u00f3 d\u2019un pla d\u2019empresa (4t ESO)<\/li>\n<\/ul>\n<\/td>\n<td style=\"width: 22.0994%; border-style: solid; border-color: #807777; background-color: #a9d4ad; vertical-align: top;\">\n<h4><span style=\"color: #808080;\">RECURSOS DIGITALS<\/span><\/h4>\n<p>Habitualment el professorat del departament organitza les seves classes en diferents entorns virtuals.<\/p>\n<p><img loading=\"lazy\" decoding=\"async\" class=\"\" src=\"https:\/\/upload.wikimedia.org\/wikipedia\/commons\/thumb\/1\/19\/Google_Classroom_Logo.svg\/1200px-Google_Classroom_Logo.svg.png\" alt=\"Google Classroom - Wikipedia, la enciclopedia libre\" width=\"51\" height=\"44\" \/>\u00a0 Classroom<\/p>\n<p><img loading=\"lazy\" decoding=\"async\" class=\"wp-image-4641 alignleft\" src=\"https:\/\/agora.xtec.cat\/instarragona\/wp-content\/uploads\/usu484\/2023\/10\/2-2.jpg\" alt=\"\" width=\"47\" height=\"47\" srcset=\"https:\/\/agora.xtec.cat\/instarragona\/wp-content\/uploads\/usu484\/2023\/10\/2-2.jpg 287w, https:\/\/agora.xtec.cat\/instarragona\/wp-content\/uploads\/usu484\/2023\/10\/2-2-150x150.jpg 150w\" sizes=\"auto, (max-width: 47px) 100vw, 47px\" \/><\/p>\n<p>&nbsp;<\/p>\n<p><span style=\"font-family: inherit; font-size: 1em;\">Moodle<\/span><\/p>\n<p><a href=\"https:\/\/sites.google.com\/xtec.cat\/edcinstarragona\/cultura-digital\" target=\"_blank\" rel=\"noopener\"><strong>Aqu\u00ed<\/strong> <\/a>trobar\u00e0s m\u00e9s informaci\u00f3.<\/td>\n<\/tr>\n<\/tbody>\n<\/table>\n<p>&nbsp;<\/p>\n","protected":false},"excerpt":{"rendered":"<p>&nbsp;<\/p>\n<p>LA MAT\u00c8RIA<br \/>\nEls reptes del m\u00f3n actual s\u00f3n cada vegada m\u00e9s globals i complexos i intervenen moltes variables: econ\u00f2miques, socials, geogr\u00e0fiques, tecnol\u00f2giques i culturals. Com a ciutadans i ciutadanes necessitem desenvolupar una s\u00e8rie de compet\u00e8ncies per viure i realitzar-nos en un m\u00f3n canviant, incert, i en&hellip;  <a href=\"https:\/\/agora.xtec.cat\/instarragona\/departament-deconomia\/\" title=\"Read Economia\">Llegeix m\u00e9s\u00bb<\/a><\/p>\n","protected":false},"author":1,"featured_media":0,"parent":0,"menu_order":0,"comment_status":"closed","ping_status":"closed","template":"","meta":{"_bbp_topic_count":0,"_bbp_reply_count":0,"_bbp_total_topic_count":0,"_bbp_total_reply_count":0,"_bbp_voice_count":0,"_bbp_anonymous_reply_count":0,"_bbp_topic_count_hidden":0,"_bbp_reply_count_hidden":0,"_bbp_forum_subforum_count":0,"footnotes":""},"class_list":["post-4786","page","type-page","status-publish","hentry"],"post_mailing_queue_ids":[],"_links":{"self":[{"href":"https:\/\/agora.xtec.cat\/instarragona\/wp-json\/wp\/v2\/pages\/4786","targetHints":{"allow":["GET"]}}],"collection":[{"href":"https:\/\/agora.xtec.cat\/instarragona\/wp-json\/wp\/v2\/pages"}],"about":[{"href":"https:\/\/agora.xtec.cat\/instarragona\/wp-json\/wp\/v2\/types\/page"}],"author":[{"embeddable":true,"href":"https:\/\/agora.xtec.cat\/instarragona\/wp-json\/wp\/v2\/users\/1"}],"replies":[{"embeddable":true,"href":"https:\/\/agora.xtec.cat\/instarragona\/wp-json\/wp\/v2\/comments?post=4786"}],"version-history":[{"count":5,"href":"https:\/\/agora.xtec.cat\/instarragona\/wp-json\/wp\/v2\/pages\/4786\/revisions"}],"predecessor-version":[{"id":5774,"href":"https:\/\/agora.xtec.cat\/instarragona\/wp-json\/wp\/v2\/pages\/4786\/revisions\/5774"}],"wp:attachment":[{"href":"https:\/\/agora.xtec.cat\/instarragona\/wp-json\/wp\/v2\/media?parent=4786"}],"curies":[{"name":"wp","href":"https:\/\/api.w.org\/{rel}","templated":true}]}}