{"id":4784,"date":"2024-05-21T09:45:55","date_gmt":"2024-05-21T07:45:55","guid":{"rendered":"https:\/\/agora.xtec.cat\/instarragona\/?page_id=4784"},"modified":"2025-01-30T18:54:39","modified_gmt":"2025-01-30T17:54:39","slug":"departament-de-llengua-i-literatura-castellanes","status":"publish","type":"page","link":"https:\/\/agora.xtec.cat\/instarragona\/departament-de-llengua-i-literatura-castellanes\/","title":{"rendered":"Llengua i literatura castellanes"},"content":{"rendered":"<p>&nbsp;<\/p>\n<table style=\"width: 100%; border-collapse: collapse; border-color: #385913; border-style: solid;\">\n<tbody>\n<tr>\n<td style=\"width: 21.8637%;\"><img decoding=\"async\" src=\"https:\/\/4.bp.blogspot.com\/-A1qqTjJQpQw\/V9EWfwJoSII\/AAAAAAAAAIM\/LsMVIrpMoNUfTL8X9vC5Xrh915ARXnysACLcB\/s1600\/images%2B%25281%2529.jpg\" alt=\"Lengua - Lenguas\" \/><\/td>\n<td style=\"width: 78.1363%; border-style: solid; border-color: #807777;\">\n<h2><span style=\"color: #008000;\"><strong>LA MAT\u00c8RIA<\/strong><\/span><\/h2>\n<p dir=\"ltr\">Des del Departament de llengua i literatura castellana entenem que els joves d\u2019avui es desenvoluparan en un context en qu\u00e8 han de ser capa\u00e7os de construir discursos orals o escrits que siguin efica\u00e7os, correctes i ben estructurats amb la finalitat \u00faltima de bastir una comunicaci\u00f3 efectiva. \u00c9s per aquest motiu que treballem les compet\u00e8ncies relacionades amb la comprensi\u00f3 lectora, l\u2019expressi\u00f3 escrita i l\u2019expressi\u00f3 oral des d\u2019una \u00f2ptica lligada a la realitat dels nostres joves tant pel que fa als mitjans de comunicaci\u00f3 tradicionals com als nous entorns de comunicaci\u00f3 virtual i els reptes que aix\u00f2 suposa.<\/p>\n<p dir=\"ltr\">D\u2019altra banda, l\u2019estudi de la literatura els apropa tota una tradici\u00f3 cultural i art\u00edstica que els obre una nova mirada cap al m\u00f3n que els envolta.<\/p>\n<\/td>\n<\/tr>\n<\/tbody>\n<\/table>\n<table style=\"width: 100%; border-collapse: collapse; border-color: #385913; border-style: solid;\">\n<tbody>\n<tr>\n<td style=\"width: 21.8637%; background-color: #a9d4ad; vertical-align: top;\">\n<h4><span style=\"color: #808080;\">AULES ESPEC\u00cdFIQUES<\/span><\/h4>\n<p>La mat\u00e8ria de llengua i literatura castellama s&#8217;imparteix generalment en les aules pr\u00f2pies dels diferents grups.<\/p>\n<p>&nbsp;<\/p>\n<p>&nbsp;<\/td>\n<td style=\"width: 56.0369%; border-style: solid; border-color: #807777; vertical-align: top;\">\n<h4><span style=\"color: #808080;\">PROJECTES PROPIS, SORTIDES I ACTIVITATS HABITUALS<\/span><\/h4>\n<h4><span style=\"color: #808080;\">\u00a0<\/span><\/h4>\n<ul>\n<li dir=\"ltr\">El Departament organitza cada curs sortides al teatre per a poder gaudir d&#8217;un espectacle molt relacionat amb els sabers literaris de la mat\u00e8ria.<\/li>\n<\/ul>\n<ul>\n<li dir=\"ltr\">Tamb\u00e9 assistim a tallers de llengua i literatura on els alumnes posen en pr\u00e0ctica els coneixements que han anat assolint al llarg de l&#8217;etapa.<\/li>\n<\/ul>\n<ul>\n<li dir=\"ltr\">El Departament fomenta i anima a la participaci\u00f3 dels alumnes als diversos concursos d&#8217;escriptura que es van convocant al llarg del curs on els alumnes poden demostrar tota la seva capacitat creativa.<\/li>\n<\/ul>\n<\/td>\n<td style=\"width: 22.0994%; border-style: solid; border-color: #807777; background-color: #a9d4ad; vertical-align: top;\">\n<h4><span style=\"color: #808080;\">RECURSOS DIGITALS<\/span><\/h4>\n<p>Habitualment el professorat del departament organitza les seves classes en diferents entorns virtuals.<\/p>\n<p><img loading=\"lazy\" decoding=\"async\" class=\"\" src=\"https:\/\/upload.wikimedia.org\/wikipedia\/commons\/thumb\/1\/19\/Google_Classroom_Logo.svg\/1200px-Google_Classroom_Logo.svg.png\" alt=\"Google Classroom - Wikipedia, la enciclopedia libre\" width=\"51\" height=\"44\" \/>\u00a0 Classroom<\/p>\n<p><img loading=\"lazy\" decoding=\"async\" class=\"wp-image-4641 alignleft\" src=\"https:\/\/agora.xtec.cat\/instarragona\/wp-content\/uploads\/usu484\/2023\/10\/2-2.jpg\" alt=\"\" width=\"47\" height=\"47\" srcset=\"https:\/\/agora.xtec.cat\/instarragona\/wp-content\/uploads\/usu484\/2023\/10\/2-2.jpg 287w, https:\/\/agora.xtec.cat\/instarragona\/wp-content\/uploads\/usu484\/2023\/10\/2-2-150x150.jpg 150w\" sizes=\"auto, (max-width: 47px) 100vw, 47px\" \/><\/p>\n<p>&nbsp;<\/p>\n<p><span style=\"font-family: inherit; font-size: 1em;\">Moodle<\/span><\/p>\n<p><a href=\"https:\/\/sites.google.com\/xtec.cat\/edcinstarragona\/cultura-digital\" target=\"_blank\" rel=\"noopener\"><strong>Aqu\u00ed<\/strong> <\/a>trobar\u00e0s m\u00e9s informaci\u00f3.<\/td>\n<\/tr>\n<\/tbody>\n<\/table>\n<p>&nbsp;<\/p>\n","protected":false},"excerpt":{"rendered":"<p>&nbsp;<\/p>\n<p>LA MAT\u00c8RIA<br \/>\nDes del Departament de llengua i literatura castellana entenem que els joves d\u2019avui es desenvoluparan en un context en qu\u00e8 han de ser capa\u00e7os de construir discursos orals o escrits que siguin efica\u00e7os, correctes i ben estructurats amb la finalitat \u00faltima de bastir una&hellip;  <a href=\"https:\/\/agora.xtec.cat\/instarragona\/departament-de-llengua-i-literatura-castellanes\/\" title=\"Read Llengua i literatura castellanes\">Llegeix m\u00e9s\u00bb<\/a><\/p>\n","protected":false},"author":1,"featured_media":0,"parent":0,"menu_order":0,"comment_status":"closed","ping_status":"closed","template":"","meta":{"_bbp_topic_count":0,"_bbp_reply_count":0,"_bbp_total_topic_count":0,"_bbp_total_reply_count":0,"_bbp_voice_count":0,"_bbp_anonymous_reply_count":0,"_bbp_topic_count_hidden":0,"_bbp_reply_count_hidden":0,"_bbp_forum_subforum_count":0,"footnotes":""},"class_list":["post-4784","page","type-page","status-publish","hentry"],"post_mailing_queue_ids":[],"_links":{"self":[{"href":"https:\/\/agora.xtec.cat\/instarragona\/wp-json\/wp\/v2\/pages\/4784","targetHints":{"allow":["GET"]}}],"collection":[{"href":"https:\/\/agora.xtec.cat\/instarragona\/wp-json\/wp\/v2\/pages"}],"about":[{"href":"https:\/\/agora.xtec.cat\/instarragona\/wp-json\/wp\/v2\/types\/page"}],"author":[{"embeddable":true,"href":"https:\/\/agora.xtec.cat\/instarragona\/wp-json\/wp\/v2\/users\/1"}],"replies":[{"embeddable":true,"href":"https:\/\/agora.xtec.cat\/instarragona\/wp-json\/wp\/v2\/comments?post=4784"}],"version-history":[{"count":3,"href":"https:\/\/agora.xtec.cat\/instarragona\/wp-json\/wp\/v2\/pages\/4784\/revisions"}],"predecessor-version":[{"id":5769,"href":"https:\/\/agora.xtec.cat\/instarragona\/wp-json\/wp\/v2\/pages\/4784\/revisions\/5769"}],"wp:attachment":[{"href":"https:\/\/agora.xtec.cat\/instarragona\/wp-json\/wp\/v2\/media?parent=4784"}],"curies":[{"name":"wp","href":"https:\/\/api.w.org\/{rel}","templated":true}]}}