{"id":4658,"date":"2024-05-21T09:45:27","date_gmt":"2024-05-21T07:45:27","guid":{"rendered":"https:\/\/agora.xtec.cat\/instarragona\/?page_id=4658"},"modified":"2025-01-30T18:56:06","modified_gmt":"2025-01-30T17:56:06","slug":"departament-de-ciencies","status":"publish","type":"page","link":"https:\/\/agora.xtec.cat\/instarragona\/departament-de-ciencies\/","title":{"rendered":"Ci\u00e8ncies"},"content":{"rendered":"<table style=\"width: 100%; border-collapse: collapse; border-color: #385913; border-style: solid;\">\n<tbody>\n<tr>\n<td style=\"width: 20.5584%;\"><img loading=\"lazy\" decoding=\"async\" class=\"\" src=\"https:\/\/conocelahistoria.com\/wp-content\/uploads\/2018\/09\/ciencias-naturales.jpg\" alt=\"Historia de las ciencias naturales: origen, evoluci\u00f3n y mas\" width=\"265\" height=\"136\" \/><\/td>\n<td style=\"width: 79.4416%; border-style: solid; border-color: #807777;\">\n<h2><span style=\"color: #008000;\"><strong>LA MAT\u00c8RIA<\/strong><\/span><\/h2>\n<p>El departament de ci\u00e8ncies engloba diferents mat\u00e8ries repartides a l&#8217;ESO i al batxillerat.<\/p>\n<p>Dins del departament s&#8217;ofereixen sabers relacionats amb:<\/p>\n<ul>\n<li><strong>la biologia i les ci\u00e8ncies naturals<\/strong> (1r, 3r i 4t d&#8217;ESO, 1r i 2n de Batxillerat)<\/li>\n<li><strong>la geologia i <\/strong>(4t d&#8217;ESO, 1r i 2n de Batxillerat<\/li>\n<li><strong>la f\u00edsica i la qu\u00edmica <\/strong>(2n d&#8217;ESO, 4t d&#8217;ESO, 1r i 2n de Batxillerat).<\/li>\n<\/ul>\n<\/td>\n<\/tr>\n<\/tbody>\n<\/table>\n<table style=\"width: 100%; border-collapse: collapse; border-color: #385913; border-style: solid;\">\n<tbody>\n<tr>\n<td style=\"width: 20.7034%; background-color: #a9d4ad; vertical-align: top;\">\n<h4><span style=\"color: #808080;\">AULES ESPEC\u00cdFIQUES<\/span><\/h4>\n<p>A m\u00e9s a m\u00e9s del treball a l&#8217;aula de cada grup, el departament de ci\u00e8ncies disposa d&#8217;instal\u00b7lacions pr\u00f2pies on es treballa la vessant m\u00e9s pr\u00e0ctica de la mat\u00e8ria.<\/p>\n<p>Aquests espais s\u00f3n:<\/p>\n<ul>\n<li><strong>Laboratori de F\u00edsica i Qu\u00edmica\u00a0<\/strong><\/li>\n<li><strong>Laboratori de Biologia i Geologia\u00a0<\/strong><\/li>\n<\/ul>\n<p>&nbsp;<\/p>\n<p>&nbsp;<\/td>\n<td style=\"width: 43.1291%; border-style: solid; border-color: #807777; vertical-align: top;\">\n<h4><span style=\"color: #808080;\">PROJECTES PROPIS, SORTIDES I ACTIVITATS HABITUALS\u00a0<\/span><\/h4>\n<p>Habitualment el departament realitza les activitats seg\u00fcents:<\/p>\n<ul>\n<li>Sortida a <strong><a href=\"https:\/\/www.signatus.org\/\" target=\"_blank\" rel=\"noopener\">Signatus<\/a><\/strong>, centre d&#8217;interpretaci\u00f3 del llop.<\/li>\n<li>Sortida a les <strong><a href=\"http:\/\/www.minesbellmunt.com\/\" target=\"_blank\" rel=\"noopener\">Mines de Bellmunt<\/a><\/strong><\/li>\n<li>Fem una sortida pr\u00e0ctica a <strong><a href=\"https:\/\/www.iciq.org\/\" target=\"_blank\" rel=\"noopener\">l&#8217;ICIQ<\/a><\/strong><\/li>\n<li>Sortida al <strong>Pirineu \/ La Garrotxa<\/strong> a batxillerat amb la mat\u00e8ria m\u00e9s lligada a la geologia.<\/li>\n<li><strong>Sortides de Modalitat ci\u00e8ncies a Batxillerat<\/strong>, habitualment a Val\u00e8ncia.<\/li>\n<li>Participaci\u00f3 en els 3 <strong>projectes STEM de centre<\/strong>, &#8220;Projecte No m&#8217;escalfis, Projecte Rius i Projecte Quins fums&#8221;<\/li>\n<li><strong>Visites t\u00e8cniques a empreses o centres de recerca<\/strong> juntament amb el Departament de Tecnologia.<\/li>\n<li>Sortides a CaixaF\u00f3rum, aprofitant la proximitat i les activitats que ofereixen lligades a la mat\u00e8ria.<\/li>\n<\/ul>\n<\/td>\n<td style=\"width: 36.1675%; border-style: solid; border-color: #807777; background-color: #a9d4ad; vertical-align: top;\">\n<h4><span style=\"color: #808080;\">RECURSOS DIGITALS<\/span><\/h4>\n<p>Habitualment el professorat del departament organitza les seves classes en diferents entorns virtuals.<\/p>\n<p><img loading=\"lazy\" decoding=\"async\" class=\"\" src=\"https:\/\/upload.wikimedia.org\/wikipedia\/commons\/thumb\/1\/19\/Google_Classroom_Logo.svg\/1200px-Google_Classroom_Logo.svg.png\" alt=\"Google Classroom - Wikipedia, la enciclopedia libre\" width=\"51\" height=\"44\" \/>\u00a0 Classroom<\/p>\n<p><img loading=\"lazy\" decoding=\"async\" class=\"wp-image-4641 alignleft\" src=\"https:\/\/agora.xtec.cat\/instarragona\/wp-content\/uploads\/usu484\/2023\/10\/2-2.jpg\" alt=\"\" width=\"47\" height=\"47\" srcset=\"https:\/\/agora.xtec.cat\/instarragona\/wp-content\/uploads\/usu484\/2023\/10\/2-2.jpg 287w, https:\/\/agora.xtec.cat\/instarragona\/wp-content\/uploads\/usu484\/2023\/10\/2-2-150x150.jpg 150w\" sizes=\"auto, (max-width: 47px) 100vw, 47px\" \/><\/p>\n<p>&nbsp;<\/p>\n<p><span style=\"font-family: inherit; font-size: 1em;\">Moodle<\/span><\/p>\n<p><a href=\"https:\/\/sites.google.com\/xtec.cat\/edcinstarragona\/cultura-digital\" target=\"_blank\" rel=\"noopener\"><strong>Aqu\u00ed<\/strong> <\/a>trobar\u00e0s m\u00e9s informaci\u00f3.<\/p>\n<p>Enlla\u00e7os propis de les mat\u00e8ries:<\/p>\n<div><a href=\"https:\/\/sites.google.com\/view\/instituttgn3esobg\/inici?authuser=0\" target=\"_blank\" rel=\"noopener\"><b>Biologia i Geologia de 3r ESO<\/b><\/a><\/div>\n<div><strong><a href=\"https:\/\/sites.google.com\/view\/instituttarragonabiogeo4eso\/home\" target=\"_blank\" rel=\"noopener\">Biologia i Geologia 4t ESO<\/a><\/strong><\/div>\n<div><strong><a href=\"https:\/\/sites.google.com\/view\/biologia1bat\/home\" target=\"_blank\" rel=\"noopener\">Biologia de 1r Batxillerat<\/a><\/strong><\/div>\n<div><a href=\"https:\/\/sites.google.com\/view\/geobat\/home\"><strong>Geologia Batxillerat <\/strong>\u00a0<\/a><\/div>\n<\/td>\n<\/tr>\n<\/tbody>\n<\/table>\n<p>&nbsp;<\/p>\n","protected":false},"excerpt":{"rendered":"<p>LA MAT\u00c8RIA<br \/>\nEl departament de ci\u00e8ncies engloba diferents mat\u00e8ries repartides a l&#8217;ESO i al batxillerat.<br \/>\nDins del departament s&#8217;ofereixen sabers relacionats amb:<\/p>\n<ul>\n<li>la biologia i les ci\u00e8ncies naturals (1r, 3r i 4t d&#8217;ESO, 1r i 2n de Batxillerat)<\/li>\n<li>la geologia i (4t d&#8217;ESO, 1r i 2n de Batxillerat<\/li>\n<li>la f\u00edsica&hellip;  <a href=\"https:\/\/agora.xtec.cat\/instarragona\/departament-de-ciencies\/\" title=\"Read Ci\u00e8ncies\">Llegeix m\u00e9s\u00bb<\/a><br \/>\n","protected":false},"author":1,"featured_media":0,"parent":0,"menu_order":0,"comment_status":"closed","ping_status":"closed","template":"","meta":{"_bbp_topic_count":0,"_bbp_reply_count":0,"_bbp_total_topic_count":0,"_bbp_total_reply_count":0,"_bbp_voice_count":0,"_bbp_anonymous_reply_count":0,"_bbp_topic_count_hidden":0,"_bbp_reply_count_hidden":0,"_bbp_forum_subforum_count":0,"footnotes":""},"class_list":["post-4658","page","type-page","status-publish","hentry"],"post_mailing_queue_ids":[],"_links":{"self":[{"href":"https:\/\/agora.xtec.cat\/instarragona\/wp-json\/wp\/v2\/pages\/4658","targetHints":{"allow":["GET"]}}],"collection":[{"href":"https:\/\/agora.xtec.cat\/instarragona\/wp-json\/wp\/v2\/pages"}],"about":[{"href":"https:\/\/agora.xtec.cat\/instarragona\/wp-json\/wp\/v2\/types\/page"}],"author":[{"embeddable":true,"href":"https:\/\/agora.xtec.cat\/instarragona\/wp-json\/wp\/v2\/users\/1"}],"replies":[{"embeddable":true,"href":"https:\/\/agora.xtec.cat\/instarragona\/wp-json\/wp\/v2\/comments?post=4658"}],"version-history":[{"count":6,"href":"https:\/\/agora.xtec.cat\/instarragona\/wp-json\/wp\/v2\/pages\/4658\/revisions"}],"predecessor-version":[{"id":5772,"href":"https:\/\/agora.xtec.cat\/instarragona\/wp-json\/wp\/v2\/pages\/4658\/revisions\/5772"}],"wp:attachment":[{"href":"https:\/\/agora.xtec.cat\/instarragona\/wp-json\/wp\/v2\/media?parent=4658"}],"curies":[{"name":"wp","href":"https:\/\/api.w.org\/{rel}","templated":true}]}}