{"id":46,"date":"2014-09-17T16:53:45","date_gmt":"2014-09-17T16:53:45","guid":{"rendered":"http:\/\/agora.xtec.cat\/instarragona\/?page_id=46"},"modified":"2025-09-15T13:20:46","modified_gmt":"2025-09-15T11:20:46","slug":"organigrama","status":"publish","type":"page","link":"https:\/\/agora.xtec.cat\/instarragona\/linstitut\/organigrama\/","title":{"rendered":"Organigrama"},"content":{"rendered":"<p><span style=\"color: #008000;\"><strong>LA DIRECCI\u00d3 DEL CENTRE<\/strong><\/span><\/p>\n<table style=\"border-collapse: collapse; width: 68.0705%; height: 128px;\" border=\"1\">\n<tbody>\n<tr style=\"height: 31px;\">\n<td style=\"width: 50%; height: 31px; border-style: double; border-color: #000000;\"><strong>DIRECTORA<\/strong><\/td>\n<td style=\"width: 61.0132%; height: 31px; border-style: double; border-color: #000000;\">Marta Vallinoto<\/td>\n<\/tr>\n<tr style=\"height: 32px;\">\n<td style=\"width: 50%; height: 32px; border-style: double; border-color: #000000;\"><strong>CAP D&#8217;ESTUDIS<\/strong><\/td>\n<td style=\"width: 61.0132%; height: 32px; border-style: double; border-color: #000000;\">Adri\u00e0 Soriano<\/td>\n<\/tr>\n<tr style=\"height: 32px;\">\n<td style=\"width: 50%; height: 32px; border-style: double; border-color: #000000;\"><strong>SECRET\u00c0RIA<\/strong><\/td>\n<td style=\"width: 61.0132%; height: 32px; border-style: double; border-color: #000000;\">Elena Soberanas<\/td>\n<\/tr>\n<tr style=\"height: 32px;\">\n<td style=\"width: 50%; height: 32px; border-style: double; border-color: #000000;\"><strong>COORDINADORA PEDAG\u00d2GICA<\/strong><\/td>\n<td style=\"width: 61.0132%; height: 32px; border-style: double; border-color: #000000;\">Irene Garcia<\/td>\n<\/tr>\n<\/tbody>\n<\/table>\n<p>&nbsp;<\/p>\n<p><span style=\"color: #008000;\"><strong>CAPS DE DEPARTAMENT<\/strong><\/span><\/p>\n<table style=\"border-collapse: collapse; width: 68.496%; height: 190px;\" border=\"1\">\n<tbody>\n<tr style=\"height: 31px;\">\n<td style=\"width: 50%; height: 31px; border-style: double; border-color: #000000;\"><strong>Departament de llengua catalana<\/strong><\/td>\n<td style=\"width: 50%; height: 31px; border-style: double; border-color: #000000;\">S\u00edlvia Lorente<\/td>\n<\/tr>\n<tr style=\"height: 32px;\">\n<td style=\"width: 50%; height: 32px; border-style: double; border-color: #000000;\"><strong>Departament de llengua castellana<\/strong><\/td>\n<td style=\"width: 50%; height: 32px; border-style: double; border-color: #000000;\">Inma Villalba<\/td>\n<\/tr>\n<tr style=\"height: 32px;\">\n<td style=\"width: 50%; height: 32px; border-style: double; border-color: #000000;\"><strong>Departament de lleng\u00fces estrangeres<\/strong><\/td>\n<td style=\"width: 50%; height: 32px; border-style: double; border-color: #000000;\">Marta Prat<\/td>\n<\/tr>\n<tr style=\"height: 32px;\">\n<td style=\"width: 50%; height: 32px; border-style: double; border-color: #000000;\"><strong>Departament de matem\u00e0tiques<\/strong><\/td>\n<td style=\"width: 50%; height: 32px; border-style: double; border-color: #000000;\">Bego\u00f1a Peri\u00e1\u00f1ez<\/td>\n<\/tr>\n<tr style=\"height: 31px;\">\n<td style=\"width: 50%; border-style: double; border-color: #000000; height: 31px;\"><strong>Departament de ci\u00e8ncies<\/strong><\/td>\n<td style=\"width: 50%; border-style: double; border-color: #000000; height: 31px;\">Montse Piqu\u00e9<\/td>\n<\/tr>\n<tr style=\"height: 31px;\">\n<td style=\"width: 50%; border-style: double; border-color: #000000; height: 31px;\"><strong>Departament de tecnologies<\/strong><\/td>\n<td style=\"width: 50%; border-style: double; border-color: #000000; height: 31px;\">Pedro Ortega<\/td>\n<\/tr>\n<tr style=\"height: 30px;\">\n<td style=\"width: 50%; border-style: double; border-color: #000000; height: 30px;\"><strong>Departament de socials<\/strong><\/td>\n<td style=\"width: 50%; border-style: double; border-color: #000000; height: 30px;\">V\u00edctor P\u00e9rez<\/td>\n<\/tr>\n<tr style=\"height: 30px;\">\n<td style=\"width: 50%; border-style: double; border-color: #000000; height: 30px;\"><strong>Departament art\u00edstic<\/strong><\/td>\n<td style=\"width: 50%; border-style: double; border-color: #000000; height: 30px;\">\u00c0lex Carr<\/td>\n<\/tr>\n<tr>\n<td style=\"width: 50%; border-style: double; border-color: #000000;\"><strong>Departament d&#8217;educaci\u00f3 f\u00edsica<\/strong><\/td>\n<td style=\"width: 50%; border-style: double; border-color: #000000;\">No\u00e9 Pascual<\/td>\n<\/tr>\n<tr>\n<td style=\"width: 50%; border-style: double; border-color: #000000;\"><strong>Departament d&#8217;orientaci\u00f3<\/strong><\/td>\n<td style=\"width: 50%; border-style: double; border-color: #000000;\">Montse Dom\u00e8nech<\/td>\n<\/tr>\n<tr>\n<td style=\"width: 50%; border-style: double; border-color: #000000;\"><strong>Departament d&#8217;economia<\/strong><\/td>\n<td style=\"width: 50%; border-style: double; border-color: #000000;\">Elena Soberanas<\/td>\n<\/tr>\n<\/tbody>\n<\/table>\n<p><span style=\"color: #008000;\"><strong>COORDINACIONS<\/strong><\/span><\/p>\n<table style=\"height: 343px; width: 68.7376%; border-collapse: collapse; border-style: solid; border-color: #000000;\" border=\"1\">\n<tbody>\n<tr>\n<td style=\"border-style: solid; border-color: #000000;\"><strong>Coordinadora 1r ESO<\/strong><\/td>\n<td style=\"border-style: solid; border-color: #000000;\">Elena Palmero<\/td>\n<\/tr>\n<tr>\n<td style=\"border-style: solid; border-color: #000000;\"><strong>Coordinadora 2n ESO<\/strong><\/td>\n<td style=\"border-style: solid; border-color: #000000;\">Maite Navarro<\/td>\n<\/tr>\n<tr>\n<td style=\"border-style: solid; border-color: #000000;\"><strong>Coordinador 3r ESO<\/strong><\/td>\n<td style=\"border-style: solid; border-color: #000000;\">Gerard Catal\u00e0<\/td>\n<\/tr>\n<tr>\n<td style=\"border-style: solid; border-color: #000000;\"><strong>Coordinadora 4t ESO<\/strong><\/td>\n<td style=\"border-style: solid; border-color: #000000;\">Vanessa Moreno<\/td>\n<\/tr>\n<tr>\n<td style=\"border-style: solid; border-color: #000000;\"><strong>Coordinadora Batxillerat<\/strong><\/td>\n<td style=\"border-style: solid; border-color: #000000;\">Rosa Ana Cerd\u00e0<\/td>\n<\/tr>\n<tr>\n<td style=\"border-style: solid; border-color: #000000;\"><strong>Coordinadora TIC Digital<\/strong><\/td>\n<td style=\"border-style: solid; border-color: #000000;\">S\u00edlvia Mill\u00e1n<\/td>\n<\/tr>\n<tr>\n<td style=\"border-style: solid; border-color: #000000;\"><strong>Coordinador Riscos<\/strong><\/td>\n<td style=\"border-style: solid; border-color: #000000;\">Laia Sabat\u00e9<\/td>\n<\/tr>\n<tr>\n<td style=\"border-style: solid; border-color: #000000;\"><strong>Coordinadora LIC<\/strong><\/td>\n<td style=\"border-style: solid; border-color: #000000;\">Roser Guasch<\/td>\n<\/tr>\n<tr>\n<td style=\"border-style: solid; border-color: #000000;\"><strong>Coordinador iEduca<\/strong><\/td>\n<td style=\"border-style: solid; border-color: #000000;\">Jordi Moreno<\/td>\n<\/tr>\n<tr>\n<td style=\"border-style: solid; border-color: #000000;\"><strong>Coordinadora PIM\u00a0 &#8211; mestra terapeuta<\/strong><\/td>\n<td style=\"border-style: solid; border-color: #000000;\">N\u00faria Miquel<\/td>\n<\/tr>\n<tr>\n<td style=\"border-style: solid; border-color: #000000;\"><strong>Coordinadora Projectes internacionals<\/strong><\/td>\n<td style=\"border-style: solid; border-color: #000000;\">\u00c8ric Mar\u00edn<\/td>\n<\/tr>\n<tr>\n<td style=\"border-style: solid; border-color: #000000;\"><strong>Coordinadora web<\/strong><\/td>\n<td style=\"border-style: solid; border-color: #000000;\">Elisabet Dalmau<\/td>\n<\/tr>\n<tr>\n<td style=\"border-style: solid; border-color: #000000;\"><strong>Coordinador Pla catal\u00e0 esport escola<\/strong><\/td>\n<td style=\"border-style: solid; border-color: #000000;\">Noe Pascual<\/td>\n<\/tr>\n<tr>\n<td style=\"border-style: solid; border-color: #000000;\"><strong>Coordinadores Xarxa de compet\u00e8ncies<\/strong><\/td>\n<td style=\"border-style: solid; border-color: #000000;\">Irene Garcia i Maite Navarro<\/td>\n<\/tr>\n<tr>\n<td style=\"border-style: solid; border-color: #000000;\"><strong>Coordinadora Biblioteca<\/strong><\/td>\n<td style=\"border-style: solid; border-color: #000000;\">Yaiza de la Cruz<\/td>\n<\/tr>\n<tr>\n<td style=\"border-style: solid; border-color: #000000;\"><strong>Coordinadora de coeducaci\u00f3, conviv\u00e8ncia i benestar<\/strong><\/td>\n<td style=\"border-style: solid; border-color: #000000;\">Anna Palau<\/td>\n<\/tr>\n<tr>\n<td style=\"border-style: solid; border-color: #000000;\"><strong>Servei per la comunitat<\/strong><\/td>\n<td style=\"border-style: solid; border-color: #000000;\">Pilar Ferran<\/td>\n<\/tr>\n<\/tbody>\n<\/table>\n<p><span style=\"color: #008000;\"><strong>TUTORIES<\/strong><\/span><\/p>\n<table style=\"border-collapse: collapse; width: 58.0494%; height: 768px;\" border=\"1\">\n<tbody>\n<tr>\n<td style=\"width: 43.0903%; border-style: double; border-color: #000000;\"><b>1 ESO A<\/b><\/td>\n<td style=\"width: 37.9809%; border-style: double; border-color: #000000;\">Sabina M\u00e0rmol<\/td>\n<\/tr>\n<tr style=\"height: 32px;\">\n<td style=\"width: 43.0903%; height: 32px; border-style: double; border-color: #000000;\"><b>1 ESO B<\/b><\/td>\n<td style=\"width: 37.9809%; height: 32px; border-style: double; border-color: #000000;\">Elena Palmero<\/td>\n<\/tr>\n<tr style=\"height: 32px;\">\n<td style=\"width: 43.0903%; height: 32px; border-style: double; border-color: #000000;\"><b>1 ESO C<\/b><\/td>\n<td style=\"width: 37.9809%; height: 32px; border-style: double; border-color: #000000;\">Pedro Ortega<\/td>\n<\/tr>\n<tr style=\"height: 32px;\">\n<td style=\"width: 43.0903%; height: 32px; border-style: double; border-color: #000000;\"><b>1 ESO D<\/b><\/td>\n<td style=\"width: 37.9809%; height: 32px; border-style: double; border-color: #000000;\">Eva G\u00f3mez<\/td>\n<\/tr>\n<tr style=\"height: 30px;\">\n<td style=\"width: 43.0903%; border-style: double; border-color: #000000; height: 30px;\"><b>2 ESO A<\/b>\u00a0<b><br \/>\n<\/b><\/td>\n<td style=\"width: 37.9809%; height: 30px; border-style: double; border-color: #000000;\">Montse Rimbau<\/td>\n<\/tr>\n<tr style=\"height: 30px;\">\n<td style=\"width: 43.0903%; border-style: double; border-color: #000000; height: 30px;\"><b>2 ESO B<\/b><\/td>\n<td style=\"width: 37.9809%; height: 30px; border-style: double; border-color: #000000;\">Maite Navarro<\/td>\n<\/tr>\n<tr style=\"height: 30px;\">\n<td style=\"width: 43.0903%; border-style: double; border-color: #000000; height: 30px;\"><b>2 ESO C<\/b><\/td>\n<td style=\"width: 37.9809%; height: 30px; border-style: double; border-color: #000000;\">David Vallverd\u00fa<\/td>\n<\/tr>\n<tr style=\"height: 30px;\">\n<td style=\"width: 43.0903%; border-style: double; border-color: #000000; height: 30px;\"><b>3 ESO A<\/b><\/td>\n<td style=\"width: 37.9809%; border-style: double; border-color: #000000; height: 30px;\">Gerard Catal\u00e0<\/td>\n<\/tr>\n<tr style=\"height: 30px;\">\n<td style=\"width: 43.0903%; border-style: double; border-color: #000000; height: 30px;\"><b>3 ESO B<\/b><\/td>\n<td style=\"width: 37.9809%; border-style: double; border-color: #000000; height: 30px;\">Anabel Garrido<\/td>\n<\/tr>\n<tr style=\"height: 30px;\">\n<td style=\"width: 43.0903%; border-style: double; border-color: #000000; height: 30px;\"><b>3 ESO C<\/b><\/td>\n<td style=\"width: 37.9809%; border-style: double; border-color: #000000; height: 30px;\">Laia Sabat\u00e9<\/td>\n<\/tr>\n<tr style=\"height: 30px;\">\n<td style=\"width: 43.0903%; border-style: double; border-color: #000000; height: 30px;\"><b>3 ESO D<\/b><\/td>\n<td style=\"width: 37.9809%; border-style: double; border-color: #000000; height: 30px;\">Elisabet Dalmau<\/td>\n<\/tr>\n<tr style=\"height: 30px;\">\n<td style=\"width: 43.0903%; border-style: double; border-color: #000000; height: 30px;\"><b>4 ESO A<\/b><\/td>\n<td style=\"width: 37.9809%; border-style: double; border-color: #000000; height: 30px;\">Montserrat Coll<\/td>\n<\/tr>\n<tr>\n<td style=\"width: 43.0903%; border-style: double; border-color: #000000;\"><b>4 ESO B<\/b><\/td>\n<td style=\"width: 37.9809%; border-style: double; border-color: #000000;\">Aloha Nieto<\/td>\n<\/tr>\n<tr style=\"height: 31px;\">\n<td style=\"width: 43.0903%; border-style: double; border-color: #000000; height: 31px;\"><b>4 ESO C<\/b><\/td>\n<td style=\"width: 37.9809%; border-style: double; border-color: #000000; height: 31px;\">Vanesa Moreno<\/td>\n<\/tr>\n<tr style=\"height: 30px;\">\n<td style=\"width: 43.0903%; border-style: double; border-color: #000000; height: 30px;\"><b>4 ESO D<\/b><\/td>\n<td style=\"width: 37.9809%; border-style: double; border-color: #000000; height: 30px;\">S\u00edlvia Lorente<\/td>\n<\/tr>\n<tr style=\"height: 31px;\">\n<td style=\"width: 43.0903%; border-style: double; border-color: #000000; height: 31px;\"><b>1 BAT A<\/b><\/td>\n<td style=\"width: 37.9809%; border-style: double; border-color: #000000; height: 31px;\">Jordi Moreno<\/td>\n<\/tr>\n<tr style=\"height: 31px;\">\n<td style=\"width: 43.0903%; border-style: double; border-color: #000000; height: 31px;\"><b>1 BAT B<\/b><\/td>\n<td style=\"width: 37.9809%; border-style: double; border-color: #000000; height: 31px;\">Rosana Cerd\u00e0<\/td>\n<\/tr>\n<tr style=\"height: 31px;\">\n<td style=\"width: 43.0903%; border-style: double; border-color: #000000; height: 31px;\"><b>1 BAT C<\/b><\/td>\n<td style=\"width: 37.9809%; border-style: double; border-color: #000000; height: 31px;\">Yaiza de la Cruz<\/td>\n<\/tr>\n<tr style=\"height: 31px;\">\n<td style=\"width: 43.0903%; border-style: double; border-color: #000000; height: 31px;\"><b>2 BAT A<\/b><\/td>\n<td style=\"width: 37.9809%; border-style: double; border-color: #000000; height: 31px;\">Zenaida Llorens<\/td>\n<\/tr>\n<tr style=\"height: 31px;\">\n<td style=\"width: 43.0903%; border-style: double; border-color: #000000; height: 31px;\"><b>2 BAT B<\/b><\/td>\n<td style=\"width: 37.9809%; border-style: double; border-color: #000000; height: 31px;\">Anna P\u00e9rez<\/td>\n<\/tr>\n<tr style=\"height: 31px;\">\n<td style=\"width: 43.0903%; border-style: double; border-color: #000000; height: 31px;\"><b>2 BAT C<\/b><\/td>\n<td style=\"width: 37.9809%; border-style: double; border-color: #000000; height: 31px;\">Montse Garcia<\/td>\n<\/tr>\n<tr style=\"height: 32px;\">\n<td style=\"width: 43.0903%; border-style: double; border-color: #000000; height: 32px;\"><b>CFGB Serveis Administratius<\/b><\/td>\n<td style=\"width: 37.9809%; border-style: double; border-color: #000000; height: 32px;\">Ismael Llurba<\/td>\n<\/tr>\n<tr style=\"height: 31px;\">\n<td style=\"width: 43.0903%; border-style: double; border-color: #000000; height: 31px;\"><b>SIEI<\/b><\/td>\n<td style=\"width: 37.9809%; border-style: double; border-color: #000000; height: 31px;\">Montse Dom\u00e8nech<\/td>\n<\/tr>\n<tr style=\"height: 32px;\">\n<td style=\"width: 43.0903%; border-style: double; border-color: #000000; height: 32px;\"><strong>Aula d&#8217;acollida intensiva (AAI)<\/strong><\/td>\n<td style=\"width: 37.9809%; border-style: double; border-color: #000000; height: 32px;\">&#8211;<\/td>\n<\/tr>\n<tr style=\"height: 19px;\">\n<td style=\"width: 43.0903%; border-style: double; border-color: #000000; height: 19px;\"><b>Aula d&#8217;acollida (AA)<\/b><\/td>\n<td style=\"width: 37.9809%; border-style: double; border-color: #000000; height: 19px;\">Clara Bailach<\/td>\n<\/tr>\n<\/tbody>\n<\/table>\n<p><span style=\"color: #008000;\"><b>ORIENTACI\u00d3 PSICOPEDAG\u00d2GICA<\/b><\/span><\/p>\n<table style=\"border-collapse: collapse; width: 57.3446%; height: 62px;\" border=\"1\">\n<tbody>\n<tr style=\"height: 31px;\">\n<td style=\"width: 30.8943%; border-style: double; border-color: #000000; height: 31px;\"><b>Orientadora 1r, 2n i 3r ESO<\/b><\/td>\n<td style=\"width: 17.9452%; border-style: double; border-color: #000000; height: 31px;\">Eugenia Pinto<\/td>\n<\/tr>\n<tr style=\"height: 31px;\">\n<td style=\"width: 30.8943%; border-style: double; border-color: #000000; height: 31px;\"><b>Orientadora 4t ESO i BATXILLERAT<\/b><\/td>\n<td style=\"width: 17.9452%; border-style: double; border-color: #000000; height: 31px;\">Anna Palau<\/td>\n<\/tr>\n<\/tbody>\n<\/table>\n<p>&nbsp;<\/p>\n","protected":false},"excerpt":{"rendered":"<p>LA DIRECCI\u00d3 DEL CENTRE<\/p>\n<p>DIRECTORA<br \/>\nMarta Vallinoto<\/p>\n<p>CAP D&#8217;ESTUDIS<br \/>\nAdri\u00e0 Soriano<\/p>\n<p>SECRET\u00c0RIA<br \/>\nElena Soberanas<\/p>\n<p>COORDINADORA PEDAG\u00d2GICA<br \/>\nIrene Garcia<\/p>\n<p>&nbsp;<br \/>\nCAPS DE DEPARTAMENT<\/p>\n<p>Departament de llengua catalana<br \/>\nS\u00edlvia Lorente<\/p>\n<p>Departament de llengua castellana<br \/>\nInma Villalba<\/p>\n<p>Departament de lleng\u00fces estrangeres<br \/>\nMarta Prat<\/p>\n<p>Departament de matem\u00e0tiques<br \/>\nBego\u00f1a Peri\u00e1\u00f1ez<\/p>\n<p>Departament de ci\u00e8ncies<br \/>\nMontse Piqu\u00e9<\/p>\n<p>Departament de tecnologies<br \/>\nPedro Ortega<\/p>\n<p>Departament de socials<br \/>\nV\u00edctor P\u00e9rez<\/p>\n<p>Departament art\u00edstic<br \/>\n\u00c0lex Carr<\/p>\n<p>Departament d&#8217;educaci\u00f3 f\u00edsica<br \/>\nNo\u00e9 Pascual<\/p>\n<p>Departament d&#8217;orientaci\u00f3<br \/>\nMontse Dom\u00e8nech<\/p>\n<p>Departament d&#8217;economia<br \/>\nElena Soberanas<\/p>\n<p>COORDINACIONS<\/p>\n<p>Coordinadora&hellip;  <a href=\"https:\/\/agora.xtec.cat\/instarragona\/linstitut\/organigrama\/\" title=\"Read Organigrama\">Llegeix m\u00e9s\u00bb<\/a><\/p>\n","protected":false},"author":1,"featured_media":0,"parent":19,"menu_order":50,"comment_status":"closed","ping_status":"closed","template":"page-templates\/side-menu.php","meta":{"_bbp_topic_count":0,"_bbp_reply_count":0,"_bbp_total_topic_count":0,"_bbp_total_reply_count":0,"_bbp_voice_count":0,"_bbp_anonymous_reply_count":0,"_bbp_topic_count_hidden":0,"_bbp_reply_count_hidden":0,"_bbp_forum_subforum_count":0,"footnotes":""},"class_list":["post-46","page","type-page","status-publish","hentry"],"post_mailing_queue_ids":[],"_links":{"self":[{"href":"https:\/\/agora.xtec.cat\/instarragona\/wp-json\/wp\/v2\/pages\/46","targetHints":{"allow":["GET"]}}],"collection":[{"href":"https:\/\/agora.xtec.cat\/instarragona\/wp-json\/wp\/v2\/pages"}],"about":[{"href":"https:\/\/agora.xtec.cat\/instarragona\/wp-json\/wp\/v2\/types\/page"}],"author":[{"embeddable":true,"href":"https:\/\/agora.xtec.cat\/instarragona\/wp-json\/wp\/v2\/users\/1"}],"replies":[{"embeddable":true,"href":"https:\/\/agora.xtec.cat\/instarragona\/wp-json\/wp\/v2\/comments?post=46"}],"version-history":[{"count":6,"href":"https:\/\/agora.xtec.cat\/instarragona\/wp-json\/wp\/v2\/pages\/46\/revisions"}],"predecessor-version":[{"id":6528,"href":"https:\/\/agora.xtec.cat\/instarragona\/wp-json\/wp\/v2\/pages\/46\/revisions\/6528"}],"up":[{"embeddable":true,"href":"https:\/\/agora.xtec.cat\/instarragona\/wp-json\/wp\/v2\/pages\/19"}],"wp:attachment":[{"href":"https:\/\/agora.xtec.cat\/instarragona\/wp-json\/wp\/v2\/media?parent=46"}],"curies":[{"name":"wp","href":"https:\/\/api.w.org\/{rel}","templated":true}]}}