{"id":4539,"date":"2024-05-21T09:47:13","date_gmt":"2024-05-21T07:47:13","guid":{"rendered":"https:\/\/agora.xtec.cat\/instarragona\/?page_id=4539"},"modified":"2025-01-30T18:55:15","modified_gmt":"2025-01-30T17:55:15","slug":"departament-de-llengues-estrangeres","status":"publish","type":"page","link":"https:\/\/agora.xtec.cat\/instarragona\/departament-de-llengues-estrangeres\/","title":{"rendered":"Lleng\u00fces estrangeres"},"content":{"rendered":"<table style=\"width: 100%; border-collapse: collapse; border-color: #385913; border-style: solid;\">\n<tbody>\n<tr>\n<td style=\"width: 20.5584%;\"><img loading=\"lazy\" decoding=\"async\" class=\"aligncenter wp-image-4639\" src=\"https:\/\/agora.xtec.cat\/instarragona\/wp-content\/uploads\/usu484\/2023\/10\/Captura-7.jpg\" alt=\"\" width=\"242\" height=\"245\" srcset=\"https:\/\/agora.xtec.cat\/instarragona\/wp-content\/uploads\/usu484\/2023\/10\/Captura-7.jpg 1182w, https:\/\/agora.xtec.cat\/instarragona\/wp-content\/uploads\/usu484\/2023\/10\/Captura-7-296x300.jpg 296w, https:\/\/agora.xtec.cat\/instarragona\/wp-content\/uploads\/usu484\/2023\/10\/Captura-7-1009x1024.jpg 1009w, https:\/\/agora.xtec.cat\/instarragona\/wp-content\/uploads\/usu484\/2023\/10\/Captura-7-768x780.jpg 768w\" sizes=\"auto, (max-width: 242px) 100vw, 242px\" \/><\/td>\n<td style=\"width: 79.4416%; border-style: solid; border-color: #807777;\">\n<h2><span style=\"color: #008000;\"><strong>LA MAT\u00c8RIA<\/strong><\/span><\/h2>\n<p><span style=\"font-weight: 400;\">En un m\u00f3n interconnectat i canviant, els nostres alumnes, cada vegada m\u00e9s tenen necessitat de comunicar-se i ser competents en lleng\u00fces estrangeres.\u00a0<\/span><\/p>\n<p><span style=\"font-weight: 400;\">Des de l\u2019Institut Tarragona els oferim un gran ventall de possibilitats d\u2019aprendre lleng\u00fces estrangeres: <\/span><\/p>\n<ul>\n<li><span style=\"font-weight: 400;\"><strong>Primera llengua estrangera obligat\u00f2ria<\/strong>, Angl\u00e8s o Alemany a l\u2019ESO i a Batxillerat, amb una c\u00e0rrega lectiva de 3 hores setmanals de des de 1r d\u2019ESO fins a Batxillerat. <\/span><\/li>\n<li><span style=\"font-weight: 400;\"><strong>Una segona llengua Estrangera optativa<\/strong>: Franc\u00e8s o Alemany, de continu\u00eftat obligat\u00f2ria durant tota l\u2019ESO, amb una c\u00e0rrega lectiva de 2 hores de 1r a 3r d\u2019ESO i de 3 hores a 4t d\u2019ESO.<\/span><\/li>\n<\/ul>\n<\/td>\n<\/tr>\n<\/tbody>\n<\/table>\n<table style=\"width: 100%; border-collapse: collapse; border-color: #385913; border-style: solid;\">\n<tbody>\n<tr>\n<td style=\"width: 20.7034%; background-color: #a9d4ad; vertical-align: top;\">\n<h4><span style=\"color: #808080;\">AULES ESPEC\u00cdFIQUES<\/span><\/h4>\n<p>La mat\u00e8ria d&#8217;angl\u00e8s s&#8217;imparteix generalment en les aules pr\u00f2pies dels diferents grups.<\/p>\n<p>El centre tamb\u00e9 disposa d&#8217;una aula espec\u00edfica d&#8217;idiomes, on habitualment s&#8217;ofereix l&#8217;alemany.<\/p>\n<p>&nbsp;<\/p>\n<p>&nbsp;<\/td>\n<td style=\"width: 57.9224%; border-style: solid; border-color: #807777; vertical-align: top;\">\n<h4><span style=\"color: #808080;\">PROJECTES PROPIS, SORTIDES I ACTIVITATS HABITUALS\u00a0<\/span><\/h4>\n<p><strong>Ex\u00e0mens oficials<\/strong><\/p>\n<p><span style=\"font-weight: 400;\">Facilitem la preparaci\u00f3 i la inscripci\u00f3 a ex\u00e0mens oficials: PET, KET, FCE, de llengua anglesa, DELF, de llengua francesa, i als ex\u00e0mens de Goethe Institut de Barcelona A2 i B1, de llengua alemanya.<\/span><\/p>\n<p><strong>Intercanvis i projectes internacionals<\/strong><\/p>\n<p><span style=\"font-weight: 400;\">Duem a terme intercanvis en les tres lleng\u00fces estrangeres: amb Su\u00e8cia (en Angl\u00e8s a 3r d\u2019ESO), amb Alemanya i amb Fran\u00e7a (a 4t d\u2019ESO).<\/span><\/p>\n<p><span style=\"font-weight: 400;\">El departament de lleng\u00fces estrangeres participa activament en el Programa Erasmus+ del centre. Aquests projectes permeten viatjar en grup o individualment a diferents pa\u00efsos d\u2019Europa.\u00a0<\/span><\/p>\n<p><strong>Professorat visitant<\/strong><\/p>\n<p><span style=\"font-weight: 400;\">Participem, des dels inicis de l\u2019institut, al programa <strong><a href=\"https:\/\/smileprogramme.wixsite.com\/smileprogramme\" target=\"_blank\" rel=\"noopener\">SMILE<\/a><\/strong>, un programa que es desenvolupa conjuntament amb estudiants estrangers d\u2019Erasmus de la URV.<\/span><\/td>\n<td style=\"width: 21.3742%; border-style: solid; border-color: #807777; background-color: #a9d4ad; vertical-align: top;\">\n<h4><span style=\"color: #808080;\">RECURSOS DIGITALS<\/span><\/h4>\n<p>Habitualment el professorat del departament organitza les seves classes en diferents entorns virtuals.<\/p>\n<p><img loading=\"lazy\" decoding=\"async\" class=\"\" src=\"https:\/\/upload.wikimedia.org\/wikipedia\/commons\/thumb\/1\/19\/Google_Classroom_Logo.svg\/1200px-Google_Classroom_Logo.svg.png\" alt=\"Google Classroom - Wikipedia, la enciclopedia libre\" width=\"51\" height=\"44\" \/>\u00a0 Classroom<\/p>\n<p><img loading=\"lazy\" decoding=\"async\" class=\"wp-image-4641 alignleft\" src=\"https:\/\/agora.xtec.cat\/instarragona\/wp-content\/uploads\/usu484\/2023\/10\/2-2.jpg\" alt=\"\" width=\"47\" height=\"47\" srcset=\"https:\/\/agora.xtec.cat\/instarragona\/wp-content\/uploads\/usu484\/2023\/10\/2-2.jpg 287w, https:\/\/agora.xtec.cat\/instarragona\/wp-content\/uploads\/usu484\/2023\/10\/2-2-150x150.jpg 150w\" sizes=\"auto, (max-width: 47px) 100vw, 47px\" \/><\/p>\n<p>&nbsp;<\/p>\n<p><span style=\"font-family: inherit; font-size: 1em;\">Moodle<\/span><\/p>\n<p><a href=\"https:\/\/sites.google.com\/xtec.cat\/edcinstarragona\/cultura-digital\" target=\"_blank\" rel=\"noopener\"><strong>Aqu\u00ed<\/strong> <\/a>trobar\u00e0s m\u00e9s informaci\u00f3.<\/td>\n<\/tr>\n<\/tbody>\n<\/table>\n<p>&nbsp;<\/p>\n","protected":false},"excerpt":{"rendered":"<p>LA MAT\u00c8RIA<br \/>\nEn un m\u00f3n interconnectat i canviant, els nostres alumnes, cada vegada m\u00e9s tenen necessitat de comunicar-se i ser competents en lleng\u00fces estrangeres.\u00a0<br \/>\nDes de l\u2019Institut Tarragona els oferim un gran ventall de possibilitats d\u2019aprendre lleng\u00fces estrangeres: <\/p>\n<ul>\n<li>Primera llengua estrangera obligat\u00f2ria, Angl\u00e8s o Alemany a l\u2019ESO&hellip;  <a href=\"https:\/\/agora.xtec.cat\/instarragona\/departament-de-llengues-estrangeres\/\" title=\"Read Lleng\u00fces estrangeres\">Llegeix m\u00e9s\u00bb<\/a><br \/>\n","protected":false},"author":1,"featured_media":0,"parent":0,"menu_order":0,"comment_status":"closed","ping_status":"closed","template":"","meta":{"_bbp_topic_count":0,"_bbp_reply_count":0,"_bbp_total_topic_count":0,"_bbp_total_reply_count":0,"_bbp_voice_count":0,"_bbp_anonymous_reply_count":0,"_bbp_topic_count_hidden":0,"_bbp_reply_count_hidden":0,"_bbp_forum_subforum_count":0,"footnotes":""},"class_list":["post-4539","page","type-page","status-publish","hentry"],"post_mailing_queue_ids":[],"_links":{"self":[{"href":"https:\/\/agora.xtec.cat\/instarragona\/wp-json\/wp\/v2\/pages\/4539","targetHints":{"allow":["GET"]}}],"collection":[{"href":"https:\/\/agora.xtec.cat\/instarragona\/wp-json\/wp\/v2\/pages"}],"about":[{"href":"https:\/\/agora.xtec.cat\/instarragona\/wp-json\/wp\/v2\/types\/page"}],"author":[{"embeddable":true,"href":"https:\/\/agora.xtec.cat\/instarragona\/wp-json\/wp\/v2\/users\/1"}],"replies":[{"embeddable":true,"href":"https:\/\/agora.xtec.cat\/instarragona\/wp-json\/wp\/v2\/comments?post=4539"}],"version-history":[{"count":6,"href":"https:\/\/agora.xtec.cat\/instarragona\/wp-json\/wp\/v2\/pages\/4539\/revisions"}],"predecessor-version":[{"id":5770,"href":"https:\/\/agora.xtec.cat\/instarragona\/wp-json\/wp\/v2\/pages\/4539\/revisions\/5770"}],"wp:attachment":[{"href":"https:\/\/agora.xtec.cat\/instarragona\/wp-json\/wp\/v2\/media?parent=4539"}],"curies":[{"name":"wp","href":"https:\/\/api.w.org\/{rel}","templated":true}]}}