{"id":27,"date":"2014-09-17T16:24:03","date_gmt":"2014-09-17T16:24:03","guid":{"rendered":"http:\/\/agora.xtec.cat\/inspontdeldiable\/?page_id=27"},"modified":"2019-11-10T21:23:22","modified_gmt":"2019-11-10T20:23:22","slug":"historia","status":"publish","type":"page","link":"https:\/\/agora.xtec.cat\/inspontdeldiable\/linstitut\/historia\/","title":{"rendered":"Hist\u00f2ria"},"content":{"rendered":"<p><span class=\"s17\">L\u2019Institut Pont del Diable \u00e9s un centre d<\/span><span class=\"s17\">\u2019<\/span><span class=\"s17\">e<\/span><span class=\"s17\">ducaci\u00f3<\/span><span class=\"s17\">\u00a0secund\u00e0ria<\/span><span class=\"s17\">, de titularitat<\/span><span class=\"s17\">\u00a0p\u00fablic<\/span><span class=\"s17\">a.<\/span><span class=\"s17\">\u00a0<\/span><span class=\"s17\">Est\u00e0\u00a0<\/span><span class=\"s17\">ubicat a la urbanitzaci\u00f3 Sant Ramon, una agrupaci\u00f3 d\u2019habitatges unifamiliars i de blocs de pisos constru\u00efts entre el barri de Sant Salvador i la zona boscosa del voltant del Mas dels Arcs (antiga construcci\u00f3 d\u2019origen medieval que rep\u00a0<\/span><span class=\"s17\">el seu nom de la proximitat a<\/span><span class=\"s17\">l Pont del Diable).\u00a0<\/span><span class=\"s17\">El centre imparteix estudis d\u2019ESO (2 l\u00ednies, de 1r a 4t curs), i de Formaci\u00f3 Professional (2 l\u00ednies del CFGM Cures Auxiliars d\u2019Infermeria, i 1 l\u00ednia del CFGM Atenci\u00f3 a Persones en Situaci\u00f3 de Depend\u00e8ncia).<\/span><\/p>\n<p><a href=\"https:\/\/agora.xtec.cat\/inspontdeldiable\/wp-content\/uploads\/usu2039\/2019\/11\/centre.jpg\"><img loading=\"lazy\" decoding=\"async\" class=\"wp-image-495  aligncenter\" src=\"https:\/\/agora.xtec.cat\/inspontdeldiable\/wp-content\/uploads\/usu2039\/2019\/11\/centre-1024x768.jpg\" alt=\"\" width=\"577\" height=\"433\" srcset=\"https:\/\/agora.xtec.cat\/inspontdeldiable\/wp-content\/uploads\/usu2039\/2019\/11\/centre-1024x768.jpg 1024w, https:\/\/agora.xtec.cat\/inspontdeldiable\/wp-content\/uploads\/usu2039\/2019\/11\/centre-300x225.jpg 300w, https:\/\/agora.xtec.cat\/inspontdeldiable\/wp-content\/uploads\/usu2039\/2019\/11\/centre-768x576.jpg 768w, https:\/\/agora.xtec.cat\/inspontdeldiable\/wp-content\/uploads\/usu2039\/2019\/11\/centre-200x150.jpg 200w\" sizes=\"auto, (max-width: 577px) 100vw, 577px\" \/><\/a><\/p>\n<p>&nbsp;<\/p>\n<p>&nbsp;<\/p>\n","protected":false},"excerpt":{"rendered":"<p>L\u2019Institut Pont del Diable \u00e9s un centre d\u2019educaci\u00f3\u00a0secund\u00e0ria, de titularitat\u00a0p\u00fablica.\u00a0Est\u00e0\u00a0ubicat a la urbanitzaci\u00f3 Sant Ramon, una agrupaci\u00f3 d\u2019habitatges unifamiliars i de blocs de pisos constru\u00efts entre el barri de Sant Salvador i la zona boscosa del voltant del Mas dels Arcs (antiga construcci\u00f3 d\u2019origen medieval&hellip;  <a href=\"https:\/\/agora.xtec.cat\/inspontdeldiable\/linstitut\/historia\/\" title=\"Read Hist\u00f2ria\">Llegeix m\u00e9s\u00bb<\/a><\/p>\n","protected":false},"author":1,"featured_media":0,"parent":19,"menu_order":20,"comment_status":"closed","ping_status":"closed","template":"page-templates\/side-menu.php","meta":{"_bbp_topic_count":0,"_bbp_reply_count":0,"_bbp_total_topic_count":0,"_bbp_total_reply_count":0,"_bbp_voice_count":0,"_bbp_anonymous_reply_count":0,"_bbp_topic_count_hidden":0,"_bbp_reply_count_hidden":0,"_bbp_forum_subforum_count":0,"footnotes":""},"class_list":["post-27","page","type-page","status-publish","hentry"],"post_mailing_queue_ids":[],"_links":{"self":[{"href":"https:\/\/agora.xtec.cat\/inspontdeldiable\/wp-json\/wp\/v2\/pages\/27","targetHints":{"allow":["GET"]}}],"collection":[{"href":"https:\/\/agora.xtec.cat\/inspontdeldiable\/wp-json\/wp\/v2\/pages"}],"about":[{"href":"https:\/\/agora.xtec.cat\/inspontdeldiable\/wp-json\/wp\/v2\/types\/page"}],"author":[{"embeddable":true,"href":"https:\/\/agora.xtec.cat\/inspontdeldiable\/wp-json\/wp\/v2\/users\/1"}],"replies":[{"embeddable":true,"href":"https:\/\/agora.xtec.cat\/inspontdeldiable\/wp-json\/wp\/v2\/comments?post=27"}],"version-history":[{"count":1,"href":"https:\/\/agora.xtec.cat\/inspontdeldiable\/wp-json\/wp\/v2\/pages\/27\/revisions"}],"predecessor-version":[{"id":496,"href":"https:\/\/agora.xtec.cat\/inspontdeldiable\/wp-json\/wp\/v2\/pages\/27\/revisions\/496"}],"up":[{"embeddable":true,"href":"https:\/\/agora.xtec.cat\/inspontdeldiable\/wp-json\/wp\/v2\/pages\/19"}],"wp:attachment":[{"href":"https:\/\/agora.xtec.cat\/inspontdeldiable\/wp-json\/wp\/v2\/media?parent=27"}],"curies":[{"name":"wp","href":"https:\/\/api.w.org\/{rel}","templated":true}]}}