{"id":1650,"date":"2021-03-05T10:12:00","date_gmt":"2021-03-05T09:12:00","guid":{"rendered":"https:\/\/agora.xtec.cat\/inspontdeldiable\/?page_id=1650"},"modified":"2021-03-05T13:30:49","modified_gmt":"2021-03-05T12:30:49","slug":"poefa","status":"publish","type":"page","link":"https:\/\/agora.xtec.cat\/inspontdeldiable\/projecte-educatiu\/poefa\/","title":{"rendered":"POEFA"},"content":{"rendered":"<h3 style=\"font-weight: 400;\"><strong><u>Projecte amb oportunitats d\u2019\u00e8xit educatiu a favor de l\u2019alumnat (POEFA)<\/u><\/strong><\/h3>\n<p style=\"font-weight: 400;\">L\u2019Institut ha estat seleccionat per participar en el\u00a0<strong>Projecte amb oportunitats d\u2019\u00e8xit educatiu a favor de l\u2019alumnat (POEFA).<\/strong><\/p>\n<p style=\"font-weight: 400;\">El projecte t\u00e9 com a finalitat oferir la igualtat d&#8217;acc\u00e9s a una educaci\u00f3 de qualitat per a tots els alumnes del centre, i oferir els refor\u00e7os escaients per assolir les compet\u00e8ncies b\u00e0siques que afavoreixen l&#8217;\u00e8xit educatiu, la inclusi\u00f3 dels alumnes m\u00e9s vulnerables, la cohesi\u00f3 de la comunitat educativa i la reducci\u00f3 i prevenci\u00f3 de l&#8217;abandonament escolar prematur.<\/p>\n<p style=\"font-weight: 400;\">El centre prioritza el refor\u00e7 de compet\u00e8ncies b\u00e0siques en diferents \u00e0rees per acompanyar l&#8217;aprenentatge dels alumnes per assolir l&#8217;\u00e8xit acad\u00e8mic relacional i personal en les etapes de transici\u00f3 educativa.<\/p>\n<p style=\"font-weight: 400;\">El projecte s\u2019anomena Harry Potter i vol desplegar accions de car\u00e0cter acad\u00e8mic i l\u00fadic amb l\u2019objectiu de facilitar la inclusi\u00f3 dels alumnes a trav\u00e9s del refor\u00e7 educatiu.<\/p>\n<p><img loading=\"lazy\" decoding=\"async\" class=\"alignnone size-full wp-image-1651\" src=\"https:\/\/agora.xtec.cat\/inspontdeldiable\/wp-content\/uploads\/usu2039\/2021\/03\/baixa.png\" alt=\"\" width=\"385\" height=\"131\" srcset=\"https:\/\/agora.xtec.cat\/inspontdeldiable\/wp-content\/uploads\/usu2039\/2021\/03\/baixa.png 385w, https:\/\/agora.xtec.cat\/inspontdeldiable\/wp-content\/uploads\/usu2039\/2021\/03\/baixa-300x102.png 300w\" sizes=\"auto, (max-width: 385px) 100vw, 385px\" \/><\/p>\n<p style=\"font-weight: 400;\">Les actuacions dutes a terme s\u00f3n finan\u00e7ades pel Ministeri d\u2019Educaci\u00f3 i Formaci\u00f3 Professional en el programa d\u2019orientaci\u00f3 i refor\u00e7 per a l&#8217;avan\u00e7 i suport a l\u2019educaci\u00f3. I cofinan\u00e7ades pel programa operatiu d\u2019ocupaci\u00f3, formaci\u00f3 i educaci\u00f3 del Fons Social Europeu 2014-2020.<\/p>\n<p style=\"font-weight: 400;\">L\u2019alumnat del centre ha pogut gaudir del Projecte Harry Potter, es tracta d\u2019un joc de sessi\u00f3 l\u00fadica per a grups estables de conviv\u00e8ncia, amb l\u2019objectiu d\u2019adquirir les compet\u00e8ncies necess\u00e0ries de respecte, seguretat i confian\u00e7a. S\u2019ha dut a terme en diferents tallers on es treballen les compet\u00e8ncies b\u00e0siques d\u2019algunes mat\u00e8ries adequant-se a les particularitats de cada grup. Cinc tallers d\u2019una hora de duraci\u00f3, per grup, amb metodologia vivencial i participativa, tot ambientat en el m\u00f3n m\u00e0gic d\u2019en Harry Potter.<\/p>\n<p>Podeu clicar sobre la imatge per veure fotografies dels tallers realitzats.<\/p>\n<p><a href=\"https:\/\/photos.app.goo.gl\/MNmbM7SsQJhqqqCD8\"><img loading=\"lazy\" decoding=\"async\" class=\"alignnone size-full wp-image-1653\" src=\"https:\/\/agora.xtec.cat\/inspontdeldiable\/wp-content\/uploads\/usu2039\/2021\/03\/HP2.jpg\" alt=\"\" width=\"300\" height=\"168\" \/><\/a><\/p>\n<p><img loading=\"lazy\" decoding=\"async\" class=\"alignnone size-large wp-image-1654\" src=\"https:\/\/agora.xtec.cat\/inspontdeldiable\/wp-content\/uploads\/usu2039\/2021\/03\/logo-FSE-1024x97.png\" alt=\"\" width=\"1024\" height=\"97\" srcset=\"https:\/\/agora.xtec.cat\/inspontdeldiable\/wp-content\/uploads\/usu2039\/2021\/03\/logo-FSE-1024x97.png 1024w, https:\/\/agora.xtec.cat\/inspontdeldiable\/wp-content\/uploads\/usu2039\/2021\/03\/logo-FSE-300x28.png 300w, https:\/\/agora.xtec.cat\/inspontdeldiable\/wp-content\/uploads\/usu2039\/2021\/03\/logo-FSE-768x73.png 768w, https:\/\/agora.xtec.cat\/inspontdeldiable\/wp-content\/uploads\/usu2039\/2021\/03\/logo-FSE.png 1299w\" sizes=\"auto, (max-width: 1024px) 100vw, 1024px\" \/><\/p>\n","protected":false},"excerpt":{"rendered":"<p>Projecte amb oportunitats d\u2019\u00e8xit educatiu a favor de l\u2019alumnat (POEFA)<br \/>\nL\u2019Institut ha estat seleccionat per participar en el\u00a0Projecte amb oportunitats d\u2019\u00e8xit educatiu a favor de l\u2019alumnat (POEFA).<br \/>\nEl projecte t\u00e9 com a finalitat oferir la igualtat d&#8217;acc\u00e9s a una educaci\u00f3 de qualitat per a tots els alumnes&hellip;  <a href=\"https:\/\/agora.xtec.cat\/inspontdeldiable\/projecte-educatiu\/poefa\/\" title=\"Read POEFA\">Llegeix m\u00e9s\u00bb<\/a><\/p>\n","protected":false},"author":1,"featured_media":0,"parent":57,"menu_order":0,"comment_status":"closed","ping_status":"closed","template":"","meta":{"_bbp_topic_count":0,"_bbp_reply_count":0,"_bbp_total_topic_count":0,"_bbp_total_reply_count":0,"_bbp_voice_count":0,"_bbp_anonymous_reply_count":0,"_bbp_topic_count_hidden":0,"_bbp_reply_count_hidden":0,"_bbp_forum_subforum_count":0,"footnotes":""},"class_list":["post-1650","page","type-page","status-publish","hentry"],"post_mailing_queue_ids":[],"_links":{"self":[{"href":"https:\/\/agora.xtec.cat\/inspontdeldiable\/wp-json\/wp\/v2\/pages\/1650","targetHints":{"allow":["GET"]}}],"collection":[{"href":"https:\/\/agora.xtec.cat\/inspontdeldiable\/wp-json\/wp\/v2\/pages"}],"about":[{"href":"https:\/\/agora.xtec.cat\/inspontdeldiable\/wp-json\/wp\/v2\/types\/page"}],"author":[{"embeddable":true,"href":"https:\/\/agora.xtec.cat\/inspontdeldiable\/wp-json\/wp\/v2\/users\/1"}],"replies":[{"embeddable":true,"href":"https:\/\/agora.xtec.cat\/inspontdeldiable\/wp-json\/wp\/v2\/comments?post=1650"}],"version-history":[{"count":3,"href":"https:\/\/agora.xtec.cat\/inspontdeldiable\/wp-json\/wp\/v2\/pages\/1650\/revisions"}],"predecessor-version":[{"id":1659,"href":"https:\/\/agora.xtec.cat\/inspontdeldiable\/wp-json\/wp\/v2\/pages\/1650\/revisions\/1659"}],"up":[{"embeddable":true,"href":"https:\/\/agora.xtec.cat\/inspontdeldiable\/wp-json\/wp\/v2\/pages\/57"}],"wp:attachment":[{"href":"https:\/\/agora.xtec.cat\/inspontdeldiable\/wp-json\/wp\/v2\/media?parent=1650"}],"curies":[{"name":"wp","href":"https:\/\/api.w.org\/{rel}","templated":true}]}}