{"id":1642,"date":"2021-03-11T10:28:34","date_gmt":"2021-03-11T09:28:34","guid":{"rendered":"https:\/\/agora.xtec.cat\/inspontdeldiable\/?page_id=1642"},"modified":"2024-06-07T12:32:57","modified_gmt":"2024-06-07T10:32:57","slug":"preinscripcio-i-matricula-eso","status":"publish","type":"page","link":"https:\/\/agora.xtec.cat\/inspontdeldiable\/preinscripcio-i-matricula-eso\/","title":{"rendered":"PREINSCRIPCI\u00d3 I MATR\u00cdCULA ESO"},"content":{"rendered":"<h5><strong>MATRICULACI\u00d3 ALUMNAT A L\u2019ESO 2024-25<\/strong><\/h5>\n<p>Les dates per formalitzar la matr\u00edcula s\u00f3n del\u00a0<strong>18 al 28 de juny. <\/strong>La matr\u00edcula \u00e9s\u00a0<strong>presencial<\/strong>, pel pare\/mare\/tutor, a la secretaria del centre, amb cita pr\u00e8via:<\/p>\n<table width=\"303\">\n<tbody>\n<tr>\n<td width=\"164\"><strong>Nivell a matricular<\/strong><\/td>\n<td width=\"227\"><strong>Data de matr\u00edcula<\/strong><\/td>\n<\/tr>\n<tr>\n<td width=\"164\"><strong>1r d\u2019ESO<\/strong><\/td>\n<td width=\"227\">dimarts,\u00a0<strong>18\u00a0<\/strong>de juny<\/p>\n<p>dimecres,\u00a0<strong>19\u00a0<\/strong>de juny<\/td>\n<\/tr>\n<tr>\n<td width=\"164\"><strong>2n d\u2019ESO<\/strong><\/td>\n<td width=\"227\">dijous,\u00a0<strong>20<\/strong>\u00a0de juny<\/p>\n<p>1A: 8:30 -10:00<\/p>\n<p>1B: 10:30 \u2013 12:00<\/p>\n<p>1C: 12:30 -14:00<\/td>\n<\/tr>\n<tr>\n<td width=\"164\"><strong>3r d\u2019ESO<\/strong><\/td>\n<td width=\"227\">divendres,\u00a0<strong>21<\/strong>\u00a0de juny<\/p>\n<p>2A: 8:30 -10:00<\/p>\n<p>2B: 10:30 \u2013 12:00<\/p>\n<p>2C: 12:30 -14:00<\/td>\n<\/tr>\n<tr>\n<td width=\"164\"><strong>4t d\u2019ESO<\/strong><\/td>\n<td width=\"227\">dimarts,\u00a0<strong>25<\/strong>\u00a0de juny<\/p>\n<p>3A: 8:30 -10:00<\/p>\n<p>3B: 10:30 \u2013 12:00<\/p>\n<p>3C: 12:30 -14:00<\/td>\n<\/tr>\n<\/tbody>\n<\/table>\n<p>L\u2019<strong>horari<\/strong>\u00a0de matr\u00edcula ser\u00e0 de\u00a0<strong>8:30 a 14:00 h<\/strong>.<\/p>\n<p>La\u00a0<strong>documentaci\u00f3<\/strong>\u00a0que s\u2019ha de portar al formalitzar la matr\u00edcula \u00e9s:<\/p>\n<ul>\n<li>Si ets un\/a\u00a0<strong>alumne\/a nou\u00a0<\/strong>al centre:\n<ul>\n<li>Fotoc\u00f2pia de la Targeta Sanit\u00e0ria<\/li>\n<li>Fotoc\u00f2pia del llibre de les vacunes<\/li>\n<li>Fotografia mida carnet<\/li>\n<\/ul>\n<\/li>\n<li>Si ets un\/a\u00a0<strong>alumne\/a del centre <\/strong>no cal que ens aportis aquesta documentaci\u00f3 \u00fanicament fotoc\u00f2pia de la documentaci\u00f3 renovada recentment.<\/li>\n<\/ul>\n<p>L\u2019<strong>import<\/strong>\u00a0de la matr\u00edcula i del lloguer de llibres \u00e9s en\u00a0<strong>EFECTIU<\/strong>:<\/p>\n<ul>\n<li>Matr\u00edcula: 25 \u20ac<\/li>\n<li>Lloguer dels llibres: 50 \u20ac<\/li>\n<li>Fian\u00e7a dels llibres: 50 \u20ac (per l\u2019alumnat nou al centre, es retornar\u00e0 al finalitzar l\u2019ESO i en el moment del retorn dels llibres, sempre que estiguin en bon estat)<\/li>\n<\/ul>\n<p>&nbsp;<\/p>\n<p><span style=\"font-family: inherit; font-size: 1.6875em; font-weight: bold;\">CALENDARI I TERMINIS PREINSCRIPCI\u00d3 I\u00a0 MATR\u00cdCULA CURS 2024-25<\/span><\/p>\n<div class=\"list-item-wrapper\">\n<div class=\"col icon-col\">\n<table style=\"width: 471px; height: 823px;\">\n<tbody>\n<tr>\n<td style=\"width: 62px;\"><img decoding=\"async\" src=\"https:\/\/agora.xtec.cat\/inspontdeldiable\/wp-content\/uploads\/usu2039\/2021\/03\/Sense-t%C3%ADtol.png\" \/><\/td>\n<td style=\"width: 401px;\"><strong>5 de mar\u00e7 <\/strong>de 2024: <a href=\"https:\/\/drive.google.com\/file\/d\/1ZK0d5uiKcSsb50Bk_ZBvh-XkaCk28xVR\/view?usp=drive_link\">oferta inicial de places<\/a><\/td>\n<\/tr>\n<tr style=\"height: 61px;\">\n<td style=\"width: 62px; height: 61px;\"><img decoding=\"async\" src=\"https:\/\/preinscripcio.gencat.cat\/web\/.content\/icones\/sollicitud-off.png_2044584825.png\" alt=\"\" \/><\/td>\n<td style=\"width: 401px; height: 61px;\"><strong>8 al 20 de mar\u00e7<\/strong> de 2024: presentaci\u00f3 de sol\u00b7licituds<\/td>\n<\/tr>\n<tr style=\"height: 61px;\">\n<td style=\"width: 62px; height: 61px;\"><img decoding=\"async\" src=\"https:\/\/preinscripcio.gencat.cat\/web\/.content\/icones\/presentar-doc-off.png_2044584825.png\" alt=\"\" \/><\/td>\n<td style=\"width: 401px; height: 61px;\"><strong>fins el 22 mar\u00e7<\/strong> de 2024: presentaci\u00f3 de documentaci\u00f3 que no hagis pogut adjuntar durant el per\u00edode de presentaci\u00f3 de sol\u00b7licituds<\/td>\n<\/tr>\n<tr style=\"height: 77px;\">\n<td style=\"width: 62px; height: 77px;\"><img decoding=\"async\" src=\"https:\/\/preinscripcio.gencat.cat\/web\/.content\/icones\/consulta-revisa1-off.png_2044584825.png\" alt=\"\" \/><\/td>\n<td style=\"width: 401px; height: 77px;\"><strong>17 d&#8217;abril<\/strong> de 2024: <a href=\"https:\/\/drive.google.com\/file\/d\/1_3ZZu8OQbnlGs0jSYCxHl-Wer4TkTH7U\/view?usp=sharing\">llista de sol\u00b7licituds amb puntuaci\u00f3 provisional<\/a><\/td>\n<\/tr>\n<tr style=\"height: 61px;\">\n<td style=\"width: 62px; height: 61px;\"><img decoding=\"async\" src=\"https:\/\/preinscripcio.gencat.cat\/web\/.content\/icones\/llapis-off.png_2044584825.png\" alt=\"\" \/><\/td>\n<td style=\"width: 401px; height: 61px;\"><strong>Del 17 al 22 d&#8217;abril<\/strong> de 2024: presentaci\u00f3 de reclamacions<\/td>\n<\/tr>\n<tr style=\"height: 77px;\">\n<td style=\"width: 62px; height: 77px;\"><img decoding=\"async\" src=\"https:\/\/preinscripcio.gencat.cat\/web\/.content\/icones\/consulta-revisa1-off.png_2044584825.png\" alt=\"\" \/><\/td>\n<td style=\"width: 401px; height: 77px;\"><strong>25 d&#8217;abril<\/strong> de 2024: <a href=\"https:\/\/drive.google.com\/file\/d\/1QnYPTHxUpBCBIpJ1gfKHO1qVK-YxrS1E\/view?usp=sharing\">llista de sol\u00b7licituds amb la puntuaci\u00f3 un cop resoltes les reclamacions<\/a><\/td>\n<\/tr>\n<tr style=\"height: 77px;\">\n<td style=\"width: 62px; height: 77px;\"><img decoding=\"async\" src=\"https:\/\/preinscripcio.gencat.cat\/web\/.content\/icones\/campaneta-off.png_2044584825.png\" alt=\"\" \/><\/td>\n<td style=\"width: 401px; height: 77px;\"><strong>30 d&#8217;abril<\/strong> de 2024: sorteig per resoldre les sol\u00b7licituds de preinscripci\u00f3 empatades en punts<\/td>\n<\/tr>\n<tr style=\"height: 61px;\">\n<td style=\"width: 62px; height: 61px;\"><img decoding=\"async\" src=\"https:\/\/preinscripcio.gencat.cat\/web\/.content\/icones\/consulta-revisa2-off.png_2044584825.png\" alt=\"\" \/><\/td>\n<td style=\"width: 401px; height: 61px;\"><strong>2 de maig<\/strong> de 2024: <a href=\"https:\/\/drive.google.com\/file\/d\/1QnYPTHxUpBCBIpJ1gfKHO1qVK-YxrS1E\/view?usp=sharing\">llista ordenada<\/a><\/td>\n<\/tr>\n<tr style=\"height: 88px;\">\n<td style=\"width: 62px; height: 88px;\"><img decoding=\"async\" src=\"https:\/\/preinscripcio.gencat.cat\/web\/.content\/icones\/martell-off.png_2044584825.png\" alt=\"\" \/><\/td>\n<td style=\"width: 401px; height: 88px;\"><strong>Del 29 de maig al 31 de maig<\/strong>\u00a0de 2024: ampliaci\u00f3 de peticions de preinscripci\u00f3 per a alumnes sense pla\u00e7a assignada a cap centre<\/td>\n<\/tr>\n<tr style=\"height: 61px;\">\n<td style=\"width: 62px; height: 61px;\"><img decoding=\"async\" src=\"https:\/\/preinscripcio.gencat.cat\/web\/.content\/icones\/persona-off.png_2044584825.png\" alt=\"\" \/><\/td>\n<td style=\"width: 401px; height: 61px;\"><strong>7 de juny<\/strong> de 2024: <a href=\"https:\/\/drive.google.com\/file\/d\/1aW14lsZmJ3x8GYkK_FNkgH-JplRyChdn\/view?usp=sharing\">oferta final de places escolars<\/a><\/td>\n<\/tr>\n<tr style=\"height: 61px;\">\n<td style=\"width: 62px; height: 61px;\"><img decoding=\"async\" src=\"https:\/\/preinscripcio.gencat.cat\/web\/.content\/icones\/consulta-revisa1-off.png_2044584825.png\" alt=\"\" \/><\/td>\n<td style=\"width: 401px; height: 61px;\"><strong>10 de juny<\/strong> de 2024: Llista d&#8217;alumnes assignats al centre amb indicaci\u00f3 de la primera petici\u00f3.<\/p>\n<p>Alumnes preinscrits al centre<\/p>\n<p>Llista d&#8217;espera<\/td>\n<\/tr>\n<tr style=\"height: 61px;\">\n<td style=\"width: 62px; height: 61px;\"><img decoding=\"async\" src=\"https:\/\/preinscripcio.gencat.cat\/web\/.content\/icones\/matricula-off.png_2044584825.png\" alt=\"\" \/><\/td>\n<td style=\"width: 401px; height: 61px;\"><strong>Del 18 al 26 de juny <\/strong>de 2024: matriculaci\u00f3 dels alumnes d&#8217;ESO<\/td>\n<\/tr>\n<\/tbody>\n<\/table>\n<p>&nbsp;<\/p>\n<\/div>\n<\/div>\n","protected":false},"excerpt":{"rendered":"<p>MATRICULACI\u00d3 ALUMNAT A L\u2019ESO 2024-25<br \/>\nLes dates per formalitzar la matr\u00edcula s\u00f3n del\u00a018 al 28 de juny. La matr\u00edcula \u00e9s\u00a0presencial, pel pare\/mare\/tutor, a la secretaria del centre, amb cita pr\u00e8via:<\/p>\n<p>Nivell a matricular<br \/>\nData de matr\u00edcula<\/p>\n<p>1r d\u2019ESO<br \/>\ndimarts,\u00a018\u00a0de juny<br \/>\ndimecres,\u00a019\u00a0de juny<\/p>\n<p>2n d\u2019ESO<br \/>\ndijous,\u00a020\u00a0de juny<br \/>\n1A: 8:30 -10:00<br \/>\n1B: 10:30 \u2013 12:00<br \/>\n1C: 12:30 -14:00<\/p>\n<p>3r&hellip;  <a href=\"https:\/\/agora.xtec.cat\/inspontdeldiable\/preinscripcio-i-matricula-eso\/\" title=\"Read PREINSCRIPCI\u00d3 I MATR\u00cdCULA ESO\">Llegeix m\u00e9s\u00bb<\/a><\/p>\n","protected":false},"author":1,"featured_media":0,"parent":0,"menu_order":0,"comment_status":"closed","ping_status":"closed","template":"","meta":{"_bbp_topic_count":0,"_bbp_reply_count":0,"_bbp_total_topic_count":0,"_bbp_total_reply_count":0,"_bbp_voice_count":0,"_bbp_anonymous_reply_count":0,"_bbp_topic_count_hidden":0,"_bbp_reply_count_hidden":0,"_bbp_forum_subforum_count":0,"footnotes":""},"class_list":["post-1642","page","type-page","status-publish","hentry"],"post_mailing_queue_ids":[],"_links":{"self":[{"href":"https:\/\/agora.xtec.cat\/inspontdeldiable\/wp-json\/wp\/v2\/pages\/1642","targetHints":{"allow":["GET"]}}],"collection":[{"href":"https:\/\/agora.xtec.cat\/inspontdeldiable\/wp-json\/wp\/v2\/pages"}],"about":[{"href":"https:\/\/agora.xtec.cat\/inspontdeldiable\/wp-json\/wp\/v2\/types\/page"}],"author":[{"embeddable":true,"href":"https:\/\/agora.xtec.cat\/inspontdeldiable\/wp-json\/wp\/v2\/users\/1"}],"replies":[{"embeddable":true,"href":"https:\/\/agora.xtec.cat\/inspontdeldiable\/wp-json\/wp\/v2\/comments?post=1642"}],"version-history":[{"count":6,"href":"https:\/\/agora.xtec.cat\/inspontdeldiable\/wp-json\/wp\/v2\/pages\/1642\/revisions"}],"predecessor-version":[{"id":2485,"href":"https:\/\/agora.xtec.cat\/inspontdeldiable\/wp-json\/wp\/v2\/pages\/1642\/revisions\/2485"}],"wp:attachment":[{"href":"https:\/\/agora.xtec.cat\/inspontdeldiable\/wp-json\/wp\/v2\/media?parent=1642"}],"curies":[{"name":"wp","href":"https:\/\/api.w.org\/{rel}","templated":true}]}}