{"id":1546,"date":"2020-07-31T23:18:33","date_gmt":"2020-07-31T21:18:33","guid":{"rendered":"https:\/\/agora.xtec.cat\/inspontdeldiable\/?page_id=1546"},"modified":"2021-07-07T09:24:31","modified_gmt":"2021-07-07T07:24:31","slug":"matricula-cicles-formatius-de-grau-mitja","status":"publish","type":"page","link":"https:\/\/agora.xtec.cat\/inspontdeldiable\/matricula-cicles-formatius-de-grau-mitja\/","title":{"rendered":"Matr\u00edcula Cicles Formatius de Grau Mitj\u00e0"},"content":{"rendered":"<p>Les dates per formalitzar la matr\u00edcula s\u00f3n del 12 al 16 de juliol.<\/p>\n<p>La matriculaci\u00f3 \u00e9s <strong>presencial<\/strong>. Si sou menors d&#8217;edat heu d&#8217;anar acompanyats del pare\/mare\/tutor.<\/p>\n<p>Mentre es mantingui la situaci\u00f3 de pand\u00e8mia s&#8217;han de respectar les indicacions i instruccions de les autoritats sanit\u00e0ries i mesures de prevenci\u00f3 i seguretat (PROCICAT)<\/p>\n<p>Degut a aquesta situaci\u00f3, la matr\u00edcula es far\u00e0 per ordre alfab\u00e8tic segons la lletra d&#8217;inici del primer cognom:<\/p>\n<table style=\"width: 399px;\">\n<tbody>\n<tr>\n<td style=\"width: 164px; text-align: center;\"><strong>Primera lletra del cognom<\/strong><\/td>\n<td style=\"width: 227px; text-align: center;\"><strong>Data de matr\u00edcula<\/strong><\/td>\n<\/tr>\n<tr>\n<td style=\"width: 164px; text-align: center;\">de <strong>A<\/strong> fins a <strong>E<\/strong><\/td>\n<td style=\"width: 227px;\">dilluns, <strong>12<\/strong> de juliol<\/td>\n<\/tr>\n<tr>\n<td style=\"width: 164px; text-align: center;\">de <strong>F<\/strong> fins a <strong>K<\/strong><\/td>\n<td style=\"width: 227px;\">dimarts, <strong>13<\/strong>\u00a0de juliol<\/td>\n<\/tr>\n<tr>\n<td style=\"width: 164px; text-align: center;\">de <strong>L<\/strong> fins a <strong>P<\/strong><\/td>\n<td style=\"width: 227px;\">dimecres, <strong>14<\/strong>\u00a0de juliol<\/td>\n<\/tr>\n<tr>\n<td style=\"width: 164px; text-align: center;\">de <strong>Q<\/strong> fins a <strong>V<\/strong><\/td>\n<td style=\"width: 227px;\">dijous, <strong>15<\/strong>\u00a0de juliol<\/td>\n<\/tr>\n<tr>\n<td style=\"width: 164px; text-align: center;\">de <strong>W<\/strong> fins a <strong>Z<\/strong><\/td>\n<td style=\"width: 227px;\">divendres, <strong>16<\/strong>\u00a0de juliol<\/td>\n<\/tr>\n<\/tbody>\n<\/table>\n<p>L&#8217;<strong>horari<\/strong> de matr\u00edcula ser\u00e0 de 9:00 a 13:00 a la secretaria del centre.<\/p>\n<p>La <strong>documentaci\u00f3<\/strong> que s&#8217;ha de portar al formalitzar la matr\u00edcula \u00e9s:<\/p>\n<ul>\n<li>Si ets un\/a <strong>alumne\/a nou<\/strong> al centre:\n<ul>\n<li>Fotoc\u00f2pia de la Targeta Sanit\u00e0ria<\/li>\n<li>Fotografia mida carnet<\/li>\n<li>Fotoc\u00f2pia Certificat final d&#8217;etapa o resguard t\u00edtol ESO (alumnes que han al\u00b7legat aquesta condici\u00f3 d&#8217;acc\u00e9s a grau mitj\u00e0)<\/li>\n<\/ul>\n<\/li>\n<li>Si ets un\/a<strong> alumne\/a del centre<\/strong> no cal que ens aportis aquesta documentaci\u00f3.<\/li>\n<\/ul>\n<p>L&#8217;<strong>import<\/strong> de la matr\u00edcula \u00e9s de <strong>70 \u20ac<\/strong>, aquest import es pagar\u00e0 en efectiu en el moment de realitzar la matr\u00edcula al centre.<\/p>\n<p><span style=\"color: #0000ff;\"><strong>Recordeu que en funci\u00f3 de l&#8217;evoluci\u00f3 de la pand\u00e8mia el Departament d&#8217;Educaci\u00f3, d&#8217;acord amb les indicacions de les autoritats sanit\u00e0ries, pot donar en qualsevol moment instruccions per reduir els tr\u00e0mits presencials o substituir-los totalment per actuacions telem\u00e0tiques, fet que obligaria\u00a0a modificar el procediment de formalitzaci\u00f3 de matr\u00edcula. En aquest sentit, si fos necessari substituir la gesti\u00f3 presencial, trobareu informaci\u00f3 actualitzada sobre el proc\u00e9s en aquest espai web.<\/strong><\/span><\/p>\n<p>Per qualsevol dubte o consulta podeu enviar un correu electr\u00f2nic a: <span style=\"color: #0000ff;\"><a style=\"color: #0000ff;\" href=\"mailto:secretariapontdeldiable@gmail.com\"><strong>secretariapontdeldiable@gmail.com<\/strong><\/a><\/span><\/p>\n<p>&nbsp;<\/p>\n","protected":false},"excerpt":{"rendered":"<p>Les dates per formalitzar la matr\u00edcula s\u00f3n del 12 al 16 de juliol.<br \/>\nLa matriculaci\u00f3 \u00e9s presencial. Si sou menors d&#8217;edat heu d&#8217;anar acompanyats del pare\/mare\/tutor.<br \/>\nMentre es mantingui la situaci\u00f3 de pand\u00e8mia s&#8217;han de respectar les indicacions i instruccions de les autoritats sanit\u00e0ries i mesures de&hellip;  <a href=\"https:\/\/agora.xtec.cat\/inspontdeldiable\/matricula-cicles-formatius-de-grau-mitja\/\" title=\"Read Matr\u00edcula Cicles Formatius de Grau Mitj\u00e0\">Llegeix m\u00e9s\u00bb<\/a><\/p>\n","protected":false},"author":1,"featured_media":0,"parent":0,"menu_order":0,"comment_status":"closed","ping_status":"closed","template":"","meta":{"_bbp_topic_count":0,"_bbp_reply_count":0,"_bbp_total_topic_count":0,"_bbp_total_reply_count":0,"_bbp_voice_count":0,"_bbp_anonymous_reply_count":0,"_bbp_topic_count_hidden":0,"_bbp_reply_count_hidden":0,"_bbp_forum_subforum_count":0,"footnotes":""},"class_list":["post-1546","page","type-page","status-publish","hentry"],"post_mailing_queue_ids":[],"_links":{"self":[{"href":"https:\/\/agora.xtec.cat\/inspontdeldiable\/wp-json\/wp\/v2\/pages\/1546","targetHints":{"allow":["GET"]}}],"collection":[{"href":"https:\/\/agora.xtec.cat\/inspontdeldiable\/wp-json\/wp\/v2\/pages"}],"about":[{"href":"https:\/\/agora.xtec.cat\/inspontdeldiable\/wp-json\/wp\/v2\/types\/page"}],"author":[{"embeddable":true,"href":"https:\/\/agora.xtec.cat\/inspontdeldiable\/wp-json\/wp\/v2\/users\/1"}],"replies":[{"embeddable":true,"href":"https:\/\/agora.xtec.cat\/inspontdeldiable\/wp-json\/wp\/v2\/comments?post=1546"}],"version-history":[{"count":3,"href":"https:\/\/agora.xtec.cat\/inspontdeldiable\/wp-json\/wp\/v2\/pages\/1546\/revisions"}],"predecessor-version":[{"id":1796,"href":"https:\/\/agora.xtec.cat\/inspontdeldiable\/wp-json\/wp\/v2\/pages\/1546\/revisions\/1796"}],"wp:attachment":[{"href":"https:\/\/agora.xtec.cat\/inspontdeldiable\/wp-json\/wp\/v2\/media?parent=1546"}],"curies":[{"name":"wp","href":"https:\/\/api.w.org\/{rel}","templated":true}]}}