{"id":1356,"date":"2020-05-19T23:42:57","date_gmt":"2020-05-19T21:42:57","guid":{"rendered":"https:\/\/agora.xtec.cat\/inspontdeldiable\/?page_id=1356"},"modified":"2020-05-21T22:18:33","modified_gmt":"2020-05-21T20:18:33","slug":"pla-dorientacio-academica-cfgm","status":"publish","type":"page","link":"https:\/\/agora.xtec.cat\/inspontdeldiable\/pla-dorientacio-academica-cfgm\/","title":{"rendered":"Pla d&#8217;orientaci\u00f3 acad\u00e8mica CFGM"},"content":{"rendered":"<p style=\"text-align: justify;\">Davant la immin\u00e8ncia de la preinscripci\u00f3 per a cursar el proper curs 2020-2021 Cicles Formatius de Grau Superior, t\u2019adjuntem una s\u00e8rie de documents informatius que et seran de molta utilitat durant el proc\u00e9s. En cadascun d\u2019ells trobar\u00e0s detallada la informaci\u00f3 que t\u2019aporta. S\u00f3n els seg\u00fcents:<\/p>\n<table style=\"width: 828px; border-style: none;\">\n<tbody>\n<tr>\n<td style=\"width: 332px; border-style: none; vertical-align: top; background-color: #e4c4f2;\"><a href=\"https:\/\/drive.google.com\/open?id=19lq1NgBKs8Mn7YyquEcBWJk1SVdH6BE3\"><img loading=\"lazy\" decoding=\"async\" class=\"alignnone size-full wp-image-1358\" src=\"https:\/\/agora.xtec.cat\/inspontdeldiable\/wp-content\/uploads\/usu2039\/2020\/05\/1._Informaci\u00f3_sobre_qualsevol_tipus_destudi.png\" alt=\"\" width=\"344\" height=\"208\" srcset=\"https:\/\/agora.xtec.cat\/inspontdeldiable\/wp-content\/uploads\/usu2039\/2020\/05\/1._Informaci\u00f3_sobre_qualsevol_tipus_destudi.png 344w, https:\/\/agora.xtec.cat\/inspontdeldiable\/wp-content\/uploads\/usu2039\/2020\/05\/1._Informaci\u00f3_sobre_qualsevol_tipus_destudi-300x181.png 300w\" sizes=\"auto, (max-width: 344px) 100vw, 344px\" \/><\/a><\/td>\n<td style=\"width: 490px; text-align: justify; border-style: none; vertical-align: top; background-color: #e4c4f2;\"><span style=\"font-weight: 400;\">Clicant <a href=\"https:\/\/drive.google.com\/open?id=19lq1NgBKs8Mn7YyquEcBWJk1SVdH6BE3\"><strong>aqu\u00ed<\/strong><\/a> podr\u00e0s trobar <\/span><b>informaci\u00f3 <\/b><span style=\"font-weight: 400;\">clara, completa i\u00a0<\/span><span style=\"font-weight: 400;\">actualitzada sobre <\/span><b>qualsevol tipus d\u2019estudi<\/b><span style=\"font-weight: 400;\">: acc\u00e9s, mat\u00e8ries, disseny\u00a0<\/span><span style=\"font-weight: 400;\">curricular, continu\u00eftat, etc. <\/span><\/td>\n<\/tr>\n<tr>\n<td style=\"width: 332px; border-style: none; vertical-align: top; text-align: justify;\"><a href=\"https:\/\/drive.google.com\/open?id=1nUX0yEMQBLvobPmGRWuXvsKi0-yHJfEB\"><img loading=\"lazy\" decoding=\"async\" class=\"alignnone size-full wp-image-1359\" src=\"https:\/\/agora.xtec.cat\/inspontdeldiable\/wp-content\/uploads\/usu2039\/2020\/05\/2._Centres_p\u00fablucs.png\" alt=\"\" width=\"338\" height=\"206\" srcset=\"https:\/\/agora.xtec.cat\/inspontdeldiable\/wp-content\/uploads\/usu2039\/2020\/05\/2._Centres_p\u00fablucs.png 338w, https:\/\/agora.xtec.cat\/inspontdeldiable\/wp-content\/uploads\/usu2039\/2020\/05\/2._Centres_p\u00fablucs-300x183.png 300w\" sizes=\"auto, (max-width: 338px) 100vw, 338px\" \/><\/a><\/td>\n<td style=\"width: 490px; border-style: none; vertical-align: top; text-align: justify;\"><span style=\"font-weight: 400;\">Clicant <a href=\"https:\/\/drive.google.com\/open?id=1nUX0yEMQBLvobPmGRWuXvsKi0-yHJfEB\">aqu\u00ed<\/a> podr\u00e0s <\/span><span style=\"font-weight: 400;\">tenir informaci\u00f3 de quina \u00e9s la <\/span><b>oferta formativa de cada un dels centres\u00a0<\/b><b>p\u00fablics de Tarragona <\/b><span style=\"font-weight: 400;\">(CF, BAT, etc). Al costat de cada ensenyament\u00a0<\/span><span style=\"font-weight: 400;\">apareix el seu <\/span><b>codi<\/b><span style=\"font-weight: 400;\">, que necessitar\u00e0s durant la <\/span><b>preinscripci\u00f3. <\/b><span style=\"font-weight: 400;\">En la recerca\u00a0<\/span><span style=\"font-weight: 400;\">de centres educatius, informar-te que estem <\/span><b>adscrits a l\u2019Institut Comte\u00a0<\/b><b>de Rius<\/b><span style=\"font-weight: 400;\">, que \u00e9s el nostre <\/span><b>centre de refer\u00e8ncia <\/b><span style=\"font-weight: 400;\">pels estudis de secund\u00e0ria\u00a0<\/span><span style=\"font-weight: 400;\">postobligat\u00f2ria, amb una dilatada tradici\u00f3 de <\/span><b>suport <\/b><span style=\"font-weight: 400;\">a l\u2019alumnat procedent\u00a0<\/span><span style=\"font-weight: 400;\">de l\u2019Institut Pont del Diable i de <\/span><b>col\u00b7laboraci\u00f3 <\/b><span style=\"font-weight: 400;\">amb nosaltres, tant en el\u00a0<\/span><span style=\"font-weight: 400;\">Batxillerat com en els Cicles Formatius. <\/span><\/td>\n<\/tr>\n<tr>\n<td style=\"width: 332px; border-style: none; vertical-align: top; background-color: #e4c4f2;\"><a href=\"https:\/\/drive.google.com\/open?id=16Vdh2NlwijLPVt5NwVc7uQu0fTd1pSGn\"><img loading=\"lazy\" decoding=\"async\" class=\"alignnone size-full wp-image-1360\" src=\"https:\/\/agora.xtec.cat\/inspontdeldiable\/wp-content\/uploads\/usu2039\/2020\/05\/3._Adreces_i_tel\u00e8fons.png\" alt=\"\" width=\"337\" height=\"206\" srcset=\"https:\/\/agora.xtec.cat\/inspontdeldiable\/wp-content\/uploads\/usu2039\/2020\/05\/3._Adreces_i_tel\u00e8fons.png 337w, https:\/\/agora.xtec.cat\/inspontdeldiable\/wp-content\/uploads\/usu2039\/2020\/05\/3._Adreces_i_tel\u00e8fons-300x183.png 300w\" sizes=\"auto, (max-width: 337px) 100vw, 337px\" \/><\/a><\/td>\n<td style=\"width: 490px; text-align: justify; border-style: none; vertical-align: top; background-color: #e4c4f2;\"><span style=\"font-weight: 400;\">Clicant <a href=\"https:\/\/drive.google.com\/open?id=16Vdh2NlwijLPVt5NwVc7uQu0fTd1pSGn\"><strong>aqu\u00ed<\/strong><\/a> trobar\u00e0s <\/span><b>les adreces f\u00edsiques i el tel\u00e8fon <\/b><span style=\"font-weight: 400;\">de\u00a0<\/span><span style=\"font-weight: 400;\">contacte dels <\/span><b>centres de Tarragona<\/b><span style=\"font-weight: 400;\">, per si s\u2019escau formular alguna\u00a0<\/span><span style=\"font-weight: 400;\">consulta. <\/span><\/td>\n<\/tr>\n<tr>\n<td style=\"width: 332px; border-style: none; vertical-align: top;\"><a href=\"https:\/\/drive.google.com\/open?id=1fjbvObcg-XzVJndj_YDK_HG9TJr7a-RY\"><img loading=\"lazy\" decoding=\"async\" class=\"alignnone size-full wp-image-1361\" src=\"https:\/\/agora.xtec.cat\/inspontdeldiable\/wp-content\/uploads\/usu2039\/2020\/05\/4._Codis_de_centres.png\" alt=\"\" width=\"339\" height=\"209\" srcset=\"https:\/\/agora.xtec.cat\/inspontdeldiable\/wp-content\/uploads\/usu2039\/2020\/05\/4._Codis_de_centres.png 339w, https:\/\/agora.xtec.cat\/inspontdeldiable\/wp-content\/uploads\/usu2039\/2020\/05\/4._Codis_de_centres-300x185.png 300w\" sizes=\"auto, (max-width: 339px) 100vw, 339px\" \/><\/a><\/td>\n<td style=\"width: 490px; text-align: justify; border-style: none; vertical-align: top;\"><span style=\"font-weight: 400;\">Clicant <a href=\"https:\/\/drive.google.com\/open?id=1fjbvObcg-XzVJndj_YDK_HG9TJr7a-RY\"><strong>aqu\u00ed<\/strong><\/a> trobar\u00e0s el <\/span><b>codi de\u00a0<\/b><b>centre<\/b>, aquesta <span style=\"font-weight: 400;\">\u00e9s una dada que necessitar\u00e0s a l\u2019hora d\u2019emplenar l\u2019impr\u00e8s de\u00a0<\/span><span style=\"font-weight: 400;\">preinscripci\u00f3 (tamb\u00e9 telem\u00e0ticament). <\/span><\/td>\n<\/tr>\n<tr>\n<td style=\"width: 332px; border-style: none; vertical-align: top; background-color: #e4c4f2;\"><a href=\"https:\/\/drive.google.com\/open?id=1Q2jKaQ4I8LNKyo3kmKONafJKSj5Q3NFH\"><img loading=\"lazy\" decoding=\"async\" class=\"alignnone size-full wp-image-1362\" src=\"https:\/\/agora.xtec.cat\/inspontdeldiable\/wp-content\/uploads\/usu2039\/2020\/05\/5._Informaci\u00f3_general.png\" alt=\"\" width=\"341\" height=\"208\" srcset=\"https:\/\/agora.xtec.cat\/inspontdeldiable\/wp-content\/uploads\/usu2039\/2020\/05\/5._Informaci\u00f3_general.png 341w, https:\/\/agora.xtec.cat\/inspontdeldiable\/wp-content\/uploads\/usu2039\/2020\/05\/5._Informaci\u00f3_general-300x183.png 300w\" sizes=\"auto, (max-width: 341px) 100vw, 341px\" \/><\/a><\/td>\n<td style=\"width: 490px; text-align: justify; border-style: none; vertical-align: top; background-color: #e4c4f2;\"><span style=\"font-weight: 400;\">Clicant <a href=\"https:\/\/drive.google.com\/open?id=1Q2jKaQ4I8LNKyo3kmKONafJKSj5Q3NFH\"><strong>aqu\u00ed<\/strong><\/a> rebr\u00e0s <\/span><span style=\"font-weight: 400;\">informaci\u00f3 sobre <\/span><b>quina documentaci\u00f3 haur\u00e0s d\u2019anar preparant <\/b><span style=\"font-weight: 400;\">de cara a\u00a0<\/span><span style=\"font-weight: 400;\">la preinscripci\u00f3, aix\u00ed com els diferents criteris de prioritat per a l\u2019acc\u00e9s\u00a0<\/span><span style=\"font-weight: 400;\">als CFGS, tant per la via del Batxillerat com dels CFGM. <\/span><\/td>\n<\/tr>\n<tr>\n<td style=\"width: 332px; border-style: none; vertical-align: top;\"><a href=\"https:\/\/drive.google.com\/open?id=1_XsDETyRtvTYszkaQQOoRjwwuxQn77Xq\"><img loading=\"lazy\" decoding=\"async\" class=\"alignnone size-full wp-image-1363\" src=\"https:\/\/agora.xtec.cat\/inspontdeldiable\/wp-content\/uploads\/usu2039\/2020\/05\/6._Informaci\u00f3_Dual.png\" alt=\"\" width=\"337\" height=\"207\" srcset=\"https:\/\/agora.xtec.cat\/inspontdeldiable\/wp-content\/uploads\/usu2039\/2020\/05\/6._Informaci\u00f3_Dual.png 337w, https:\/\/agora.xtec.cat\/inspontdeldiable\/wp-content\/uploads\/usu2039\/2020\/05\/6._Informaci\u00f3_Dual-300x184.png 300w\" sizes=\"auto, (max-width: 337px) 100vw, 337px\" \/><\/a><\/td>\n<td style=\"width: 490px; text-align: justify; border-style: none; vertical-align: top;\"><span style=\"font-weight: 400;\">Clicant <a href=\"https:\/\/drive.google.com\/open?id=1_XsDETyRtvTYszkaQQOoRjwwuxQn77Xq\"><strong>aqu\u00ed<\/strong><\/a> hi <\/span><span style=\"font-weight: 400;\">trobar\u00e0s la informaci\u00f3 sobre la <\/span><b>Formaci\u00f3 Professional Dual <\/b><span style=\"font-weight: 400;\">(Institut-\u00a0<\/span><span style=\"font-weight: 400;\">Empresa, amb remuneraci\u00f3 econ\u00f2mica i alta inserci\u00f3 laboral) consta de\u00a0<\/span><span style=\"font-weight: 400;\">dues parts:\u00a0<\/span><\/p>\n<p><span style=\"font-weight: 400;\">a) Descripci\u00f3 del <\/span><b>qu\u00e8 \u00e9s la FP Dual<\/b><span style=\"font-weight: 400;\">.\u00a0<\/span><\/p>\n<p><span style=\"font-weight: 400;\">b) <\/span><b>Cercador d\u2019oferta <\/b><span style=\"font-weight: 400;\">de Cicles Formatius en Dual: <\/span><\/td>\n<\/tr>\n<tr>\n<td style=\"width: 332px; border-style: none; vertical-align: top; background-color: #e4c4f2;\"><a href=\"https:\/\/drive.google.com\/open?id=1n9XtwHv97YjG7YOvt6no7BC8BuMFVQi9\"><img loading=\"lazy\" decoding=\"async\" class=\"alignnone size-full wp-image-1364\" src=\"https:\/\/agora.xtec.cat\/inspontdeldiable\/wp-content\/uploads\/usu2039\/2020\/05\/7._P\u00e0gines_web.png\" alt=\"\" width=\"339\" height=\"207\" srcset=\"https:\/\/agora.xtec.cat\/inspontdeldiable\/wp-content\/uploads\/usu2039\/2020\/05\/7._P\u00e0gines_web.png 339w, https:\/\/agora.xtec.cat\/inspontdeldiable\/wp-content\/uploads\/usu2039\/2020\/05\/7._P\u00e0gines_web-300x183.png 300w\" sizes=\"auto, (max-width: 339px) 100vw, 339px\" \/><\/a><\/td>\n<td style=\"width: 490px; text-align: justify; border-style: none; vertical-align: top; background-color: #e4c4f2;\"><span style=\"font-weight: 400;\">Clicant <a href=\"https:\/\/drive.google.com\/open?id=1n9XtwHv97YjG7YOvt6no7BC8BuMFVQi9\"><strong>aqu\u00ed<\/strong><\/a> trobar\u00e0s l\u2019enlla\u00e7 a les p\u00e0gines web de tots els centres p\u00fablics <\/span><span style=\"font-weight: 400;\">de Tarragona, per tenir informaci\u00f3 de primera m\u00e0 directament dels\u00a0<\/span><span style=\"font-weight: 400;\">Instituts que ofereixen Cicles Formatius i\/o Batxillerat. <\/span><\/td>\n<\/tr>\n<\/tbody>\n<\/table>\n<h5><\/h5>\n<h5 style=\"text-align: center;\"><span style=\"text-decoration: underline;\"><span style=\"color: #339966; text-decoration: underline;\">PREINSCRIPCI\u00d3 I MATRICULA A CICLES FORMATIUS DE GRAU SUPERIOR<\/span><\/span><\/h5>\n<p><a href=\"https:\/\/agora.xtec.cat\/inspontdeldiable\/wp-content\/uploads\/usu2039\/2020\/05\/alumnes-CFGM.pdf\"><img loading=\"lazy\" decoding=\"async\" class=\"size-full wp-image-1396 aligncenter\" src=\"https:\/\/agora.xtec.cat\/inspontdeldiable\/wp-content\/uploads\/usu2039\/2020\/05\/CARTELL_CFGS.png\" alt=\"\" width=\"419\" height=\"597\" srcset=\"https:\/\/agora.xtec.cat\/inspontdeldiable\/wp-content\/uploads\/usu2039\/2020\/05\/CARTELL_CFGS.png 419w, https:\/\/agora.xtec.cat\/inspontdeldiable\/wp-content\/uploads\/usu2039\/2020\/05\/CARTELL_CFGS-211x300.png 211w\" sizes=\"auto, (max-width: 419px) 100vw, 419px\" \/><\/a><\/p>\n","protected":false},"excerpt":{"rendered":"<p>Davant la immin\u00e8ncia de la preinscripci\u00f3 per a cursar el proper curs 2020-2021 Cicles Formatius de Grau Superior, t\u2019adjuntem una s\u00e8rie de documents informatius que et seran de molta utilitat durant el proc\u00e9s. En cadascun d\u2019ells trobar\u00e0s detallada la informaci\u00f3 que t\u2019aporta. S\u00f3n els seg\u00fcents:<\/p>\n<p><a&hellip;  <a href=\"https:\/\/agora.xtec.cat\/inspontdeldiable\/pla-dorientacio-academica-cfgm\/\" title=\"Read Pla d&#8217;orientaci\u00f3 acad\u00e8mica CFGM\">Llegeix m\u00e9s\u00bb<\/a><\/p>\n","protected":false},"author":1,"featured_media":0,"parent":0,"menu_order":0,"comment_status":"closed","ping_status":"closed","template":"","meta":{"_bbp_topic_count":0,"_bbp_reply_count":0,"_bbp_total_topic_count":0,"_bbp_total_reply_count":0,"_bbp_voice_count":0,"_bbp_anonymous_reply_count":0,"_bbp_topic_count_hidden":0,"_bbp_reply_count_hidden":0,"_bbp_forum_subforum_count":0,"footnotes":""},"class_list":["post-1356","page","type-page","status-publish","hentry"],"post_mailing_queue_ids":[],"_links":{"self":[{"href":"https:\/\/agora.xtec.cat\/inspontdeldiable\/wp-json\/wp\/v2\/pages\/1356","targetHints":{"allow":["GET"]}}],"collection":[{"href":"https:\/\/agora.xtec.cat\/inspontdeldiable\/wp-json\/wp\/v2\/pages"}],"about":[{"href":"https:\/\/agora.xtec.cat\/inspontdeldiable\/wp-json\/wp\/v2\/types\/page"}],"author":[{"embeddable":true,"href":"https:\/\/agora.xtec.cat\/inspontdeldiable\/wp-json\/wp\/v2\/users\/1"}],"replies":[{"embeddable":true,"href":"https:\/\/agora.xtec.cat\/inspontdeldiable\/wp-json\/wp\/v2\/comments?post=1356"}],"version-history":[{"count":3,"href":"https:\/\/agora.xtec.cat\/inspontdeldiable\/wp-json\/wp\/v2\/pages\/1356\/revisions"}],"predecessor-version":[{"id":1399,"href":"https:\/\/agora.xtec.cat\/inspontdeldiable\/wp-json\/wp\/v2\/pages\/1356\/revisions\/1399"}],"wp:attachment":[{"href":"https:\/\/agora.xtec.cat\/inspontdeldiable\/wp-json\/wp\/v2\/media?parent=1356"}],"curies":[{"name":"wp","href":"https:\/\/api.w.org\/{rel}","templated":true}]}}