{"id":1200,"date":"2020-05-07T18:41:10","date_gmt":"2020-05-07T16:41:10","guid":{"rendered":"https:\/\/agora.xtec.cat\/inspontdeldiable\/?page_id=1200"},"modified":"2020-05-19T23:08:03","modified_gmt":"2020-05-19T21:08:03","slug":"pla-dorientacio-academica-4t-eso","status":"publish","type":"page","link":"https:\/\/agora.xtec.cat\/inspontdeldiable\/pla-dorientacio-academica-4t-eso\/","title":{"rendered":"Pla d&#8217;Orientaci\u00f3 acad\u00e8mica 4t ESO"},"content":{"rendered":"<p style=\"text-align: justify;\">Davant la immin\u00e8ncia de la preinscripci\u00f3 per a cursar el proper curs 2020-2021 Cicles Formatius de Grau Mitj\u00e0 i\/o Batxillerat, t\u2019adjuntem una s\u00e8rie d\u2019activitats i documents informatius que et seran de molta utilitat durant el proc\u00e9s. En cadascun d\u2019ells trobar\u00e0s detallada l\u2019activitat que has de realitzar o la informaci\u00f3 que t\u2019aporta. S\u00f3n els seg\u00fcents:<\/p>\n<table style=\"width: 828px; border-style: none;\">\n<tbody>\n<tr>\n<td style=\"width: 332px; border-style: none; vertical-align: top;\"><a href=\"https:\/\/drive.google.com\/open?id=1JJBXSBti6Nj5ORvnSmKmc6t6ozDCusnk\"><img loading=\"lazy\" decoding=\"async\" class=\"alignnone size-full wp-image-1204\" src=\"https:\/\/agora.xtec.cat\/inspontdeldiable\/wp-content\/uploads\/usu2039\/2020\/05\/questionari.png\" alt=\"\" width=\"338\" height=\"210\" srcset=\"https:\/\/agora.xtec.cat\/inspontdeldiable\/wp-content\/uploads\/usu2039\/2020\/05\/questionari.png 338w, https:\/\/agora.xtec.cat\/inspontdeldiable\/wp-content\/uploads\/usu2039\/2020\/05\/questionari-300x186.png 300w\" sizes=\"auto, (max-width: 338px) 100vw, 338px\" \/><\/a><\/td>\n<td style=\"width: 488px; text-align: justify; border-style: none; vertical-align: top;\">Clicant <a href=\"https:\/\/drive.google.com\/open?id=1JJBXSBti6Nj5ORvnSmKmc6t6ozDCusnk\"><strong>aqu\u00ed<\/strong> <\/a>trobar\u00e0s el q\u00fcestionari. \u00c9s una eina molt \u00fatil per tal d\u2019esbrinar <strong>quins \u00e0mbits laborals<\/strong>, i per tant formatius, s\u2019ajusten millor a les teves aptituds, prefer\u00e8ncies, personalitat i valors ocupacionals.La primera activitat ser\u00e0 <strong>contestar online<\/strong> el Q\u00fcestionari, clicant <strong>aqu\u00ed<\/strong>, <strong>descarregar el pdf<\/strong> i que enviar-lo al <strong>tutor\/a<\/strong>.<\/p>\n<p>&nbsp;<\/td>\n<\/tr>\n<tr>\n<td style=\"width: 332px; border-style: none; vertical-align: top; background-color: #e4c4f2;\"><a href=\"https:\/\/drive.google.com\/open?id=1N2yLLhBqOn0XKvfQlVY5EmTZFXlYD383\"><img loading=\"lazy\" decoding=\"async\" class=\"alignnone size-full wp-image-1206\" src=\"https:\/\/agora.xtec.cat\/inspontdeldiable\/wp-content\/uploads\/usu2039\/2020\/05\/informacio_qualsevol_estudi.png\" alt=\"\" width=\"342\" height=\"209\" srcset=\"https:\/\/agora.xtec.cat\/inspontdeldiable\/wp-content\/uploads\/usu2039\/2020\/05\/informacio_qualsevol_estudi.png 342w, https:\/\/agora.xtec.cat\/inspontdeldiable\/wp-content\/uploads\/usu2039\/2020\/05\/informacio_qualsevol_estudi-300x183.png 300w\" sizes=\"auto, (max-width: 342px) 100vw, 342px\" \/><\/a><\/td>\n<td style=\"width: 488px; text-align: justify; border-style: none; vertical-align: top; background-color: #e4c4f2;\">Clicant <a href=\"https:\/\/drive.google.com\/open?id=1N2yLLhBqOn0XKvfQlVY5EmTZFXlYD383\"><strong>aqu\u00ed<\/strong><\/a> podr\u00e0s trobar <strong>informaci\u00f3<\/strong> clara, completa i actualitzada sobre <strong>qualsevol tipus d\u2019estudi<\/strong>: acc\u00e9s, mat\u00e8ries, disseny curricular, continu\u00eftat, etc.<\/p>\n<p>&nbsp;<\/td>\n<\/tr>\n<tr>\n<td style=\"width: 332px; border-style: none; vertical-align: top;\"><a href=\"https:\/\/drive.google.com\/open?id=1Rw_qf-LSqYLDXQfC7ySp40Cq9A8PQd9m\"><img loading=\"lazy\" decoding=\"async\" class=\"alignnone size-full wp-image-1208\" src=\"https:\/\/agora.xtec.cat\/inspontdeldiable\/wp-content\/uploads\/usu2039\/2020\/05\/3._centres.png\" alt=\"\" width=\"337\" height=\"207\" srcset=\"https:\/\/agora.xtec.cat\/inspontdeldiable\/wp-content\/uploads\/usu2039\/2020\/05\/3._centres.png 337w, https:\/\/agora.xtec.cat\/inspontdeldiable\/wp-content\/uploads\/usu2039\/2020\/05\/3._centres-300x184.png 300w\" sizes=\"auto, (max-width: 337px) 100vw, 337px\" \/><\/a><\/td>\n<td style=\"width: 488px; border-style: none; vertical-align: top;\">\n<p style=\"text-align: justify;\">Clicant <a href=\"https:\/\/drive.google.com\/open?id=1Rw_qf-LSqYLDXQfC7ySp40Cq9A8PQd9m\"><strong>aqu\u00ed<\/strong><\/a> podr\u00e0s tenir informaci\u00f3 de quina \u00e9s la <strong>oferta formativa de cada un dels centres p\u00fablics de Tarragona<\/strong> (CF, BAT, etc).<\/p>\n<p style=\"text-align: justify;\">Al costat de cada ensenyament apareix el seu <strong>codi<\/strong>, que necessitar\u00e0s durant la <strong>preinscripci\u00f3<\/strong>.<\/p>\n<p style=\"text-align: justify;\">L\u2019activitat consisteix en <strong>revisar el document<\/strong>, cercant els estudis i el centre educatiu que s\u2019ajusti a les teves intencions de futur. En la recerca de centres educatius, informar-te que estem <strong>adscrits a l\u2019Institut Comte de Rius<\/strong>, que \u00e9s el nostre <strong>centre de refer\u00e8ncia<\/strong> pels estudis de secund\u00e0ria postobligat\u00f2ria, amb una dilatada tradici\u00f3 de <strong>suport<\/strong> a l\u2019alumnat procedent de l\u2019Institut Pont del Diable i de <strong>col\u00b7laboraci\u00f3<\/strong> amb nosaltres, tant en el Batxillerat com en els Cicles Formatius.<\/p>\n<p style=\"text-align: justify;\">A m\u00e9s, recorda que l\u2019Institut Pont del Diable ofereix <strong>2 Cicles Formatiu<\/strong>s:<\/p>\n<p style=\"text-align: justify;\"><strong>TCAI<\/strong> \u201cT\u00e8cnic en Cures Auxiliars d\u2019Infermeria\u201d<\/p>\n<p style=\"text-align: justify;\"><strong>TAPSD<\/strong> \u201cT\u00e8cnic en Atenci\u00f3 a Persones en Situaci\u00f3 de Depend\u00e8ncia\u201d.<\/p>\n<\/td>\n<\/tr>\n<tr>\n<td style=\"width: 332px; border-style: none; vertical-align: top; background-color: #e4c4f2;\"><a href=\"https:\/\/drive.google.com\/open?id=1L6sdMFVLkJt4iGVashnfFz4pH1EF-idB\"><img loading=\"lazy\" decoding=\"async\" class=\"alignnone size-full wp-image-1209\" src=\"https:\/\/agora.xtec.cat\/inspontdeldiable\/wp-content\/uploads\/usu2039\/2020\/05\/4._Adreces.png\" alt=\"\" width=\"341\" height=\"208\" srcset=\"https:\/\/agora.xtec.cat\/inspontdeldiable\/wp-content\/uploads\/usu2039\/2020\/05\/4._Adreces.png 341w, https:\/\/agora.xtec.cat\/inspontdeldiable\/wp-content\/uploads\/usu2039\/2020\/05\/4._Adreces-300x183.png 300w\" sizes=\"auto, (max-width: 341px) 100vw, 341px\" \/><\/a><\/td>\n<td style=\"width: 488px; text-align: justify; border-style: none; vertical-align: top; background-color: #e4c4f2;\">Clicant <a href=\"https:\/\/drive.google.com\/open?id=1L6sdMFVLkJt4iGVashnfFz4pH1EF-idB\"><strong>aqu\u00ed<\/strong><\/a> trobar\u00e0s les <strong>adreces f\u00edsiques<\/strong> i el <strong>tel\u00e8fon<\/strong> de contacte dels <strong>centres de Tarragona<\/strong>, per si s\u2019escau formular alguna consulta.<\/p>\n<p>&nbsp;<\/td>\n<\/tr>\n<tr>\n<td style=\"width: 332px; border-style: none; vertical-align: top;\"><a href=\"https:\/\/drive.google.com\/open?id=11ZB4URfCoiqmJY3v9k90xqcyBs2l9LCO\"><img loading=\"lazy\" decoding=\"async\" class=\"alignnone size-full wp-image-1210\" src=\"https:\/\/agora.xtec.cat\/inspontdeldiable\/wp-content\/uploads\/usu2039\/2020\/05\/5._codis_centres.png\" alt=\"\" width=\"343\" height=\"211\" srcset=\"https:\/\/agora.xtec.cat\/inspontdeldiable\/wp-content\/uploads\/usu2039\/2020\/05\/5._codis_centres.png 343w, https:\/\/agora.xtec.cat\/inspontdeldiable\/wp-content\/uploads\/usu2039\/2020\/05\/5._codis_centres-300x185.png 300w\" sizes=\"auto, (max-width: 343px) 100vw, 343px\" \/><\/a><\/td>\n<td style=\"width: 488px; text-align: justify; border-style: none; vertical-align: top;\">El <strong>codi de centre<\/strong> \u00e9s una dada que necessitar\u00e0s a l\u2019hora d\u2019emplenar l\u2019impr\u00e8s de preinscripci\u00f3 (tamb\u00e9 telem\u00e0ticament). Clicant <a href=\"https:\/\/drive.google.com\/open?id=11ZB4URfCoiqmJY3v9k90xqcyBs2l9LCO\"><strong>aqu\u00ed<\/strong><\/a> els tens <strong>tots<\/strong>, aix\u00ed com les diferents <strong>vies d\u2019acc\u00e9s<\/strong> als Cicles Formatius de Grau Mitj\u00e0.<\/p>\n<p>&nbsp;<\/p>\n<p>&nbsp;<\/td>\n<\/tr>\n<tr>\n<td style=\"width: 332px; border-style: none; vertical-align: top; background-color: #e4c4f2;\"><a href=\"https:\/\/drive.google.com\/open?id=14oZgrZTPPGWhayh4zpBeP75XLxb_q8IM\"><img loading=\"lazy\" decoding=\"async\" class=\"alignnone size-full wp-image-1211\" src=\"https:\/\/agora.xtec.cat\/inspontdeldiable\/wp-content\/uploads\/usu2039\/2020\/05\/6._Resguards.png\" alt=\"\" width=\"341\" height=\"208\" srcset=\"https:\/\/agora.xtec.cat\/inspontdeldiable\/wp-content\/uploads\/usu2039\/2020\/05\/6._Resguards.png 341w, https:\/\/agora.xtec.cat\/inspontdeldiable\/wp-content\/uploads\/usu2039\/2020\/05\/6._Resguards-300x183.png 300w\" sizes=\"auto, (max-width: 341px) 100vw, 341px\" \/><\/a><\/td>\n<td style=\"width: 488px; text-align: justify; border-style: none; vertical-align: top; background-color: #e4c4f2;\">Clicant <a href=\"https:\/\/drive.google.com\/open?id=14oZgrZTPPGWhayh4zpBeP75XLxb_q8IM\"><strong>aqu\u00ed<\/strong><\/a> trobar\u00e0s <strong>2 resguards del curs passat<\/strong>, et pots fer una idea molt aproximada de com ser\u00e0 l\u2019<strong>impr\u00e8s de preinscripci\u00f3<\/strong> que haur\u00e0s d\u2019emplenar, probablement de forma telem\u00e0tica. Recorda que:<\/p>\n<ul style=\"list-style-type: circle;\">\n<li>Nom\u00e9s s\u2019ha de presentar <strong>una sol\u00b7licitud i documentaci\u00f3<\/strong> al centre triat en 1a opci\u00f3.<\/li>\n<li>S\u2019han de posar el <strong>m\u00e0xim de peticions<\/strong> (centres, estudis, fins a un m\u00e0xim de 10), com a l\u2019exemple, per tenir m\u00e9s probabilitats d\u2019obtenir pla\u00e7a. Cal anar-les pensant.<\/li>\n<\/ul>\n<\/td>\n<\/tr>\n<tr>\n<td style=\"width: 332px; border-style: none; vertical-align: top;\"><a href=\"https:\/\/drive.google.com\/open?id=1wSZTspqdVjQpMPjRn6ZMpwHq2TjZqBz4\"><img loading=\"lazy\" decoding=\"async\" class=\"alignnone size-full wp-image-1212\" src=\"https:\/\/agora.xtec.cat\/inspontdeldiable\/wp-content\/uploads\/usu2039\/2020\/05\/7._Informaci\u00f3.png\" alt=\"\" width=\"340\" height=\"209\" srcset=\"https:\/\/agora.xtec.cat\/inspontdeldiable\/wp-content\/uploads\/usu2039\/2020\/05\/7._Informaci\u00f3.png 340w, https:\/\/agora.xtec.cat\/inspontdeldiable\/wp-content\/uploads\/usu2039\/2020\/05\/7._Informaci\u00f3-300x184.png 300w\" sizes=\"auto, (max-width: 340px) 100vw, 340px\" \/><\/a><\/td>\n<td style=\"width: 488px; text-align: justify; border-style: none; vertical-align: top;\">Clicant <a href=\"https:\/\/drive.google.com\/open?id=1wSZTspqdVjQpMPjRn6ZMpwHq2TjZqBz4\"><strong>aqu\u00ed<\/strong><\/a> trobar\u00e0s 2 arxius on rebr\u00e0s informaci\u00f3 sobre <strong>quina documentaci\u00f3<\/strong> haur\u00e0s d\u2019anar preparant de cara a la preinscripci\u00f3.<\/p>\n<p>&nbsp;<\/td>\n<\/tr>\n<tr>\n<td style=\"width: 332px; border-style: none; vertical-align: top; background-color: #e4c4f2;\"><a href=\"https:\/\/drive.google.com\/open?id=1M0TGVf0-yxWFcoJp49Hnn8xyPloKIt5q\"><img loading=\"lazy\" decoding=\"async\" class=\"alignnone size-full wp-image-1213\" src=\"https:\/\/agora.xtec.cat\/inspontdeldiable\/wp-content\/uploads\/usu2039\/2020\/05\/8._Formaci\u00f3_Professional_dual.png\" alt=\"\" width=\"339\" height=\"208\" srcset=\"https:\/\/agora.xtec.cat\/inspontdeldiable\/wp-content\/uploads\/usu2039\/2020\/05\/8._Formaci\u00f3_Professional_dual.png 339w, https:\/\/agora.xtec.cat\/inspontdeldiable\/wp-content\/uploads\/usu2039\/2020\/05\/8._Formaci\u00f3_Professional_dual-300x184.png 300w\" sizes=\"auto, (max-width: 339px) 100vw, 339px\" \/><\/a><\/td>\n<td style=\"width: 488px; text-align: justify; border-style: none; vertical-align: top; background-color: #e4c4f2;\">Clicant <a href=\"https:\/\/drive.google.com\/open?id=1M0TGVf0-yxWFcoJp49Hnn8xyPloKIt5q\"><strong>aqu\u00ed<\/strong><\/a> hi trobar\u00e0s la informaci\u00f3 sobre la <strong>Formaci\u00f3 Professional Dual<\/strong> (Institut- Empresa, amb remuneraci\u00f3 econ\u00f2mica i alta inserci\u00f3 laboral) consta de dues parts:<\/p>\n<p>a) Descripci\u00f3 del <strong>qu\u00e8 \u00e9s la FP Dual.<\/strong><br \/>\nb) <strong>Cercador d\u2019oferta<\/strong> de Cicles Formatius en Dual<\/td>\n<\/tr>\n<tr>\n<td style=\"width: 332px; border-style: none; vertical-align: top;\"><a href=\"https:\/\/drive.google.com\/open?id=1_iHDwQbokA-awCi-rZTQuIMXbpBwmuSM\"><img loading=\"lazy\" decoding=\"async\" class=\"alignnone size-full wp-image-1214\" src=\"https:\/\/agora.xtec.cat\/inspontdeldiable\/wp-content\/uploads\/usu2039\/2020\/05\/9._P\u00c0GINES.png\" alt=\"\" width=\"339\" height=\"207\" srcset=\"https:\/\/agora.xtec.cat\/inspontdeldiable\/wp-content\/uploads\/usu2039\/2020\/05\/9._P\u00c0GINES.png 339w, https:\/\/agora.xtec.cat\/inspontdeldiable\/wp-content\/uploads\/usu2039\/2020\/05\/9._P\u00c0GINES-300x183.png 300w\" sizes=\"auto, (max-width: 339px) 100vw, 339px\" \/><\/a><\/td>\n<td style=\"width: 488px; text-align: justify; border-style: none; vertical-align: top;\">Clicant <a href=\"https:\/\/drive.google.com\/open?id=1_iHDwQbokA-awCi-rZTQuIMXbpBwmuSM\"><strong>aqu\u00ed<\/strong><\/a> trobar\u00e0s l\u2019enlla\u00e7 a les p\u00e0gines web de tots els centres p\u00fablics de Tarragona, per tenir informaci\u00f3 de primera m\u00e0 directament dels Instituts que ofereixen Cicles Formatius i\/o Batxillerat.<\/p>\n<p>&nbsp;<\/td>\n<\/tr>\n<tr>\n<td style=\"width: 332px; border-style: none; vertical-align: top; background-color: #e4c4f2;\"><a href=\"https:\/\/drive.google.com\/open?id=1yhGlkuZxvU9dwLtLg8FHJyGpPFHDl_qX\"><img loading=\"lazy\" decoding=\"async\" class=\"alignnone size-full wp-image-1215\" src=\"https:\/\/agora.xtec.cat\/inspontdeldiable\/wp-content\/uploads\/usu2039\/2020\/05\/10._ORIENTACI\u00d3.png\" alt=\"\" width=\"339\" height=\"209\" srcset=\"https:\/\/agora.xtec.cat\/inspontdeldiable\/wp-content\/uploads\/usu2039\/2020\/05\/10._ORIENTACI\u00d3.png 339w, https:\/\/agora.xtec.cat\/inspontdeldiable\/wp-content\/uploads\/usu2039\/2020\/05\/10._ORIENTACI\u00d3-300x185.png 300w\" sizes=\"auto, (max-width: 339px) 100vw, 339px\" \/><\/a><\/td>\n<td style=\"width: 488px; text-align: justify; border-style: none; vertical-align: top; background-color: #e4c4f2;\">Un cop hagis arribat al document 9, clicant <a href=\"https:\/\/drive.google.com\/open?id=1yhGlkuZxvU9dwLtLg8FHJyGpPFHDl_qX\"><strong>aqu\u00ed<\/strong><\/a> accedeixes a aquesta activitat, <strong>emplena-la i fes-la arribar al Tutor\/a.<\/strong>Has d&#8217;escriure <strong>quina \u00e9s la teva elecci\u00f3 d\u2019estudis pel curs vinent<\/strong> i, si no la tens clara, trobar\u00e0s eines que t\u2019ajudaran.<\/p>\n<p>&nbsp;<\/td>\n<\/tr>\n<\/tbody>\n<\/table>\n","protected":false},"excerpt":{"rendered":"<p>Davant la immin\u00e8ncia de la preinscripci\u00f3 per a cursar el proper curs 2020-2021 Cicles Formatius de Grau Mitj\u00e0 i\/o Batxillerat, t\u2019adjuntem una s\u00e8rie d\u2019activitats i documents informatius que et seran de molta utilitat durant el proc\u00e9s. En cadascun d\u2019ells trobar\u00e0s detallada l\u2019activitat que has de&hellip;  <a href=\"https:\/\/agora.xtec.cat\/inspontdeldiable\/pla-dorientacio-academica-4t-eso\/\" title=\"Read Pla d&#8217;Orientaci\u00f3 acad\u00e8mica 4t ESO\">Llegeix m\u00e9s\u00bb<\/a><\/p>\n","protected":false},"author":1,"featured_media":0,"parent":0,"menu_order":0,"comment_status":"closed","ping_status":"closed","template":"","meta":{"_bbp_topic_count":0,"_bbp_reply_count":0,"_bbp_total_topic_count":0,"_bbp_total_reply_count":0,"_bbp_voice_count":0,"_bbp_anonymous_reply_count":0,"_bbp_topic_count_hidden":0,"_bbp_reply_count_hidden":0,"_bbp_forum_subforum_count":0,"footnotes":""},"class_list":["post-1200","page","type-page","status-publish","hentry"],"post_mailing_queue_ids":[],"_links":{"self":[{"href":"https:\/\/agora.xtec.cat\/inspontdeldiable\/wp-json\/wp\/v2\/pages\/1200","targetHints":{"allow":["GET"]}}],"collection":[{"href":"https:\/\/agora.xtec.cat\/inspontdeldiable\/wp-json\/wp\/v2\/pages"}],"about":[{"href":"https:\/\/agora.xtec.cat\/inspontdeldiable\/wp-json\/wp\/v2\/types\/page"}],"author":[{"embeddable":true,"href":"https:\/\/agora.xtec.cat\/inspontdeldiable\/wp-json\/wp\/v2\/users\/1"}],"replies":[{"embeddable":true,"href":"https:\/\/agora.xtec.cat\/inspontdeldiable\/wp-json\/wp\/v2\/comments?post=1200"}],"version-history":[{"count":3,"href":"https:\/\/agora.xtec.cat\/inspontdeldiable\/wp-json\/wp\/v2\/pages\/1200\/revisions"}],"predecessor-version":[{"id":1367,"href":"https:\/\/agora.xtec.cat\/inspontdeldiable\/wp-json\/wp\/v2\/pages\/1200\/revisions\/1367"}],"wp:attachment":[{"href":"https:\/\/agora.xtec.cat\/inspontdeldiable\/wp-json\/wp\/v2\/media?parent=1200"}],"curies":[{"name":"wp","href":"https:\/\/api.w.org\/{rel}","templated":true}]}}