{"id":4532,"date":"2021-02-27T01:48:01","date_gmt":"2021-02-27T00:48:01","guid":{"rendered":"https:\/\/agora.xtec.cat\/inspladelbosc\/?page_id=4532"},"modified":"2025-11-06T13:13:59","modified_gmt":"2025-11-06T12:13:59","slug":"ife-dauxiliar-en-cura-danimals-i-espais-verds","status":"publish","type":"page","link":"https:\/\/agora.xtec.cat\/inspladelbosc\/estudis-de-formacio-professional\/ife-dauxiliar-en-cura-danimals-i-espais-verds\/","title":{"rendered":"IFE Auxiliar en Cura d\u2019Animals i Espais Verds"},"content":{"rendered":"<p>La ubicaci\u00f3 d&#8217;aquests estudis \u00e9s a l&#8217;equipament de Can Dori, c. Londres s\/n. <strong>Urbanitzaci\u00f3 Calif\u00f2rnia <\/strong>(Canyelles).<\/p>\n<p>Per a gestions de Secretaria cal adre\u00e7ar-se a la seu central de l&#8217;institut, al C\/ Verge de Montserrat, 1 (Canyelles).<\/p>\n<p>El curs 2020-21 vam posar en marxa l\u2019itinerari Formatiu Espec\u00edfic (IFE) del perfil d\u2019<b>auxiliar en cura d\u2019animals i espais verds<\/b> (ACAEV).<\/p>\n<p>Amb una durada 3.360 hores distribu\u00efdes en 4 cursos acad\u00e8mics, l\u2019IFE \u00e9s un ensenyament professional adre\u00e7at a alumnes d\u2019entre 16 i 20 anys amb necessitats educatives especials associades a una discapacitat intel\u00b7lectual lleu o moderada i que no es troben en disposici\u00f3 de seguir la formaci\u00f3 professional ordin\u00e0ria. S\u2019estructuren en m\u00f2duls professionals comuns i m\u00f2duls professionals espec\u00edfics.<\/p>\n<p>L\u2019objectiu \u00e9s incrementar l\u2019autonomia personal i fer que assoleixin les compet\u00e8ncies professionals necess\u00e0ries per a la transici\u00f3 a la vida adulta i que per mitj\u00e0 del treball, aconsegueixin la plena inclusi\u00f3 social.<\/p>\n<p>Poden cursar-lo tant els alumnes que hagin obtingut el t\u00edtol de graduat en ESO com els que no.<\/p>\n<p>&nbsp;<\/p>\n<p><a href=\"https:\/\/drive.google.com\/file\/d\/1U8fyICNfrnJ-pZXWZhQW-DNGowtSI-4l\/view?usp=drive_link\"><img loading=\"lazy\" decoding=\"async\" class=\"size-full wp-image-7476 aligncenter\" src=\"https:\/\/agora.xtec.cat\/inspladelbosc\/wp-content\/uploads\/usu136\/2024\/04\/Video.jpg\" alt=\"\" width=\"741\" height=\"405\" srcset=\"https:\/\/agora.xtec.cat\/inspladelbosc\/wp-content\/uploads\/usu136\/2024\/04\/Video.jpg 741w, https:\/\/agora.xtec.cat\/inspladelbosc\/wp-content\/uploads\/usu136\/2024\/04\/Video-300x164.jpg 300w\" sizes=\"auto, (max-width: 741px) 100vw, 741px\" \/><\/a><\/p>\n<p style=\"text-align: center;\"><iframe loading=\"lazy\" src=\"https:\/\/www.slideshare.net\/slideshow\/embed_code\/key\/6KPgoNZjn7NWw1?hostedIn=slideshare&amp;page=upload\" width=\"476\" height=\"400\" frameborder=\"0\" marginwidth=\"0\" marginheight=\"0\" scrolling=\"no\"><\/iframe><\/p>\n<p><!--\n\n\n<p style=\"text-align: center;\"><iframe loading=\"lazy\" src=\"https:\/\/www.youtube.com\/embed\/b31kFzenyY0\" width=\"560\" height=\"315\" frameborder=\"0\"><\/iframe><\/p>\n\n\n&nbsp;\n\n&nbsp;\n\n&nbsp;\n\n\n<p style=\"text-align: center;\"><iframe loading=\"lazy\" src=\"https:\/\/www.slideshare.net\/slideshow\/embed_code\/key\/rG9DfpenmrqKgZ?hostedIn=slideshare&amp;page=upload\" width=\"476\" height=\"400\" frameborder=\"0\" marginwidth=\"0\" marginheight=\"0\" scrolling=\"no\"><\/iframe><\/p>\n\n\n\n\n<p style=\"text-align: left;\"><strong> D\u00edptic IFE Cura d'animals i espais verd a l'Institut Pla del Bosc <\/strong>(cliqueu a <a href=\"https:\/\/agora.xtec.cat\/inspladelbosc\/wp-content\/uploads\/usu136\/2022\/04\/CURA-D-ANIMALS-I-ESPAIS-VERDS.pdf\"><strong>l'enlla\u00e7<\/strong><\/a> per a descarregar)<\/p>\n\n\n<strong>Guia IFE Cura d'animals del Departament d'Educaci\u00f3<\/strong> (cliqueu a <a href=\"https:\/\/agora.xtec.cat\/inspladelbosc\/wp-content\/uploads\/usu136\/2021\/04\/Guia_IFE_AR01_CA.pdf\"><strong>l'enlla\u00e7<\/strong><\/a>)\n--><br \/>\n<strong><b>Guia IFE Cura d\u2019animals del Departament d\u2019Educaci\u00f3<\/b><\/strong> &gt;&gt; cliqueu a <a href=\"https:\/\/agora.xtec.cat\/inspladelbosc\/wp-content\/uploads\/usu136\/2024\/04\/IFE_____AR01_CA-1.pdf\"><strong>l&#8217;enlla\u00e7<\/strong><\/a><\/p>\n<p><b>Blog dels alumnes IFE Pla del Bosc: <\/b>per con\u00e8ixer els projectes i activitats de la m\u00e0 dels alumnes del curs <a href=\"https:\/\/blocs.xtec.cat\/ifepladelbosc\/\"><strong>2020-21<\/strong> <\/a>i <strong><a href=\"https:\/\/blocs.xtec.cat\/ifecuradanimalsiespaisverds20212022canyelles\/\">2021-22<\/a> <\/strong>(cliqueu als <strong>enlla\u00e7os<\/strong>).<\/p>\n<p>Tamb\u00e9 podeu seguir les activitats de l&#8217;IFE a l&#8217;Instagram!\u00a0\u00a0 &gt;&gt; \u00a0 <a href=\"https:\/\/www.instagram.com\/ifepladelbosc\/?locale=fr_CA&amp;img_index=1\"><strong>@ifepladelbosc<\/strong><\/a><\/p>\n<p>&nbsp;<\/p>\n","protected":false},"excerpt":{"rendered":"<p>La ubicaci\u00f3 d&#8217;aquests estudis \u00e9s a l&#8217;equipament de Can Dori, c. Londres s\/n. Urbanitzaci\u00f3 Calif\u00f2rnia (Canyelles). Per a gestions de Secretaria cal adre\u00e7ar-se a la seu central de l&#8217;institut, al C\/ Verge de Montserrat, 1 (Canyelles). El curs 2020-21 vam posar en marxa l\u2019itinerari Formatiu Espec\u00edfic (IFE) del perfil d\u2019auxiliar en cura d\u2019animals i espais [&hellip;]<\/p>\n","protected":false},"author":7,"featured_media":0,"parent":6115,"menu_order":0,"comment_status":"closed","ping_status":"closed","template":"","meta":{"_bbp_topic_count":0,"_bbp_reply_count":0,"_bbp_total_topic_count":0,"_bbp_total_reply_count":0,"_bbp_voice_count":0,"_bbp_anonymous_reply_count":0,"_bbp_topic_count_hidden":0,"_bbp_reply_count_hidden":0,"_bbp_forum_subforum_count":0,"site-sidebar-layout":"default","site-content-layout":"","ast-site-content-layout":"default","site-content-style":"default","site-sidebar-style":"default","ast-global-header-display":"","ast-banner-title-visibility":"","ast-main-header-display":"","ast-hfb-above-header-display":"","ast-hfb-below-header-display":"","ast-hfb-mobile-header-display":"","site-post-title":"","ast-breadcrumbs-content":"","ast-featured-img":"","footer-sml-layout":"","theme-transparent-header-meta":"default","adv-header-id-meta":"","stick-header-meta":"","header-above-stick-meta":"","header-main-stick-meta":"","header-below-stick-meta":"","astra-migrate-meta-layouts":"set","ast-page-background-enabled":"default","ast-page-background-meta":{"desktop":{"background-color":"var(--ast-global-color-4)","background-image":"","background-repeat":"repeat","background-position":"center center","background-size":"auto","background-attachment":"scroll","background-type":"","background-media":"","overlay-type":"","overlay-color":"","overlay-opacity":"","overlay-gradient":""},"tablet":{"background-color":"","background-image":"","background-repeat":"repeat","background-position":"center center","background-size":"auto","background-attachment":"scroll","background-type":"","background-media":"","overlay-type":"","overlay-color":"","overlay-opacity":"","overlay-gradient":""},"mobile":{"background-color":"","background-image":"","background-repeat":"repeat","background-position":"center center","background-size":"auto","background-attachment":"scroll","background-type":"","background-media":"","overlay-type":"","overlay-color":"","overlay-opacity":"","overlay-gradient":""}},"ast-content-background-meta":{"desktop":{"background-color":"var(--ast-global-color-5)","background-image":"","background-repeat":"repeat","background-position":"center center","background-size":"auto","background-attachment":"scroll","background-type":"","background-media":"","overlay-type":"","overlay-color":"","overlay-opacity":"","overlay-gradient":""},"tablet":{"background-color":"var(--ast-global-color-5)","background-image":"","background-repeat":"repeat","background-position":"center center","background-size":"auto","background-attachment":"scroll","background-type":"","background-media":"","overlay-type":"","overlay-color":"","overlay-opacity":"","overlay-gradient":""},"mobile":{"background-color":"var(--ast-global-color-5)","background-image":"","background-repeat":"repeat","background-position":"center center","background-size":"auto","background-attachment":"scroll","background-type":"","background-media":"","overlay-type":"","overlay-color":"","overlay-opacity":"","overlay-gradient":""}},"footnotes":""},"class_list":["post-4532","page","type-page","status-publish","hentry"],"post_mailing_queue_ids":[],"_links":{"self":[{"href":"https:\/\/agora.xtec.cat\/inspladelbosc\/wp-json\/wp\/v2\/pages\/4532","targetHints":{"allow":["GET"]}}],"collection":[{"href":"https:\/\/agora.xtec.cat\/inspladelbosc\/wp-json\/wp\/v2\/pages"}],"about":[{"href":"https:\/\/agora.xtec.cat\/inspladelbosc\/wp-json\/wp\/v2\/types\/page"}],"author":[{"embeddable":true,"href":"https:\/\/agora.xtec.cat\/inspladelbosc\/wp-json\/wp\/v2\/users\/7"}],"replies":[{"embeddable":true,"href":"https:\/\/agora.xtec.cat\/inspladelbosc\/wp-json\/wp\/v2\/comments?post=4532"}],"version-history":[{"count":6,"href":"https:\/\/agora.xtec.cat\/inspladelbosc\/wp-json\/wp\/v2\/pages\/4532\/revisions"}],"predecessor-version":[{"id":4705,"href":"https:\/\/agora.xtec.cat\/inspladelbosc\/wp-json\/wp\/v2\/pages\/4532\/revisions\/4705"}],"up":[{"embeddable":true,"href":"https:\/\/agora.xtec.cat\/inspladelbosc\/wp-json\/wp\/v2\/pages\/6115"}],"wp:attachment":[{"href":"https:\/\/agora.xtec.cat\/inspladelbosc\/wp-json\/wp\/v2\/media?parent=4532"}],"curies":[{"name":"wp","href":"https:\/\/api.w.org\/{rel}","templated":true}]}}