{"id":4148,"date":"2016-07-04T09:45:16","date_gmt":"2016-07-04T07:45:16","guid":{"rendered":"http:\/\/agora.xtec.cat\/insllicamunt2\/?page_id=4148"},"modified":"2016-07-05T10:08:53","modified_gmt":"2016-07-05T08:08:53","slug":"com-funcionen-els-calendaris","status":"publish","type":"page","link":"https:\/\/agora.xtec.cat\/insllicamunt2\/com-funciona-el-nostre-entorn-virtual\/com-funcionen-els-calendaris\/","title":{"rendered":"Com funcionen els Calendaris?"},"content":{"rendered":"<p>&nbsp;<\/p>\n<p style=\"text-align: center;\"><img loading=\"lazy\" decoding=\"async\" class=\"aligncenter size-full wp-image-4133\" src=\"http:\/\/agora.xtec.cat\/insllicamunt2\/wp-content\/uploads\/usu1100\/2016\/07\/Calendaris.jpg\" alt=\"Web\" width=\"221\" height=\"221\" \/><\/p>\n<p>&nbsp;<\/p>\n<p style=\"text-align: justify;\">Els Calendaris s\u00f3n un instrument important per a l&#8217;organitzaci\u00f3 de l&#8217;agenda de les fam\u00edlies i dels alumnes, doncs s&#8217;hi detallen els esdeveniments futurs (sortides i activitats extraescolars, viatges, per\u00edodes festius), aix\u00ed com les dates dels ex\u00e0mens i de lliurament de les activitats m\u00e9s destacades de cadascuna de les mat\u00e8ries.<\/p>\n<p style=\"text-align: justify;\">Es pot accedir als calendaris fent clic a sobre del bot\u00f3 &#8220;Agenda&#8221; de la cap\u00e7alera del Portal web de l&#8217;Institut (fletxa vermella) o des de la barra esquerra (cercle ombrejat vermell):<\/p>\n<p>&nbsp;<\/p>\n<p style=\"text-align: center;\"><a href=\"http:\/\/agora.xtec.cat\/insllicamunt2\/wp-content\/uploads\/usu1100\/2016\/07\/web2calendari.jpg\" rel=\"attachment wp-att-4184\"><img loading=\"lazy\" decoding=\"async\" class=\"aligncenter size-full wp-image-4184\" src=\"http:\/\/agora.xtec.cat\/insllicamunt2\/wp-content\/uploads\/usu1100\/2016\/07\/web2calendari.jpg\" alt=\"web2calendari\" width=\"600\" height=\"778\" srcset=\"https:\/\/agora.xtec.cat\/insllicamunt2\/wp-content\/uploads\/usu1100\/2016\/07\/web2calendari.jpg 600w, https:\/\/agora.xtec.cat\/insllicamunt2\/wp-content\/uploads\/usu1100\/2016\/07\/web2calendari-231x300.jpg 231w\" sizes=\"auto, (max-width: 600px) 100vw, 600px\" \/><\/a><\/p>\n<p>&nbsp;<\/p>\n<p style=\"text-align: justify;\">A la barra esquerra del Portal web hi ha l&#8217;acc\u00e9s directe a l&#8217;agenda dels cursos de 1r, 2n, 3r i 4t d&#8217;ESO (cercle ombrejat vermell). Just a sota apareix el mes en curs, on es poden visualitzar les activitats programades al conjunt del centre tot situant el cursor sobre el dia ombrejat. \u00c9s possible canviar de mes amb les fletxedes de dreta i esquerra. A sota del calendari mensual apareixen autom\u00e0ticament els 7 esdeveniments programats m\u00e9s immediats:<\/p>\n<p>&nbsp;<\/p>\n<p style=\"text-align: center;\"><a href=\"http:\/\/agora.xtec.cat\/insllicamunt2\/wp-content\/uploads\/usu1100\/2016\/07\/calendari1.jpg\" rel=\"attachment wp-att-4185\"><img loading=\"lazy\" decoding=\"async\" class=\"aligncenter wp-image-4185\" src=\"http:\/\/agora.xtec.cat\/insllicamunt2\/wp-content\/uploads\/usu1100\/2016\/07\/calendari1.jpg\" alt=\"calendari1\" width=\"425\" height=\"705\" srcset=\"https:\/\/agora.xtec.cat\/insllicamunt2\/wp-content\/uploads\/usu1100\/2016\/07\/calendari1.jpg 600w, https:\/\/agora.xtec.cat\/insllicamunt2\/wp-content\/uploads\/usu1100\/2016\/07\/calendari1-181x300.jpg 181w\" sizes=\"auto, (max-width: 425px) 100vw, 425px\" \/><\/a><\/p>\n<p>&nbsp;<\/p>\n<p style=\"text-align: justify;\">La informaci\u00f3 que apareix a la barra lateral esquerra del Portal Web de l&#8217;Institut permet tenir una visi\u00f3 global dels esdeveniments m\u00e9s immediats que se succeiran en els propers dies, per\u00f2 s&#8217;aconsella entrar a l&#8217;espai &#8220;Agenda&#8221; clicant la icona que apareix a l&#8217;extrem superior dret del Portal web de l&#8217;institut, o directament al Calendari espec\u00edfic del curs que correspongui des de la barra lateral esquerra.<\/p>\n<p style=\"text-align: justify;\">Per mitj\u00e0 del bot\u00f3 &#8220;Agenda&#8221; de la cap\u00e7alera del Portal web de centre \u00e9s possible accedir a tots els calendaris als que fam\u00edlies i alumnes hi tenen acc\u00e9s:<\/p>\n<p>&nbsp;<\/p>\n<p style=\"text-align: center;\"><a href=\"http:\/\/agora.xtec.cat\/insllicamunt2\/wp-content\/uploads\/usu1100\/2016\/07\/Calendari-gral.jpg\" rel=\"attachment wp-att-4200\"><img loading=\"lazy\" decoding=\"async\" class=\"aligncenter size-full wp-image-4200\" src=\"http:\/\/agora.xtec.cat\/insllicamunt2\/wp-content\/uploads\/usu1100\/2016\/07\/Calendari-gral.jpg\" alt=\"Calendari gral\" width=\"600\" height=\"587\" srcset=\"https:\/\/agora.xtec.cat\/insllicamunt2\/wp-content\/uploads\/usu1100\/2016\/07\/Calendari-gral.jpg 600w, https:\/\/agora.xtec.cat\/insllicamunt2\/wp-content\/uploads\/usu1100\/2016\/07\/Calendari-gral-300x294.jpg 300w\" sizes=\"auto, (max-width: 600px) 100vw, 600px\" \/><\/a><\/p>\n<p>&nbsp;<\/p>\n<p style=\"text-align: justify;\"><strong><em><a href=\"http:\/\/agora.xtec.cat\/insllicamunt2\/institut-hipatia-dalexandria\/calendari-del-curs\/\" target=\"_blank\">Calendari general de Fam\u00edlies<\/a><\/em><\/strong><\/p>\n<p style=\"text-align: justify;\">S&#8217;hi programen els esdeveniments que afecten a fam\u00edlies i a alumnes de tot l&#8217;institut (per\u00edodes festius i de vacances, dates de recuperacions, activitats de centre, etc.). Aqu\u00ed no apareixen els esdeveniments espec\u00edfics dels diferents cursos.<\/p>\n<p style=\"text-align: justify;\"><em><strong><a href=\"http:\/\/agora.xtec.cat\/insllicamunt2\/institut-hipatia-dalexandria\/calendari-del-curs\/calendari-alumnes-de-1r-deso\/\" target=\"_blank\">Calendari espec\u00edfic de 1r d&#8217;ESO<\/a><\/strong><\/em><\/p>\n<p style=\"text-align: justify;\">S&#8217;hi programen els esdeveniments que afecten en particular a les fam\u00edlies i als alumnes de 1r d&#8217;ESO (ex\u00e0mens, lliurament de treballs destacats, sortides i altres activitats extraescolars, treball de s\u00edntesi, etc.). En aquest <a href=\"http:\/\/agora.xtec.cat\/insllicamunt2\/institut-hipatia-dalexandria\/calendari-del-curs\/calendari-alumnes-de-1r-deso\/\" target=\"_blank\">calendari de 1r d&#8217;ESO<\/a> tamb\u00e9 apareixen autom\u00e0ticament els esdeveniments del calendari general de Fam\u00edlies, de manera que un alumne de 1r d&#8217;ESO pot consultar nom\u00e9s el calendari espec\u00edfic del seu curs per a obtenir tota la informaci\u00f3 que necessita. Cal tenir en compte, per\u00f2, que en aquests calendaris no es programen totes les activitats d&#8217;aula (deures de casa, exercicis, etc.). \u00c9s per aix\u00f2 que \u00e9s essencial que l&#8217;alumne disposi de la seva agenda escolar personal, la tingui convenientment actualitzada i tant l&#8217;alumne com les fam\u00edlies la consultin regularment.<\/p>\n<p style=\"text-align: justify;\"><a href=\"http:\/\/agora.xtec.cat\/insllicamunt2\/institut-hipatia-dalexandria\/calendari-del-curs\/calendari-alumnes-de-2n-deso\/\" target=\"_blank\"><strong><em>Calendari espec\u00edfic de 2n d&#8217;ESO<\/em><\/strong><\/a><\/p>\n<p style=\"text-align: justify;\">S&#8217;hi programen els esdeveniments que afecten en particular a les fam\u00edlies i als alumnes de 2n d&#8217;ESO (ex\u00e0mens, lliurament de treballs destacats, sortides i altres activitats extraescolars, treball de s\u00edntesi, etc.). En aquest <a href=\"http:\/\/agora.xtec.cat\/insllicamunt2\/institut-hipatia-dalexandria\/calendari-del-curs\/calendari-alumnes-de-2n-deso\/\" target=\"_blank\">calendari de 2n d&#8217;ESO<\/a> tamb\u00e9 apareixen autom\u00e0ticament els esdeveniments del calendari general de Fam\u00edlies, de manera que un alumne de 2n d&#8217;ESO pot consultar nom\u00e9s el calendari espec\u00edfic de seu curs per a obtenir tota la informaci\u00f3 que necessita. Cal tenir en compte, per\u00f2, que en aquests calendaris no es programen totes les activitats d&#8217;aula (deures de casa, exercicis, etc.). \u00c9s per aix\u00f2 que \u00e9s essencial que l&#8217;alumne disposi de la seva agenda escolar personal, la tingui convenientment actualitzada i tant l&#8217;alumne com les fam\u00edlies la consultin regularment.<\/p>\n<p style=\"text-align: justify;\"><strong><em><a href=\"http:\/\/agora.xtec.cat\/insllicamunt2\/institut-hipatia-dalexandria\/calendari-del-curs\/calendari-alumnes-de-3r-deso\/\" target=\"_blank\">Calendari espec\u00edfic de 3r d&#8217;ESO<\/a><\/em><\/strong><\/p>\n<p style=\"text-align: justify;\">S&#8217;hi programen els esdeveniments que afecten en particular a les fam\u00edlies i als alumnes de 3r d&#8217;ESO (ex\u00e0mens, lliurament de treballs destacats, sortides i altres activitats extraescolars, treball de s\u00edntesi, etc.). En aquest <a href=\"http:\/\/agora.xtec.cat\/insllicamunt2\/institut-hipatia-dalexandria\/calendari-del-curs\/calendari-alumnes-de-3r-deso\/\" target=\"_blank\">calendari de 3r d&#8217;ESO<\/a> tamb\u00e9 apareixen autom\u00e0ticament els esdeveniments del calendari general de Fam\u00edlies, de manera que un alumne de 3r d&#8217;ESO pot consultar nom\u00e9s el calendari espec\u00edfic de seu curs per a obtenir tota la informaci\u00f3 que necessita. Cal tenir en compte, per\u00f2, que en aquests calendaris no es programen totes les activitats d&#8217;aula (deures de casa, exercicis, etc.). \u00c9s per aix\u00f2 que \u00e9s essencial que l&#8217;alumne disposi de la seva agenda personal, la tingui convenientment actualitzada i tant l&#8217;alumne com les fam\u00edlies la consultin regularment.<\/p>\n<p style=\"text-align: justify;\"><strong><em><a href=\"http:\/\/agora.xtec.cat\/insllicamunt2\/institut-hipatia-dalexandria\/calendari-del-curs\/calendari-alumnes-de-4t-deso\/\" target=\"_blank\">Calendari espec\u00edfic de 4t d&#8217;ESO<\/a><\/em><\/strong><\/p>\n<p style=\"text-align: justify;\">S&#8217;hi programen els esdeveniments que afecten en particular a les fam\u00edlies i als alumnes de 4t d&#8217;ESO (ex\u00e0mens, lliurament de treballs destacats, sortides i altres activitats extraescolars, projecte de recerca, etc.). En aquest <a href=\"http:\/\/agora.xtec.cat\/insllicamunt2\/institut-hipatia-dalexandria\/calendari-del-curs\/calendari-alumnes-de-4t-deso\/\" target=\"_blank\">calendari de 4t d&#8217;ESO<\/a> tamb\u00e9 apareixen autom\u00e0ticament els esdeveniments del calendari general de Fam\u00edlies, de manera que un alumne de 4t d&#8217;ESO pot consultar nom\u00e9s el calendari espec\u00edfic de seu curs per a obtenir tota la informaci\u00f3 que necessita. Cal tenir en compte, per\u00f2, que en aquests calendaris no es programen totes les activitats d&#8217;aula (deures de casa, exercicis, etc.). \u00c9s per aix\u00f2 que \u00e9s essencial que l&#8217;alumne disposi de la seva agenda personal, la tingui convenientment actualitzada i tant l&#8217;alumne com les fam\u00edlies la consultin regularment.<\/p>\n<p style=\"text-align: center;\">\n","protected":false},"excerpt":{"rendered":"<p>&nbsp;<\/p>\n<p>&nbsp;<br \/>\nEls Calendaris s\u00f3n un instrument important per a l&#8217;organitzaci\u00f3 de l&#8217;agenda de les fam\u00edlies i dels alumnes, doncs s&#8217;hi detallen els esdeveniments futurs (sortides i activitats extraescolars, viatges, per\u00edodes festius), aix\u00ed com les dates dels ex\u00e0mens i de lliurament de les activitats m\u00e9s destacades de&hellip;  <a href=\"https:\/\/agora.xtec.cat\/insllicamunt2\/com-funciona-el-nostre-entorn-virtual\/com-funcionen-els-calendaris\/\" title=\"Read Com funcionen els Calendaris?\">Llegeix m\u00e9s\u00bb<\/a><\/p>\n","protected":false},"author":1,"featured_media":0,"parent":4130,"menu_order":6,"comment_status":"closed","ping_status":"closed","template":"page-templates\/side-menu.php","meta":{"_bbp_topic_count":0,"_bbp_reply_count":0,"_bbp_total_topic_count":0,"_bbp_total_reply_count":0,"_bbp_voice_count":0,"_bbp_anonymous_reply_count":0,"_bbp_topic_count_hidden":0,"_bbp_reply_count_hidden":0,"_bbp_forum_subforum_count":0,"footnotes":""},"class_list":["post-4148","page","type-page","status-publish","hentry"],"post_mailing_queue_ids":[],"_links":{"self":[{"href":"https:\/\/agora.xtec.cat\/insllicamunt2\/wp-json\/wp\/v2\/pages\/4148","targetHints":{"allow":["GET"]}}],"collection":[{"href":"https:\/\/agora.xtec.cat\/insllicamunt2\/wp-json\/wp\/v2\/pages"}],"about":[{"href":"https:\/\/agora.xtec.cat\/insllicamunt2\/wp-json\/wp\/v2\/types\/page"}],"author":[{"embeddable":true,"href":"https:\/\/agora.xtec.cat\/insllicamunt2\/wp-json\/wp\/v2\/users\/1"}],"replies":[{"embeddable":true,"href":"https:\/\/agora.xtec.cat\/insllicamunt2\/wp-json\/wp\/v2\/comments?post=4148"}],"version-history":[{"count":4,"href":"https:\/\/agora.xtec.cat\/insllicamunt2\/wp-json\/wp\/v2\/pages\/4148\/revisions"}],"predecessor-version":[{"id":4204,"href":"https:\/\/agora.xtec.cat\/insllicamunt2\/wp-json\/wp\/v2\/pages\/4148\/revisions\/4204"}],"up":[{"embeddable":true,"href":"https:\/\/agora.xtec.cat\/insllicamunt2\/wp-json\/wp\/v2\/pages\/4130"}],"wp:attachment":[{"href":"https:\/\/agora.xtec.cat\/insllicamunt2\/wp-json\/wp\/v2\/media?parent=4148"}],"curies":[{"name":"wp","href":"https:\/\/api.w.org\/{rel}","templated":true}]}}